{"id":4851,"date":"2025-10-11T12:34:05","date_gmt":"2025-10-11T10:34:05","guid":{"rendered":"https:\/\/lesvillasdeslacs.fr\/?page_id=4851"},"modified":"2025-10-26T12:23:28","modified_gmt":"2025-10-26T11:23:28","slug":"qui-sommes","status":"publish","type":"page","link":"https:\/\/lesvillasdeslacs.fr\/en\/qui-sommes\/","title":{"rendered":"Qui sommes"},"content":{"rendered":"<div data-elementor-type=\"wp-page\" data-elementor-id=\"4851\" class=\"elementor elementor-4851\" data-elementor-post-type=\"page\">\n\t\t\t\t<div class=\"elementor-element elementor-element-d130b29 e-flex e-con-boxed e-con e-parent\" data-id=\"d130b29\" data-element_type=\"container\" data-e-type=\"container\">\n\t\t\t\t\t<div class=\"e-con-inner\">\n\t\t\t\t<div class=\"elementor-element elementor-element-d06d1d2 elementor-widget elementor-widget-heading\" data-id=\"d06d1d2\" data-element_type=\"widget\" data-e-type=\"widget\" data-widget_type=\"heading.default\">\n\t\t\t\t\t<h1 class=\"elementor-heading-title elementor-size-default\">Who are we?<\/h1>\t\t\t\t<\/div>\n\t\t\t\t\t<\/div>\n\t\t\t\t<\/div>\n\t\t<div class=\"elementor-element elementor-element-c1de180 e-con-full e-flex e-con e-parent\" data-id=\"c1de180\" data-element_type=\"container\" data-e-type=\"container\">\n\t\t<div class=\"elementor-element elementor-element-6ddb0b5 e-con-full e-flex e-con e-child\" data-id=\"6ddb0b5\" data-element_type=\"container\" data-e-type=\"container\">\n\t\t\t\t<div class=\"elementor-element elementor-element-2077c31 elementor-widget__width-initial photo-soft  e-transform e-transform elementor-widget elementor-widget-image\" data-id=\"2077c31\" data-element_type=\"widget\" data-e-type=\"widget\" data-settings=\"{&quot;_transform_scale_effect_hover&quot;:{&quot;unit&quot;:&quot;px&quot;,&quot;size&quot;:1.1999999999999999555910790149937383830547332763671875,&quot;sizes&quot;:[]},&quot;_transform_scale_effect&quot;:{&quot;unit&quot;:&quot;px&quot;,&quot;size&quot;:&quot;&quot;,&quot;sizes&quot;:[]},&quot;_transform_scale_effect_tablet&quot;:{&quot;unit&quot;:&quot;px&quot;,&quot;size&quot;:&quot;&quot;,&quot;sizes&quot;:[]},&quot;_transform_scale_effect_mobile&quot;:{&quot;unit&quot;:&quot;px&quot;,&quot;size&quot;:&quot;&quot;,&quot;sizes&quot;:[]},&quot;_transform_scale_effect_hover_tablet&quot;:{&quot;unit&quot;:&quot;px&quot;,&quot;size&quot;:&quot;&quot;,&quot;sizes&quot;:[]},&quot;_transform_scale_effect_hover_mobile&quot;:{&quot;unit&quot;:&quot;px&quot;,&quot;size&quot;:&quot;&quot;,&quot;sizes&quot;:[]}}\" data-widget_type=\"image.default\">\n\t\t\t\t\t\t\t\t\t\t\t\t\t\t\t<img fetchpriority=\"high\" decoding=\"async\" width=\"800\" height=\"438\" src=\"https:\/\/lesvillasdeslacs.fr\/wp-content\/uploads\/2025\/10\/jo-et-thalie-1024x560.webp\" class=\"attachment-large size-large wp-image-4853\" alt=\"\" srcset=\"https:\/\/lesvillasdeslacs.fr\/wp-content\/uploads\/2025\/10\/jo-et-thalie-1024x560.webp 1024w, https:\/\/lesvillasdeslacs.fr\/wp-content\/uploads\/2025\/10\/jo-et-thalie-300x164.webp 300w, https:\/\/lesvillasdeslacs.fr\/wp-content\/uploads\/2025\/10\/jo-et-thalie-768x420.webp 768w, https:\/\/lesvillasdeslacs.fr\/wp-content\/uploads\/2025\/10\/jo-et-thalie-18x10.webp 18w, https:\/\/lesvillasdeslacs.fr\/wp-content\/uploads\/2025\/10\/jo-et-thalie.webp 1500w\" sizes=\"(max-width: 800px) 100vw, 800px\" \/>\t\t\t\t\t\t\t\t\t\t\t\t\t\t\t<\/div>\n\t\t\t\t<div class=\"elementor-element elementor-element-f18288f elementor-widget__width-auto intro-chic intro-md elementor-widget elementor-widget-text-editor\" data-id=\"f18288f\" data-element_type=\"widget\" data-e-type=\"widget\" data-widget_type=\"text-editor.default\">\n\t\t\t\t\t\t\t\t\t<p class=\"lead intro-hand\">Welcome to the <strong>Villas des Lacs<\/strong>, a project of the heart, born of our family history and our deep attachment to our region, the Aube.<\/p><p class=\"lead intro-hand\">We are <strong>Joane et Nathalie<\/strong>, a passionate couple who decided to return to our roots after almost 20 years in Paris. Originally from the Aube region, it was here that we decided to build, with our own hands, a place to live and then holiday, in keeping with our values: <strong>welcome, comfort, authenticity and respect for the environment<\/strong>.<\/p><p>\u00a0<\/p>\t\t\t\t\t\t\t\t<\/div>\n\t\t\t\t<div class=\"elementor-element elementor-element-f915bc3 elementor-widget__width-auto intro-chic intro-md elementor-widget elementor-widget-text-editor\" data-id=\"f915bc3\" data-element_type=\"widget\" data-e-type=\"widget\" data-widget_type=\"text-editor.default\">\n\t\t\t\t\t\t\t\t\t<h2>A family adventure<\/h2><p>Our adventure begins with the <strong>Villa Temple<\/strong>, this was our first home, and we built it entirely ourselves. A few years later, we built the <strong>Villa Amance<\/strong>, we also lived in these two houses before offering them for seasonal rental.<\/p><p>Today, we live with our two children in an old farmhouse nearby, which we are gradually renovating with the same passion. In the meantime, the two villas are available to rent all year round for holidays with family, friends or couples.<\/p><h2>Homes that breathe with their environment<\/h2><p>Designed with passion and respect for the environment, <strong data-start=\"196\" data-end=\"241\">our single-storey timber-frame houses<\/strong> combine modern comfort with energy efficiency.<br data-start=\"290\" data-end=\"293\" \/>Thanks to their <strong data-start=\"307\" data-end=\"337\">high-performance windows<\/strong>This will be achieved thanks to the use of eco-responsible equipment (heat pump, double-flow ventilation system, Canadian well, composting, selective sorting) and to a <strong data-start=\"457\" data-end=\"481\">generous vegetation<\/strong> home to the local fauna, they offer an ideal place to stay. <strong data-start=\"541\" data-end=\"588\" data-is-only-node=\"\">sustainable, peaceful and naturally bright<\/strong>.<\/p><h2>A complementary team<\/h2><ul><li><strong>Joane<\/strong> I'm a former Paris firefighter, and today I'm in charge of the upkeep, preparation and smooth running of the villas. I spend the rest of my time renovating our family farm.<\/li><li><strong>Nathalie<\/strong> As head of logistics sites near Troyes, I'm responsible for the <strong>reservation management<\/strong>, we are responsible for the relationship with our guests and the smooth running of your stay.<\/li><\/ul><h2>A region we love to share<\/h2><p>Our attachment to Aube, and in particular to the Lacs de Champagne region, runs deep. We know its treasures, its landscapes, its activities and its craftsmen. It's a pleasure for us to <strong>welcome and advise you<\/strong> to make your stay a wonderful discovery.<\/p><p><strong>Les Villas des Lacs<\/strong>, is much more than just accommodation: it's the fruit of a human, local and sincere adventure. We would be delighted to welcome you to our home, so that you can feel... a little at home too.<\/p><p><em>See you soon!<\/em><\/p><p><strong>Joane &amp; Nathalie<\/strong><br \/><em>Lesmont, Aube<\/em><\/p>\t\t\t\t\t\t\t\t<\/div>\n\t\t\t\t<\/div>\n\t\t\t\t<\/div>\n\t\t<div class=\"elementor-element elementor-element-a23a2a6 e-flex e-con-boxed e-con e-parent\" data-id=\"a23a2a6\" data-element_type=\"container\" data-e-type=\"container\" id=\"certif\">\n\t\t\t\t\t<div class=\"e-con-inner\">\n\t\t\t\t<div class=\"elementor-element elementor-element-52951ad elementor-widget elementor-widget-html\" data-id=\"52951ad\" data-element_type=\"widget\" data-e-type=\"widget\" data-widget_type=\"html.default\">\n\t\t\t\t\t<div class=\"sep-gold sep-gold--narrow\"><\/div>\n\t\t\t\t<\/div>\n\t\t\t\t\t<\/div>\n\t\t\t\t<\/div>\n\t\t<div class=\"elementor-element elementor-element-0d18aca e-flex e-con-boxed e-con e-parent\" data-id=\"0d18aca\" data-element_type=\"container\" data-e-type=\"container\">\n\t\t\t\t\t<div class=\"e-con-inner\">\n\t\t\t\t<div class=\"elementor-element elementor-element-0328ca9 elementor-widget elementor-widget-heading\" data-id=\"0328ca9\" data-element_type=\"widget\" data-e-type=\"widget\" data-widget_type=\"heading.default\">\n\t\t\t\t\t<h2 class=\"elementor-heading-title elementor-size-default\"><br>Recognised and certified accommodation<\/h2>\t\t\t\t<\/div>\n\t\t\t\t\t<\/div>\n\t\t\t\t<\/div>\n\t\t<div class=\"elementor-element elementor-element-568c152 e-con-full e-flex e-con e-parent\" data-id=\"568c152\" data-element_type=\"container\" data-e-type=\"container\">\n\t\t<div class=\"elementor-element elementor-element-5effee6 e-con-full e-flex e-con e-child\" data-id=\"5effee6\" data-element_type=\"container\" data-e-type=\"container\">\n\t\t\t\t<div class=\"elementor-element elementor-element-9418af9 intro-chic  elementor-widget elementor-widget-text-editor\" data-id=\"9418af9\" data-element_type=\"widget\" data-e-type=\"widget\" data-widget_type=\"text-editor.default\">\n\t\t\t\t\t\t\t\t\t<p>Our two villas benefit from <strong>official ranking<\/strong> issued by <strong>Aube Departmental Tourism Agency<\/strong> :<\/p><p><strong class=\"gold\">La Villa Temple<\/strong>, classified <strong>4 stars<\/strong>,<br \/><strong class=\"gold\">La Villa Amance<\/strong>, classified <strong>3 stars<\/strong>.<\/p><p>These certifications attest to the <strong>confort<\/strong>, of the <strong>quality of equipment<\/strong> and of the <strong>seriousness of our welcome<\/strong>.<\/p><p>For nearly <strong>10 years<\/strong>We welcome travellers from all over the world, and have built up a reputation for quality. <strong>solid experience in seasonal rental<\/strong>.<\/p><p>Our commitment to a successful stay is recognised through the <strong>excellent ratings<\/strong> left on the main platforms:<br \/><strong>Airbnb<\/strong>, <strong>Abritel<\/strong>, <strong>TripAdvisor<\/strong> and <strong>Google Business<\/strong>.<\/p><p>On <strong>Airbnb<\/strong>, we're proud to be <strong>Superhosts<\/strong> - a distinction reserved for experienced hosts who obtain excellent ratings and guarantee impeccable service.<br \/><strong>Response rate: 100<\/strong>, with an answer <strong>during the day<\/strong> to all requests.<\/p><p>On <strong>Abritel<\/strong>, our travellers attribute to us a <strong>average score of 9.8\/10<\/strong> and awarded us the <strong>\u201cFavourite\u201d<\/strong>, placing our villas among <strong>the 10% best-rated accommodation in the region<\/strong>. We are also recognised as <strong>\"Exceptional hosts\"<\/strong>A distinction that reflects the quality of our welcome and services.<\/p><p>Our accommodation is also <strong>listed on the region's official websites<\/strong> :<br \/><strong>Aube en Champagne<\/strong>, <strong>Les Grands Lacs de Champagne<\/strong> and the <strong>Parc Naturel R\u00e9gional de la For\u00eat d\u2019Orient<\/strong>This is a guarantee of trust and visibility for local, responsible and authentic tourism.<\/p>\t\t\t\t\t\t\t\t<\/div>\n\t\t\t\t<\/div>\n\t\t<div class=\"elementor-element elementor-element-41efc53 e-con-full e-flex e-con e-child\" data-id=\"41efc53\" data-element_type=\"container\" data-e-type=\"container\">\n\t\t\t\t<div class=\"elementor-element elementor-element-ed09961 elementor-widget__width-initial elementor-widget elementor-widget-image\" data-id=\"ed09961\" data-element_type=\"widget\" data-e-type=\"widget\" data-widget_type=\"image.default\">\n\t\t\t\t\t\t\t\t\t\t\t\t\t\t\t<img decoding=\"async\" width=\"150\" height=\"150\" src=\"https:\/\/lesvillasdeslacs.fr\/wp-content\/uploads\/2025\/10\/certified-150x150.webp\" class=\"attachment-thumbnail size-thumbnail wp-image-6534\" alt=\"\" srcset=\"https:\/\/lesvillasdeslacs.fr\/wp-content\/uploads\/2025\/10\/certified-150x150.webp 150w, https:\/\/lesvillasdeslacs.fr\/wp-content\/uploads\/2025\/10\/certified-300x300.webp 300w, https:\/\/lesvillasdeslacs.fr\/wp-content\/uploads\/2025\/10\/certified-12x12.webp 12w, https:\/\/lesvillasdeslacs.fr\/wp-content\/uploads\/2025\/10\/certified.webp 600w\" sizes=\"(max-width: 150px) 100vw, 150px\" \/>\t\t\t\t\t\t\t\t\t\t\t\t\t\t\t<\/div>\n\t\t<div class=\"elementor-element elementor-element-bfcc161 e-con-full logo e-flex e-con e-child\" data-id=\"bfcc161\" data-element_type=\"container\" data-e-type=\"container\">\n\t\t<div class=\"elementor-element elementor-element-b993485 e-con-full e-flex e-con e-child\" data-id=\"b993485\" data-element_type=\"container\" data-e-type=\"container\">\n\t\t\t\t<div class=\"elementor-element elementor-element-77a7fc5 elementor-widget__width-initial elementor-widget elementor-widget-heading\" data-id=\"77a7fc5\" data-element_type=\"widget\" data-e-type=\"widget\" data-widget_type=\"heading.default\">\n\t\t\t\t\t<h3 class=\"elementor-heading-title elementor-size-default\">Villa Temple<\/h3>\t\t\t\t<\/div>\n\t\t<div class=\"elementor-element elementor-element-96338c7 e-grid e-con-full logo-grid e-con e-child\" data-id=\"96338c7\" data-element_type=\"container\" data-e-type=\"container\">\n\t\t\t\t<div class=\"elementor-element elementor-element-6b56ac9 logo elementor-widget elementor-widget-image\" data-id=\"6b56ac9\" data-element_type=\"widget\" data-e-type=\"widget\" data-widget_type=\"image.default\">\n\t\t\t\t\t\t\t\t\t\t\t\t\t\t\t\t<a href=\"https:\/\/www.aube-champagne.com\/fr\/poi\/les-villas-des-lacs\/\" target=\"_blank\">\n\t\t\t\t\t\t\t<img decoding=\"async\" width=\"300\" height=\"157\" src=\"https:\/\/lesvillasdeslacs.fr\/wp-content\/uploads\/2025\/07\/Aube-logo-site-300x157.webp\" class=\"attachment-medium size-medium wp-image-1247\" alt=\"\" srcset=\"https:\/\/lesvillasdeslacs.fr\/wp-content\/uploads\/2025\/07\/Aube-logo-site-300x157.webp 300w, https:\/\/lesvillasdeslacs.fr\/wp-content\/uploads\/2025\/07\/Aube-logo-site-18x9.webp 18w, https:\/\/lesvillasdeslacs.fr\/wp-content\/uploads\/2025\/07\/Aube-logo-site.webp 350w\" sizes=\"(max-width: 300px) 100vw, 300px\" \/>\t\t\t\t\t\t\t\t<\/a>\n\t\t\t\t\t\t\t\t\t\t\t\t\t\t\t<\/div>\n\t\t\t\t<div class=\"elementor-element elementor-element-5b5f0ab logo elementor-widget elementor-widget-image\" data-id=\"5b5f0ab\" data-element_type=\"widget\" data-e-type=\"widget\" data-widget_type=\"image.default\">\n\t\t\t\t\t\t\t\t\t\t\t\t\t\t\t\t<a href=\"https:\/\/grandslacsdechampagne.fr\/fr\/fiches-ts\/la-villa-des-lacs\/\" target=\"_blank\">\n\t\t\t\t\t\t\t<img loading=\"lazy\" decoding=\"async\" width=\"150\" height=\"150\" src=\"https:\/\/lesvillasdeslacs.fr\/wp-content\/uploads\/2025\/09\/logo-grands-lags-de-champagne-150x150.webp\" class=\"attachment-thumbnail size-thumbnail wp-image-999\" alt=\"\" srcset=\"https:\/\/lesvillasdeslacs.fr\/wp-content\/uploads\/2025\/09\/logo-grands-lags-de-champagne-150x150.webp 150w, https:\/\/lesvillasdeslacs.fr\/wp-content\/uploads\/2025\/09\/logo-grands-lags-de-champagne-13x12.webp 13w\" sizes=\"(max-width: 150px) 100vw, 150px\" \/>\t\t\t\t\t\t\t\t<\/a>\n\t\t\t\t\t\t\t\t\t\t\t\t\t\t\t<\/div>\n\t\t\t\t<div class=\"elementor-element elementor-element-980a0bd logo elementor-widget elementor-widget-image\" data-id=\"980a0bd\" data-element_type=\"widget\" data-e-type=\"widget\" data-widget_type=\"image.default\">\n\t\t\t\t\t\t\t\t\t\t\t\t\t\t\t\t<a href=\"https:\/\/www.pnr-foret-orient.fr\/location\/la-villa-des-lacs\/\" target=\"_blank\">\n\t\t\t\t\t\t\t<img loading=\"lazy\" decoding=\"async\" width=\"150\" height=\"150\" src=\"https:\/\/lesvillasdeslacs.fr\/wp-content\/uploads\/2025\/07\/Logo-parc-national-foret-orient-150x150.webp\" class=\"attachment-thumbnail size-thumbnail wp-image-1250\" alt=\"\" srcset=\"https:\/\/lesvillasdeslacs.fr\/wp-content\/uploads\/2025\/07\/Logo-parc-national-foret-orient-150x150.webp 150w, https:\/\/lesvillasdeslacs.fr\/wp-content\/uploads\/2025\/07\/Logo-parc-national-foret-orient-12x12.webp 12w, https:\/\/lesvillasdeslacs.fr\/wp-content\/uploads\/2025\/07\/Logo-parc-national-foret-orient.webp 225w\" sizes=\"(max-width: 150px) 100vw, 150px\" \/>\t\t\t\t\t\t\t\t<\/a>\n\t\t\t\t\t\t\t\t\t\t\t\t\t\t\t<\/div>\n\t\t\t\t<div class=\"elementor-element elementor-element-ec316bf logo elementor-widget elementor-widget-image\" data-id=\"ec316bf\" data-element_type=\"widget\" data-e-type=\"widget\" data-widget_type=\"image.default\">\n\t\t\t\t\t\t\t\t\t\t\t\t\t\t\t\t<a href=\"https:\/\/share.google\/HFxPDnt9GvKhHoUGS\" target=\"_blank\">\n\t\t\t\t\t\t\t<img loading=\"lazy\" decoding=\"async\" width=\"150\" height=\"150\" src=\"https:\/\/lesvillasdeslacs.fr\/wp-content\/uploads\/2025\/10\/602e349fd9ced200045a578e-150x150.webp\" class=\"attachment-thumbnail size-thumbnail wp-image-4887\" alt=\"\" \/>\t\t\t\t\t\t\t\t<\/a>\n\t\t\t\t\t\t\t\t\t\t\t\t\t\t\t<\/div>\n\t\t\t\t<div class=\"elementor-element elementor-element-5ba4e28 logo elementor-widget elementor-widget-image\" data-id=\"5ba4e28\" data-element_type=\"widget\" data-e-type=\"widget\" data-widget_type=\"image.default\">\n\t\t\t\t\t\t\t\t\t\t\t\t\t\t\t\t<a href=\"https:\/\/www.tripadvisor.fr\/VacationRentalReview-g657837-d18685563-Holiday_house_with_pool_near_the_lakes_of_the_Foret_d_39_Orient_Champagne-Lesmont_Aub.html?m=68524\" target=\"_blank\">\n\t\t\t\t\t\t\t<img loading=\"lazy\" decoding=\"async\" width=\"150\" height=\"150\" src=\"https:\/\/lesvillasdeslacs.fr\/wp-content\/uploads\/2025\/10\/5a05b78d9cf05203c4b60465-150x150.webp\" class=\"attachment-thumbnail size-thumbnail wp-image-4886\" alt=\"\" srcset=\"https:\/\/lesvillasdeslacs.fr\/wp-content\/uploads\/2025\/10\/5a05b78d9cf05203c4b60465-150x150.webp 150w, https:\/\/lesvillasdeslacs.fr\/wp-content\/uploads\/2025\/10\/5a05b78d9cf05203c4b60465-300x300.webp 300w, https:\/\/lesvillasdeslacs.fr\/wp-content\/uploads\/2025\/10\/5a05b78d9cf05203c4b60465-12x12.webp 12w, https:\/\/lesvillasdeslacs.fr\/wp-content\/uploads\/2025\/10\/5a05b78d9cf05203c4b60465.webp 400w\" sizes=\"(max-width: 150px) 100vw, 150px\" \/>\t\t\t\t\t\t\t\t<\/a>\n\t\t\t\t\t\t\t\t\t\t\t\t\t\t\t<\/div>\n\t\t\t\t<div class=\"elementor-element elementor-element-396c507 logo elementor-widget elementor-widget-image\" data-id=\"396c507\" data-element_type=\"widget\" data-e-type=\"widget\" data-widget_type=\"image.default\">\n\t\t\t\t\t\t\t\t\t\t\t\t\t\t\t\t<a href=\"https:\/\/www.airbnb.fr\/rooms\/31231769?guests=1&#038;adults=1&#038;s=67&#038;unique_share_id=e862b05d-32a0-4299-bae2-b7a8f5290b3b\" target=\"_blank\">\n\t\t\t\t\t\t\t<img loading=\"lazy\" decoding=\"async\" width=\"150\" height=\"150\" src=\"https:\/\/lesvillasdeslacs.fr\/wp-content\/uploads\/2025\/10\/airbnb-logo-0-150x150.webp\" class=\"attachment-thumbnail size-thumbnail wp-image-4885\" alt=\"\" srcset=\"https:\/\/lesvillasdeslacs.fr\/wp-content\/uploads\/2025\/10\/airbnb-logo-0-150x150.webp 150w, https:\/\/lesvillasdeslacs.fr\/wp-content\/uploads\/2025\/10\/airbnb-logo-0-300x300.webp 300w, https:\/\/lesvillasdeslacs.fr\/wp-content\/uploads\/2025\/10\/airbnb-logo-0-768x768.webp 768w, https:\/\/lesvillasdeslacs.fr\/wp-content\/uploads\/2025\/10\/airbnb-logo-0-12x12.webp 12w, https:\/\/lesvillasdeslacs.fr\/wp-content\/uploads\/2025\/10\/airbnb-logo-0.webp 860w\" sizes=\"(max-width: 150px) 100vw, 150px\" \/>\t\t\t\t\t\t\t\t<\/a>\n\t\t\t\t\t\t\t\t\t\t\t\t\t\t\t<\/div>\n\t\t\t\t<div class=\"elementor-element elementor-element-16c3769 logo elementor-widget elementor-widget-image\" data-id=\"16c3769\" data-element_type=\"widget\" data-e-type=\"widget\" data-widget_type=\"image.default\">\n\t\t\t\t\t\t\t\t\t\t\t\t\t\t\t\t<a href=\"https:\/\/www.abritel.fr\/location-vacances\/p1582250?referrerId=HOT.HIS.Share.Landed.Copy_Link\" target=\"_blank\">\n\t\t\t\t\t\t\t<img loading=\"lazy\" decoding=\"async\" width=\"300\" height=\"82\" src=\"https:\/\/lesvillasdeslacs.fr\/wp-content\/uploads\/2025\/10\/Abritel-700x192-1-300x82.webp\" class=\"attachment-medium size-medium wp-image-4888\" alt=\"\" srcset=\"https:\/\/lesvillasdeslacs.fr\/wp-content\/uploads\/2025\/10\/Abritel-700x192-1-300x82.webp 300w, https:\/\/lesvillasdeslacs.fr\/wp-content\/uploads\/2025\/10\/Abritel-700x192-1-18x5.webp 18w, https:\/\/lesvillasdeslacs.fr\/wp-content\/uploads\/2025\/10\/Abritel-700x192-1.webp 700w\" sizes=\"(max-width: 300px) 100vw, 300px\" \/>\t\t\t\t\t\t\t\t<\/a>\n\t\t\t\t\t\t\t\t\t\t\t\t\t\t\t<\/div>\n\t\t\t\t<div class=\"elementor-element elementor-element-3cbd965 logo elementor-widget elementor-widget-image\" data-id=\"3cbd965\" data-element_type=\"widget\" data-e-type=\"widget\" data-widget_type=\"image.default\">\n\t\t\t\t\t\t\t\t\t\t\t\t\t\t\t\t<a href=\"https:\/\/www.facebook.com\/profile.php?id=100063623077930\" target=\"_blank\">\n\t\t\t\t\t\t\t<img loading=\"lazy\" decoding=\"async\" width=\"150\" height=\"150\" src=\"https:\/\/lesvillasdeslacs.fr\/wp-content\/uploads\/2025\/10\/Facebook_logo_square-150x150.webp\" class=\"attachment-thumbnail size-thumbnail wp-image-5375\" alt=\"\" srcset=\"https:\/\/lesvillasdeslacs.fr\/wp-content\/uploads\/2025\/10\/Facebook_logo_square-150x150.webp 150w, https:\/\/lesvillasdeslacs.fr\/wp-content\/uploads\/2025\/10\/Facebook_logo_square-300x300.webp 300w, https:\/\/lesvillasdeslacs.fr\/wp-content\/uploads\/2025\/10\/Facebook_logo_square-12x12.webp 12w, https:\/\/lesvillasdeslacs.fr\/wp-content\/uploads\/2025\/10\/Facebook_logo_square.webp 500w\" sizes=\"(max-width: 150px) 100vw, 150px\" \/>\t\t\t\t\t\t\t\t<\/a>\n\t\t\t\t\t\t\t\t\t\t\t\t\t\t\t<\/div>\n\t\t\t\t<div class=\"elementor-element elementor-element-c06aefa logo elementor-widget elementor-widget-image\" data-id=\"c06aefa\" data-element_type=\"widget\" data-e-type=\"widget\" data-widget_type=\"image.default\">\n\t\t\t\t\t\t\t\t\t\t\t\t\t\t\t\t<a href=\"https:\/\/www.instagram.com\/les_villas_des_lacs\/\" target=\"_blank\">\n\t\t\t\t\t\t\t<img loading=\"lazy\" decoding=\"async\" width=\"150\" height=\"150\" src=\"https:\/\/lesvillasdeslacs.fr\/wp-content\/uploads\/2025\/10\/insta-150x150.webp\" class=\"attachment-thumbnail size-thumbnail wp-image-5856\" alt=\"\" srcset=\"https:\/\/lesvillasdeslacs.fr\/wp-content\/uploads\/2025\/10\/insta-150x150.webp 150w, https:\/\/lesvillasdeslacs.fr\/wp-content\/uploads\/2025\/10\/insta-300x300.webp 300w, https:\/\/lesvillasdeslacs.fr\/wp-content\/uploads\/2025\/10\/insta-12x12.webp 12w, https:\/\/lesvillasdeslacs.fr\/wp-content\/uploads\/2025\/10\/insta.webp 504w\" sizes=\"(max-width: 150px) 100vw, 150px\" \/>\t\t\t\t\t\t\t\t<\/a>\n\t\t\t\t\t\t\t\t\t\t\t\t\t\t\t<\/div>\n\t\t\t\t<\/div>\n\t\t\t\t<\/div>\n\t\t\t\t<\/div>\n\t\t<div class=\"elementor-element elementor-element-c7fd240 e-con-full e-flex e-con e-child\" data-id=\"c7fd240\" data-element_type=\"container\" data-e-type=\"container\">\n\t\t\t\t<div class=\"elementor-element elementor-element-8e09592 elementor-widget__width-initial elementor-widget elementor-widget-heading\" data-id=\"8e09592\" data-element_type=\"widget\" data-e-type=\"widget\" data-widget_type=\"heading.default\">\n\t\t\t\t\t<h3 class=\"elementor-heading-title elementor-size-default\">Villa Amance<\/h3>\t\t\t\t<\/div>\n\t\t<div class=\"elementor-element elementor-element-5ad8b47 e-con-full e-flex e-con e-child\" data-id=\"5ad8b47\" data-element_type=\"container\" data-e-type=\"container\">\n\t\t<div class=\"elementor-element elementor-element-6c65d1f e-grid e-con-full logo-grid e-con e-child\" data-id=\"6c65d1f\" data-element_type=\"container\" data-e-type=\"container\">\n\t\t\t\t<div class=\"elementor-element elementor-element-ab8fb28 logo elementor-widget elementor-widget-image\" data-id=\"ab8fb28\" data-element_type=\"widget\" data-e-type=\"widget\" data-widget_type=\"image.default\">\n\t\t\t\t\t\t\t\t\t\t\t\t\t\t\t<img decoding=\"async\" width=\"300\" height=\"157\" src=\"https:\/\/lesvillasdeslacs.fr\/wp-content\/uploads\/2025\/07\/Aube-logo-site-300x157.webp\" class=\"attachment-medium size-medium wp-image-1247\" alt=\"\" srcset=\"https:\/\/lesvillasdeslacs.fr\/wp-content\/uploads\/2025\/07\/Aube-logo-site-300x157.webp 300w, https:\/\/lesvillasdeslacs.fr\/wp-content\/uploads\/2025\/07\/Aube-logo-site-18x9.webp 18w, https:\/\/lesvillasdeslacs.fr\/wp-content\/uploads\/2025\/07\/Aube-logo-site.webp 350w\" sizes=\"(max-width: 300px) 100vw, 300px\" \/>\t\t\t\t\t\t\t\t\t\t\t\t\t\t\t<\/div>\n\t\t\t\t<div class=\"elementor-element elementor-element-d4d2722 logo elementor-widget elementor-widget-image\" data-id=\"d4d2722\" data-element_type=\"widget\" data-e-type=\"widget\" data-widget_type=\"image.default\">\n\t\t\t\t\t\t\t\t\t\t\t\t\t\t\t<img loading=\"lazy\" decoding=\"async\" width=\"150\" height=\"150\" src=\"https:\/\/lesvillasdeslacs.fr\/wp-content\/uploads\/2025\/09\/logo-grands-lags-de-champagne-150x150.webp\" class=\"attachment-thumbnail size-thumbnail wp-image-999\" alt=\"\" srcset=\"https:\/\/lesvillasdeslacs.fr\/wp-content\/uploads\/2025\/09\/logo-grands-lags-de-champagne-150x150.webp 150w, https:\/\/lesvillasdeslacs.fr\/wp-content\/uploads\/2025\/09\/logo-grands-lags-de-champagne-13x12.webp 13w\" sizes=\"(max-width: 150px) 100vw, 150px\" \/>\t\t\t\t\t\t\t\t\t\t\t\t\t\t\t<\/div>\n\t\t\t\t<div class=\"elementor-element elementor-element-6f1bdc2 logo elementor-widget elementor-widget-image\" data-id=\"6f1bdc2\" data-element_type=\"widget\" data-e-type=\"widget\" data-widget_type=\"image.default\">\n\t\t\t\t\t\t\t\t\t\t\t\t\t\t\t<img loading=\"lazy\" decoding=\"async\" width=\"150\" height=\"150\" src=\"https:\/\/lesvillasdeslacs.fr\/wp-content\/uploads\/2025\/07\/Logo-parc-national-foret-orient-150x150.webp\" class=\"attachment-thumbnail size-thumbnail wp-image-1250\" alt=\"\" srcset=\"https:\/\/lesvillasdeslacs.fr\/wp-content\/uploads\/2025\/07\/Logo-parc-national-foret-orient-150x150.webp 150w, https:\/\/lesvillasdeslacs.fr\/wp-content\/uploads\/2025\/07\/Logo-parc-national-foret-orient-12x12.webp 12w, https:\/\/lesvillasdeslacs.fr\/wp-content\/uploads\/2025\/07\/Logo-parc-national-foret-orient.webp 225w\" sizes=\"(max-width: 150px) 100vw, 150px\" \/>\t\t\t\t\t\t\t\t\t\t\t\t\t\t\t<\/div>\n\t\t\t\t<div class=\"elementor-element elementor-element-72a3679 logo elementor-widget elementor-widget-image\" data-id=\"72a3679\" data-element_type=\"widget\" data-e-type=\"widget\" data-widget_type=\"image.default\">\n\t\t\t\t\t\t\t\t\t\t\t\t\t\t\t\t<a href=\"https:\/\/share.google\/zkOVF3oK97NBD6wqk\" target=\"_blank\">\n\t\t\t\t\t\t\t<img loading=\"lazy\" decoding=\"async\" width=\"150\" height=\"150\" src=\"https:\/\/lesvillasdeslacs.fr\/wp-content\/uploads\/2025\/10\/602e349fd9ced200045a578e-150x150.webp\" class=\"attachment-thumbnail size-thumbnail wp-image-4887\" alt=\"\" \/>\t\t\t\t\t\t\t\t<\/a>\n\t\t\t\t\t\t\t\t\t\t\t\t\t\t\t<\/div>\n\t\t\t\t<div class=\"elementor-element elementor-element-378e725 logo elementor-widget elementor-widget-image\" data-id=\"378e725\" data-element_type=\"widget\" data-e-type=\"widget\" data-widget_type=\"image.default\">\n\t\t\t\t\t\t\t\t\t\t\t\t\t\t\t\t<a href=\"https:\/\/www.tripadvisor.fr\/VacationRentalReview-g657837-d29095021-Maison_de_Vacances_Avec_Piscine_La_Maison_des_Lacs-Lesmont_Aube_Grand_Est.html?m=68524\" target=\"_blank\">\n\t\t\t\t\t\t\t<img loading=\"lazy\" decoding=\"async\" width=\"150\" height=\"150\" src=\"https:\/\/lesvillasdeslacs.fr\/wp-content\/uploads\/2025\/10\/5a05b78d9cf05203c4b60465-150x150.webp\" class=\"attachment-thumbnail size-thumbnail wp-image-4886\" alt=\"\" srcset=\"https:\/\/lesvillasdeslacs.fr\/wp-content\/uploads\/2025\/10\/5a05b78d9cf05203c4b60465-150x150.webp 150w, https:\/\/lesvillasdeslacs.fr\/wp-content\/uploads\/2025\/10\/5a05b78d9cf05203c4b60465-300x300.webp 300w, https:\/\/lesvillasdeslacs.fr\/wp-content\/uploads\/2025\/10\/5a05b78d9cf05203c4b60465-12x12.webp 12w, https:\/\/lesvillasdeslacs.fr\/wp-content\/uploads\/2025\/10\/5a05b78d9cf05203c4b60465.webp 400w\" sizes=\"(max-width: 150px) 100vw, 150px\" \/>\t\t\t\t\t\t\t\t<\/a>\n\t\t\t\t\t\t\t\t\t\t\t\t\t\t\t<\/div>\n\t\t\t\t<div class=\"elementor-element elementor-element-d0713d2 logo elementor-widget elementor-widget-image\" data-id=\"d0713d2\" data-element_type=\"widget\" data-e-type=\"widget\" data-widget_type=\"image.default\">\n\t\t\t\t\t\t\t\t\t\t\t\t\t\t\t\t<a href=\"https:\/\/www.airbnb.fr\/rooms\/1148638559967924525?check_in=2025-10-13&#038;check_out=2025-10-18&#038;guests=1&#038;adults=1&#038;s=67&#038;unique_share_id=6ba2cf3c-dc39-4622-a80b-de152e496b88\" target=\"_blank\">\n\t\t\t\t\t\t\t<img loading=\"lazy\" decoding=\"async\" width=\"150\" height=\"150\" src=\"https:\/\/lesvillasdeslacs.fr\/wp-content\/uploads\/2025\/10\/airbnb-logo-0-150x150.webp\" class=\"attachment-thumbnail size-thumbnail wp-image-4885\" alt=\"\" srcset=\"https:\/\/lesvillasdeslacs.fr\/wp-content\/uploads\/2025\/10\/airbnb-logo-0-150x150.webp 150w, https:\/\/lesvillasdeslacs.fr\/wp-content\/uploads\/2025\/10\/airbnb-logo-0-300x300.webp 300w, https:\/\/lesvillasdeslacs.fr\/wp-content\/uploads\/2025\/10\/airbnb-logo-0-768x768.webp 768w, https:\/\/lesvillasdeslacs.fr\/wp-content\/uploads\/2025\/10\/airbnb-logo-0-12x12.webp 12w, https:\/\/lesvillasdeslacs.fr\/wp-content\/uploads\/2025\/10\/airbnb-logo-0.webp 860w\" sizes=\"(max-width: 150px) 100vw, 150px\" \/>\t\t\t\t\t\t\t\t<\/a>\n\t\t\t\t\t\t\t\t\t\t\t\t\t\t\t<\/div>\n\t\t\t\t<div class=\"elementor-element elementor-element-6dd1bb1 logo elementor-widget elementor-widget-image\" data-id=\"6dd1bb1\" data-element_type=\"widget\" data-e-type=\"widget\" data-widget_type=\"image.default\">\n\t\t\t\t\t\t\t\t\t\t\t\t\t\t\t\t<a href=\"https:\/\/www.abritel.fr\/location-vacances\/p2402485?referrerId=HOT.HIS.Share.Landed.Copy_Link\" target=\"_blank\">\n\t\t\t\t\t\t\t<img loading=\"lazy\" decoding=\"async\" width=\"300\" height=\"82\" src=\"https:\/\/lesvillasdeslacs.fr\/wp-content\/uploads\/2025\/10\/Abritel-700x192-1-300x82.webp\" class=\"attachment-medium size-medium wp-image-4888\" alt=\"\" srcset=\"https:\/\/lesvillasdeslacs.fr\/wp-content\/uploads\/2025\/10\/Abritel-700x192-1-300x82.webp 300w, https:\/\/lesvillasdeslacs.fr\/wp-content\/uploads\/2025\/10\/Abritel-700x192-1-18x5.webp 18w, https:\/\/lesvillasdeslacs.fr\/wp-content\/uploads\/2025\/10\/Abritel-700x192-1.webp 700w\" sizes=\"(max-width: 300px) 100vw, 300px\" \/>\t\t\t\t\t\t\t\t<\/a>\n\t\t\t\t\t\t\t\t\t\t\t\t\t\t\t<\/div>\n\t\t\t\t<div class=\"elementor-element elementor-element-ed95918 logo elementor-widget elementor-widget-image\" data-id=\"ed95918\" data-element_type=\"widget\" data-e-type=\"widget\" data-widget_type=\"image.default\">\n\t\t\t\t\t\t\t\t\t\t\t\t\t\t\t\t<a href=\"https:\/\/www.facebook.com\/profile.php?id=100063623077930\" target=\"_blank\">\n\t\t\t\t\t\t\t<img loading=\"lazy\" decoding=\"async\" width=\"150\" height=\"150\" src=\"https:\/\/lesvillasdeslacs.fr\/wp-content\/uploads\/2025\/10\/Facebook_logo_square-150x150.webp\" class=\"attachment-thumbnail size-thumbnail wp-image-5375\" alt=\"\" srcset=\"https:\/\/lesvillasdeslacs.fr\/wp-content\/uploads\/2025\/10\/Facebook_logo_square-150x150.webp 150w, https:\/\/lesvillasdeslacs.fr\/wp-content\/uploads\/2025\/10\/Facebook_logo_square-300x300.webp 300w, https:\/\/lesvillasdeslacs.fr\/wp-content\/uploads\/2025\/10\/Facebook_logo_square-12x12.webp 12w, https:\/\/lesvillasdeslacs.fr\/wp-content\/uploads\/2025\/10\/Facebook_logo_square.webp 500w\" sizes=\"(max-width: 150px) 100vw, 150px\" \/>\t\t\t\t\t\t\t\t<\/a>\n\t\t\t\t\t\t\t\t\t\t\t\t\t\t\t<\/div>\n\t\t\t\t<div class=\"elementor-element elementor-element-7e67ae0 logo elementor-widget elementor-widget-image\" data-id=\"7e67ae0\" data-element_type=\"widget\" data-e-type=\"widget\" data-widget_type=\"image.default\">\n\t\t\t\t\t\t\t\t\t\t\t\t\t\t\t\t<a href=\"https:\/\/www.instagram.com\/les_villas_des_lacs\/\" target=\"_blank\">\n\t\t\t\t\t\t\t<img loading=\"lazy\" decoding=\"async\" width=\"150\" height=\"150\" src=\"https:\/\/lesvillasdeslacs.fr\/wp-content\/uploads\/2025\/10\/insta-150x150.webp\" class=\"attachment-thumbnail size-thumbnail wp-image-5856\" alt=\"\" srcset=\"https:\/\/lesvillasdeslacs.fr\/wp-content\/uploads\/2025\/10\/insta-150x150.webp 150w, https:\/\/lesvillasdeslacs.fr\/wp-content\/uploads\/2025\/10\/insta-300x300.webp 300w, https:\/\/lesvillasdeslacs.fr\/wp-content\/uploads\/2025\/10\/insta-12x12.webp 12w, https:\/\/lesvillasdeslacs.fr\/wp-content\/uploads\/2025\/10\/insta.webp 504w\" sizes=\"(max-width: 150px) 100vw, 150px\" \/>\t\t\t\t\t\t\t\t<\/a>\n\t\t\t\t\t\t\t\t\t\t\t\t\t\t\t<\/div>\n\t\t\t\t<\/div>\n\t\t\t\t<\/div>\n\t\t\t\t<\/div>\n\t\t\t\t<\/div>\n\t\t\t\t<\/div>\n\t\t<div class=\"elementor-element elementor-element-0cc6b83 e-flex e-con-boxed e-con e-parent\" data-id=\"0cc6b83\" data-element_type=\"container\" data-e-type=\"container\" id=\"environnement\">\n\t\t\t\t\t<div class=\"e-con-inner\">\n\t\t\t\t<div class=\"elementor-element elementor-element-d57cfe2 elementor-widget elementor-widget-html\" data-id=\"d57cfe2\" data-element_type=\"widget\" data-e-type=\"widget\" data-widget_type=\"html.default\">\n\t\t\t\t\t<div class=\"sep-gold sep-gold--narrow\"><\/div>\n\t\t\t\t<\/div>\n\t\t\t\t\t<\/div>\n\t\t\t\t<\/div>\n\t\t<div class=\"elementor-element elementor-element-139f836 e-flex e-con-boxed e-con e-parent\" data-id=\"139f836\" data-element_type=\"container\" data-e-type=\"container\">\n\t\t\t\t\t<div class=\"e-con-inner\">\n\t\t\t\t<div class=\"elementor-element elementor-element-aa39b14 elementor-widget elementor-widget-heading\" data-id=\"aa39b14\" data-element_type=\"widget\" data-e-type=\"widget\" data-widget_type=\"heading.default\">\n\t\t\t\t\t<h2 class=\"elementor-heading-title elementor-size-default\"><br>Homes that breathe with their environment<\/h2>\t\t\t\t<\/div>\n\t\t\t\t\t<\/div>\n\t\t\t\t<\/div>\n\t\t<div class=\"elementor-element elementor-element-3066b8e e-con-full e-flex e-con e-parent\" data-id=\"3066b8e\" data-element_type=\"container\" data-e-type=\"container\">\n\t\t<div class=\"elementor-element elementor-element-1288791 e-con-full e-flex e-con e-child\" data-id=\"1288791\" data-element_type=\"container\" data-e-type=\"container\">\n\t\t\t\t<div class=\"elementor-element elementor-element-b9d18f3 intro-chic  elementor-widget elementor-widget-text-editor\" data-id=\"b9d18f3\" data-element_type=\"widget\" data-e-type=\"widget\" data-widget_type=\"text-editor.default\">\n\t\t\t\t\t\t\t\t\t<p data-start=\"186\" data-end=\"1545\">Each villa has been designed and built with deep respect for the environment. <strong data-start=\"274\" data-end=\"319\">These single-storey timber-frame houses<\/strong> blend naturally into the landscape and use sustainable and renewable materials.<br data-start=\"418\" data-end=\"421\" \/>Notre d\u00e9marche d\u2019autoconstruction repose sur une conviction simple: offrir un lieu de vie confortable tout en pr\u00e9servant la nature qui nous entoure.<br data-start=\"570\" data-end=\"573\" \/>B\u00e2ties selon la <strong data-start=\"589\" data-end=\"605\">RT2012 standard<\/strong>, our homes are <strong data-start=\"624\" data-end=\"652\">basse consommation<\/strong>\u00a0and equipped with <strong data-start=\"668\" data-end=\"688\">heat pumps<\/strong>, from <strong data-start=\"693\" data-end=\"725\">thermodynamic water heaters<\/strong>, a <strong data-start=\"733\" data-end=\"752\">VMC double flux<\/strong> and a <strong data-start=\"761\" data-end=\"779\">Canadian well<\/strong>, to guarantee optimum comfort in all seasons.<br data-start=\"832\" data-end=\"835\" \/>A <strong data-start=\"838\" data-end=\"875\">large, high-performance windows<\/strong> bathe interiors in natural light while preserving energy performance.<br data-start=\"970\" data-end=\"973\" \/>We have chosen a <strong data-start=\"995\" data-end=\"1022\">reinforced over-insulation<\/strong>, a <strong data-start=\"1028\" data-end=\"1063\">natural sun protection<\/strong>, the <strong data-start=\"1068\" data-end=\"1084\">selective sorting<\/strong> and the provision of a <strong data-start=\"1115\" data-end=\"1126\">compost<\/strong>, to reduce our ecological footprint as much as possible.<br data-start=\"1182\" data-end=\"1185\" \/>Around each villa, a <strong data-start=\"1213\" data-end=\"1237\">abundant vegetation<\/strong> - trees, hedges and bushes - offers a green and peaceful setting, <strong data-start=\"1306\" data-end=\"1347\">v\u00e9ritable refuge pour la faune locale<\/strong>. These plantings make the grounds particularly pleasant and lively all year round.<br data-start=\"1448\" data-end=\"1451\" \/>Every detail has been designed to combine <strong data-start=\"1492\" data-end=\"1542\">well-being, sustainability and respect for the planet<\/strong>.<\/p>\t\t\t\t\t\t\t\t<\/div>\n\t\t\t\t<\/div>\n\t\t<div class=\"elementor-element elementor-element-db8824e e-con-full e-flex e-con e-child\" data-id=\"db8824e\" data-element_type=\"container\" data-e-type=\"container\">\n\t\t<div class=\"elementor-element elementor-element-8cfb35d e-con-full logo e-flex e-con e-child\" data-id=\"8cfb35d\" data-element_type=\"container\" data-e-type=\"container\">\n\t\t<div class=\"elementor-element elementor-element-be511dd e-con-full e-flex e-con e-child\" data-id=\"be511dd\" data-element_type=\"container\" data-e-type=\"container\">\n\t\t<div class=\"elementor-element elementor-element-53ffe7e e-con-full e-flex e-con e-child\" data-id=\"53ffe7e\" data-element_type=\"container\" data-e-type=\"container\">\n\t\t\t\t<div class=\"elementor-element elementor-element-d6ae07c elementor-widget__width-initial elementor-widget elementor-widget-heading\" data-id=\"d6ae07c\" data-element_type=\"widget\" data-e-type=\"widget\" data-widget_type=\"heading.default\">\n\t\t\t\t\t<h3 class=\"elementor-heading-title elementor-size-default\">Our eco-responsible actions<\/h3>\t\t\t\t<\/div>\n\t\t\t\t<div class=\"elementor-element elementor-element-5490f41 elementor-widget elementor-widget-image\" data-id=\"5490f41\" data-element_type=\"widget\" data-e-type=\"widget\" data-widget_type=\"image.default\">\n\t\t\t\t\t\t\t\t\t\t\t\t\t\t\t\t<a href=\"https:\/\/www.cy-clope.com\/quest-ce-que-le-tri-selectif-definition-et-origines\/\">\n\t\t\t\t\t\t\t<img loading=\"lazy\" decoding=\"async\" width=\"225\" height=\"225\" src=\"https:\/\/lesvillasdeslacs.fr\/wp-content\/uploads\/2025\/10\/triangle-meobius.png\" class=\"attachment-large size-large wp-image-6440\" alt=\"\" srcset=\"https:\/\/lesvillasdeslacs.fr\/wp-content\/uploads\/2025\/10\/triangle-meobius.png 225w, https:\/\/lesvillasdeslacs.fr\/wp-content\/uploads\/2025\/10\/triangle-meobius-150x150.png 150w, https:\/\/lesvillasdeslacs.fr\/wp-content\/uploads\/2025\/10\/triangle-meobius-12x12.png 12w\" sizes=\"(max-width: 225px) 100vw, 225px\" \/>\t\t\t\t\t\t\t\t<\/a>\n\t\t\t\t\t\t\t\t\t\t\t\t\t\t\t<\/div>\n\t\t\t\t<\/div>\n\t\t<div class=\"elementor-element elementor-element-d694ab7 e-grid e-con-full logo-grid e-con e-child\" data-id=\"d694ab7\" data-element_type=\"container\" data-e-type=\"container\">\n\t\t\t\t<div class=\"elementor-element elementor-element-b4f0ad6 logo elementor-widget elementor-widget-image\" data-id=\"b4f0ad6\" data-element_type=\"widget\" data-e-type=\"widget\" data-widget_type=\"image.default\">\n\t\t\t\t\t\t\t\t\t\t\t\t\t\t\t\t<a href=\"https:\/\/www.ecologie.gouv.fr\/politiques-publiques\/reglementation-thermique-rt2012\" target=\"_blank\">\n\t\t\t\t\t\t\t<img loading=\"lazy\" decoding=\"async\" width=\"178\" height=\"179\" src=\"https:\/\/lesvillasdeslacs.fr\/wp-content\/uploads\/2025\/10\/RT2012.webp\" class=\"attachment-medium size-medium wp-image-6452\" alt=\"\" srcset=\"https:\/\/lesvillasdeslacs.fr\/wp-content\/uploads\/2025\/10\/RT2012.webp 178w, https:\/\/lesvillasdeslacs.fr\/wp-content\/uploads\/2025\/10\/RT2012-150x150.webp 150w, https:\/\/lesvillasdeslacs.fr\/wp-content\/uploads\/2025\/10\/RT2012-12x12.webp 12w\" sizes=\"(max-width: 178px) 100vw, 178px\" \/>\t\t\t\t\t\t\t\t<\/a>\n\t\t\t\t\t\t\t\t\t\t\t\t\t\t\t<\/div>\n\t\t\t\t<div class=\"elementor-element elementor-element-11d424e logo elementor-widget elementor-widget-image\" data-id=\"11d424e\" data-element_type=\"widget\" data-e-type=\"widget\" data-widget_type=\"image.default\">\n\t\t\t\t\t\t\t\t\t\t\t\t\t\t\t\t<a href=\"https:\/\/www.ecologie.gouv.fr\/politiques-publiques\/labels-batiment-basse-consommation-renovation\" target=\"_blank\">\n\t\t\t\t\t\t\t<img loading=\"lazy\" decoding=\"async\" width=\"150\" height=\"150\" src=\"https:\/\/lesvillasdeslacs.fr\/wp-content\/uploads\/2025\/10\/batiment-basse-consommation-bbc-150x150.webp\" class=\"attachment-thumbnail size-thumbnail wp-image-6431\" alt=\"\" \/>\t\t\t\t\t\t\t\t<\/a>\n\t\t\t\t\t\t\t\t\t\t\t\t\t\t\t<\/div>\n\t\t\t\t<div class=\"elementor-element elementor-element-76eecba logo elementor-widget elementor-widget-image\" data-id=\"76eecba\" data-element_type=\"widget\" data-e-type=\"widget\" data-widget_type=\"image.default\">\n\t\t\t\t\t\t\t\t\t\t\t\t\t\t\t\t<a href=\"https:\/\/www.materiaux-naturels.fr\/blog\/43-avantages-maison-bois\" target=\"_blank\">\n\t\t\t\t\t\t\t<img decoding=\"async\" src=\"https:\/\/lesvillasdeslacs.fr\/wp-content\/uploads\/2025\/10\/ossature-bois.webp\" title=\"\" alt=\"\" loading=\"lazy\" \/>\t\t\t\t\t\t\t\t<\/a>\n\t\t\t\t\t\t\t\t\t\t\t\t\t\t\t<\/div>\n\t\t\t\t<div class=\"elementor-element elementor-element-1057f6e logo elementor-widget elementor-widget-image\" data-id=\"1057f6e\" data-element_type=\"widget\" data-e-type=\"widget\" data-widget_type=\"image.default\">\n\t\t\t\t\t\t\t\t\t\t\t\t\t\t\t\t<a href=\"https:\/\/labellenergie.fr\/a-quoi-sert-une-pompe-a-chaleur-avantages-et-confort-pour-votre-budget\/\" target=\"_blank\">\n\t\t\t\t\t\t\t<img loading=\"lazy\" decoding=\"async\" width=\"150\" height=\"150\" src=\"https:\/\/lesvillasdeslacs.fr\/wp-content\/uploads\/2025\/10\/Sans-titre-5-150x150.webp\" class=\"attachment-thumbnail size-thumbnail wp-image-6439\" alt=\"\" \/>\t\t\t\t\t\t\t\t<\/a>\n\t\t\t\t\t\t\t\t\t\t\t\t\t\t\t<\/div>\n\t\t\t\t<div class=\"elementor-element elementor-element-73eb4e2 logo elementor-widget elementor-widget-image\" data-id=\"73eb4e2\" data-element_type=\"widget\" data-e-type=\"widget\" data-widget_type=\"image.default\">\n\t\t\t\t\t\t\t\t\t\t\t\t\t\t\t\t<a href=\"https:\/\/conseils-thermiques.org\/contenu\/puits-canadien.php\" target=\"_blank\">\n\t\t\t\t\t\t\t<img loading=\"lazy\" decoding=\"async\" width=\"300\" height=\"300\" src=\"https:\/\/lesvillasdeslacs.fr\/wp-content\/uploads\/2025\/10\/Le-puits-canadien-fonctionnement-ete.webp\" class=\"attachment-medium size-medium wp-image-6453\" alt=\"\" srcset=\"https:\/\/lesvillasdeslacs.fr\/wp-content\/uploads\/2025\/10\/Le-puits-canadien-fonctionnement-ete.webp 300w, https:\/\/lesvillasdeslacs.fr\/wp-content\/uploads\/2025\/10\/Le-puits-canadien-fonctionnement-ete-150x150.webp 150w, https:\/\/lesvillasdeslacs.fr\/wp-content\/uploads\/2025\/10\/Le-puits-canadien-fonctionnement-ete-12x12.webp 12w\" sizes=\"(max-width: 300px) 100vw, 300px\" \/>\t\t\t\t\t\t\t\t<\/a>\n\t\t\t\t\t\t\t\t\t\t\t\t\t\t\t<\/div>\n\t\t\t\t<div class=\"elementor-element elementor-element-d0a7cb6 logo elementor-widget elementor-widget-image\" data-id=\"d0a7cb6\" data-element_type=\"widget\" data-e-type=\"widget\" data-widget_type=\"image.default\">\n\t\t\t\t\t\t\t\t\t\t\t\t\t\t\t\t<a href=\"https:\/\/conseils-thermiques.org\/contenu\/vmc_double_flux.php\" target=\"_blank\">\n\t\t\t\t\t\t\t<img loading=\"lazy\" decoding=\"async\" width=\"150\" height=\"150\" src=\"https:\/\/lesvillasdeslacs.fr\/wp-content\/uploads\/2025\/10\/icone-ventilation-double-flux1-150x150.jpg\" class=\"attachment-thumbnail size-thumbnail wp-image-6434\" alt=\"\" \/>\t\t\t\t\t\t\t\t<\/a>\n\t\t\t\t\t\t\t\t\t\t\t\t\t\t\t<\/div>\n\t\t\t\t<div class=\"elementor-element elementor-element-8db3585 logo elementor-widget elementor-widget-image\" data-id=\"8db3585\" data-element_type=\"widget\" data-e-type=\"widget\" data-widget_type=\"image.default\">\n\t\t\t\t\t\t\t\t\t\t\t\t\t\t\t\t<a href=\"https:\/\/www.quechoisir.org\/guide-d-achat-chauffe-eau-thermodynamiques-n23561\/\" target=\"_blank\">\n\t\t\t\t\t\t\t<img loading=\"lazy\" decoding=\"async\" width=\"225\" height=\"225\" src=\"https:\/\/lesvillasdeslacs.fr\/wp-content\/uploads\/2025\/10\/chauffe-eau.png\" class=\"attachment-medium size-medium wp-image-6432\" alt=\"\" srcset=\"https:\/\/lesvillasdeslacs.fr\/wp-content\/uploads\/2025\/10\/chauffe-eau.png 225w, https:\/\/lesvillasdeslacs.fr\/wp-content\/uploads\/2025\/10\/chauffe-eau-150x150.png 150w, https:\/\/lesvillasdeslacs.fr\/wp-content\/uploads\/2025\/10\/chauffe-eau-12x12.png 12w\" sizes=\"(max-width: 225px) 100vw, 225px\" \/>\t\t\t\t\t\t\t\t<\/a>\n\t\t\t\t\t\t\t\t\t\t\t\t\t\t\t<\/div>\n\t\t\t\t<div class=\"elementor-element elementor-element-3f2abcc logo elementor-widget elementor-widget-image\" data-id=\"3f2abcc\" data-element_type=\"widget\" data-e-type=\"widget\" data-widget_type=\"image.default\">\n\t\t\t\t\t\t\t\t\t\t\t\t\t\t\t\t<a href=\"https:\/\/guidebatimentdurable.brussels\/protections-solaires-exterieures\" target=\"_blank\">\n\t\t\t\t\t\t\t<img loading=\"lazy\" decoding=\"async\" width=\"266\" height=\"233\" src=\"https:\/\/lesvillasdeslacs.fr\/wp-content\/uploads\/2025\/10\/protection-solaire.webp\" class=\"attachment-medium size-medium wp-image-6455\" alt=\"\" srcset=\"https:\/\/lesvillasdeslacs.fr\/wp-content\/uploads\/2025\/10\/protection-solaire.webp 266w, https:\/\/lesvillasdeslacs.fr\/wp-content\/uploads\/2025\/10\/protection-solaire-14x12.webp 14w\" sizes=\"(max-width: 266px) 100vw, 266px\" \/>\t\t\t\t\t\t\t\t<\/a>\n\t\t\t\t\t\t\t\t\t\t\t\t\t\t\t<\/div>\n\t\t\t\t<div class=\"elementor-element elementor-element-2baa513 logo elementor-widget elementor-widget-image\" data-id=\"2baa513\" data-element_type=\"widget\" data-e-type=\"widget\" data-widget_type=\"image.default\">\n\t\t\t\t\t\t\t\t\t\t\t\t\t\t\t\t<a href=\"https:\/\/sitetom.syctom-paris.fr\/le-parcours-des-dechets\/tom-composte.html\" target=\"_blank\">\n\t\t\t\t\t\t\t<img loading=\"lazy\" decoding=\"async\" width=\"150\" height=\"150\" src=\"https:\/\/lesvillasdeslacs.fr\/wp-content\/uploads\/2025\/10\/compost-150x150.webp\" class=\"attachment-thumbnail size-thumbnail wp-image-6433\" alt=\"\" srcset=\"https:\/\/lesvillasdeslacs.fr\/wp-content\/uploads\/2025\/10\/compost-150x150.webp 150w, https:\/\/lesvillasdeslacs.fr\/wp-content\/uploads\/2025\/10\/compost-12x12.webp 12w, https:\/\/lesvillasdeslacs.fr\/wp-content\/uploads\/2025\/10\/compost.webp 300w\" sizes=\"(max-width: 150px) 100vw, 150px\" \/>\t\t\t\t\t\t\t\t<\/a>\n\t\t\t\t\t\t\t\t\t\t\t\t\t\t\t<\/div>\n\t\t\t\t<\/div>\n\t\t\t\t<\/div>\n\t\t\t\t<\/div>\n\t\t\t\t<\/div>\n\t\t\t\t<\/div>\n\t\t\t\t<\/div>","protected":false},"excerpt":{"rendered":"<p>Qui sommes-nous ? Bienvenue aux Villas des Lacs, un projet de c\u0153ur, n\u00e9 de notre histoire familiale et de notre attachement profond \u00e0 notre r\u00e9gion, l\u2019Aube. Nous sommes Joane et Nathalie, un couple passionn\u00e9 qui a choisi de revenir \u00e0 ses racines apr\u00e8s pr\u00e8s de 20 ans de vie parisienne. Originaires de l\u2019Aube, c\u2019est ici [&hellip;]<\/p>\n","protected":false},"author":2,"featured_media":0,"parent":0,"menu_order":0,"comment_status":"closed","ping_status":"closed","template":"","meta":{"footnotes":""},"folder":[],"class_list":["post-4851","page","type-page","status-publish","hentry"],"yoast_head":"<!-- This site is optimized with the Yoast SEO plugin v27.5 - https:\/\/yoast.com\/product\/yoast-seo-wordpress\/ -->\n<title>\u00c0 propos \u2013 Les Villas des Lacs<\/title>\n<meta name=\"description\" content=\"D\u00e9couvrez notre histoire, nos valeurs et notre \u00e9quipe derri\u00e8re Les Villas des Lacs, vos villas de charme pr\u00e8s des lacs d\u2019Orient.\" \/>\n<meta name=\"robots\" content=\"index, follow, max-snippet:-1, max-image-preview:large, max-video-preview:-1\" \/>\n<link rel=\"canonical\" href=\"https:\/\/lesvillasdeslacs.fr\/en\/qui-sommes\/\" \/>\n<meta property=\"og:locale\" content=\"en_US\" \/>\n<meta property=\"og:type\" content=\"article\" \/>\n<meta property=\"og:title\" content=\"\u00c0 propos \u2013 Les Villas des Lacs\" \/>\n<meta property=\"og:description\" content=\"D\u00e9couvrez notre histoire, nos valeurs et notre \u00e9quipe derri\u00e8re Les Villas des Lacs, vos villas de charme pr\u00e8s des lacs d\u2019Orient.\" \/>\n<meta property=\"og:url\" content=\"https:\/\/lesvillasdeslacs.fr\/en\/qui-sommes\/\" \/>\n<meta property=\"og:site_name\" content=\"Villas Des Lacs\" \/>\n<meta property=\"article:publisher\" content=\"https:\/\/www.facebook.com\/people\/Les-Villas-des-lacs\/100063623077930\/?rdid=8hRY7rM0svHDg7yj&amp;share_url=httpswww.facebook.comshare1aedNAuHzM\" \/>\n<meta property=\"article:modified_time\" content=\"2025-10-26T11:23:28+00:00\" \/>\n<meta property=\"og:image\" content=\"https:\/\/lesvillasdeslacs.fr\/wp-content\/uploads\/2025\/10\/jo-et-thalie.webp\" \/>\n\t<meta property=\"og:image:width\" content=\"1500\" \/>\n\t<meta property=\"og:image:height\" content=\"820\" \/>\n\t<meta property=\"og:image:type\" content=\"image\/webp\" \/>\n<meta name=\"twitter:card\" content=\"summary_large_image\" \/>\n<meta name=\"twitter:label1\" content=\"Est. reading time\" \/>\n\t<meta name=\"twitter:data1\" content=\"10 minutes\" \/>\n<script type=\"application\/ld+json\" class=\"yoast-schema-graph\">{\"@context\":\"https:\\\/\\\/schema.org\",\"@graph\":[{\"@type\":\"WebPage\",\"@id\":\"https:\\\/\\\/lesvillasdeslacs.fr\\\/qui-sommes\\\/\",\"url\":\"https:\\\/\\\/lesvillasdeslacs.fr\\\/qui-sommes\\\/\",\"name\":\"\u00c0 propos \u2013 Les Villas des Lacs\",\"isPartOf\":{\"@id\":\"https:\\\/\\\/lesvillasdeslacs.fr\\\/#website\"},\"primaryImageOfPage\":{\"@id\":\"https:\\\/\\\/lesvillasdeslacs.fr\\\/qui-sommes\\\/#primaryimage\"},\"image\":{\"@id\":\"https:\\\/\\\/lesvillasdeslacs.fr\\\/qui-sommes\\\/#primaryimage\"},\"thumbnailUrl\":\"https:\\\/\\\/lesvillasdeslacs.fr\\\/wp-content\\\/uploads\\\/2025\\\/10\\\/jo-et-thalie-1024x560.webp\",\"datePublished\":\"2025-10-11T10:34:05+00:00\",\"dateModified\":\"2025-10-26T11:23:28+00:00\",\"description\":\"D\u00e9couvrez notre histoire, nos valeurs et notre \u00e9quipe derri\u00e8re Les Villas des Lacs, vos villas de charme pr\u00e8s des lacs d\u2019Orient.\",\"breadcrumb\":{\"@id\":\"https:\\\/\\\/lesvillasdeslacs.fr\\\/qui-sommes\\\/#breadcrumb\"},\"inLanguage\":\"en-US\",\"potentialAction\":[{\"@type\":\"ReadAction\",\"target\":[\"https:\\\/\\\/lesvillasdeslacs.fr\\\/qui-sommes\\\/\"]}]},{\"@type\":\"ImageObject\",\"inLanguage\":\"en-US\",\"@id\":\"https:\\\/\\\/lesvillasdeslacs.fr\\\/qui-sommes\\\/#primaryimage\",\"url\":\"https:\\\/\\\/lesvillasdeslacs.fr\\\/wp-content\\\/uploads\\\/2025\\\/10\\\/jo-et-thalie-1024x560.webp\",\"contentUrl\":\"https:\\\/\\\/lesvillasdeslacs.fr\\\/wp-content\\\/uploads\\\/2025\\\/10\\\/jo-et-thalie-1024x560.webp\"},{\"@type\":\"BreadcrumbList\",\"@id\":\"https:\\\/\\\/lesvillasdeslacs.fr\\\/qui-sommes\\\/#breadcrumb\",\"itemListElement\":[{\"@type\":\"ListItem\",\"position\":1,\"name\":\"Accueil\",\"item\":\"https:\\\/\\\/lesvillasdeslacs.fr\\\/\"},{\"@type\":\"ListItem\",\"position\":2,\"name\":\"Qui sommes\"}]},{\"@type\":\"WebSite\",\"@id\":\"https:\\\/\\\/lesvillasdeslacs.fr\\\/#website\",\"url\":\"https:\\\/\\\/lesvillasdeslacs.fr\\\/\",\"name\":\"Villas Des Lacs\",\"description\":\"Villas de charme en Champagne\",\"publisher\":{\"@id\":\"https:\\\/\\\/lesvillasdeslacs.fr\\\/#organization\"},\"potentialAction\":[{\"@type\":\"SearchAction\",\"target\":{\"@type\":\"EntryPoint\",\"urlTemplate\":\"https:\\\/\\\/lesvillasdeslacs.fr\\\/?s={search_term_string}\"},\"query-input\":{\"@type\":\"PropertyValueSpecification\",\"valueRequired\":true,\"valueName\":\"search_term_string\"}}],\"inLanguage\":\"en-US\"},{\"@type\":\"Organization\",\"@id\":\"https:\\\/\\\/lesvillasdeslacs.fr\\\/#organization\",\"name\":\"Villas Des Lacs\",\"url\":\"https:\\\/\\\/lesvillasdeslacs.fr\\\/\",\"logo\":{\"@type\":\"ImageObject\",\"inLanguage\":\"en-US\",\"@id\":\"https:\\\/\\\/lesvillasdeslacs.fr\\\/#\\\/schema\\\/logo\\\/image\\\/\",\"url\":\"https:\\\/\\\/lesvillasdeslacs.fr\\\/wp-content\\\/uploads\\\/2025\\\/07\\\/logo-villa-des-lacs-horizontal-recadre.webp\",\"contentUrl\":\"https:\\\/\\\/lesvillasdeslacs.fr\\\/wp-content\\\/uploads\\\/2025\\\/07\\\/logo-villa-des-lacs-horizontal-recadre.webp\",\"width\":1421,\"height\":333,\"caption\":\"Villas Des Lacs\"},\"image\":{\"@id\":\"https:\\\/\\\/lesvillasdeslacs.fr\\\/#\\\/schema\\\/logo\\\/image\\\/\"},\"sameAs\":[\"https:\\\/\\\/www.facebook.com\\\/people\\\/Les-Villas-des-lacs\\\/100063623077930\\\/?rdid=8hRY7rM0svHDg7yj&share_url=httpswww.facebook.comshare1aedNAuHzM\",\"https:\\\/\\\/www.instagram.com\\\/les_villas_des_lacs\\\/\"]}]}<\/script>\n<!-- \/ Yoast SEO plugin. -->","yoast_head_json":{"title":"\u00c0 propos \u2013 Les Villas des Lacs","description":"D\u00e9couvrez notre histoire, nos valeurs et notre \u00e9quipe derri\u00e8re Les Villas des Lacs, vos villas de charme pr\u00e8s des lacs d\u2019Orient.","robots":{"index":"index","follow":"follow","max-snippet":"max-snippet:-1","max-image-preview":"max-image-preview:large","max-video-preview":"max-video-preview:-1"},"canonical":"https:\/\/lesvillasdeslacs.fr\/en\/qui-sommes\/","og_locale":"en_US","og_type":"article","og_title":"\u00c0 propos \u2013 Les Villas des Lacs","og_description":"D\u00e9couvrez notre histoire, nos valeurs et notre \u00e9quipe derri\u00e8re Les Villas des Lacs, vos villas de charme pr\u00e8s des lacs d\u2019Orient.","og_url":"https:\/\/lesvillasdeslacs.fr\/en\/qui-sommes\/","og_site_name":"Villas Des Lacs","article_publisher":"https:\/\/www.facebook.com\/people\/Les-Villas-des-lacs\/100063623077930\/?rdid=8hRY7rM0svHDg7yj&share_url=httpswww.facebook.comshare1aedNAuHzM","article_modified_time":"2025-10-26T11:23:28+00:00","og_image":[{"width":1500,"height":820,"url":"https:\/\/lesvillasdeslacs.fr\/wp-content\/uploads\/2025\/10\/jo-et-thalie.webp","type":"image\/webp"}],"twitter_card":"summary_large_image","twitter_misc":{"Est. reading time":"10 minutes"},"schema":{"@context":"https:\/\/schema.org","@graph":[{"@type":"WebPage","@id":"https:\/\/lesvillasdeslacs.fr\/qui-sommes\/","url":"https:\/\/lesvillasdeslacs.fr\/qui-sommes\/","name":"\u00c0 propos \u2013 Les Villas des Lacs","isPartOf":{"@id":"https:\/\/lesvillasdeslacs.fr\/#website"},"primaryImageOfPage":{"@id":"https:\/\/lesvillasdeslacs.fr\/qui-sommes\/#primaryimage"},"image":{"@id":"https:\/\/lesvillasdeslacs.fr\/qui-sommes\/#primaryimage"},"thumbnailUrl":"https:\/\/lesvillasdeslacs.fr\/wp-content\/uploads\/2025\/10\/jo-et-thalie-1024x560.webp","datePublished":"2025-10-11T10:34:05+00:00","dateModified":"2025-10-26T11:23:28+00:00","description":"D\u00e9couvrez notre histoire, nos valeurs et notre \u00e9quipe derri\u00e8re Les Villas des Lacs, vos villas de charme pr\u00e8s des lacs d\u2019Orient.","breadcrumb":{"@id":"https:\/\/lesvillasdeslacs.fr\/qui-sommes\/#breadcrumb"},"inLanguage":"en-US","potentialAction":[{"@type":"ReadAction","target":["https:\/\/lesvillasdeslacs.fr\/qui-sommes\/"]}]},{"@type":"ImageObject","inLanguage":"en-US","@id":"https:\/\/lesvillasdeslacs.fr\/qui-sommes\/#primaryimage","url":"https:\/\/lesvillasdeslacs.fr\/wp-content\/uploads\/2025\/10\/jo-et-thalie-1024x560.webp","contentUrl":"https:\/\/lesvillasdeslacs.fr\/wp-content\/uploads\/2025\/10\/jo-et-thalie-1024x560.webp"},{"@type":"BreadcrumbList","@id":"https:\/\/lesvillasdeslacs.fr\/qui-sommes\/#breadcrumb","itemListElement":[{"@type":"ListItem","position":1,"name":"Accueil","item":"https:\/\/lesvillasdeslacs.fr\/"},{"@type":"ListItem","position":2,"name":"Qui sommes"}]},{"@type":"WebSite","@id":"https:\/\/lesvillasdeslacs.fr\/#website","url":"https:\/\/lesvillasdeslacs.fr\/","name":"Villas Des Lacs","description":"Villas de charme en Champagne","publisher":{"@id":"https:\/\/lesvillasdeslacs.fr\/#organization"},"potentialAction":[{"@type":"SearchAction","target":{"@type":"EntryPoint","urlTemplate":"https:\/\/lesvillasdeslacs.fr\/?s={search_term_string}"},"query-input":{"@type":"PropertyValueSpecification","valueRequired":true,"valueName":"search_term_string"}}],"inLanguage":"en-US"},{"@type":"Organization","@id":"https:\/\/lesvillasdeslacs.fr\/#organization","name":"Villas Des Lacs","url":"https:\/\/lesvillasdeslacs.fr\/","logo":{"@type":"ImageObject","inLanguage":"en-US","@id":"https:\/\/lesvillasdeslacs.fr\/#\/schema\/logo\/image\/","url":"https:\/\/lesvillasdeslacs.fr\/wp-content\/uploads\/2025\/07\/logo-villa-des-lacs-horizontal-recadre.webp","contentUrl":"https:\/\/lesvillasdeslacs.fr\/wp-content\/uploads\/2025\/07\/logo-villa-des-lacs-horizontal-recadre.webp","width":1421,"height":333,"caption":"Villas Des Lacs"},"image":{"@id":"https:\/\/lesvillasdeslacs.fr\/#\/schema\/logo\/image\/"},"sameAs":["https:\/\/www.facebook.com\/people\/Les-Villas-des-lacs\/100063623077930\/?rdid=8hRY7rM0svHDg7yj&share_url=httpswww.facebook.comshare1aedNAuHzM","https:\/\/www.instagram.com\/les_villas_des_lacs\/"]}]}},"_links":{"self":[{"href":"https:\/\/lesvillasdeslacs.fr\/en\/wp-json\/wp\/v2\/pages\/4851","targetHints":{"allow":["GET"]}}],"collection":[{"href":"https:\/\/lesvillasdeslacs.fr\/en\/wp-json\/wp\/v2\/pages"}],"about":[{"href":"https:\/\/lesvillasdeslacs.fr\/en\/wp-json\/wp\/v2\/types\/page"}],"author":[{"embeddable":true,"href":"https:\/\/lesvillasdeslacs.fr\/en\/wp-json\/wp\/v2\/users\/2"}],"replies":[{"embeddable":true,"href":"https:\/\/lesvillasdeslacs.fr\/en\/wp-json\/wp\/v2\/comments?post=4851"}],"version-history":[{"count":358,"href":"https:\/\/lesvillasdeslacs.fr\/en\/wp-json\/wp\/v2\/pages\/4851\/revisions"}],"predecessor-version":[{"id":6578,"href":"https:\/\/lesvillasdeslacs.fr\/en\/wp-json\/wp\/v2\/pages\/4851\/revisions\/6578"}],"wp:attachment":[{"href":"https:\/\/lesvillasdeslacs.fr\/en\/wp-json\/wp\/v2\/media?parent=4851"}],"wp:term":[{"taxonomy":"folder","embeddable":true,"href":"https:\/\/lesvillasdeslacs.fr\/en\/wp-json\/wp\/v2\/folder?post=4851"}],"curies":[{"name":"wp","href":"https:\/\/api.w.org\/{rel}","templated":true}]}}