{"id":1158,"date":"2025-09-21T10:14:22","date_gmt":"2025-09-21T08:14:22","guid":{"rendered":"https:\/\/lesvillasdeslacs.fr\/?page_id=1158"},"modified":"2025-10-18T09:35:22","modified_gmt":"2025-10-18T07:35:22","slug":"photos","status":"publish","type":"page","link":"https:\/\/lesvillasdeslacs.fr\/en\/photos\/","title":{"rendered":"Photos"},"content":{"rendered":"\t\t<div data-elementor-type=\"wp-page\" data-elementor-id=\"1158\" class=\"elementor elementor-1158\" data-elementor-post-type=\"page\">\n\t\t\t\t<div class=\"elementor-element elementor-element-ce80bdb galeries e-flex e-con-boxed e-con e-parent\" data-id=\"ce80bdb\" data-element_type=\"container\" data-e-type=\"container\" data-settings=\"{&quot;background_background&quot;:&quot;classic&quot;}\">\n\t\t\t\t\t<div class=\"e-con-inner\">\n\t\t\t\t<div class=\"elementor-element elementor-element-d0f8866 elementor-widget elementor-widget-heading\" data-id=\"d0f8866\" data-element_type=\"widget\" data-e-type=\"widget\" data-widget_type=\"heading.default\">\n\t\t\t\t\t<h1 class=\"elementor-heading-title elementor-size-default\">Galerie Photos<\/h1>\t\t\t\t<\/div>\n\t\t\t\t<div class=\"elementor-element elementor-element-81517a7 elementor-widget elementor-widget-text-editor\" data-id=\"81517a7\" data-element_type=\"widget\" data-e-type=\"widget\" data-widget_type=\"text-editor.default\">\n\t\t\t\t\t\t\t\t\t<p>D\u00e9couvrez notre <strong data-start=\"595\" data-end=\"612\">galerie photo<\/strong> des <strong data-start=\"617\" data-end=\"636\">Villas des Lacs<\/strong>, avec des images de la <strong data-start=\"660\" data-end=\"676\">Villa Temple<\/strong>, de la <strong data-start=\"684\" data-end=\"700\">Villa Amance<\/strong>, des piscines, des espaces ext\u00e9rieurs et du cadre naturel environnant pr\u00e8s des <strong data-start=\"781\" data-end=\"798\">lacs d\u2019Orient<\/strong> en <strong data-start=\"802\" data-end=\"822\">Champagne \u2013 Aube<\/strong>. Impr\u00e9gnez-vous de l\u2019ambiance, visualisez chaque espace, et laissez-vous s\u00e9duire pour votre futur s\u00e9jour.<\/p>\t\t\t\t\t\t\t\t<\/div>\n\t\t\t\t<div class=\"elementor-element elementor-element-a5dd97f elementor-widget elementor-widget-html\" data-id=\"a5dd97f\" data-element_type=\"widget\" data-e-type=\"widget\" data-widget_type=\"html.default\">\n\t\t\t\t\t<!-- ============== TEASERS + LOGIQUE (fallback b\u00e9ton) ============== -->\n<style>\n  \/* Grille des cartes *\/\n  .gal-teasers {\n    display: grid;\n    grid-template-columns: repeat(auto-fit, minmax(260px, 1fr));\n    gap: 16px;\n    margin: 18px 0 10px;\n  }\n  \/* Carte *\/\n  .gal-card {\n    -webkit-appearance: none;\n    appearance: none;\n    display: block;\n    width: 100%;\n    border: 0;\n    margin: 0;\n    padding: 0;\n    cursor: pointer;\n    position: relative;\n    overflow: hidden;\n    border-radius: 18px;\n    background: #141718;\n    box-shadow: 0 6px 18px rgba(0,0,0,.25);\n    transition: transform .15s ease, box-shadow .15s ease, opacity .15s ease;\n  }\n  .gal-card:hover { transform: translateY(-2px); box-shadow: 0 10px 24px rgba(0,0,0,.34); }\n  .gal-card:focus-visible { outline: 2px solid var(--gold,#C9A24F); outline-offset: 3px; }\n  .gal-card img { display: block; width: 100%; height: 240px; object-fit: cover; filter: saturate(1.05); }\n  .gal-card::after { content: \"\"; position: absolute; inset: 0; background: linear-gradient(180deg, rgba(0,0,0,0), rgba(0,0,0,.45)); pointer-events: none; }\n  .gal-card-title {\n    font-family: 'Marcelus' !important;\n    font-weight: normal !important;\n    font-style: normal !important;\n    font-size: 1.8rem !important;\n    position: absolute;\n    left: 12px;\n    bottom: 12px;\n    z-index: 2;\n    color: #fff;\n    letter-spacing: .2px;\n    text-shadow: 0 1px 8px rgba(0,0,0,.5);\n  }\n  .gal-card-meta {\n    position: absolute;\n    right: 12px;\n    bottom: 12px;\n    z-index: 2;\n    background: var(--gold,#C9A24F);\n    color: #0F1214;\n    font-weight: 800;\n    padding: 4px 10px;\n    border-radius: 999px;\n    font-size: .9rem;\n  }\n  \/* Panneaux des galeries *\/\n  .gal-panel {\n    margin: 0 !important;\n    padding: 0 !important;\n    max-height: 0;\n    opacity: 0;\n    visibility: hidden;\n    overflow: hidden;\n    transition: opacity 0.25s ease, visibility 0.25s ease, max-height 0.35s ease;\n  }\n  .gal-panel.is-open {\n    max-height: none !important;\n    opacity: 1;\n    visibility: visible;\n    margin: 0 !important;\n    padding: 0 !important;\n    overflow: visible !important;\n  }\n  \/* Correction pour les galeries Elementor *\/\n  .gal-panel.is-open .elementor-gallery,\n  .gal-panel.is-open .gallery {\n    max-height: none !important;\n    overflow: visible !important;\n  }\n  .gal-panel.is-open .e-con,\n  .gal-panel.is-open .elementor-widget-container {\n    overflow: visible !important;\n  }\n<\/style>\n\n\n<div class=\"gal-teasers\">\n  <button class=\"gal-card\" type=\"button\" data-open=\"1\" aria-label=\"Ouvrir la galerie 1\">\n    <img decoding=\"async\" src=\"\/wp-content\/uploads\/2025\/09\/20250912_120319_villa1-exterieur-avant.webp\" alt=\"\">\n    <span class=\"gal-card-title\">Villa Temple<\/span>\n    <span class=\"gal-card-meta\">127 photos<\/span>\n  <\/button>\n  <button class=\"gal-card\" type=\"button\" data-open=\"2\" aria-label=\"Ouvrir la galerie 2\">\n    <img decoding=\"async\" src=\"\/wp-content\/uploads\/2025\/10\/exterieur-avant__20250928_130529__008.webp\" alt=\"\">\n    <span class=\"gal-card-title\">Villa Amance<\/span>\n    <span class=\"gal-card-meta\">118 photos<\/span>\n  <\/button>\n<\/div>\n\n<script>\njQuery(document).ready(function($) {\n  \/\/ Widget HTML (cartes)\n  const widget = $('.elementor-widget-html');\n\n  \/\/ On cherche les deux panneaux dans le m\u00eame \"scope\" (section\/conteneur)\n  const scope = widget.closest('.elementor-section, .e-con, .elementor-container').get(0) || document;\n  const p1 = scope.querySelector('.gal-panel.gal-1');\n  const p2 = scope.querySelector('.gal-panel.gal-2');\n\n  if (!p1 && !p2) {\n    console.warn(\"Aucun panneau de galerie trouv\u00e9.\");\n    return;\n  }\n\n  \/\/ Ferme tout au chargement\n  [p1, p2].forEach(el => {\n    el.classList.remove('is-open');\n    el.style.maxHeight = '0';\n    el.style.opacity = '0';\n    el.style.visibility = 'hidden';\n  });\n\n  function openPanel(n) {\n    const target = (n === 1 ? p1 : p2);\n    [p1, p2].forEach(el => {\n      el.classList.remove('is-open');\n      el.style.maxHeight = '0';\n      el.style.opacity = '0';\n      el.style.visibility = 'hidden';\n    });\n    if (target) {\n      target.classList.add('is-open');\n      target.style.maxHeight = '5000px';\n      target.style.opacity = '1';\n      target.style.visibility = 'visible';\n    }\n    return false;\n  }\n\n  \/\/ Expose une fonction globale (utilis\u00e9e par onclick sur les boutons)\n  window.LVDL_openGallery = openPanel;\n\n  \/\/ Gestion des clics sur les cartes\n  $(document).on('click', '.gal-card', function() {\n    const n = parseInt($(this).attr('data-open'), 10) || 1;\n    openPanel(n);\n  });\n\n  \/\/ Ouvre via ancre (ex: \/photos#amance)\n  const map = { '#temple': 1, '#amance': 2 };\n  const h = (window.location.hash || '').toLowerCase();\n  if (map[h]) openPanel(map[h]);\n});\n<\/script>\n\t\t\t\t<\/div>\n\t\t<div class=\"elementor-element elementor-element-e48964b e-con-full gal-panel gal-1 e-flex e-con e-child\" data-id=\"e48964b\" data-element_type=\"container\" data-e-type=\"container\">\n\t\t\t\t<div class=\"elementor-element elementor-element-6d94fff gallery-spacing-custom elementor-widget elementor-widget-image-gallery\" data-id=\"6d94fff\" data-element_type=\"widget\" data-e-type=\"widget\" data-widget_type=\"image-gallery.default\">\n\t\t\t\t\t\t\t<div class=\"elementor-image-gallery\">\n\t\t\t<div id='gallery-1' class='gallery galleryid-1158 gallery-columns-4 gallery-size-large'><figure class='gallery-item'>\n\t\t\t<div class='gallery-icon landscape'>\n\t\t\t\t<a data-elementor-open-lightbox=\"yes\" data-elementor-lightbox-slideshow=\"6d94fff\" data-elementor-lightbox-title=\"villa1-exterieur-avant_IMG_20210426_163245\" data-e-action-hash=\"#elementor-action%3Aaction%3Dlightbox%26settings%3DeyJpZCI6MjMwMiwidXJsIjoiaHR0cHM6XC9cL2xlc3ZpbGxhc2Rlc2xhY3MuZnJcL3dwLWNvbnRlbnRcL3VwbG9hZHNcLzIwMjVcLzA5XC92aWxsYTEtZXh0ZXJpZXVyLWF2YW50X0lNR18yMDIxMDQyNl8xNjMyNDUud2VicCIsInNsaWRlc2hvdyI6IjZkOTRmZmYifQ%3D%3D\" href='https:\/\/lesvillasdeslacs.fr\/wp-content\/uploads\/2025\/09\/villa1-exterieur-avant_IMG_20210426_163245.webp'><img fetchpriority=\"high\" decoding=\"async\" width=\"800\" height=\"450\" src=\"https:\/\/lesvillasdeslacs.fr\/wp-content\/uploads\/2025\/09\/villa1-exterieur-avant_IMG_20210426_163245-1024x576.webp\" class=\"attachment-large size-large\" alt=\"\" srcset=\"https:\/\/lesvillasdeslacs.fr\/wp-content\/uploads\/2025\/09\/villa1-exterieur-avant_IMG_20210426_163245-1024x576.webp 1024w, https:\/\/lesvillasdeslacs.fr\/wp-content\/uploads\/2025\/09\/villa1-exterieur-avant_IMG_20210426_163245-300x169.webp 300w, https:\/\/lesvillasdeslacs.fr\/wp-content\/uploads\/2025\/09\/villa1-exterieur-avant_IMG_20210426_163245-768x432.webp 768w, https:\/\/lesvillasdeslacs.fr\/wp-content\/uploads\/2025\/09\/villa1-exterieur-avant_IMG_20210426_163245-1536x864.webp 1536w, https:\/\/lesvillasdeslacs.fr\/wp-content\/uploads\/2025\/09\/villa1-exterieur-avant_IMG_20210426_163245-18x10.webp 18w, https:\/\/lesvillasdeslacs.fr\/wp-content\/uploads\/2025\/09\/villa1-exterieur-avant_IMG_20210426_163245.webp 1600w\" sizes=\"(max-width: 800px) 100vw, 800px\" \/><\/a>\n\t\t\t<\/div><\/figure><figure class='gallery-item'>\n\t\t\t<div class='gallery-icon landscape'>\n\t\t\t\t<a data-elementor-open-lightbox=\"yes\" data-elementor-lightbox-slideshow=\"6d94fff\" data-elementor-lightbox-title=\"villa1-exterieur-avant_IMG_20210426_163228\" data-e-action-hash=\"#elementor-action%3Aaction%3Dlightbox%26settings%3DeyJpZCI6MjMwMSwidXJsIjoiaHR0cHM6XC9cL2xlc3ZpbGxhc2Rlc2xhY3MuZnJcL3dwLWNvbnRlbnRcL3VwbG9hZHNcLzIwMjVcLzA5XC92aWxsYTEtZXh0ZXJpZXVyLWF2YW50X0lNR18yMDIxMDQyNl8xNjMyMjgud2VicCIsInNsaWRlc2hvdyI6IjZkOTRmZmYifQ%3D%3D\" href='https:\/\/lesvillasdeslacs.fr\/wp-content\/uploads\/2025\/09\/villa1-exterieur-avant_IMG_20210426_163228.webp'><img decoding=\"async\" width=\"800\" height=\"450\" src=\"https:\/\/lesvillasdeslacs.fr\/wp-content\/uploads\/2025\/09\/villa1-exterieur-avant_IMG_20210426_163228-1024x576.webp\" class=\"attachment-large size-large\" alt=\"\" srcset=\"https:\/\/lesvillasdeslacs.fr\/wp-content\/uploads\/2025\/09\/villa1-exterieur-avant_IMG_20210426_163228-1024x576.webp 1024w, https:\/\/lesvillasdeslacs.fr\/wp-content\/uploads\/2025\/09\/villa1-exterieur-avant_IMG_20210426_163228-300x169.webp 300w, https:\/\/lesvillasdeslacs.fr\/wp-content\/uploads\/2025\/09\/villa1-exterieur-avant_IMG_20210426_163228-768x432.webp 768w, https:\/\/lesvillasdeslacs.fr\/wp-content\/uploads\/2025\/09\/villa1-exterieur-avant_IMG_20210426_163228-1536x864.webp 1536w, https:\/\/lesvillasdeslacs.fr\/wp-content\/uploads\/2025\/09\/villa1-exterieur-avant_IMG_20210426_163228-18x10.webp 18w, https:\/\/lesvillasdeslacs.fr\/wp-content\/uploads\/2025\/09\/villa1-exterieur-avant_IMG_20210426_163228.webp 1600w\" sizes=\"(max-width: 800px) 100vw, 800px\" \/><\/a>\n\t\t\t<\/div><\/figure><figure class='gallery-item'>\n\t\t\t<div class='gallery-icon landscape'>\n\t\t\t\t<a data-elementor-open-lightbox=\"yes\" data-elementor-lightbox-slideshow=\"6d94fff\" data-elementor-lightbox-title=\"villa1-exterieur-avant_IMG_20210426_163040\" data-e-action-hash=\"#elementor-action%3Aaction%3Dlightbox%26settings%3DeyJpZCI6MjMwMCwidXJsIjoiaHR0cHM6XC9cL2xlc3ZpbGxhc2Rlc2xhY3MuZnJcL3dwLWNvbnRlbnRcL3VwbG9hZHNcLzIwMjVcLzA5XC92aWxsYTEtZXh0ZXJpZXVyLWF2YW50X0lNR18yMDIxMDQyNl8xNjMwNDAud2VicCIsInNsaWRlc2hvdyI6IjZkOTRmZmYifQ%3D%3D\" href='https:\/\/lesvillasdeslacs.fr\/wp-content\/uploads\/2025\/09\/villa1-exterieur-avant_IMG_20210426_163040.webp'><img decoding=\"async\" width=\"800\" height=\"450\" src=\"https:\/\/lesvillasdeslacs.fr\/wp-content\/uploads\/2025\/09\/villa1-exterieur-avant_IMG_20210426_163040-1024x576.webp\" class=\"attachment-large size-large\" alt=\"\" srcset=\"https:\/\/lesvillasdeslacs.fr\/wp-content\/uploads\/2025\/09\/villa1-exterieur-avant_IMG_20210426_163040-1024x576.webp 1024w, https:\/\/lesvillasdeslacs.fr\/wp-content\/uploads\/2025\/09\/villa1-exterieur-avant_IMG_20210426_163040-300x169.webp 300w, https:\/\/lesvillasdeslacs.fr\/wp-content\/uploads\/2025\/09\/villa1-exterieur-avant_IMG_20210426_163040-768x432.webp 768w, https:\/\/lesvillasdeslacs.fr\/wp-content\/uploads\/2025\/09\/villa1-exterieur-avant_IMG_20210426_163040-1536x864.webp 1536w, https:\/\/lesvillasdeslacs.fr\/wp-content\/uploads\/2025\/09\/villa1-exterieur-avant_IMG_20210426_163040-18x10.webp 18w, https:\/\/lesvillasdeslacs.fr\/wp-content\/uploads\/2025\/09\/villa1-exterieur-avant_IMG_20210426_163040.webp 1600w\" sizes=\"(max-width: 800px) 100vw, 800px\" \/><\/a>\n\t\t\t<\/div><\/figure><figure class='gallery-item'>\n\t\t\t<div class='gallery-icon landscape'>\n\t\t\t\t<a data-elementor-open-lightbox=\"yes\" data-elementor-lightbox-slideshow=\"6d94fff\" data-elementor-lightbox-title=\"villa1-exterieur-avant_20250912_121223\" data-e-action-hash=\"#elementor-action%3Aaction%3Dlightbox%26settings%3DeyJpZCI6MjI5OSwidXJsIjoiaHR0cHM6XC9cL2xlc3ZpbGxhc2Rlc2xhY3MuZnJcL3dwLWNvbnRlbnRcL3VwbG9hZHNcLzIwMjVcLzA5XC92aWxsYTEtZXh0ZXJpZXVyLWF2YW50XzIwMjUwOTEyXzEyMTIyMy53ZWJwIiwic2xpZGVzaG93IjoiNmQ5NGZmZiJ9\" href='https:\/\/lesvillasdeslacs.fr\/wp-content\/uploads\/2025\/09\/villa1-exterieur-avant_20250912_121223.webp'><img loading=\"lazy\" decoding=\"async\" width=\"800\" height=\"450\" src=\"https:\/\/lesvillasdeslacs.fr\/wp-content\/uploads\/2025\/09\/villa1-exterieur-avant_20250912_121223-1024x576.webp\" class=\"attachment-large size-large\" alt=\"\" srcset=\"https:\/\/lesvillasdeslacs.fr\/wp-content\/uploads\/2025\/09\/villa1-exterieur-avant_20250912_121223-1024x576.webp 1024w, https:\/\/lesvillasdeslacs.fr\/wp-content\/uploads\/2025\/09\/villa1-exterieur-avant_20250912_121223-300x169.webp 300w, https:\/\/lesvillasdeslacs.fr\/wp-content\/uploads\/2025\/09\/villa1-exterieur-avant_20250912_121223-768x432.webp 768w, https:\/\/lesvillasdeslacs.fr\/wp-content\/uploads\/2025\/09\/villa1-exterieur-avant_20250912_121223-1536x864.webp 1536w, https:\/\/lesvillasdeslacs.fr\/wp-content\/uploads\/2025\/09\/villa1-exterieur-avant_20250912_121223-18x10.webp 18w, https:\/\/lesvillasdeslacs.fr\/wp-content\/uploads\/2025\/09\/villa1-exterieur-avant_20250912_121223.webp 1600w\" sizes=\"(max-width: 800px) 100vw, 800px\" \/><\/a>\n\t\t\t<\/div><\/figure><figure class='gallery-item'>\n\t\t\t<div class='gallery-icon landscape'>\n\t\t\t\t<a data-elementor-open-lightbox=\"yes\" data-elementor-lightbox-slideshow=\"6d94fff\" data-elementor-lightbox-title=\"lvdl_tile_08\" data-e-action-hash=\"#elementor-action%3Aaction%3Dlightbox%26settings%3DeyJpZCI6MTQ1NywidXJsIjoiaHR0cHM6XC9cL2xlc3ZpbGxhc2Rlc2xhY3MuZnJcL3dwLWNvbnRlbnRcL3VwbG9hZHNcLzIwMjVcLzA5XC9sdmRsX3RpbGVfMDgud2VicCIsInNsaWRlc2hvdyI6IjZkOTRmZmYifQ%3D%3D\" href='https:\/\/lesvillasdeslacs.fr\/wp-content\/uploads\/2025\/09\/lvdl_tile_08.webp'><img loading=\"lazy\" decoding=\"async\" width=\"800\" height=\"450\" src=\"https:\/\/lesvillasdeslacs.fr\/wp-content\/uploads\/2025\/09\/lvdl_tile_08-1024x576.webp\" class=\"attachment-large size-large\" alt=\"\" srcset=\"https:\/\/lesvillasdeslacs.fr\/wp-content\/uploads\/2025\/09\/lvdl_tile_08-1024x576.webp 1024w, https:\/\/lesvillasdeslacs.fr\/wp-content\/uploads\/2025\/09\/lvdl_tile_08-300x169.webp 300w, https:\/\/lesvillasdeslacs.fr\/wp-content\/uploads\/2025\/09\/lvdl_tile_08-768x432.webp 768w, https:\/\/lesvillasdeslacs.fr\/wp-content\/uploads\/2025\/09\/lvdl_tile_08-1536x864.webp 1536w, https:\/\/lesvillasdeslacs.fr\/wp-content\/uploads\/2025\/09\/lvdl_tile_08-18x10.webp 18w, https:\/\/lesvillasdeslacs.fr\/wp-content\/uploads\/2025\/09\/lvdl_tile_08.webp 1600w\" sizes=\"(max-width: 800px) 100vw, 800px\" \/><\/a>\n\t\t\t<\/div><\/figure><figure class='gallery-item'>\n\t\t\t<div class='gallery-icon landscape'>\n\t\t\t\t<a data-elementor-open-lightbox=\"yes\" data-elementor-lightbox-slideshow=\"6d94fff\" data-elementor-lightbox-title=\"20250912_120319_villa1-exterieur-avant\" data-e-action-hash=\"#elementor-action%3Aaction%3Dlightbox%26settings%3DeyJpZCI6MjMwNywidXJsIjoiaHR0cHM6XC9cL2xlc3ZpbGxhc2Rlc2xhY3MuZnJcL3dwLWNvbnRlbnRcL3VwbG9hZHNcLzIwMjVcLzA5XC8yMDI1MDkxMl8xMjAzMTlfdmlsbGExLWV4dGVyaWV1ci1hdmFudC53ZWJwIiwic2xpZGVzaG93IjoiNmQ5NGZmZiJ9\" href='https:\/\/lesvillasdeslacs.fr\/wp-content\/uploads\/2025\/09\/20250912_120319_villa1-exterieur-avant.webp'><img loading=\"lazy\" decoding=\"async\" width=\"800\" height=\"450\" src=\"https:\/\/lesvillasdeslacs.fr\/wp-content\/uploads\/2025\/09\/20250912_120319_villa1-exterieur-avant-1024x576.webp\" class=\"attachment-large size-large\" alt=\"\" srcset=\"https:\/\/lesvillasdeslacs.fr\/wp-content\/uploads\/2025\/09\/20250912_120319_villa1-exterieur-avant-1024x576.webp 1024w, https:\/\/lesvillasdeslacs.fr\/wp-content\/uploads\/2025\/09\/20250912_120319_villa1-exterieur-avant-300x169.webp 300w, https:\/\/lesvillasdeslacs.fr\/wp-content\/uploads\/2025\/09\/20250912_120319_villa1-exterieur-avant-768x432.webp 768w, https:\/\/lesvillasdeslacs.fr\/wp-content\/uploads\/2025\/09\/20250912_120319_villa1-exterieur-avant-1536x864.webp 1536w, https:\/\/lesvillasdeslacs.fr\/wp-content\/uploads\/2025\/09\/20250912_120319_villa1-exterieur-avant-18x10.webp 18w, https:\/\/lesvillasdeslacs.fr\/wp-content\/uploads\/2025\/09\/20250912_120319_villa1-exterieur-avant.webp 1600w\" sizes=\"(max-width: 800px) 100vw, 800px\" \/><\/a>\n\t\t\t<\/div><\/figure><figure class='gallery-item'>\n\t\t\t<div class='gallery-icon landscape'>\n\t\t\t\t<a data-elementor-open-lightbox=\"yes\" data-elementor-lightbox-slideshow=\"6d94fff\" data-elementor-lightbox-title=\"lvdl_tile_10\" data-e-action-hash=\"#elementor-action%3Aaction%3Dlightbox%26settings%3DeyJpZCI6MTQ1NSwidXJsIjoiaHR0cHM6XC9cL2xlc3ZpbGxhc2Rlc2xhY3MuZnJcL3dwLWNvbnRlbnRcL3VwbG9hZHNcLzIwMjVcLzA5XC9sdmRsX3RpbGVfMTAud2VicCIsInNsaWRlc2hvdyI6IjZkOTRmZmYifQ%3D%3D\" href='https:\/\/lesvillasdeslacs.fr\/wp-content\/uploads\/2025\/09\/lvdl_tile_10.webp'><img loading=\"lazy\" decoding=\"async\" width=\"800\" height=\"450\" src=\"https:\/\/lesvillasdeslacs.fr\/wp-content\/uploads\/2025\/09\/lvdl_tile_10-1024x576.webp\" class=\"attachment-large size-large\" alt=\"\" srcset=\"https:\/\/lesvillasdeslacs.fr\/wp-content\/uploads\/2025\/09\/lvdl_tile_10-1024x576.webp 1024w, https:\/\/lesvillasdeslacs.fr\/wp-content\/uploads\/2025\/09\/lvdl_tile_10-300x169.webp 300w, https:\/\/lesvillasdeslacs.fr\/wp-content\/uploads\/2025\/09\/lvdl_tile_10-768x432.webp 768w, https:\/\/lesvillasdeslacs.fr\/wp-content\/uploads\/2025\/09\/lvdl_tile_10-1536x864.webp 1536w, https:\/\/lesvillasdeslacs.fr\/wp-content\/uploads\/2025\/09\/lvdl_tile_10-18x10.webp 18w, https:\/\/lesvillasdeslacs.fr\/wp-content\/uploads\/2025\/09\/lvdl_tile_10.webp 1600w\" sizes=\"(max-width: 800px) 100vw, 800px\" \/><\/a>\n\t\t\t<\/div><\/figure><figure class='gallery-item'>\n\t\t\t<div class='gallery-icon landscape'>\n\t\t\t\t<a data-elementor-open-lightbox=\"yes\" data-elementor-lightbox-slideshow=\"6d94fff\" data-elementor-lightbox-title=\"20250912_120737_villa1-exterieur-avant\" data-e-action-hash=\"#elementor-action%3Aaction%3Dlightbox%26settings%3DeyJpZCI6MjMwNSwidXJsIjoiaHR0cHM6XC9cL2xlc3ZpbGxhc2Rlc2xhY3MuZnJcL3dwLWNvbnRlbnRcL3VwbG9hZHNcLzIwMjVcLzA5XC8yMDI1MDkxMl8xMjA3MzdfdmlsbGExLWV4dGVyaWV1ci1hdmFudC53ZWJwIiwic2xpZGVzaG93IjoiNmQ5NGZmZiJ9\" href='https:\/\/lesvillasdeslacs.fr\/wp-content\/uploads\/2025\/09\/20250912_120737_villa1-exterieur-avant.webp'><img loading=\"lazy\" decoding=\"async\" width=\"800\" height=\"450\" src=\"https:\/\/lesvillasdeslacs.fr\/wp-content\/uploads\/2025\/09\/20250912_120737_villa1-exterieur-avant-1024x576.webp\" class=\"attachment-large size-large\" alt=\"\" srcset=\"https:\/\/lesvillasdeslacs.fr\/wp-content\/uploads\/2025\/09\/20250912_120737_villa1-exterieur-avant-1024x576.webp 1024w, https:\/\/lesvillasdeslacs.fr\/wp-content\/uploads\/2025\/09\/20250912_120737_villa1-exterieur-avant-300x169.webp 300w, https:\/\/lesvillasdeslacs.fr\/wp-content\/uploads\/2025\/09\/20250912_120737_villa1-exterieur-avant-768x432.webp 768w, https:\/\/lesvillasdeslacs.fr\/wp-content\/uploads\/2025\/09\/20250912_120737_villa1-exterieur-avant-1536x864.webp 1536w, https:\/\/lesvillasdeslacs.fr\/wp-content\/uploads\/2025\/09\/20250912_120737_villa1-exterieur-avant-18x10.webp 18w, https:\/\/lesvillasdeslacs.fr\/wp-content\/uploads\/2025\/09\/20250912_120737_villa1-exterieur-avant.webp 1600w\" sizes=\"(max-width: 800px) 100vw, 800px\" \/><\/a>\n\t\t\t<\/div><\/figure><figure class='gallery-item'>\n\t\t\t<div class='gallery-icon landscape'>\n\t\t\t\t<a data-elementor-open-lightbox=\"yes\" data-elementor-lightbox-slideshow=\"6d94fff\" data-elementor-lightbox-title=\"20250912_120743_villa1-exterieur-avant\" data-e-action-hash=\"#elementor-action%3Aaction%3Dlightbox%26settings%3DeyJpZCI6MjMwNCwidXJsIjoiaHR0cHM6XC9cL2xlc3ZpbGxhc2Rlc2xhY3MuZnJcL3dwLWNvbnRlbnRcL3VwbG9hZHNcLzIwMjVcLzA5XC8yMDI1MDkxMl8xMjA3NDNfdmlsbGExLWV4dGVyaWV1ci1hdmFudC53ZWJwIiwic2xpZGVzaG93IjoiNmQ5NGZmZiJ9\" href='https:\/\/lesvillasdeslacs.fr\/wp-content\/uploads\/2025\/09\/20250912_120743_villa1-exterieur-avant.webp'><img loading=\"lazy\" decoding=\"async\" width=\"800\" height=\"450\" src=\"https:\/\/lesvillasdeslacs.fr\/wp-content\/uploads\/2025\/09\/20250912_120743_villa1-exterieur-avant-1024x576.webp\" class=\"attachment-large size-large\" alt=\"\" srcset=\"https:\/\/lesvillasdeslacs.fr\/wp-content\/uploads\/2025\/09\/20250912_120743_villa1-exterieur-avant-1024x576.webp 1024w, https:\/\/lesvillasdeslacs.fr\/wp-content\/uploads\/2025\/09\/20250912_120743_villa1-exterieur-avant-300x169.webp 300w, https:\/\/lesvillasdeslacs.fr\/wp-content\/uploads\/2025\/09\/20250912_120743_villa1-exterieur-avant-768x432.webp 768w, https:\/\/lesvillasdeslacs.fr\/wp-content\/uploads\/2025\/09\/20250912_120743_villa1-exterieur-avant-1536x864.webp 1536w, https:\/\/lesvillasdeslacs.fr\/wp-content\/uploads\/2025\/09\/20250912_120743_villa1-exterieur-avant-18x10.webp 18w, https:\/\/lesvillasdeslacs.fr\/wp-content\/uploads\/2025\/09\/20250912_120743_villa1-exterieur-avant.webp 1600w\" sizes=\"(max-width: 800px) 100vw, 800px\" \/><\/a>\n\t\t\t<\/div><\/figure><figure class='gallery-item'>\n\t\t\t<div class='gallery-icon landscape'>\n\t\t\t\t<a data-elementor-open-lightbox=\"yes\" data-elementor-lightbox-slideshow=\"6d94fff\" data-elementor-lightbox-title=\"20250912_120358_villa1-exterieur-avant\" data-e-action-hash=\"#elementor-action%3Aaction%3Dlightbox%26settings%3DeyJpZCI6MjMwNiwidXJsIjoiaHR0cHM6XC9cL2xlc3ZpbGxhc2Rlc2xhY3MuZnJcL3dwLWNvbnRlbnRcL3VwbG9hZHNcLzIwMjVcLzA5XC8yMDI1MDkxMl8xMjAzNThfdmlsbGExLWV4dGVyaWV1ci1hdmFudC53ZWJwIiwic2xpZGVzaG93IjoiNmQ5NGZmZiJ9\" href='https:\/\/lesvillasdeslacs.fr\/wp-content\/uploads\/2025\/09\/20250912_120358_villa1-exterieur-avant.webp'><img loading=\"lazy\" decoding=\"async\" width=\"800\" height=\"450\" src=\"https:\/\/lesvillasdeslacs.fr\/wp-content\/uploads\/2025\/09\/20250912_120358_villa1-exterieur-avant-1024x576.webp\" class=\"attachment-large size-large\" alt=\"\" srcset=\"https:\/\/lesvillasdeslacs.fr\/wp-content\/uploads\/2025\/09\/20250912_120358_villa1-exterieur-avant-1024x576.webp 1024w, https:\/\/lesvillasdeslacs.fr\/wp-content\/uploads\/2025\/09\/20250912_120358_villa1-exterieur-avant-300x169.webp 300w, https:\/\/lesvillasdeslacs.fr\/wp-content\/uploads\/2025\/09\/20250912_120358_villa1-exterieur-avant-768x432.webp 768w, https:\/\/lesvillasdeslacs.fr\/wp-content\/uploads\/2025\/09\/20250912_120358_villa1-exterieur-avant-1536x864.webp 1536w, https:\/\/lesvillasdeslacs.fr\/wp-content\/uploads\/2025\/09\/20250912_120358_villa1-exterieur-avant-18x10.webp 18w, https:\/\/lesvillasdeslacs.fr\/wp-content\/uploads\/2025\/09\/20250912_120358_villa1-exterieur-avant.webp 1600w\" sizes=\"(max-width: 800px) 100vw, 800px\" \/><\/a>\n\t\t\t<\/div><\/figure><figure class='gallery-item'>\n\t\t\t<div class='gallery-icon landscape'>\n\t\t\t\t<a data-elementor-open-lightbox=\"yes\" data-elementor-lightbox-slideshow=\"6d94fff\" data-elementor-lightbox-title=\"20250912_120920_villa1-exterieur-avant\" data-e-action-hash=\"#elementor-action%3Aaction%3Dlightbox%26settings%3DeyJpZCI6MjMwOCwidXJsIjoiaHR0cHM6XC9cL2xlc3ZpbGxhc2Rlc2xhY3MuZnJcL3dwLWNvbnRlbnRcL3VwbG9hZHNcLzIwMjVcLzA5XC8yMDI1MDkxMl8xMjA5MjBfdmlsbGExLWV4dGVyaWV1ci1hdmFudC53ZWJwIiwic2xpZGVzaG93IjoiNmQ5NGZmZiJ9\" href='https:\/\/lesvillasdeslacs.fr\/wp-content\/uploads\/2025\/09\/20250912_120920_villa1-exterieur-avant.webp'><img loading=\"lazy\" decoding=\"async\" width=\"800\" height=\"450\" src=\"https:\/\/lesvillasdeslacs.fr\/wp-content\/uploads\/2025\/09\/20250912_120920_villa1-exterieur-avant-1024x576.webp\" class=\"attachment-large size-large\" alt=\"\" srcset=\"https:\/\/lesvillasdeslacs.fr\/wp-content\/uploads\/2025\/09\/20250912_120920_villa1-exterieur-avant-1024x576.webp 1024w, https:\/\/lesvillasdeslacs.fr\/wp-content\/uploads\/2025\/09\/20250912_120920_villa1-exterieur-avant-300x169.webp 300w, https:\/\/lesvillasdeslacs.fr\/wp-content\/uploads\/2025\/09\/20250912_120920_villa1-exterieur-avant-768x432.webp 768w, https:\/\/lesvillasdeslacs.fr\/wp-content\/uploads\/2025\/09\/20250912_120920_villa1-exterieur-avant-1536x864.webp 1536w, https:\/\/lesvillasdeslacs.fr\/wp-content\/uploads\/2025\/09\/20250912_120920_villa1-exterieur-avant-18x10.webp 18w, https:\/\/lesvillasdeslacs.fr\/wp-content\/uploads\/2025\/09\/20250912_120920_villa1-exterieur-avant.webp 1600w\" sizes=\"(max-width: 800px) 100vw, 800px\" \/><\/a>\n\t\t\t<\/div><\/figure><figure class='gallery-item'>\n\t\t\t<div class='gallery-icon landscape'>\n\t\t\t\t<a data-elementor-open-lightbox=\"yes\" data-elementor-lightbox-slideshow=\"6d94fff\" data-elementor-lightbox-title=\"20250912_120914_villa1-exterieur-avant\" data-e-action-hash=\"#elementor-action%3Aaction%3Dlightbox%26settings%3DeyJpZCI6MjMwOSwidXJsIjoiaHR0cHM6XC9cL2xlc3ZpbGxhc2Rlc2xhY3MuZnJcL3dwLWNvbnRlbnRcL3VwbG9hZHNcLzIwMjVcLzA5XC8yMDI1MDkxMl8xMjA5MTRfdmlsbGExLWV4dGVyaWV1ci1hdmFudC53ZWJwIiwic2xpZGVzaG93IjoiNmQ5NGZmZiJ9\" href='https:\/\/lesvillasdeslacs.fr\/wp-content\/uploads\/2025\/09\/20250912_120914_villa1-exterieur-avant.webp'><img loading=\"lazy\" decoding=\"async\" width=\"800\" height=\"450\" src=\"https:\/\/lesvillasdeslacs.fr\/wp-content\/uploads\/2025\/09\/20250912_120914_villa1-exterieur-avant-1024x576.webp\" class=\"attachment-large size-large\" alt=\"\" srcset=\"https:\/\/lesvillasdeslacs.fr\/wp-content\/uploads\/2025\/09\/20250912_120914_villa1-exterieur-avant-1024x576.webp 1024w, https:\/\/lesvillasdeslacs.fr\/wp-content\/uploads\/2025\/09\/20250912_120914_villa1-exterieur-avant-300x169.webp 300w, https:\/\/lesvillasdeslacs.fr\/wp-content\/uploads\/2025\/09\/20250912_120914_villa1-exterieur-avant-768x432.webp 768w, https:\/\/lesvillasdeslacs.fr\/wp-content\/uploads\/2025\/09\/20250912_120914_villa1-exterieur-avant-1536x864.webp 1536w, https:\/\/lesvillasdeslacs.fr\/wp-content\/uploads\/2025\/09\/20250912_120914_villa1-exterieur-avant-18x10.webp 18w, https:\/\/lesvillasdeslacs.fr\/wp-content\/uploads\/2025\/09\/20250912_120914_villa1-exterieur-avant.webp 1600w\" sizes=\"(max-width: 800px) 100vw, 800px\" \/><\/a>\n\t\t\t<\/div><\/figure><figure class='gallery-item'>\n\t\t\t<div class='gallery-icon landscape'>\n\t\t\t\t<a data-elementor-open-lightbox=\"yes\" data-elementor-lightbox-slideshow=\"6d94fff\" data-elementor-lightbox-title=\"20250912_120814_villa1-exterieur-avant\" data-e-action-hash=\"#elementor-action%3Aaction%3Dlightbox%26settings%3DeyJpZCI6MjMxMCwidXJsIjoiaHR0cHM6XC9cL2xlc3ZpbGxhc2Rlc2xhY3MuZnJcL3dwLWNvbnRlbnRcL3VwbG9hZHNcLzIwMjVcLzA5XC8yMDI1MDkxMl8xMjA4MTRfdmlsbGExLWV4dGVyaWV1ci1hdmFudC53ZWJwIiwic2xpZGVzaG93IjoiNmQ5NGZmZiJ9\" href='https:\/\/lesvillasdeslacs.fr\/wp-content\/uploads\/2025\/09\/20250912_120814_villa1-exterieur-avant.webp'><img loading=\"lazy\" decoding=\"async\" width=\"800\" height=\"450\" src=\"https:\/\/lesvillasdeslacs.fr\/wp-content\/uploads\/2025\/09\/20250912_120814_villa1-exterieur-avant-1024x576.webp\" class=\"attachment-large size-large\" alt=\"\" srcset=\"https:\/\/lesvillasdeslacs.fr\/wp-content\/uploads\/2025\/09\/20250912_120814_villa1-exterieur-avant-1024x576.webp 1024w, https:\/\/lesvillasdeslacs.fr\/wp-content\/uploads\/2025\/09\/20250912_120814_villa1-exterieur-avant-300x169.webp 300w, https:\/\/lesvillasdeslacs.fr\/wp-content\/uploads\/2025\/09\/20250912_120814_villa1-exterieur-avant-768x432.webp 768w, https:\/\/lesvillasdeslacs.fr\/wp-content\/uploads\/2025\/09\/20250912_120814_villa1-exterieur-avant-1536x864.webp 1536w, https:\/\/lesvillasdeslacs.fr\/wp-content\/uploads\/2025\/09\/20250912_120814_villa1-exterieur-avant-18x10.webp 18w, https:\/\/lesvillasdeslacs.fr\/wp-content\/uploads\/2025\/09\/20250912_120814_villa1-exterieur-avant.webp 1600w\" sizes=\"(max-width: 800px) 100vw, 800px\" \/><\/a>\n\t\t\t<\/div><\/figure><figure class='gallery-item'>\n\t\t\t<div class='gallery-icon landscape'>\n\t\t\t\t<a data-elementor-open-lightbox=\"yes\" data-elementor-lightbox-slideshow=\"6d94fff\" data-elementor-lightbox-title=\"20250912_120805_villa1-exterieur-avant\" data-e-action-hash=\"#elementor-action%3Aaction%3Dlightbox%26settings%3DeyJpZCI6MjMxMSwidXJsIjoiaHR0cHM6XC9cL2xlc3ZpbGxhc2Rlc2xhY3MuZnJcL3dwLWNvbnRlbnRcL3VwbG9hZHNcLzIwMjVcLzA5XC8yMDI1MDkxMl8xMjA4MDVfdmlsbGExLWV4dGVyaWV1ci1hdmFudC53ZWJwIiwic2xpZGVzaG93IjoiNmQ5NGZmZiJ9\" href='https:\/\/lesvillasdeslacs.fr\/wp-content\/uploads\/2025\/09\/20250912_120805_villa1-exterieur-avant.webp'><img loading=\"lazy\" decoding=\"async\" width=\"800\" height=\"450\" src=\"https:\/\/lesvillasdeslacs.fr\/wp-content\/uploads\/2025\/09\/20250912_120805_villa1-exterieur-avant-1024x576.webp\" class=\"attachment-large size-large\" alt=\"\" srcset=\"https:\/\/lesvillasdeslacs.fr\/wp-content\/uploads\/2025\/09\/20250912_120805_villa1-exterieur-avant-1024x576.webp 1024w, https:\/\/lesvillasdeslacs.fr\/wp-content\/uploads\/2025\/09\/20250912_120805_villa1-exterieur-avant-300x169.webp 300w, https:\/\/lesvillasdeslacs.fr\/wp-content\/uploads\/2025\/09\/20250912_120805_villa1-exterieur-avant-768x432.webp 768w, https:\/\/lesvillasdeslacs.fr\/wp-content\/uploads\/2025\/09\/20250912_120805_villa1-exterieur-avant-1536x864.webp 1536w, https:\/\/lesvillasdeslacs.fr\/wp-content\/uploads\/2025\/09\/20250912_120805_villa1-exterieur-avant-18x10.webp 18w, https:\/\/lesvillasdeslacs.fr\/wp-content\/uploads\/2025\/09\/20250912_120805_villa1-exterieur-avant.webp 1600w\" sizes=\"(max-width: 800px) 100vw, 800px\" \/><\/a>\n\t\t\t<\/div><\/figure><figure class='gallery-item'>\n\t\t\t<div class='gallery-icon landscape'>\n\t\t\t\t<a data-elementor-open-lightbox=\"yes\" data-elementor-lightbox-slideshow=\"6d94fff\" data-elementor-lightbox-title=\"20250912_120754_villa1-exterieur-avant\" data-e-action-hash=\"#elementor-action%3Aaction%3Dlightbox%26settings%3DeyJpZCI6MjMxMiwidXJsIjoiaHR0cHM6XC9cL2xlc3ZpbGxhc2Rlc2xhY3MuZnJcL3dwLWNvbnRlbnRcL3VwbG9hZHNcLzIwMjVcLzA5XC8yMDI1MDkxMl8xMjA3NTRfdmlsbGExLWV4dGVyaWV1ci1hdmFudC53ZWJwIiwic2xpZGVzaG93IjoiNmQ5NGZmZiJ9\" href='https:\/\/lesvillasdeslacs.fr\/wp-content\/uploads\/2025\/09\/20250912_120754_villa1-exterieur-avant.webp'><img loading=\"lazy\" decoding=\"async\" width=\"800\" height=\"450\" src=\"https:\/\/lesvillasdeslacs.fr\/wp-content\/uploads\/2025\/09\/20250912_120754_villa1-exterieur-avant-1024x576.webp\" class=\"attachment-large size-large\" alt=\"\" srcset=\"https:\/\/lesvillasdeslacs.fr\/wp-content\/uploads\/2025\/09\/20250912_120754_villa1-exterieur-avant-1024x576.webp 1024w, https:\/\/lesvillasdeslacs.fr\/wp-content\/uploads\/2025\/09\/20250912_120754_villa1-exterieur-avant-300x169.webp 300w, https:\/\/lesvillasdeslacs.fr\/wp-content\/uploads\/2025\/09\/20250912_120754_villa1-exterieur-avant-768x432.webp 768w, https:\/\/lesvillasdeslacs.fr\/wp-content\/uploads\/2025\/09\/20250912_120754_villa1-exterieur-avant-1536x864.webp 1536w, https:\/\/lesvillasdeslacs.fr\/wp-content\/uploads\/2025\/09\/20250912_120754_villa1-exterieur-avant-18x10.webp 18w, https:\/\/lesvillasdeslacs.fr\/wp-content\/uploads\/2025\/09\/20250912_120754_villa1-exterieur-avant.webp 1600w\" sizes=\"(max-width: 800px) 100vw, 800px\" \/><\/a>\n\t\t\t<\/div><\/figure><figure class='gallery-item'>\n\t\t\t<div class='gallery-icon landscape'>\n\t\t\t\t<a data-elementor-open-lightbox=\"yes\" data-elementor-lightbox-slideshow=\"6d94fff\" data-elementor-lightbox-title=\"Piscine avec ses \u00e9clairages fushia et blancs.\" data-e-action-hash=\"#elementor-action%3Aaction%3Dlightbox%26settings%3DeyJpZCI6MzA1MywidXJsIjoiaHR0cHM6XC9cL2xlc3ZpbGxhc2Rlc2xhY3MuZnJcL3dwLWNvbnRlbnRcL3VwbG9hZHNcLzIwMjVcLzEwXC9leHRlcmlldXItYXZhbnRfXzIwMjUwOTI5XzE5NTcxN19fMDEyLndlYnAiLCJzbGlkZXNob3ciOiI2ZDk0ZmZmIn0%3D\" href='https:\/\/lesvillasdeslacs.fr\/wp-content\/uploads\/2025\/10\/exterieur-avant__20250929_195717__012.webp'><img loading=\"lazy\" decoding=\"async\" width=\"800\" height=\"360\" src=\"https:\/\/lesvillasdeslacs.fr\/wp-content\/uploads\/2025\/10\/exterieur-avant__20250929_195717__012-1024x461.webp\" class=\"attachment-large size-large\" alt=\"Piscine de nuit avec sa v\u00e9g\u00e9tation luxuriente alentours et ses \u00e9clairages fushia et blancs.\" aria-describedby=\"gallery-1-3053\" srcset=\"https:\/\/lesvillasdeslacs.fr\/wp-content\/uploads\/2025\/10\/exterieur-avant__20250929_195717__012-1024x461.webp 1024w, https:\/\/lesvillasdeslacs.fr\/wp-content\/uploads\/2025\/10\/exterieur-avant__20250929_195717__012-300x135.webp 300w, https:\/\/lesvillasdeslacs.fr\/wp-content\/uploads\/2025\/10\/exterieur-avant__20250929_195717__012-768x346.webp 768w, https:\/\/lesvillasdeslacs.fr\/wp-content\/uploads\/2025\/10\/exterieur-avant__20250929_195717__012-1536x691.webp 1536w, https:\/\/lesvillasdeslacs.fr\/wp-content\/uploads\/2025\/10\/exterieur-avant__20250929_195717__012-18x8.webp 18w, https:\/\/lesvillasdeslacs.fr\/wp-content\/uploads\/2025\/10\/exterieur-avant__20250929_195717__012.webp 1600w\" sizes=\"(max-width: 800px) 100vw, 800px\" \/><\/a>\n\t\t\t<\/div>\n\t\t\t\t<figcaption class='wp-caption-text gallery-caption' id='gallery-1-3053'>\n\t\t\t\tPiscine de nuit avec sa v\u00e9g\u00e9tation luxuriente alentours et ses \u00e9clairages fushia et blancs. Vue sur la villa en bois.\n\t\t\t\t<\/figcaption><\/figure><figure class='gallery-item'>\n\t\t\t<div class='gallery-icon landscape'>\n\t\t\t\t<a data-elementor-open-lightbox=\"yes\" data-elementor-lightbox-slideshow=\"6d94fff\" data-elementor-lightbox-title=\"La t\u00e9rrasse et ses \u00e9quipements de nuit.\" data-e-action-hash=\"#elementor-action%3Aaction%3Dlightbox%26settings%3DeyJpZCI6MzA0NywidXJsIjoiaHR0cHM6XC9cL2xlc3ZpbGxhc2Rlc2xhY3MuZnJcL3dwLWNvbnRlbnRcL3VwbG9hZHNcLzIwMjVcLzEwXC9leHRlcmlldXItYXZhbnRfXzIwMjUwOTI5XzE5NTgxMl9fMDE4LndlYnAiLCJzbGlkZXNob3ciOiI2ZDk0ZmZmIn0%3D\" href='https:\/\/lesvillasdeslacs.fr\/wp-content\/uploads\/2025\/10\/exterieur-avant__20250929_195812__018.webp'><img loading=\"lazy\" decoding=\"async\" width=\"800\" height=\"360\" src=\"https:\/\/lesvillasdeslacs.fr\/wp-content\/uploads\/2025\/10\/exterieur-avant__20250929_195812__018-1024x461.webp\" class=\"attachment-large size-large\" alt=\"La t\u00e9rrasse et ses \u00e9quipements de nuit. Salon, coin repas et transats.\" aria-describedby=\"gallery-1-3047\" srcset=\"https:\/\/lesvillasdeslacs.fr\/wp-content\/uploads\/2025\/10\/exterieur-avant__20250929_195812__018-1024x461.webp 1024w, https:\/\/lesvillasdeslacs.fr\/wp-content\/uploads\/2025\/10\/exterieur-avant__20250929_195812__018-300x135.webp 300w, https:\/\/lesvillasdeslacs.fr\/wp-content\/uploads\/2025\/10\/exterieur-avant__20250929_195812__018-768x346.webp 768w, https:\/\/lesvillasdeslacs.fr\/wp-content\/uploads\/2025\/10\/exterieur-avant__20250929_195812__018-1536x691.webp 1536w, https:\/\/lesvillasdeslacs.fr\/wp-content\/uploads\/2025\/10\/exterieur-avant__20250929_195812__018-18x8.webp 18w, https:\/\/lesvillasdeslacs.fr\/wp-content\/uploads\/2025\/10\/exterieur-avant__20250929_195812__018.webp 1600w\" sizes=\"(max-width: 800px) 100vw, 800px\" \/><\/a>\n\t\t\t<\/div>\n\t\t\t\t<figcaption class='wp-caption-text gallery-caption' id='gallery-1-3047'>\n\t\t\t\tLa t\u00e9rrasse et ses \u00e9quipements de nuit. Salon, coin repas et transats sur un espace de 140 m2.\n\t\t\t\t<\/figcaption><\/figure><figure class='gallery-item'>\n\t\t\t<div class='gallery-icon landscape'>\n\t\t\t\t<a data-elementor-open-lightbox=\"yes\" data-elementor-lightbox-slideshow=\"6d94fff\" data-elementor-lightbox-title=\"Piscine, terrasse et ses \u00e9quipements.\" data-e-action-hash=\"#elementor-action%3Aaction%3Dlightbox%26settings%3DeyJpZCI6MzA1NiwidXJsIjoiaHR0cHM6XC9cL2xlc3ZpbGxhc2Rlc2xhY3MuZnJcL3dwLWNvbnRlbnRcL3VwbG9hZHNcLzIwMjVcLzEwXC9leHRlcmlldXItYXZhbnRfXzIwMjUwOTI5XzE5NTE0OV9fMDA5LndlYnAiLCJzbGlkZXNob3ciOiI2ZDk0ZmZmIn0%3D\" href='https:\/\/lesvillasdeslacs.fr\/wp-content\/uploads\/2025\/10\/exterieur-avant__20250929_195149__009.webp'><img loading=\"lazy\" decoding=\"async\" width=\"800\" height=\"360\" src=\"https:\/\/lesvillasdeslacs.fr\/wp-content\/uploads\/2025\/10\/exterieur-avant__20250929_195149__009-1024x461.webp\" class=\"attachment-large size-large\" alt=\"Piscine a la tomb\u00e9e de la nuit. Vue sur la villa en bois et la terrasse et ses \u00e9quipements.\" aria-describedby=\"gallery-1-3056\" srcset=\"https:\/\/lesvillasdeslacs.fr\/wp-content\/uploads\/2025\/10\/exterieur-avant__20250929_195149__009-1024x461.webp 1024w, https:\/\/lesvillasdeslacs.fr\/wp-content\/uploads\/2025\/10\/exterieur-avant__20250929_195149__009-300x135.webp 300w, https:\/\/lesvillasdeslacs.fr\/wp-content\/uploads\/2025\/10\/exterieur-avant__20250929_195149__009-768x346.webp 768w, https:\/\/lesvillasdeslacs.fr\/wp-content\/uploads\/2025\/10\/exterieur-avant__20250929_195149__009-1536x691.webp 1536w, https:\/\/lesvillasdeslacs.fr\/wp-content\/uploads\/2025\/10\/exterieur-avant__20250929_195149__009-18x8.webp 18w, https:\/\/lesvillasdeslacs.fr\/wp-content\/uploads\/2025\/10\/exterieur-avant__20250929_195149__009.webp 1600w\" sizes=\"(max-width: 800px) 100vw, 800px\" \/><\/a>\n\t\t\t<\/div>\n\t\t\t\t<figcaption class='wp-caption-text gallery-caption' id='gallery-1-3056'>\n\t\t\t\tPiscine a la tomb\u00e9e de la nuit avec sa v\u00e9g\u00e9tation luxuriente alentours et ses \u00e9clairages \u00e9l\u00e9gants. Vue sur la villa en bois et la terrasse et ses \u00e9quipements.\n\t\t\t\t<\/figcaption><\/figure><figure class='gallery-item'>\n\t\t\t<div class='gallery-icon landscape'>\n\t\t\t\t<a data-elementor-open-lightbox=\"yes\" data-elementor-lightbox-slideshow=\"6d94fff\" data-elementor-lightbox-title=\"Piscine, terrasse et ses \u00e9quipements.\" data-e-action-hash=\"#elementor-action%3Aaction%3Dlightbox%26settings%3DeyJpZCI6MzA1NSwidXJsIjoiaHR0cHM6XC9cL2xlc3ZpbGxhc2Rlc2xhY3MuZnJcL3dwLWNvbnRlbnRcL3VwbG9hZHNcLzIwMjVcLzEwXC9leHRlcmlldXItYXZhbnRfXzIwMjUwOTI5XzE5NTcwM19fMDEwLndlYnAiLCJzbGlkZXNob3ciOiI2ZDk0ZmZmIn0%3D\" href='https:\/\/lesvillasdeslacs.fr\/wp-content\/uploads\/2025\/10\/exterieur-avant__20250929_195703__010.webp'><img loading=\"lazy\" decoding=\"async\" width=\"800\" height=\"360\" src=\"https:\/\/lesvillasdeslacs.fr\/wp-content\/uploads\/2025\/10\/exterieur-avant__20250929_195703__010-1024x461.webp\" class=\"attachment-large size-large\" alt=\"Piscine a la tomb\u00e9e de la nuit. Vue sur la villa en bois et la terrasse et ses \u00e9quipements.\" aria-describedby=\"gallery-1-3055\" srcset=\"https:\/\/lesvillasdeslacs.fr\/wp-content\/uploads\/2025\/10\/exterieur-avant__20250929_195703__010-1024x461.webp 1024w, https:\/\/lesvillasdeslacs.fr\/wp-content\/uploads\/2025\/10\/exterieur-avant__20250929_195703__010-300x135.webp 300w, https:\/\/lesvillasdeslacs.fr\/wp-content\/uploads\/2025\/10\/exterieur-avant__20250929_195703__010-768x346.webp 768w, https:\/\/lesvillasdeslacs.fr\/wp-content\/uploads\/2025\/10\/exterieur-avant__20250929_195703__010-1536x691.webp 1536w, https:\/\/lesvillasdeslacs.fr\/wp-content\/uploads\/2025\/10\/exterieur-avant__20250929_195703__010-18x8.webp 18w, https:\/\/lesvillasdeslacs.fr\/wp-content\/uploads\/2025\/10\/exterieur-avant__20250929_195703__010.webp 1600w\" sizes=\"(max-width: 800px) 100vw, 800px\" \/><\/a>\n\t\t\t<\/div>\n\t\t\t\t<figcaption class='wp-caption-text gallery-caption' id='gallery-1-3055'>\n\t\t\t\tPiscine a la tomb\u00e9e de la nuit avec sa v\u00e9g\u00e9tation luxuriente alentours et ses \u00e9clairages \u00e9l\u00e9gants. Vue sur la villa en bois et la terrasse et ses \u00e9quipements.\n\t\t\t\t<\/figcaption><\/figure><figure class='gallery-item'>\n\t\t\t<div class='gallery-icon landscape'>\n\t\t\t\t<a data-elementor-open-lightbox=\"yes\" data-elementor-lightbox-slideshow=\"6d94fff\" data-elementor-lightbox-title=\"Piscine et ses \u00e9clairages.\" data-e-action-hash=\"#elementor-action%3Aaction%3Dlightbox%26settings%3DeyJpZCI6MzA1NCwidXJsIjoiaHR0cHM6XC9cL2xlc3ZpbGxhc2Rlc2xhY3MuZnJcL3dwLWNvbnRlbnRcL3VwbG9hZHNcLzIwMjVcLzEwXC9leHRlcmlldXItYXZhbnRfXzIwMjUwOTI5XzE5NTcwOV9fMDExLndlYnAiLCJzbGlkZXNob3ciOiI2ZDk0ZmZmIn0%3D\" href='https:\/\/lesvillasdeslacs.fr\/wp-content\/uploads\/2025\/10\/exterieur-avant__20250929_195709__011.webp'><img loading=\"lazy\" decoding=\"async\" width=\"800\" height=\"360\" src=\"https:\/\/lesvillasdeslacs.fr\/wp-content\/uploads\/2025\/10\/exterieur-avant__20250929_195709__011-1024x461.webp\" class=\"attachment-large size-large\" alt=\"Piscine et ses \u00e9clairages fushia et blancs.\" aria-describedby=\"gallery-1-3054\" srcset=\"https:\/\/lesvillasdeslacs.fr\/wp-content\/uploads\/2025\/10\/exterieur-avant__20250929_195709__011-1024x461.webp 1024w, https:\/\/lesvillasdeslacs.fr\/wp-content\/uploads\/2025\/10\/exterieur-avant__20250929_195709__011-300x135.webp 300w, https:\/\/lesvillasdeslacs.fr\/wp-content\/uploads\/2025\/10\/exterieur-avant__20250929_195709__011-768x346.webp 768w, https:\/\/lesvillasdeslacs.fr\/wp-content\/uploads\/2025\/10\/exterieur-avant__20250929_195709__011-1536x691.webp 1536w, https:\/\/lesvillasdeslacs.fr\/wp-content\/uploads\/2025\/10\/exterieur-avant__20250929_195709__011-18x8.webp 18w, https:\/\/lesvillasdeslacs.fr\/wp-content\/uploads\/2025\/10\/exterieur-avant__20250929_195709__011.webp 1600w\" sizes=\"(max-width: 800px) 100vw, 800px\" \/><\/a>\n\t\t\t<\/div>\n\t\t\t\t<figcaption class='wp-caption-text gallery-caption' id='gallery-1-3054'>\n\t\t\t\tPiscine de nuit avec sa v\u00e9g\u00e9tation luxuriente alentours et ses \u00e9clairages fushia et blancs.\n\t\t\t\t<\/figcaption><\/figure><figure class='gallery-item'>\n\t\t\t<div class='gallery-icon landscape'>\n\t\t\t\t<a data-elementor-open-lightbox=\"yes\" data-elementor-lightbox-slideshow=\"6d94fff\" data-elementor-lightbox-title=\"Piscine vue sur villa bois\" data-e-action-hash=\"#elementor-action%3Aaction%3Dlightbox%26settings%3DeyJpZCI6MzA2MiwidXJsIjoiaHR0cHM6XC9cL2xlc3ZpbGxhc2Rlc2xhY3MuZnJcL3dwLWNvbnRlbnRcL3VwbG9hZHNcLzIwMjVcLzEwXC9leHRlcmlldXItYXZhbnRfXzIwMjUwOTI5XzE5NTAyN19fMDAzLndlYnAiLCJzbGlkZXNob3ciOiI2ZDk0ZmZmIn0%3D\" href='https:\/\/lesvillasdeslacs.fr\/wp-content\/uploads\/2025\/10\/exterieur-avant__20250929_195027__003.webp'><img loading=\"lazy\" decoding=\"async\" width=\"800\" height=\"360\" src=\"https:\/\/lesvillasdeslacs.fr\/wp-content\/uploads\/2025\/10\/exterieur-avant__20250929_195027__003-1024x461.webp\" class=\"attachment-large size-large\" alt=\"Piscine a la tomb\u00e9e de la nuit avec vue sur la villa en bois et la terrasse.\" aria-describedby=\"gallery-1-3062\" srcset=\"https:\/\/lesvillasdeslacs.fr\/wp-content\/uploads\/2025\/10\/exterieur-avant__20250929_195027__003-1024x461.webp 1024w, https:\/\/lesvillasdeslacs.fr\/wp-content\/uploads\/2025\/10\/exterieur-avant__20250929_195027__003-300x135.webp 300w, https:\/\/lesvillasdeslacs.fr\/wp-content\/uploads\/2025\/10\/exterieur-avant__20250929_195027__003-768x346.webp 768w, https:\/\/lesvillasdeslacs.fr\/wp-content\/uploads\/2025\/10\/exterieur-avant__20250929_195027__003-1536x691.webp 1536w, https:\/\/lesvillasdeslacs.fr\/wp-content\/uploads\/2025\/10\/exterieur-avant__20250929_195027__003-18x8.webp 18w, https:\/\/lesvillasdeslacs.fr\/wp-content\/uploads\/2025\/10\/exterieur-avant__20250929_195027__003.webp 1600w\" sizes=\"(max-width: 800px) 100vw, 800px\" \/><\/a>\n\t\t\t<\/div>\n\t\t\t\t<figcaption class='wp-caption-text gallery-caption' id='gallery-1-3062'>\n\t\t\t\tPiscine a la tomb\u00e9e de la nuit avec sa v\u00e9g\u00e9tation luxuriente alentours et ses \u00e9clairages \u00e9l\u00e9gants. Vue sur la villa en bois et la terrasse.\n\t\t\t\t<\/figcaption><\/figure><figure class='gallery-item'>\n\t\t\t<div class='gallery-icon landscape'>\n\t\t\t\t<a data-elementor-open-lightbox=\"yes\" data-elementor-lightbox-slideshow=\"6d94fff\" data-elementor-lightbox-title=\"Piscine vue sur villa bois\" data-e-action-hash=\"#elementor-action%3Aaction%3Dlightbox%26settings%3DeyJpZCI6MzA2MSwidXJsIjoiaHR0cHM6XC9cL2xlc3ZpbGxhc2Rlc2xhY3MuZnJcL3dwLWNvbnRlbnRcL3VwbG9hZHNcLzIwMjVcLzEwXC9leHRlcmlldXItYXZhbnRfXzIwMjUwOTI5XzE5NTAzN19fMDA0LndlYnAiLCJzbGlkZXNob3ciOiI2ZDk0ZmZmIn0%3D\" href='https:\/\/lesvillasdeslacs.fr\/wp-content\/uploads\/2025\/10\/exterieur-avant__20250929_195037__004.webp'><img loading=\"lazy\" decoding=\"async\" width=\"800\" height=\"360\" src=\"https:\/\/lesvillasdeslacs.fr\/wp-content\/uploads\/2025\/10\/exterieur-avant__20250929_195037__004-1024x461.webp\" class=\"attachment-large size-large\" alt=\"Piscine a la tomb\u00e9e de la nuit avec vue sur la villa en bois et la terrasse.\" aria-describedby=\"gallery-1-3061\" srcset=\"https:\/\/lesvillasdeslacs.fr\/wp-content\/uploads\/2025\/10\/exterieur-avant__20250929_195037__004-1024x461.webp 1024w, https:\/\/lesvillasdeslacs.fr\/wp-content\/uploads\/2025\/10\/exterieur-avant__20250929_195037__004-300x135.webp 300w, https:\/\/lesvillasdeslacs.fr\/wp-content\/uploads\/2025\/10\/exterieur-avant__20250929_195037__004-768x346.webp 768w, https:\/\/lesvillasdeslacs.fr\/wp-content\/uploads\/2025\/10\/exterieur-avant__20250929_195037__004-1536x691.webp 1536w, https:\/\/lesvillasdeslacs.fr\/wp-content\/uploads\/2025\/10\/exterieur-avant__20250929_195037__004-18x8.webp 18w, https:\/\/lesvillasdeslacs.fr\/wp-content\/uploads\/2025\/10\/exterieur-avant__20250929_195037__004.webp 1600w\" sizes=\"(max-width: 800px) 100vw, 800px\" \/><\/a>\n\t\t\t<\/div>\n\t\t\t\t<figcaption class='wp-caption-text gallery-caption' id='gallery-1-3061'>\n\t\t\t\tPiscine a la tomb\u00e9e de la nuit avec sa v\u00e9g\u00e9tation luxuriente alentours et ses \u00e9clairages \u00e9l\u00e9gants. Vue sur la villa en bois et la terrasse.\n\t\t\t\t<\/figcaption><\/figure><figure class='gallery-item'>\n\t\t\t<div class='gallery-icon landscape'>\n\t\t\t\t<a data-elementor-open-lightbox=\"yes\" data-elementor-lightbox-slideshow=\"6d94fff\" data-elementor-lightbox-title=\"Vue globale sur la piscine de nuit\" data-e-action-hash=\"#elementor-action%3Aaction%3Dlightbox%26settings%3DeyJpZCI6MzA0OSwidXJsIjoiaHR0cHM6XC9cL2xlc3ZpbGxhc2Rlc2xhY3MuZnJcL3dwLWNvbnRlbnRcL3VwbG9hZHNcLzIwMjVcLzEwXC9leHRlcmlldXItYXZhbnRfXzIwMjUwOTI5XzE5NTgwM19fMDE2LndlYnAiLCJzbGlkZXNob3ciOiI2ZDk0ZmZmIn0%3D\" href='https:\/\/lesvillasdeslacs.fr\/wp-content\/uploads\/2025\/10\/exterieur-avant__20250929_195803__016.webp'><img loading=\"lazy\" decoding=\"async\" width=\"800\" height=\"360\" src=\"https:\/\/lesvillasdeslacs.fr\/wp-content\/uploads\/2025\/10\/exterieur-avant__20250929_195803__016-1024x461.webp\" class=\"attachment-large size-large\" alt=\"Vue globale sur la piscine de nuit avec sa v\u00e9g\u00e9tation luxuriente alentours.\" aria-describedby=\"gallery-1-3049\" srcset=\"https:\/\/lesvillasdeslacs.fr\/wp-content\/uploads\/2025\/10\/exterieur-avant__20250929_195803__016-1024x461.webp 1024w, https:\/\/lesvillasdeslacs.fr\/wp-content\/uploads\/2025\/10\/exterieur-avant__20250929_195803__016-300x135.webp 300w, https:\/\/lesvillasdeslacs.fr\/wp-content\/uploads\/2025\/10\/exterieur-avant__20250929_195803__016-768x346.webp 768w, https:\/\/lesvillasdeslacs.fr\/wp-content\/uploads\/2025\/10\/exterieur-avant__20250929_195803__016-1536x691.webp 1536w, https:\/\/lesvillasdeslacs.fr\/wp-content\/uploads\/2025\/10\/exterieur-avant__20250929_195803__016-18x8.webp 18w, https:\/\/lesvillasdeslacs.fr\/wp-content\/uploads\/2025\/10\/exterieur-avant__20250929_195803__016.webp 1600w\" sizes=\"(max-width: 800px) 100vw, 800px\" \/><\/a>\n\t\t\t<\/div>\n\t\t\t\t<figcaption class='wp-caption-text gallery-caption' id='gallery-1-3049'>\n\t\t\t\tVue globale sur la piscine de nuit avec sa v\u00e9g\u00e9tation luxuriente alentours et ses \u00e9clairages fushia et blancs. \n\t\t\t\t<\/figcaption><\/figure><figure class='gallery-item'>\n\t\t\t<div class='gallery-icon landscape'>\n\t\t\t\t<a data-elementor-open-lightbox=\"yes\" data-elementor-lightbox-slideshow=\"6d94fff\" data-elementor-lightbox-title=\"Piscine de nuit\" data-e-action-hash=\"#elementor-action%3Aaction%3Dlightbox%26settings%3DeyJpZCI6MzA2NCwidXJsIjoiaHR0cHM6XC9cL2xlc3ZpbGxhc2Rlc2xhY3MuZnJcL3dwLWNvbnRlbnRcL3VwbG9hZHNcLzIwMjVcLzEwXC9leHRlcmlldXItYXZhbnRfXzIwMjUwOTI4XzIwMjkwMV9fMDAxLndlYnAiLCJzbGlkZXNob3ciOiI2ZDk0ZmZmIn0%3D\" href='https:\/\/lesvillasdeslacs.fr\/wp-content\/uploads\/2025\/10\/exterieur-avant__20250928_202901__001.webp'><img loading=\"lazy\" decoding=\"async\" width=\"800\" height=\"360\" src=\"https:\/\/lesvillasdeslacs.fr\/wp-content\/uploads\/2025\/10\/exterieur-avant__20250928_202901__001-1024x461.webp\" class=\"attachment-large size-large\" alt=\"Piscine de nuit avec sa v\u00e9g\u00e9tation luxuriente alentours.\" aria-describedby=\"gallery-1-3064\" srcset=\"https:\/\/lesvillasdeslacs.fr\/wp-content\/uploads\/2025\/10\/exterieur-avant__20250928_202901__001-1024x461.webp 1024w, https:\/\/lesvillasdeslacs.fr\/wp-content\/uploads\/2025\/10\/exterieur-avant__20250928_202901__001-300x135.webp 300w, https:\/\/lesvillasdeslacs.fr\/wp-content\/uploads\/2025\/10\/exterieur-avant__20250928_202901__001-768x346.webp 768w, https:\/\/lesvillasdeslacs.fr\/wp-content\/uploads\/2025\/10\/exterieur-avant__20250928_202901__001-1536x691.webp 1536w, https:\/\/lesvillasdeslacs.fr\/wp-content\/uploads\/2025\/10\/exterieur-avant__20250928_202901__001-18x8.webp 18w, https:\/\/lesvillasdeslacs.fr\/wp-content\/uploads\/2025\/10\/exterieur-avant__20250928_202901__001.webp 1600w\" sizes=\"(max-width: 800px) 100vw, 800px\" \/><\/a>\n\t\t\t<\/div>\n\t\t\t\t<figcaption class='wp-caption-text gallery-caption' id='gallery-1-3064'>\n\t\t\t\tPiscine de nuit avec sa v\u00e9g\u00e9tation luxuriente alentours et ses \u00e9clairages \u00e9l\u00e9gants.  \n\t\t\t\t<\/figcaption><\/figure><figure class='gallery-item'>\n\t\t\t<div class='gallery-icon landscape'>\n\t\t\t\t<a data-elementor-open-lightbox=\"yes\" data-elementor-lightbox-slideshow=\"6d94fff\" data-elementor-lightbox-title=\"Piscine de nuit complete.\" data-e-action-hash=\"#elementor-action%3Aaction%3Dlightbox%26settings%3DeyJpZCI6MzA2MywidXJsIjoiaHR0cHM6XC9cL2xlc3ZpbGxhc2Rlc2xhY3MuZnJcL3dwLWNvbnRlbnRcL3VwbG9hZHNcLzIwMjVcLzEwXC9leHRlcmlldXItYXZhbnRfXzIwMjUwOTI4XzIwMjkxM19fMDAyLndlYnAiLCJzbGlkZXNob3ciOiI2ZDk0ZmZmIn0%3D\" href='https:\/\/lesvillasdeslacs.fr\/wp-content\/uploads\/2025\/10\/exterieur-avant__20250928_202913__002.webp'><img loading=\"lazy\" decoding=\"async\" width=\"800\" height=\"360\" src=\"https:\/\/lesvillasdeslacs.fr\/wp-content\/uploads\/2025\/10\/exterieur-avant__20250928_202913__002-1024x461.webp\" class=\"attachment-large size-large\" alt=\"Piscine de nuit avec sa v\u00e9g\u00e9tation luxuriente alentours\" aria-describedby=\"gallery-1-3063\" srcset=\"https:\/\/lesvillasdeslacs.fr\/wp-content\/uploads\/2025\/10\/exterieur-avant__20250928_202913__002-1024x461.webp 1024w, https:\/\/lesvillasdeslacs.fr\/wp-content\/uploads\/2025\/10\/exterieur-avant__20250928_202913__002-300x135.webp 300w, https:\/\/lesvillasdeslacs.fr\/wp-content\/uploads\/2025\/10\/exterieur-avant__20250928_202913__002-768x346.webp 768w, https:\/\/lesvillasdeslacs.fr\/wp-content\/uploads\/2025\/10\/exterieur-avant__20250928_202913__002-1536x691.webp 1536w, https:\/\/lesvillasdeslacs.fr\/wp-content\/uploads\/2025\/10\/exterieur-avant__20250928_202913__002-18x8.webp 18w, https:\/\/lesvillasdeslacs.fr\/wp-content\/uploads\/2025\/10\/exterieur-avant__20250928_202913__002.webp 1600w\" sizes=\"(max-width: 800px) 100vw, 800px\" \/><\/a>\n\t\t\t<\/div>\n\t\t\t\t<figcaption class='wp-caption-text gallery-caption' id='gallery-1-3063'>\n\t\t\t\tPiscine de nuit avec sa v\u00e9g\u00e9tation luxuriente alentours et ses \u00e9clairages \u00e9l\u00e9gants. \n\t\t\t\t<\/figcaption><\/figure><figure class='gallery-item'>\n\t\t\t<div class='gallery-icon landscape'>\n\t\t\t\t<a data-elementor-open-lightbox=\"yes\" data-elementor-lightbox-slideshow=\"6d94fff\" data-elementor-lightbox-title=\"Piscine a la tomb\u00e9e de la nuit.\" data-e-action-hash=\"#elementor-action%3Aaction%3Dlightbox%26settings%3DeyJpZCI6MzA1OSwidXJsIjoiaHR0cHM6XC9cL2xlc3ZpbGxhc2Rlc2xhY3MuZnJcL3dwLWNvbnRlbnRcL3VwbG9hZHNcLzIwMjVcLzEwXC9leHRlcmlldXItYXZhbnRfXzIwMjUwOTI5XzE5NTA1Ml9fMDA2LndlYnAiLCJzbGlkZXNob3ciOiI2ZDk0ZmZmIn0%3D\" href='https:\/\/lesvillasdeslacs.fr\/wp-content\/uploads\/2025\/10\/exterieur-avant__20250929_195052__006.webp'><img loading=\"lazy\" decoding=\"async\" width=\"800\" height=\"360\" src=\"https:\/\/lesvillasdeslacs.fr\/wp-content\/uploads\/2025\/10\/exterieur-avant__20250929_195052__006-1024x461.webp\" class=\"attachment-large size-large\" alt=\"Piscine a la tomb\u00e9e de la nuit avec sa v\u00e9g\u00e9tation luxuriente alentours et ses \u00e9clairages \u00e9l\u00e9gants.\" aria-describedby=\"gallery-1-3059\" srcset=\"https:\/\/lesvillasdeslacs.fr\/wp-content\/uploads\/2025\/10\/exterieur-avant__20250929_195052__006-1024x461.webp 1024w, https:\/\/lesvillasdeslacs.fr\/wp-content\/uploads\/2025\/10\/exterieur-avant__20250929_195052__006-300x135.webp 300w, https:\/\/lesvillasdeslacs.fr\/wp-content\/uploads\/2025\/10\/exterieur-avant__20250929_195052__006-768x346.webp 768w, https:\/\/lesvillasdeslacs.fr\/wp-content\/uploads\/2025\/10\/exterieur-avant__20250929_195052__006-1536x691.webp 1536w, https:\/\/lesvillasdeslacs.fr\/wp-content\/uploads\/2025\/10\/exterieur-avant__20250929_195052__006-18x8.webp 18w, https:\/\/lesvillasdeslacs.fr\/wp-content\/uploads\/2025\/10\/exterieur-avant__20250929_195052__006.webp 1600w\" sizes=\"(max-width: 800px) 100vw, 800px\" \/><\/a>\n\t\t\t<\/div>\n\t\t\t\t<figcaption class='wp-caption-text gallery-caption' id='gallery-1-3059'>\n\t\t\t\tPiscine a la tomb\u00e9e de la nuit avec sa v\u00e9g\u00e9tation luxuriente alentours et ses \u00e9clairages \u00e9l\u00e9gants. Vue depuis la terrasse.\n\t\t\t\t<\/figcaption><\/figure><figure class='gallery-item'>\n\t\t\t<div class='gallery-icon landscape'>\n\t\t\t\t<a data-elementor-open-lightbox=\"yes\" data-elementor-lightbox-slideshow=\"6d94fff\" data-elementor-lightbox-title=\"Piscine de nuit\" data-e-action-hash=\"#elementor-action%3Aaction%3Dlightbox%26settings%3DeyJpZCI6MzA1MiwidXJsIjoiaHR0cHM6XC9cL2xlc3ZpbGxhc2Rlc2xhY3MuZnJcL3dwLWNvbnRlbnRcL3VwbG9hZHNcLzIwMjVcLzEwXC9leHRlcmlldXItYXZhbnRfXzIwMjUwOTI5XzE5NTczMF9fMDEzLndlYnAiLCJzbGlkZXNob3ciOiI2ZDk0ZmZmIn0%3D\" href='https:\/\/lesvillasdeslacs.fr\/wp-content\/uploads\/2025\/10\/exterieur-avant__20250929_195730__013.webp'><img loading=\"lazy\" decoding=\"async\" width=\"800\" height=\"360\" src=\"https:\/\/lesvillasdeslacs.fr\/wp-content\/uploads\/2025\/10\/exterieur-avant__20250929_195730__013-1024x461.webp\" class=\"attachment-large size-large\" alt=\"Piscine de nuit avec sa v\u00e9g\u00e9tation luxuriente.\" aria-describedby=\"gallery-1-3052\" srcset=\"https:\/\/lesvillasdeslacs.fr\/wp-content\/uploads\/2025\/10\/exterieur-avant__20250929_195730__013-1024x461.webp 1024w, https:\/\/lesvillasdeslacs.fr\/wp-content\/uploads\/2025\/10\/exterieur-avant__20250929_195730__013-300x135.webp 300w, https:\/\/lesvillasdeslacs.fr\/wp-content\/uploads\/2025\/10\/exterieur-avant__20250929_195730__013-768x346.webp 768w, https:\/\/lesvillasdeslacs.fr\/wp-content\/uploads\/2025\/10\/exterieur-avant__20250929_195730__013-1536x691.webp 1536w, https:\/\/lesvillasdeslacs.fr\/wp-content\/uploads\/2025\/10\/exterieur-avant__20250929_195730__013-18x8.webp 18w, https:\/\/lesvillasdeslacs.fr\/wp-content\/uploads\/2025\/10\/exterieur-avant__20250929_195730__013.webp 1600w\" sizes=\"(max-width: 800px) 100vw, 800px\" \/><\/a>\n\t\t\t<\/div>\n\t\t\t\t<figcaption class='wp-caption-text gallery-caption' id='gallery-1-3052'>\n\t\t\t\tPiscine de nuit avec sa v\u00e9g\u00e9tation luxuriente alentours et ses \u00e9clairages fushia et blancs. \n\t\t\t\t<\/figcaption><\/figure><figure class='gallery-item'>\n\t\t\t<div class='gallery-icon landscape'>\n\t\t\t\t<a data-elementor-open-lightbox=\"yes\" data-elementor-lightbox-slideshow=\"6d94fff\" data-elementor-lightbox-title=\"Vue globale sur la piscine de nuit\" data-e-action-hash=\"#elementor-action%3Aaction%3Dlightbox%26settings%3DeyJpZCI6MzA1MSwidXJsIjoiaHR0cHM6XC9cL2xlc3ZpbGxhc2Rlc2xhY3MuZnJcL3dwLWNvbnRlbnRcL3VwbG9hZHNcLzIwMjVcLzEwXC9leHRlcmlldXItYXZhbnRfXzIwMjUwOTI5XzE5NTc0MV9fMDE0LndlYnAiLCJzbGlkZXNob3ciOiI2ZDk0ZmZmIn0%3D\" href='https:\/\/lesvillasdeslacs.fr\/wp-content\/uploads\/2025\/10\/exterieur-avant__20250929_195741__014.webp'><img loading=\"lazy\" decoding=\"async\" width=\"800\" height=\"360\" src=\"https:\/\/lesvillasdeslacs.fr\/wp-content\/uploads\/2025\/10\/exterieur-avant__20250929_195741__014-1024x461.webp\" class=\"attachment-large size-large\" alt=\"Vue globale sur la piscine de nuit avec sa v\u00e9g\u00e9tation luxuriente alentours.\" aria-describedby=\"gallery-1-3051\" srcset=\"https:\/\/lesvillasdeslacs.fr\/wp-content\/uploads\/2025\/10\/exterieur-avant__20250929_195741__014-1024x461.webp 1024w, https:\/\/lesvillasdeslacs.fr\/wp-content\/uploads\/2025\/10\/exterieur-avant__20250929_195741__014-300x135.webp 300w, https:\/\/lesvillasdeslacs.fr\/wp-content\/uploads\/2025\/10\/exterieur-avant__20250929_195741__014-768x346.webp 768w, https:\/\/lesvillasdeslacs.fr\/wp-content\/uploads\/2025\/10\/exterieur-avant__20250929_195741__014-1536x691.webp 1536w, https:\/\/lesvillasdeslacs.fr\/wp-content\/uploads\/2025\/10\/exterieur-avant__20250929_195741__014-18x8.webp 18w, https:\/\/lesvillasdeslacs.fr\/wp-content\/uploads\/2025\/10\/exterieur-avant__20250929_195741__014.webp 1600w\" sizes=\"(max-width: 800px) 100vw, 800px\" \/><\/a>\n\t\t\t<\/div>\n\t\t\t\t<figcaption class='wp-caption-text gallery-caption' id='gallery-1-3051'>\n\t\t\t\tVue globale sur la piscine de nuit avec sa v\u00e9g\u00e9tation luxuriente alentours et ses \u00e9clairages fushia et blancs. \n\t\t\t\t<\/figcaption><\/figure><figure class='gallery-item'>\n\t\t\t<div class='gallery-icon landscape'>\n\t\t\t\t<a data-elementor-open-lightbox=\"yes\" data-elementor-lightbox-slideshow=\"6d94fff\" data-elementor-lightbox-title=\"villa1-exterieur-avant_IMG_20210520_192252\" data-e-action-hash=\"#elementor-action%3Aaction%3Dlightbox%26settings%3DeyJpZCI6MjMwMywidXJsIjoiaHR0cHM6XC9cL2xlc3ZpbGxhc2Rlc2xhY3MuZnJcL3dwLWNvbnRlbnRcL3VwbG9hZHNcLzIwMjVcLzA5XC92aWxsYTEtZXh0ZXJpZXVyLWF2YW50X0lNR18yMDIxMDUyMF8xOTIyNTIud2VicCIsInNsaWRlc2hvdyI6IjZkOTRmZmYifQ%3D%3D\" href='https:\/\/lesvillasdeslacs.fr\/wp-content\/uploads\/2025\/09\/villa1-exterieur-avant_IMG_20210520_192252.webp'><img loading=\"lazy\" decoding=\"async\" width=\"800\" height=\"450\" src=\"https:\/\/lesvillasdeslacs.fr\/wp-content\/uploads\/2025\/09\/villa1-exterieur-avant_IMG_20210520_192252-1024x576.webp\" class=\"attachment-large size-large\" alt=\"\" srcset=\"https:\/\/lesvillasdeslacs.fr\/wp-content\/uploads\/2025\/09\/villa1-exterieur-avant_IMG_20210520_192252-1024x576.webp 1024w, https:\/\/lesvillasdeslacs.fr\/wp-content\/uploads\/2025\/09\/villa1-exterieur-avant_IMG_20210520_192252-300x169.webp 300w, https:\/\/lesvillasdeslacs.fr\/wp-content\/uploads\/2025\/09\/villa1-exterieur-avant_IMG_20210520_192252-768x432.webp 768w, https:\/\/lesvillasdeslacs.fr\/wp-content\/uploads\/2025\/09\/villa1-exterieur-avant_IMG_20210520_192252-1536x864.webp 1536w, https:\/\/lesvillasdeslacs.fr\/wp-content\/uploads\/2025\/09\/villa1-exterieur-avant_IMG_20210520_192252-18x10.webp 18w, https:\/\/lesvillasdeslacs.fr\/wp-content\/uploads\/2025\/09\/villa1-exterieur-avant_IMG_20210520_192252.webp 1600w\" sizes=\"(max-width: 800px) 100vw, 800px\" \/><\/a>\n\t\t\t<\/div><\/figure><figure class='gallery-item'>\n\t\t\t<div class='gallery-icon landscape'>\n\t\t\t\t<a data-elementor-open-lightbox=\"yes\" data-elementor-lightbox-slideshow=\"6d94fff\" data-elementor-lightbox-title=\"villa1-exterieur-arriere_20250912_121556\" data-e-action-hash=\"#elementor-action%3Aaction%3Dlightbox%26settings%3DeyJpZCI6MjMxOCwidXJsIjoiaHR0cHM6XC9cL2xlc3ZpbGxhc2Rlc2xhY3MuZnJcL3dwLWNvbnRlbnRcL3VwbG9hZHNcLzIwMjVcLzA5XC92aWxsYTEtZXh0ZXJpZXVyLWFycmllcmVfMjAyNTA5MTJfMTIxNTU2LndlYnAiLCJzbGlkZXNob3ciOiI2ZDk0ZmZmIn0%3D\" href='https:\/\/lesvillasdeslacs.fr\/wp-content\/uploads\/2025\/09\/villa1-exterieur-arriere_20250912_121556.webp'><img loading=\"lazy\" decoding=\"async\" width=\"800\" height=\"450\" src=\"https:\/\/lesvillasdeslacs.fr\/wp-content\/uploads\/2025\/09\/villa1-exterieur-arriere_20250912_121556-1024x576.webp\" class=\"attachment-large size-large\" alt=\"\" srcset=\"https:\/\/lesvillasdeslacs.fr\/wp-content\/uploads\/2025\/09\/villa1-exterieur-arriere_20250912_121556-1024x576.webp 1024w, https:\/\/lesvillasdeslacs.fr\/wp-content\/uploads\/2025\/09\/villa1-exterieur-arriere_20250912_121556-300x169.webp 300w, https:\/\/lesvillasdeslacs.fr\/wp-content\/uploads\/2025\/09\/villa1-exterieur-arriere_20250912_121556-768x432.webp 768w, https:\/\/lesvillasdeslacs.fr\/wp-content\/uploads\/2025\/09\/villa1-exterieur-arriere_20250912_121556-1536x864.webp 1536w, https:\/\/lesvillasdeslacs.fr\/wp-content\/uploads\/2025\/09\/villa1-exterieur-arriere_20250912_121556-18x10.webp 18w, https:\/\/lesvillasdeslacs.fr\/wp-content\/uploads\/2025\/09\/villa1-exterieur-arriere_20250912_121556.webp 1600w\" sizes=\"(max-width: 800px) 100vw, 800px\" \/><\/a>\n\t\t\t<\/div><\/figure><figure class='gallery-item'>\n\t\t\t<div class='gallery-icon landscape'>\n\t\t\t\t<a data-elementor-open-lightbox=\"yes\" data-elementor-lightbox-slideshow=\"6d94fff\" data-elementor-lightbox-title=\"villa1-exterieur-arriere_20250912_121721\" data-e-action-hash=\"#elementor-action%3Aaction%3Dlightbox%26settings%3DeyJpZCI6MjMxNiwidXJsIjoiaHR0cHM6XC9cL2xlc3ZpbGxhc2Rlc2xhY3MuZnJcL3dwLWNvbnRlbnRcL3VwbG9hZHNcLzIwMjVcLzA5XC92aWxsYTEtZXh0ZXJpZXVyLWFycmllcmVfMjAyNTA5MTJfMTIxNzIxLndlYnAiLCJzbGlkZXNob3ciOiI2ZDk0ZmZmIn0%3D\" href='https:\/\/lesvillasdeslacs.fr\/wp-content\/uploads\/2025\/09\/villa1-exterieur-arriere_20250912_121721.webp'><img loading=\"lazy\" decoding=\"async\" width=\"800\" height=\"450\" src=\"https:\/\/lesvillasdeslacs.fr\/wp-content\/uploads\/2025\/09\/villa1-exterieur-arriere_20250912_121721-1024x576.webp\" class=\"attachment-large size-large\" alt=\"\" srcset=\"https:\/\/lesvillasdeslacs.fr\/wp-content\/uploads\/2025\/09\/villa1-exterieur-arriere_20250912_121721-1024x576.webp 1024w, https:\/\/lesvillasdeslacs.fr\/wp-content\/uploads\/2025\/09\/villa1-exterieur-arriere_20250912_121721-300x169.webp 300w, https:\/\/lesvillasdeslacs.fr\/wp-content\/uploads\/2025\/09\/villa1-exterieur-arriere_20250912_121721-768x432.webp 768w, https:\/\/lesvillasdeslacs.fr\/wp-content\/uploads\/2025\/09\/villa1-exterieur-arriere_20250912_121721-1536x864.webp 1536w, https:\/\/lesvillasdeslacs.fr\/wp-content\/uploads\/2025\/09\/villa1-exterieur-arriere_20250912_121721-18x10.webp 18w, https:\/\/lesvillasdeslacs.fr\/wp-content\/uploads\/2025\/09\/villa1-exterieur-arriere_20250912_121721.webp 1600w\" sizes=\"(max-width: 800px) 100vw, 800px\" \/><\/a>\n\t\t\t<\/div><\/figure><figure class='gallery-item'>\n\t\t\t<div class='gallery-icon landscape'>\n\t\t\t\t<a data-elementor-open-lightbox=\"yes\" data-elementor-lightbox-slideshow=\"6d94fff\" data-elementor-lightbox-title=\"villa1-exterieur-arriere_20250912_121547\" data-e-action-hash=\"#elementor-action%3Aaction%3Dlightbox%26settings%3DeyJpZCI6MjMxNywidXJsIjoiaHR0cHM6XC9cL2xlc3ZpbGxhc2Rlc2xhY3MuZnJcL3dwLWNvbnRlbnRcL3VwbG9hZHNcLzIwMjVcLzA5XC92aWxsYTEtZXh0ZXJpZXVyLWFycmllcmVfMjAyNTA5MTJfMTIxNTQ3LndlYnAiLCJzbGlkZXNob3ciOiI2ZDk0ZmZmIn0%3D\" href='https:\/\/lesvillasdeslacs.fr\/wp-content\/uploads\/2025\/09\/villa1-exterieur-arriere_20250912_121547.webp'><img loading=\"lazy\" decoding=\"async\" width=\"800\" height=\"450\" src=\"https:\/\/lesvillasdeslacs.fr\/wp-content\/uploads\/2025\/09\/villa1-exterieur-arriere_20250912_121547-1024x576.webp\" class=\"attachment-large size-large\" alt=\"\" srcset=\"https:\/\/lesvillasdeslacs.fr\/wp-content\/uploads\/2025\/09\/villa1-exterieur-arriere_20250912_121547-1024x576.webp 1024w, https:\/\/lesvillasdeslacs.fr\/wp-content\/uploads\/2025\/09\/villa1-exterieur-arriere_20250912_121547-300x169.webp 300w, https:\/\/lesvillasdeslacs.fr\/wp-content\/uploads\/2025\/09\/villa1-exterieur-arriere_20250912_121547-768x432.webp 768w, https:\/\/lesvillasdeslacs.fr\/wp-content\/uploads\/2025\/09\/villa1-exterieur-arriere_20250912_121547-1536x864.webp 1536w, https:\/\/lesvillasdeslacs.fr\/wp-content\/uploads\/2025\/09\/villa1-exterieur-arriere_20250912_121547-18x10.webp 18w, https:\/\/lesvillasdeslacs.fr\/wp-content\/uploads\/2025\/09\/villa1-exterieur-arriere_20250912_121547.webp 1600w\" sizes=\"(max-width: 800px) 100vw, 800px\" \/><\/a>\n\t\t\t<\/div><\/figure><figure class='gallery-item'>\n\t\t\t<div class='gallery-icon landscape'>\n\t\t\t\t<a data-elementor-open-lightbox=\"yes\" data-elementor-lightbox-slideshow=\"6d94fff\" data-elementor-lightbox-title=\"villa1-exterieur-arriere_20250912_121828\" data-e-action-hash=\"#elementor-action%3Aaction%3Dlightbox%26settings%3DeyJpZCI6MjMxNSwidXJsIjoiaHR0cHM6XC9cL2xlc3ZpbGxhc2Rlc2xhY3MuZnJcL3dwLWNvbnRlbnRcL3VwbG9hZHNcLzIwMjVcLzA5XC92aWxsYTEtZXh0ZXJpZXVyLWFycmllcmVfMjAyNTA5MTJfMTIxODI4LndlYnAiLCJzbGlkZXNob3ciOiI2ZDk0ZmZmIn0%3D\" href='https:\/\/lesvillasdeslacs.fr\/wp-content\/uploads\/2025\/09\/villa1-exterieur-arriere_20250912_121828.webp'><img loading=\"lazy\" decoding=\"async\" width=\"800\" height=\"450\" src=\"https:\/\/lesvillasdeslacs.fr\/wp-content\/uploads\/2025\/09\/villa1-exterieur-arriere_20250912_121828-1024x576.webp\" class=\"attachment-large size-large\" alt=\"\" srcset=\"https:\/\/lesvillasdeslacs.fr\/wp-content\/uploads\/2025\/09\/villa1-exterieur-arriere_20250912_121828-1024x576.webp 1024w, https:\/\/lesvillasdeslacs.fr\/wp-content\/uploads\/2025\/09\/villa1-exterieur-arriere_20250912_121828-300x169.webp 300w, https:\/\/lesvillasdeslacs.fr\/wp-content\/uploads\/2025\/09\/villa1-exterieur-arriere_20250912_121828-768x432.webp 768w, https:\/\/lesvillasdeslacs.fr\/wp-content\/uploads\/2025\/09\/villa1-exterieur-arriere_20250912_121828-1536x864.webp 1536w, https:\/\/lesvillasdeslacs.fr\/wp-content\/uploads\/2025\/09\/villa1-exterieur-arriere_20250912_121828-18x10.webp 18w, https:\/\/lesvillasdeslacs.fr\/wp-content\/uploads\/2025\/09\/villa1-exterieur-arriere_20250912_121828.webp 1600w\" sizes=\"(max-width: 800px) 100vw, 800px\" \/><\/a>\n\t\t\t<\/div><\/figure><figure class='gallery-item'>\n\t\t\t<div class='gallery-icon landscape'>\n\t\t\t\t<a data-elementor-open-lightbox=\"yes\" data-elementor-lightbox-slideshow=\"6d94fff\" data-elementor-lightbox-title=\"villa1-exterieur-arriere_20250912_121844\" data-e-action-hash=\"#elementor-action%3Aaction%3Dlightbox%26settings%3DeyJpZCI6MjMxNCwidXJsIjoiaHR0cHM6XC9cL2xlc3ZpbGxhc2Rlc2xhY3MuZnJcL3dwLWNvbnRlbnRcL3VwbG9hZHNcLzIwMjVcLzA5XC92aWxsYTEtZXh0ZXJpZXVyLWFycmllcmVfMjAyNTA5MTJfMTIxODQ0LndlYnAiLCJzbGlkZXNob3ciOiI2ZDk0ZmZmIn0%3D\" href='https:\/\/lesvillasdeslacs.fr\/wp-content\/uploads\/2025\/09\/villa1-exterieur-arriere_20250912_121844.webp'><img loading=\"lazy\" decoding=\"async\" width=\"800\" height=\"450\" src=\"https:\/\/lesvillasdeslacs.fr\/wp-content\/uploads\/2025\/09\/villa1-exterieur-arriere_20250912_121844-1024x576.webp\" class=\"attachment-large size-large\" alt=\"\" srcset=\"https:\/\/lesvillasdeslacs.fr\/wp-content\/uploads\/2025\/09\/villa1-exterieur-arriere_20250912_121844-1024x576.webp 1024w, https:\/\/lesvillasdeslacs.fr\/wp-content\/uploads\/2025\/09\/villa1-exterieur-arriere_20250912_121844-300x169.webp 300w, https:\/\/lesvillasdeslacs.fr\/wp-content\/uploads\/2025\/09\/villa1-exterieur-arriere_20250912_121844-768x432.webp 768w, https:\/\/lesvillasdeslacs.fr\/wp-content\/uploads\/2025\/09\/villa1-exterieur-arriere_20250912_121844-1536x864.webp 1536w, https:\/\/lesvillasdeslacs.fr\/wp-content\/uploads\/2025\/09\/villa1-exterieur-arriere_20250912_121844-18x10.webp 18w, https:\/\/lesvillasdeslacs.fr\/wp-content\/uploads\/2025\/09\/villa1-exterieur-arriere_20250912_121844.webp 1600w\" sizes=\"(max-width: 800px) 100vw, 800px\" \/><\/a>\n\t\t\t<\/div><\/figure><figure class='gallery-item'>\n\t\t\t<div class='gallery-icon landscape'>\n\t\t\t\t<a data-elementor-open-lightbox=\"yes\" data-elementor-lightbox-slideshow=\"6d94fff\" data-elementor-lightbox-title=\"villa1-exterieur-arriere_20250912_121856\" data-e-action-hash=\"#elementor-action%3Aaction%3Dlightbox%26settings%3DeyJpZCI6MjMxMywidXJsIjoiaHR0cHM6XC9cL2xlc3ZpbGxhc2Rlc2xhY3MuZnJcL3dwLWNvbnRlbnRcL3VwbG9hZHNcLzIwMjVcLzA5XC92aWxsYTEtZXh0ZXJpZXVyLWFycmllcmVfMjAyNTA5MTJfMTIxODU2LndlYnAiLCJzbGlkZXNob3ciOiI2ZDk0ZmZmIn0%3D\" href='https:\/\/lesvillasdeslacs.fr\/wp-content\/uploads\/2025\/09\/villa1-exterieur-arriere_20250912_121856.webp'><img loading=\"lazy\" decoding=\"async\" width=\"800\" height=\"450\" src=\"https:\/\/lesvillasdeslacs.fr\/wp-content\/uploads\/2025\/09\/villa1-exterieur-arriere_20250912_121856-1024x576.webp\" class=\"attachment-large size-large\" alt=\"\" srcset=\"https:\/\/lesvillasdeslacs.fr\/wp-content\/uploads\/2025\/09\/villa1-exterieur-arriere_20250912_121856-1024x576.webp 1024w, https:\/\/lesvillasdeslacs.fr\/wp-content\/uploads\/2025\/09\/villa1-exterieur-arriere_20250912_121856-300x169.webp 300w, https:\/\/lesvillasdeslacs.fr\/wp-content\/uploads\/2025\/09\/villa1-exterieur-arriere_20250912_121856-768x432.webp 768w, https:\/\/lesvillasdeslacs.fr\/wp-content\/uploads\/2025\/09\/villa1-exterieur-arriere_20250912_121856-1536x864.webp 1536w, https:\/\/lesvillasdeslacs.fr\/wp-content\/uploads\/2025\/09\/villa1-exterieur-arriere_20250912_121856-18x10.webp 18w, https:\/\/lesvillasdeslacs.fr\/wp-content\/uploads\/2025\/09\/villa1-exterieur-arriere_20250912_121856.webp 1600w\" sizes=\"(max-width: 800px) 100vw, 800px\" \/><\/a>\n\t\t\t<\/div><\/figure><figure class='gallery-item'>\n\t\t\t<div class='gallery-icon landscape'>\n\t\t\t\t<a data-elementor-open-lightbox=\"yes\" data-elementor-lightbox-slideshow=\"6d94fff\" data-elementor-lightbox-title=\"Fa\u00e7ade Villa Temple\" data-e-action-hash=\"#elementor-action%3Aaction%3Dlightbox%26settings%3DeyJpZCI6NDQ2OCwidXJsIjoiaHR0cHM6XC9cL2xlc3ZpbGxhc2Rlc2xhY3MuZnJcL3dwLWNvbnRlbnRcL3VwbG9hZHNcLzIwMjVcLzEwXC8yMDI1MDkxMl8xMjIyNTkud2VicCIsInNsaWRlc2hvdyI6IjZkOTRmZmYifQ%3D%3D\" href='https:\/\/lesvillasdeslacs.fr\/wp-content\/uploads\/2025\/10\/20250912_122259.webp'><img loading=\"lazy\" decoding=\"async\" width=\"800\" height=\"470\" src=\"https:\/\/lesvillasdeslacs.fr\/wp-content\/uploads\/2025\/10\/20250912_122259-1024x601.webp\" class=\"attachment-large size-large\" alt=\"La fa\u00e7ade de la Villa Temple\u2013 Les Villas des Lacs\" aria-describedby=\"gallery-1-4468\" srcset=\"https:\/\/lesvillasdeslacs.fr\/wp-content\/uploads\/2025\/10\/20250912_122259-1024x601.webp 1024w, https:\/\/lesvillasdeslacs.fr\/wp-content\/uploads\/2025\/10\/20250912_122259-300x176.webp 300w, https:\/\/lesvillasdeslacs.fr\/wp-content\/uploads\/2025\/10\/20250912_122259-768x451.webp 768w, https:\/\/lesvillasdeslacs.fr\/wp-content\/uploads\/2025\/10\/20250912_122259-18x12.webp 18w, https:\/\/lesvillasdeslacs.fr\/wp-content\/uploads\/2025\/10\/20250912_122259.webp 1500w\" sizes=\"(max-width: 800px) 100vw, 800px\" \/><\/a>\n\t\t\t<\/div>\n\t\t\t\t<figcaption class='wp-caption-text gallery-caption' id='gallery-1-4468'>\n\t\t\t\tVue de la Facade de la Villa Temple depuis la route.\n\t\t\t\t<\/figcaption><\/figure><figure class='gallery-item'>\n\t\t\t<div class='gallery-icon landscape'>\n\t\t\t\t<a data-elementor-open-lightbox=\"yes\" data-elementor-lightbox-slideshow=\"6d94fff\" data-elementor-lightbox-title=\"villa1-patio-01\" data-e-action-hash=\"#elementor-action%3Aaction%3Dlightbox%26settings%3DeyJpZCI6MjI4MSwidXJsIjoiaHR0cHM6XC9cL2xlc3ZpbGxhc2Rlc2xhY3MuZnJcL3dwLWNvbnRlbnRcL3VwbG9hZHNcLzIwMjVcLzA5XC92aWxsYTEtcGF0aW8tMDEud2VicCIsInNsaWRlc2hvdyI6IjZkOTRmZmYifQ%3D%3D\" href='https:\/\/lesvillasdeslacs.fr\/wp-content\/uploads\/2025\/09\/villa1-patio-01.webp'><img loading=\"lazy\" decoding=\"async\" width=\"800\" height=\"450\" src=\"https:\/\/lesvillasdeslacs.fr\/wp-content\/uploads\/2025\/09\/villa1-patio-01-1024x576.webp\" class=\"attachment-large size-large\" alt=\"\" srcset=\"https:\/\/lesvillasdeslacs.fr\/wp-content\/uploads\/2025\/09\/villa1-patio-01-1024x576.webp 1024w, https:\/\/lesvillasdeslacs.fr\/wp-content\/uploads\/2025\/09\/villa1-patio-01-300x169.webp 300w, https:\/\/lesvillasdeslacs.fr\/wp-content\/uploads\/2025\/09\/villa1-patio-01-768x432.webp 768w, https:\/\/lesvillasdeslacs.fr\/wp-content\/uploads\/2025\/09\/villa1-patio-01-1536x864.webp 1536w, https:\/\/lesvillasdeslacs.fr\/wp-content\/uploads\/2025\/09\/villa1-patio-01-18x10.webp 18w, https:\/\/lesvillasdeslacs.fr\/wp-content\/uploads\/2025\/09\/villa1-patio-01.webp 1600w\" sizes=\"(max-width: 800px) 100vw, 800px\" \/><\/a>\n\t\t\t<\/div><\/figure><figure class='gallery-item'>\n\t\t\t<div class='gallery-icon landscape'>\n\t\t\t\t<a data-elementor-open-lightbox=\"yes\" data-elementor-lightbox-slideshow=\"6d94fff\" data-elementor-lightbox-title=\"villa1-patio-02\" data-e-action-hash=\"#elementor-action%3Aaction%3Dlightbox%26settings%3DeyJpZCI6MjI4MCwidXJsIjoiaHR0cHM6XC9cL2xlc3ZpbGxhc2Rlc2xhY3MuZnJcL3dwLWNvbnRlbnRcL3VwbG9hZHNcLzIwMjVcLzA5XC92aWxsYTEtcGF0aW8tMDIud2VicCIsInNsaWRlc2hvdyI6IjZkOTRmZmYifQ%3D%3D\" href='https:\/\/lesvillasdeslacs.fr\/wp-content\/uploads\/2025\/09\/villa1-patio-02.webp'><img loading=\"lazy\" decoding=\"async\" width=\"800\" height=\"450\" src=\"https:\/\/lesvillasdeslacs.fr\/wp-content\/uploads\/2025\/09\/villa1-patio-02-1024x576.webp\" class=\"attachment-large size-large\" alt=\"\" srcset=\"https:\/\/lesvillasdeslacs.fr\/wp-content\/uploads\/2025\/09\/villa1-patio-02-1024x576.webp 1024w, https:\/\/lesvillasdeslacs.fr\/wp-content\/uploads\/2025\/09\/villa1-patio-02-300x169.webp 300w, https:\/\/lesvillasdeslacs.fr\/wp-content\/uploads\/2025\/09\/villa1-patio-02-768x432.webp 768w, https:\/\/lesvillasdeslacs.fr\/wp-content\/uploads\/2025\/09\/villa1-patio-02-1536x864.webp 1536w, https:\/\/lesvillasdeslacs.fr\/wp-content\/uploads\/2025\/09\/villa1-patio-02-18x10.webp 18w, https:\/\/lesvillasdeslacs.fr\/wp-content\/uploads\/2025\/09\/villa1-patio-02.webp 1600w\" sizes=\"(max-width: 800px) 100vw, 800px\" \/><\/a>\n\t\t\t<\/div><\/figure><figure class='gallery-item'>\n\t\t\t<div class='gallery-icon landscape'>\n\t\t\t\t<a data-elementor-open-lightbox=\"yes\" data-elementor-lightbox-slideshow=\"6d94fff\" data-elementor-lightbox-title=\"Superbe s\u00e9jour\" data-e-action-hash=\"#elementor-action%3Aaction%3Dlightbox%26settings%3DeyJpZCI6Mzc1OSwidXJsIjoiaHR0cHM6XC9cL2xlc3ZpbGxhc2Rlc2xhY3MuZnJcL3dwLWNvbnRlbnRcL3VwbG9hZHNcLzIwMjVcLzEwXC8yMDI1MTAwMl8xNjI4NTUud2VicCIsInNsaWRlc2hvdyI6IjZkOTRmZmYifQ%3D%3D\" href='https:\/\/lesvillasdeslacs.fr\/wp-content\/uploads\/2025\/10\/20251002_162855.webp'><img loading=\"lazy\" decoding=\"async\" width=\"800\" height=\"360\" src=\"https:\/\/lesvillasdeslacs.fr\/wp-content\/uploads\/2025\/10\/20251002_162855-1024x461.webp\" class=\"attachment-large size-large\" alt=\"Magnifique s\u00e9jour, grande hauteur sous plafond, moderne et lumineux. grande table pour 12 convives. bassin et jardin d&#039;int\u00e9rieur.\" aria-describedby=\"gallery-1-3759\" srcset=\"https:\/\/lesvillasdeslacs.fr\/wp-content\/uploads\/2025\/10\/20251002_162855-1024x461.webp 1024w, https:\/\/lesvillasdeslacs.fr\/wp-content\/uploads\/2025\/10\/20251002_162855-300x135.webp 300w, https:\/\/lesvillasdeslacs.fr\/wp-content\/uploads\/2025\/10\/20251002_162855-768x346.webp 768w, https:\/\/lesvillasdeslacs.fr\/wp-content\/uploads\/2025\/10\/20251002_162855-18x8.webp 18w, https:\/\/lesvillasdeslacs.fr\/wp-content\/uploads\/2025\/10\/20251002_162855.webp 1500w\" sizes=\"(max-width: 800px) 100vw, 800px\" \/><\/a>\n\t\t\t<\/div>\n\t\t\t\t<figcaption class='wp-caption-text gallery-caption' id='gallery-1-3759'>\n\t\t\t\tMagnifique s\u00e9jour, grande hauteur sous plafond, moderne et lumineux avec acces direct sur la verranda, la terrasse et la piscine par de larges baies vitr\u00e9es. grande table pour 12 convives. bassin et jardin d&rsquo;int\u00e9rieur.\n\t\t\t\t<\/figcaption><\/figure><figure class='gallery-item'>\n\t\t\t<div class='gallery-icon landscape'>\n\t\t\t\t<a data-elementor-open-lightbox=\"yes\" data-elementor-lightbox-slideshow=\"6d94fff\" data-elementor-lightbox-title=\"Beau s\u00e9jour\" data-e-action-hash=\"#elementor-action%3Aaction%3Dlightbox%26settings%3DeyJpZCI6Mzc2MSwidXJsIjoiaHR0cHM6XC9cL2xlc3ZpbGxhc2Rlc2xhY3MuZnJcL3dwLWNvbnRlbnRcL3VwbG9hZHNcLzIwMjVcLzEwXC8yMDI1MTAwMl8xNjI5MjQud2VicCIsInNsaWRlc2hvdyI6IjZkOTRmZmYifQ%3D%3D\" href='https:\/\/lesvillasdeslacs.fr\/wp-content\/uploads\/2025\/10\/20251002_162924.webp'><img loading=\"lazy\" decoding=\"async\" width=\"800\" height=\"360\" src=\"https:\/\/lesvillasdeslacs.fr\/wp-content\/uploads\/2025\/10\/20251002_162924-1024x461.webp\" class=\"attachment-large size-large\" alt=\"Magnifique s\u00e9jour, grande hauteur sous plafond, moderne et lumineux avec acces direct sur la verranda, la terrasse et la piscine par de larges baies vitr\u00e9es. grande table pour 12 convives.\" aria-describedby=\"gallery-1-3761\" srcset=\"https:\/\/lesvillasdeslacs.fr\/wp-content\/uploads\/2025\/10\/20251002_162924-1024x461.webp 1024w, https:\/\/lesvillasdeslacs.fr\/wp-content\/uploads\/2025\/10\/20251002_162924-300x135.webp 300w, https:\/\/lesvillasdeslacs.fr\/wp-content\/uploads\/2025\/10\/20251002_162924-768x346.webp 768w, https:\/\/lesvillasdeslacs.fr\/wp-content\/uploads\/2025\/10\/20251002_162924-18x8.webp 18w, https:\/\/lesvillasdeslacs.fr\/wp-content\/uploads\/2025\/10\/20251002_162924.webp 1500w\" sizes=\"(max-width: 800px) 100vw, 800px\" \/><\/a>\n\t\t\t<\/div>\n\t\t\t\t<figcaption class='wp-caption-text gallery-caption' id='gallery-1-3761'>\n\t\t\t\tMagnifique s\u00e9jour, grande hauteur sous plafond, moderne et lumineux avec acces direct sur la verranda, la terrasse et la piscine par de larges baies vitr\u00e9es. grande table pour 12 convives. bassin et jardin d&rsquo;int\u00e9rieur.\n\t\t\t\t<\/figcaption><\/figure><figure class='gallery-item'>\n\t\t\t<div class='gallery-icon landscape'>\n\t\t\t\t<a data-elementor-open-lightbox=\"yes\" data-elementor-lightbox-slideshow=\"6d94fff\" data-elementor-lightbox-title=\"Magnifique s\u00e9jour\" data-e-action-hash=\"#elementor-action%3Aaction%3Dlightbox%26settings%3DeyJpZCI6Mzc2MCwidXJsIjoiaHR0cHM6XC9cL2xlc3ZpbGxhc2Rlc2xhY3MuZnJcL3dwLWNvbnRlbnRcL3VwbG9hZHNcLzIwMjVcLzEwXC8yMDI1MTAwMl8xNjI5MDcud2VicCIsInNsaWRlc2hvdyI6IjZkOTRmZmYifQ%3D%3D\" href='https:\/\/lesvillasdeslacs.fr\/wp-content\/uploads\/2025\/10\/20251002_162907.webp'><img loading=\"lazy\" decoding=\"async\" width=\"800\" height=\"360\" src=\"https:\/\/lesvillasdeslacs.fr\/wp-content\/uploads\/2025\/10\/20251002_162907-1024x461.webp\" class=\"attachment-large size-large\" alt=\"Magnifique s\u00e9jour, grande hauteur sous plafond, moderne et lumineux. grande table pour 12 convives. bassin et jardin d&#039;int\u00e9rieur.\" aria-describedby=\"gallery-1-3760\" srcset=\"https:\/\/lesvillasdeslacs.fr\/wp-content\/uploads\/2025\/10\/20251002_162907-1024x461.webp 1024w, https:\/\/lesvillasdeslacs.fr\/wp-content\/uploads\/2025\/10\/20251002_162907-300x135.webp 300w, https:\/\/lesvillasdeslacs.fr\/wp-content\/uploads\/2025\/10\/20251002_162907-768x346.webp 768w, https:\/\/lesvillasdeslacs.fr\/wp-content\/uploads\/2025\/10\/20251002_162907-18x8.webp 18w, https:\/\/lesvillasdeslacs.fr\/wp-content\/uploads\/2025\/10\/20251002_162907.webp 1500w\" sizes=\"(max-width: 800px) 100vw, 800px\" \/><\/a>\n\t\t\t<\/div>\n\t\t\t\t<figcaption class='wp-caption-text gallery-caption' id='gallery-1-3760'>\n\t\t\t\tMagnifique s\u00e9jour, grande hauteur sous plafond, moderne et lumineux avec acces direct sur la verranda, la terrasse et la piscine par de larges baies vitr\u00e9es. grande table pour 12 convives. bassin et jardin d&rsquo;int\u00e9rieur.\n\t\t\t\t<\/figcaption><\/figure><figure class='gallery-item'>\n\t\t\t<div class='gallery-icon landscape'>\n\t\t\t\t<a data-elementor-open-lightbox=\"yes\" data-elementor-lightbox-slideshow=\"6d94fff\" data-elementor-lightbox-title=\"Salle de s\u00e9jour\" data-e-action-hash=\"#elementor-action%3Aaction%3Dlightbox%26settings%3DeyJpZCI6MzA0NCwidXJsIjoiaHR0cHM6XC9cL2xlc3ZpbGxhc2Rlc2xhY3MuZnJcL3dwLWNvbnRlbnRcL3VwbG9hZHNcLzIwMjVcLzEwXC9TYWxsZS1hLW1hbmdlcl9fMjAyNTA5MjhfMjAzMjEwX18wMDEud2VicCIsInNsaWRlc2hvdyI6IjZkOTRmZmYifQ%3D%3D\" href='https:\/\/lesvillasdeslacs.fr\/wp-content\/uploads\/2025\/10\/Salle-a-manger__20250928_203210__001.webp'><img loading=\"lazy\" decoding=\"async\" width=\"800\" height=\"360\" src=\"https:\/\/lesvillasdeslacs.fr\/wp-content\/uploads\/2025\/10\/Salle-a-manger__20250928_203210__001-1024x461.webp\" class=\"attachment-large size-large\" alt=\"Vue sur le magnifique s\u00e9jour, de nuit, grande hauteur sous plafond, moderne et lumineux avec acces direct sur la verranda, la terrasse et la piscine par de larges baies vitr\u00e9es.\" aria-describedby=\"gallery-1-3044\" srcset=\"https:\/\/lesvillasdeslacs.fr\/wp-content\/uploads\/2025\/10\/Salle-a-manger__20250928_203210__001-1024x461.webp 1024w, https:\/\/lesvillasdeslacs.fr\/wp-content\/uploads\/2025\/10\/Salle-a-manger__20250928_203210__001-300x135.webp 300w, https:\/\/lesvillasdeslacs.fr\/wp-content\/uploads\/2025\/10\/Salle-a-manger__20250928_203210__001-768x346.webp 768w, https:\/\/lesvillasdeslacs.fr\/wp-content\/uploads\/2025\/10\/Salle-a-manger__20250928_203210__001-1536x691.webp 1536w, https:\/\/lesvillasdeslacs.fr\/wp-content\/uploads\/2025\/10\/Salle-a-manger__20250928_203210__001-18x8.webp 18w, https:\/\/lesvillasdeslacs.fr\/wp-content\/uploads\/2025\/10\/Salle-a-manger__20250928_203210__001.webp 1600w\" sizes=\"(max-width: 800px) 100vw, 800px\" \/><\/a>\n\t\t\t<\/div>\n\t\t\t\t<figcaption class='wp-caption-text gallery-caption' id='gallery-1-3044'>\n\t\t\t\tVue sur le magnifique s\u00e9jour, de nuit, grande hauteur sous plafond, moderne et lumineux avec acces direct sur la verranda, la terrasse et la piscine par de larges baies vitr\u00e9es. grande table pour 12 convives. bassin et jardin d&rsquo;int\u00e9rieur et ses jeux de bar.\n\t\t\t\t<\/figcaption><\/figure><figure class='gallery-item'>\n\t\t\t<div class='gallery-icon landscape'>\n\t\t\t\t<a data-elementor-open-lightbox=\"yes\" data-elementor-lightbox-slideshow=\"6d94fff\" data-elementor-lightbox-title=\"villa1-salleamanger-03\" data-e-action-hash=\"#elementor-action%3Aaction%3Dlightbox%26settings%3DeyJpZCI6MjI3OSwidXJsIjoiaHR0cHM6XC9cL2xlc3ZpbGxhc2Rlc2xhY3MuZnJcL3dwLWNvbnRlbnRcL3VwbG9hZHNcLzIwMjVcLzA5XC92aWxsYTEtc2FsbGVhbWFuZ2VyLTAzLndlYnAiLCJzbGlkZXNob3ciOiI2ZDk0ZmZmIn0%3D\" href='https:\/\/lesvillasdeslacs.fr\/wp-content\/uploads\/2025\/09\/villa1-salleamanger-03.webp'><img loading=\"lazy\" decoding=\"async\" width=\"800\" height=\"450\" src=\"https:\/\/lesvillasdeslacs.fr\/wp-content\/uploads\/2025\/09\/villa1-salleamanger-03-1024x576.webp\" class=\"attachment-large size-large\" alt=\"\" srcset=\"https:\/\/lesvillasdeslacs.fr\/wp-content\/uploads\/2025\/09\/villa1-salleamanger-03-1024x576.webp 1024w, https:\/\/lesvillasdeslacs.fr\/wp-content\/uploads\/2025\/09\/villa1-salleamanger-03-300x169.webp 300w, https:\/\/lesvillasdeslacs.fr\/wp-content\/uploads\/2025\/09\/villa1-salleamanger-03-768x432.webp 768w, https:\/\/lesvillasdeslacs.fr\/wp-content\/uploads\/2025\/09\/villa1-salleamanger-03-1536x864.webp 1536w, https:\/\/lesvillasdeslacs.fr\/wp-content\/uploads\/2025\/09\/villa1-salleamanger-03-18x10.webp 18w, https:\/\/lesvillasdeslacs.fr\/wp-content\/uploads\/2025\/09\/villa1-salleamanger-03.webp 1600w\" sizes=\"(max-width: 800px) 100vw, 800px\" \/><\/a>\n\t\t\t<\/div><\/figure><figure class='gallery-item'>\n\t\t\t<div class='gallery-icon landscape'>\n\t\t\t\t<a data-elementor-open-lightbox=\"yes\" data-elementor-lightbox-slideshow=\"6d94fff\" data-elementor-lightbox-title=\"Vue sur le magnifique s\u00e9jour, de nuit\" data-e-action-hash=\"#elementor-action%3Aaction%3Dlightbox%26settings%3DeyJpZCI6MzA0MiwidXJsIjoiaHR0cHM6XC9cL2xlc3ZpbGxhc2Rlc2xhY3MuZnJcL3dwLWNvbnRlbnRcL3VwbG9hZHNcLzIwMjVcLzEwXC9TYWxsZS1hLW1hbmdlcl9fMjAyNTA5MjhfMjAzMzQzX18wMDMud2VicCIsInNsaWRlc2hvdyI6IjZkOTRmZmYifQ%3D%3D\" href='https:\/\/lesvillasdeslacs.fr\/wp-content\/uploads\/2025\/10\/Salle-a-manger__20250928_203343__003.webp'><img loading=\"lazy\" decoding=\"async\" width=\"800\" height=\"360\" src=\"https:\/\/lesvillasdeslacs.fr\/wp-content\/uploads\/2025\/10\/Salle-a-manger__20250928_203343__003-1024x461.webp\" class=\"attachment-large size-large\" alt=\"Vue sur le magnifique s\u00e9jour, de nuit, grande table pour 12 convives. bassin et jardin d&#039;int\u00e9rieur et ses jeux de bar.\" aria-describedby=\"gallery-1-3042\" srcset=\"https:\/\/lesvillasdeslacs.fr\/wp-content\/uploads\/2025\/10\/Salle-a-manger__20250928_203343__003-1024x461.webp 1024w, https:\/\/lesvillasdeslacs.fr\/wp-content\/uploads\/2025\/10\/Salle-a-manger__20250928_203343__003-300x135.webp 300w, https:\/\/lesvillasdeslacs.fr\/wp-content\/uploads\/2025\/10\/Salle-a-manger__20250928_203343__003-768x346.webp 768w, https:\/\/lesvillasdeslacs.fr\/wp-content\/uploads\/2025\/10\/Salle-a-manger__20250928_203343__003-1536x691.webp 1536w, https:\/\/lesvillasdeslacs.fr\/wp-content\/uploads\/2025\/10\/Salle-a-manger__20250928_203343__003-18x8.webp 18w, https:\/\/lesvillasdeslacs.fr\/wp-content\/uploads\/2025\/10\/Salle-a-manger__20250928_203343__003.webp 1600w\" sizes=\"(max-width: 800px) 100vw, 800px\" \/><\/a>\n\t\t\t<\/div>\n\t\t\t\t<figcaption class='wp-caption-text gallery-caption' id='gallery-1-3042'>\n\t\t\t\tVue sur le magnifique s\u00e9jour, de nuit, grande hauteur sous plafond, moderne et lumineux avec acces direct sur la verranda, la terrasse et la piscine par de larges baies vitr\u00e9es. grande table pour 12 convives. bassin et jardin d&rsquo;int\u00e9rieur et ses jeux de bar.\n\t\t\t\t<\/figcaption><\/figure><figure class='gallery-item'>\n\t\t\t<div class='gallery-icon landscape'>\n\t\t\t\t<a data-elementor-open-lightbox=\"yes\" data-elementor-lightbox-slideshow=\"6d94fff\" data-elementor-lightbox-title=\"villa1-salleamanger-02\" data-e-action-hash=\"#elementor-action%3Aaction%3Dlightbox%26settings%3DeyJpZCI6MjI3OCwidXJsIjoiaHR0cHM6XC9cL2xlc3ZpbGxhc2Rlc2xhY3MuZnJcL3dwLWNvbnRlbnRcL3VwbG9hZHNcLzIwMjVcLzA5XC92aWxsYTEtc2FsbGVhbWFuZ2VyLTAyLndlYnAiLCJzbGlkZXNob3ciOiI2ZDk0ZmZmIn0%3D\" href='https:\/\/lesvillasdeslacs.fr\/wp-content\/uploads\/2025\/09\/villa1-salleamanger-02.webp'><img loading=\"lazy\" decoding=\"async\" width=\"800\" height=\"450\" src=\"https:\/\/lesvillasdeslacs.fr\/wp-content\/uploads\/2025\/09\/villa1-salleamanger-02-1024x576.webp\" class=\"attachment-large size-large\" alt=\"\" srcset=\"https:\/\/lesvillasdeslacs.fr\/wp-content\/uploads\/2025\/09\/villa1-salleamanger-02-1024x576.webp 1024w, https:\/\/lesvillasdeslacs.fr\/wp-content\/uploads\/2025\/09\/villa1-salleamanger-02-300x169.webp 300w, https:\/\/lesvillasdeslacs.fr\/wp-content\/uploads\/2025\/09\/villa1-salleamanger-02-768x432.webp 768w, https:\/\/lesvillasdeslacs.fr\/wp-content\/uploads\/2025\/09\/villa1-salleamanger-02-1536x864.webp 1536w, https:\/\/lesvillasdeslacs.fr\/wp-content\/uploads\/2025\/09\/villa1-salleamanger-02-18x10.webp 18w, https:\/\/lesvillasdeslacs.fr\/wp-content\/uploads\/2025\/09\/villa1-salleamanger-02.webp 1600w\" sizes=\"(max-width: 800px) 100vw, 800px\" \/><\/a>\n\t\t\t<\/div><\/figure><figure class='gallery-item'>\n\t\t\t<div class='gallery-icon landscape'>\n\t\t\t\t<a data-elementor-open-lightbox=\"yes\" data-elementor-lightbox-slideshow=\"6d94fff\" data-elementor-lightbox-title=\"villa1-salleamanger-04\" data-e-action-hash=\"#elementor-action%3Aaction%3Dlightbox%26settings%3DeyJpZCI6MjI3NCwidXJsIjoiaHR0cHM6XC9cL2xlc3ZpbGxhc2Rlc2xhY3MuZnJcL3dwLWNvbnRlbnRcL3VwbG9hZHNcLzIwMjVcLzA5XC92aWxsYTEtc2FsbGVhbWFuZ2VyLTA0LndlYnAiLCJzbGlkZXNob3ciOiI2ZDk0ZmZmIn0%3D\" href='https:\/\/lesvillasdeslacs.fr\/wp-content\/uploads\/2025\/09\/villa1-salleamanger-04.webp'><img loading=\"lazy\" decoding=\"async\" width=\"800\" height=\"450\" src=\"https:\/\/lesvillasdeslacs.fr\/wp-content\/uploads\/2025\/09\/villa1-salleamanger-04-1024x576.webp\" class=\"attachment-large size-large\" alt=\"\" srcset=\"https:\/\/lesvillasdeslacs.fr\/wp-content\/uploads\/2025\/09\/villa1-salleamanger-04-1024x576.webp 1024w, https:\/\/lesvillasdeslacs.fr\/wp-content\/uploads\/2025\/09\/villa1-salleamanger-04-300x169.webp 300w, https:\/\/lesvillasdeslacs.fr\/wp-content\/uploads\/2025\/09\/villa1-salleamanger-04-768x432.webp 768w, https:\/\/lesvillasdeslacs.fr\/wp-content\/uploads\/2025\/09\/villa1-salleamanger-04-1536x864.webp 1536w, https:\/\/lesvillasdeslacs.fr\/wp-content\/uploads\/2025\/09\/villa1-salleamanger-04-18x10.webp 18w, https:\/\/lesvillasdeslacs.fr\/wp-content\/uploads\/2025\/09\/villa1-salleamanger-04.webp 1600w\" sizes=\"(max-width: 800px) 100vw, 800px\" \/><\/a>\n\t\t\t<\/div><\/figure><figure class='gallery-item'>\n\t\t\t<div class='gallery-icon landscape'>\n\t\t\t\t<a data-elementor-open-lightbox=\"yes\" data-elementor-lightbox-slideshow=\"6d94fff\" data-elementor-lightbox-title=\"Bassin naturel int\u00e9rieur\" data-e-action-hash=\"#elementor-action%3Aaction%3Dlightbox%26settings%3DeyJpZCI6MzA0MywidXJsIjoiaHR0cHM6XC9cL2xlc3ZpbGxhc2Rlc2xhY3MuZnJcL3dwLWNvbnRlbnRcL3VwbG9hZHNcLzIwMjVcLzEwXC9TYWxsZS1hLW1hbmdlcl9fMjAyNTA5MjhfMjAzMjI2X18wMDIud2VicCIsInNsaWRlc2hvdyI6IjZkOTRmZmYifQ%3D%3D\" href='https:\/\/lesvillasdeslacs.fr\/wp-content\/uploads\/2025\/10\/Salle-a-manger__20250928_203226__002.webp'><img loading=\"lazy\" decoding=\"async\" width=\"800\" height=\"360\" src=\"https:\/\/lesvillasdeslacs.fr\/wp-content\/uploads\/2025\/10\/Salle-a-manger__20250928_203226__002-1024x461.webp\" class=\"attachment-large size-large\" alt=\"Vue sur le bassin naturel qui s\u00e9page visuelement le salon de la salle de s\u00e9jour.\" aria-describedby=\"gallery-1-3043\" srcset=\"https:\/\/lesvillasdeslacs.fr\/wp-content\/uploads\/2025\/10\/Salle-a-manger__20250928_203226__002-1024x461.webp 1024w, https:\/\/lesvillasdeslacs.fr\/wp-content\/uploads\/2025\/10\/Salle-a-manger__20250928_203226__002-300x135.webp 300w, https:\/\/lesvillasdeslacs.fr\/wp-content\/uploads\/2025\/10\/Salle-a-manger__20250928_203226__002-768x346.webp 768w, https:\/\/lesvillasdeslacs.fr\/wp-content\/uploads\/2025\/10\/Salle-a-manger__20250928_203226__002-1536x691.webp 1536w, https:\/\/lesvillasdeslacs.fr\/wp-content\/uploads\/2025\/10\/Salle-a-manger__20250928_203226__002-18x8.webp 18w, https:\/\/lesvillasdeslacs.fr\/wp-content\/uploads\/2025\/10\/Salle-a-manger__20250928_203226__002.webp 1600w\" sizes=\"(max-width: 800px) 100vw, 800px\" \/><\/a>\n\t\t\t<\/div>\n\t\t\t\t<figcaption class='wp-caption-text gallery-caption' id='gallery-1-3043'>\n\t\t\t\tVue sur le bassin naturel ou eau et v\u00e9g\u00e9tation offrent une bariere agr\u00e9able etre le salon et la salle de s\u00e9jour.\n\t\t\t\t<\/figcaption><\/figure><figure class='gallery-item'>\n\t\t\t<div class='gallery-icon landscape'>\n\t\t\t\t<a data-elementor-open-lightbox=\"yes\" data-elementor-lightbox-slideshow=\"6d94fff\" data-elementor-lightbox-title=\"Salon__20250928_203447__004\" data-e-action-hash=\"#elementor-action%3Aaction%3Dlightbox%26settings%3DeyJpZCI6MzAzOCwidXJsIjoiaHR0cHM6XC9cL2xlc3ZpbGxhc2Rlc2xhY3MuZnJcL3dwLWNvbnRlbnRcL3VwbG9hZHNcLzIwMjVcLzEwXC9TYWxvbl9fMjAyNTA5MjhfMjAzNDQ3X18wMDQud2VicCIsInNsaWRlc2hvdyI6IjZkOTRmZmYifQ%3D%3D\" href='https:\/\/lesvillasdeslacs.fr\/wp-content\/uploads\/2025\/10\/Salon__20250928_203447__004.webp'><img loading=\"lazy\" decoding=\"async\" width=\"800\" height=\"360\" src=\"https:\/\/lesvillasdeslacs.fr\/wp-content\/uploads\/2025\/10\/Salon__20250928_203447__004-1024x461.webp\" class=\"attachment-large size-large\" alt=\"\" srcset=\"https:\/\/lesvillasdeslacs.fr\/wp-content\/uploads\/2025\/10\/Salon__20250928_203447__004-1024x461.webp 1024w, https:\/\/lesvillasdeslacs.fr\/wp-content\/uploads\/2025\/10\/Salon__20250928_203447__004-300x135.webp 300w, https:\/\/lesvillasdeslacs.fr\/wp-content\/uploads\/2025\/10\/Salon__20250928_203447__004-768x346.webp 768w, https:\/\/lesvillasdeslacs.fr\/wp-content\/uploads\/2025\/10\/Salon__20250928_203447__004-1536x691.webp 1536w, https:\/\/lesvillasdeslacs.fr\/wp-content\/uploads\/2025\/10\/Salon__20250928_203447__004-18x8.webp 18w, https:\/\/lesvillasdeslacs.fr\/wp-content\/uploads\/2025\/10\/Salon__20250928_203447__004.webp 1600w\" sizes=\"(max-width: 800px) 100vw, 800px\" \/><\/a>\n\t\t\t<\/div><\/figure><figure class='gallery-item'>\n\t\t\t<div class='gallery-icon landscape'>\n\t\t\t\t<a data-elementor-open-lightbox=\"yes\" data-elementor-lightbox-slideshow=\"6d94fff\" data-elementor-lightbox-title=\"Salon__20250928_203504__005\" data-e-action-hash=\"#elementor-action%3Aaction%3Dlightbox%26settings%3DeyJpZCI6MzAzNywidXJsIjoiaHR0cHM6XC9cL2xlc3ZpbGxhc2Rlc2xhY3MuZnJcL3dwLWNvbnRlbnRcL3VwbG9hZHNcLzIwMjVcLzEwXC9TYWxvbl9fMjAyNTA5MjhfMjAzNTA0X18wMDUud2VicCIsInNsaWRlc2hvdyI6IjZkOTRmZmYifQ%3D%3D\" href='https:\/\/lesvillasdeslacs.fr\/wp-content\/uploads\/2025\/10\/Salon__20250928_203504__005.webp'><img loading=\"lazy\" decoding=\"async\" width=\"800\" height=\"360\" src=\"https:\/\/lesvillasdeslacs.fr\/wp-content\/uploads\/2025\/10\/Salon__20250928_203504__005-1024x461.webp\" class=\"attachment-large size-large\" alt=\"\" srcset=\"https:\/\/lesvillasdeslacs.fr\/wp-content\/uploads\/2025\/10\/Salon__20250928_203504__005-1024x461.webp 1024w, https:\/\/lesvillasdeslacs.fr\/wp-content\/uploads\/2025\/10\/Salon__20250928_203504__005-300x135.webp 300w, https:\/\/lesvillasdeslacs.fr\/wp-content\/uploads\/2025\/10\/Salon__20250928_203504__005-768x346.webp 768w, https:\/\/lesvillasdeslacs.fr\/wp-content\/uploads\/2025\/10\/Salon__20250928_203504__005-1536x691.webp 1536w, https:\/\/lesvillasdeslacs.fr\/wp-content\/uploads\/2025\/10\/Salon__20250928_203504__005-18x8.webp 18w, https:\/\/lesvillasdeslacs.fr\/wp-content\/uploads\/2025\/10\/Salon__20250928_203504__005.webp 1600w\" sizes=\"(max-width: 800px) 100vw, 800px\" \/><\/a>\n\t\t\t<\/div><\/figure><figure class='gallery-item'>\n\t\t\t<div class='gallery-icon landscape'>\n\t\t\t\t<a data-elementor-open-lightbox=\"yes\" data-elementor-lightbox-slideshow=\"6d94fff\" data-elementor-lightbox-title=\"Salon Villa Temple\" data-e-action-hash=\"#elementor-action%3Aaction%3Dlightbox%26settings%3DeyJpZCI6MzgxMiwidXJsIjoiaHR0cHM6XC9cL2xlc3ZpbGxhc2Rlc2xhY3MuZnJcL3dwLWNvbnRlbnRcL3VwbG9hZHNcLzIwMjVcLzEwXC8yMDI1MTAwMl8xNjMwNDgud2VicCIsInNsaWRlc2hvdyI6IjZkOTRmZmYifQ%3D%3D\" href='https:\/\/lesvillasdeslacs.fr\/wp-content\/uploads\/2025\/10\/20251002_163048.webp'><img loading=\"lazy\" decoding=\"async\" width=\"800\" height=\"360\" src=\"https:\/\/lesvillasdeslacs.fr\/wp-content\/uploads\/2025\/10\/20251002_163048-1024x461.webp\" class=\"attachment-large size-large\" alt=\"Salon de la Villa Temple avec son pincab, sa borne d&#039;arcade et son home cin\u00e9ma.\" aria-describedby=\"gallery-1-3812\" srcset=\"https:\/\/lesvillasdeslacs.fr\/wp-content\/uploads\/2025\/10\/20251002_163048-1024x461.webp 1024w, https:\/\/lesvillasdeslacs.fr\/wp-content\/uploads\/2025\/10\/20251002_163048-300x135.webp 300w, https:\/\/lesvillasdeslacs.fr\/wp-content\/uploads\/2025\/10\/20251002_163048-768x346.webp 768w, https:\/\/lesvillasdeslacs.fr\/wp-content\/uploads\/2025\/10\/20251002_163048-18x8.webp 18w, https:\/\/lesvillasdeslacs.fr\/wp-content\/uploads\/2025\/10\/20251002_163048.webp 1500w\" sizes=\"(max-width: 800px) 100vw, 800px\" \/><\/a>\n\t\t\t<\/div>\n\t\t\t\t<figcaption class='wp-caption-text gallery-caption' id='gallery-1-3812'>\n\t\t\t\tProfitez du salon spacieux et bien \u00e9quip\u00e9 de la Villa Temple avec son pincab, sa borne d&rsquo;arcade et son home cin\u00e9ma.\n\t\t\t\t<\/figcaption><\/figure><figure class='gallery-item'>\n\t\t\t<div class='gallery-icon landscape'>\n\t\t\t\t<a data-elementor-open-lightbox=\"yes\" data-elementor-lightbox-slideshow=\"6d94fff\" data-elementor-lightbox-title=\"Beau salon\" data-e-action-hash=\"#elementor-action%3Aaction%3Dlightbox%26settings%3DeyJpZCI6Mzc2NiwidXJsIjoiaHR0cHM6XC9cL2xlc3ZpbGxhc2Rlc2xhY3MuZnJcL3dwLWNvbnRlbnRcL3VwbG9hZHNcLzIwMjVcLzEwXC8yMDI1MTAwMl8xNjMwMjcud2VicCIsInNsaWRlc2hvdyI6IjZkOTRmZmYifQ%3D%3D\" href='https:\/\/lesvillasdeslacs.fr\/wp-content\/uploads\/2025\/10\/20251002_163027.webp'><img loading=\"lazy\" decoding=\"async\" width=\"800\" height=\"360\" src=\"https:\/\/lesvillasdeslacs.fr\/wp-content\/uploads\/2025\/10\/20251002_163027-1024x461.webp\" class=\"attachment-large size-large\" alt=\"Grand salon, spacieux et lumineux avec acces direct sur la verranda, la terrasse et la piscine par de larges baies vitr\u00e9es. grand canap\u00e9 et table basse spacieuse.\" aria-describedby=\"gallery-1-3766\" srcset=\"https:\/\/lesvillasdeslacs.fr\/wp-content\/uploads\/2025\/10\/20251002_163027-1024x461.webp 1024w, https:\/\/lesvillasdeslacs.fr\/wp-content\/uploads\/2025\/10\/20251002_163027-300x135.webp 300w, https:\/\/lesvillasdeslacs.fr\/wp-content\/uploads\/2025\/10\/20251002_163027-768x346.webp 768w, https:\/\/lesvillasdeslacs.fr\/wp-content\/uploads\/2025\/10\/20251002_163027-18x8.webp 18w, https:\/\/lesvillasdeslacs.fr\/wp-content\/uploads\/2025\/10\/20251002_163027.webp 1500w\" sizes=\"(max-width: 800px) 100vw, 800px\" \/><\/a>\n\t\t\t<\/div>\n\t\t\t\t<figcaption class='wp-caption-text gallery-caption' id='gallery-1-3766'>\n\t\t\t\tGrand salon, spacieux et lumineux avec acces direct sur la verranda, la terrasse et la piscine par de larges baies vitr\u00e9es. grand canap\u00e9, home cin\u00e9ma et jeux d&rsquo;arcade.\n\t\t\t\t<\/figcaption><\/figure><figure class='gallery-item'>\n\t\t\t<div class='gallery-icon landscape'>\n\t\t\t\t<a data-elementor-open-lightbox=\"yes\" data-elementor-lightbox-slideshow=\"6d94fff\" data-elementor-lightbox-title=\"Salon qui donne sur le grand s\u00e9jour\" data-e-action-hash=\"#elementor-action%3Aaction%3Dlightbox%26settings%3DeyJpZCI6Mzc2NCwidXJsIjoiaHR0cHM6XC9cL2xlc3ZpbGxhc2Rlc2xhY3MuZnJcL3dwLWNvbnRlbnRcL3VwbG9hZHNcLzIwMjVcLzEwXC8yMDI1MTAwMl8xNjI5NTcud2VicCIsInNsaWRlc2hvdyI6IjZkOTRmZmYifQ%3D%3D\" href='https:\/\/lesvillasdeslacs.fr\/wp-content\/uploads\/2025\/10\/20251002_162957.webp'><img loading=\"lazy\" decoding=\"async\" width=\"800\" height=\"360\" src=\"https:\/\/lesvillasdeslacs.fr\/wp-content\/uploads\/2025\/10\/20251002_162957-1024x461.webp\" class=\"attachment-large size-large\" alt=\"Grand salon, moderne et lumineux avec acces direct sur la verranda, la terrasse et la piscine par de larges baies vitr\u00e9es. grand canap\u00e9 et table basse spacieuse et home cin\u00e9ma.\" aria-describedby=\"gallery-1-3764\" srcset=\"https:\/\/lesvillasdeslacs.fr\/wp-content\/uploads\/2025\/10\/20251002_162957-1024x461.webp 1024w, https:\/\/lesvillasdeslacs.fr\/wp-content\/uploads\/2025\/10\/20251002_162957-300x135.webp 300w, https:\/\/lesvillasdeslacs.fr\/wp-content\/uploads\/2025\/10\/20251002_162957-768x346.webp 768w, https:\/\/lesvillasdeslacs.fr\/wp-content\/uploads\/2025\/10\/20251002_162957-18x8.webp 18w, https:\/\/lesvillasdeslacs.fr\/wp-content\/uploads\/2025\/10\/20251002_162957.webp 1500w\" sizes=\"(max-width: 800px) 100vw, 800px\" \/><\/a>\n\t\t\t<\/div>\n\t\t\t\t<figcaption class='wp-caption-text gallery-caption' id='gallery-1-3764'>\n\t\t\t\tGrand salon, moderne et lumineux avec acces direct sur la verranda, la terrasse et la piscine par de larges baies vitr\u00e9es. grand canap\u00e9 et table basse spacieuse.\n\t\t\t\t<\/figcaption><\/figure><figure class='gallery-item'>\n\t\t\t<div class='gallery-icon landscape'>\n\t\t\t\t<a data-elementor-open-lightbox=\"yes\" data-elementor-lightbox-slideshow=\"6d94fff\" data-elementor-lightbox-title=\"grand salon donnant sur le s\u00e9jour\" data-e-action-hash=\"#elementor-action%3Aaction%3Dlightbox%26settings%3DeyJpZCI6Mzc2NSwidXJsIjoiaHR0cHM6XC9cL2xlc3ZpbGxhc2Rlc2xhY3MuZnJcL3dwLWNvbnRlbnRcL3VwbG9hZHNcLzIwMjVcLzEwXC8yMDI1MTAwMl8xNjMwMDUud2VicCIsInNsaWRlc2hvdyI6IjZkOTRmZmYifQ%3D%3D\" href='https:\/\/lesvillasdeslacs.fr\/wp-content\/uploads\/2025\/10\/20251002_163005.webp'><img loading=\"lazy\" decoding=\"async\" width=\"800\" height=\"360\" src=\"https:\/\/lesvillasdeslacs.fr\/wp-content\/uploads\/2025\/10\/20251002_163005-1024x461.webp\" class=\"attachment-large size-large\" alt=\"Grand salon, spacieux et lumineux avec acces direct sur la verranda, la terrasse et la piscine par de larges baies vitr\u00e9es. grand canap\u00e9, home cin\u00e9ma et jeux d&#039;arcade.\" aria-describedby=\"gallery-1-3765\" srcset=\"https:\/\/lesvillasdeslacs.fr\/wp-content\/uploads\/2025\/10\/20251002_163005-1024x461.webp 1024w, https:\/\/lesvillasdeslacs.fr\/wp-content\/uploads\/2025\/10\/20251002_163005-300x135.webp 300w, https:\/\/lesvillasdeslacs.fr\/wp-content\/uploads\/2025\/10\/20251002_163005-768x346.webp 768w, https:\/\/lesvillasdeslacs.fr\/wp-content\/uploads\/2025\/10\/20251002_163005-18x8.webp 18w, https:\/\/lesvillasdeslacs.fr\/wp-content\/uploads\/2025\/10\/20251002_163005.webp 1500w\" sizes=\"(max-width: 800px) 100vw, 800px\" \/><\/a>\n\t\t\t<\/div>\n\t\t\t\t<figcaption class='wp-caption-text gallery-caption' id='gallery-1-3765'>\n\t\t\t\tGrand salon, spacieux et lumineux avec acces direct sur la verranda, la terrasse et la piscine par de larges baies vitr\u00e9es. grand canap\u00e9 et table basse spacieuse.\n\t\t\t\t<\/figcaption><\/figure><figure class='gallery-item'>\n\t\t\t<div class='gallery-icon landscape'>\n\t\t\t\t<a data-elementor-open-lightbox=\"yes\" data-elementor-lightbox-slideshow=\"6d94fff\" data-elementor-lightbox-title=\"Superbe salon\" data-e-action-hash=\"#elementor-action%3Aaction%3Dlightbox%26settings%3DeyJpZCI6MzA0MCwidXJsIjoiaHR0cHM6XC9cL2xlc3ZpbGxhc2Rlc2xhY3MuZnJcL3dwLWNvbnRlbnRcL3VwbG9hZHNcLzIwMjVcLzEwXC9TYWxvbl9fMjAyNTA5MjhfMjAzNDA3X18wMDIud2VicCIsInNsaWRlc2hvdyI6IjZkOTRmZmYifQ%3D%3D\" href='https:\/\/lesvillasdeslacs.fr\/wp-content\/uploads\/2025\/10\/Salon__20250928_203407__002.webp'><img loading=\"lazy\" decoding=\"async\" width=\"800\" height=\"360\" src=\"https:\/\/lesvillasdeslacs.fr\/wp-content\/uploads\/2025\/10\/Salon__20250928_203407__002-1024x461.webp\" class=\"attachment-large size-large\" alt=\"Vue sur le splendide salon, avec flipper virtuel, borne d&#039;arcade et home cin\u00e9ma avec un grand canap\u00e9.\" aria-describedby=\"gallery-1-3040\" srcset=\"https:\/\/lesvillasdeslacs.fr\/wp-content\/uploads\/2025\/10\/Salon__20250928_203407__002-1024x461.webp 1024w, https:\/\/lesvillasdeslacs.fr\/wp-content\/uploads\/2025\/10\/Salon__20250928_203407__002-300x135.webp 300w, https:\/\/lesvillasdeslacs.fr\/wp-content\/uploads\/2025\/10\/Salon__20250928_203407__002-768x346.webp 768w, https:\/\/lesvillasdeslacs.fr\/wp-content\/uploads\/2025\/10\/Salon__20250928_203407__002-1536x691.webp 1536w, https:\/\/lesvillasdeslacs.fr\/wp-content\/uploads\/2025\/10\/Salon__20250928_203407__002-18x8.webp 18w, https:\/\/lesvillasdeslacs.fr\/wp-content\/uploads\/2025\/10\/Salon__20250928_203407__002.webp 1600w\" sizes=\"(max-width: 800px) 100vw, 800px\" \/><\/a>\n\t\t\t<\/div>\n\t\t\t\t<figcaption class='wp-caption-text gallery-caption' id='gallery-1-3040'>\n\t\t\t\tVue sur le splendide salon, de nuit, moderne et lumineux avec acces direct sur la verranda, la terrasse et la piscine par de larges baies vitr\u00e9es. flipper virtuel,  borne d&rsquo;arcade et home cin\u00e9ma avec un grand canap\u00e9.\n\t\t\t\t<\/figcaption><\/figure><figure class='gallery-item'>\n\t\t\t<div class='gallery-icon landscape'>\n\t\t\t\t<a data-elementor-open-lightbox=\"yes\" data-elementor-lightbox-slideshow=\"6d94fff\" data-elementor-lightbox-title=\"Magnifique salon\" data-e-action-hash=\"#elementor-action%3Aaction%3Dlightbox%26settings%3DeyJpZCI6MzA0MSwidXJsIjoiaHR0cHM6XC9cL2xlc3ZpbGxhc2Rlc2xhY3MuZnJcL3dwLWNvbnRlbnRcL3VwbG9hZHNcLzIwMjVcLzEwXC9TYWxvbl9fMjAyNTA5MjhfMjAzMjUxX18wMDEud2VicCIsInNsaWRlc2hvdyI6IjZkOTRmZmYifQ%3D%3D\" href='https:\/\/lesvillasdeslacs.fr\/wp-content\/uploads\/2025\/10\/Salon__20250928_203251__001.webp'><img loading=\"lazy\" decoding=\"async\" width=\"800\" height=\"360\" src=\"https:\/\/lesvillasdeslacs.fr\/wp-content\/uploads\/2025\/10\/Salon__20250928_203251__001-1024x461.webp\" class=\"attachment-large size-large\" alt=\"Vue sur le magnifique salon, de nuit, flipper virtuel, borne d&#039;arcade et home cin\u00e9ma avec un grand canap\u00e9.\" aria-describedby=\"gallery-1-3041\" srcset=\"https:\/\/lesvillasdeslacs.fr\/wp-content\/uploads\/2025\/10\/Salon__20250928_203251__001-1024x461.webp 1024w, https:\/\/lesvillasdeslacs.fr\/wp-content\/uploads\/2025\/10\/Salon__20250928_203251__001-300x135.webp 300w, https:\/\/lesvillasdeslacs.fr\/wp-content\/uploads\/2025\/10\/Salon__20250928_203251__001-768x346.webp 768w, https:\/\/lesvillasdeslacs.fr\/wp-content\/uploads\/2025\/10\/Salon__20250928_203251__001-1536x691.webp 1536w, https:\/\/lesvillasdeslacs.fr\/wp-content\/uploads\/2025\/10\/Salon__20250928_203251__001-18x8.webp 18w, https:\/\/lesvillasdeslacs.fr\/wp-content\/uploads\/2025\/10\/Salon__20250928_203251__001.webp 1600w\" sizes=\"(max-width: 800px) 100vw, 800px\" \/><\/a>\n\t\t\t<\/div>\n\t\t\t\t<figcaption class='wp-caption-text gallery-caption' id='gallery-1-3041'>\n\t\t\t\tVue sur le magnifique salon, de nuit, grande hauteur sous plafond, moderne et lumineux avec acces direct sur la verranda, la terrasse et la piscine par de larges baies vitr\u00e9es. flipper virtuel,  borne d&rsquo;arcade et home cin\u00e9ma avec un grand canap\u00e9.\n\t\t\t\t<\/figcaption><\/figure><figure class='gallery-item'>\n\t\t\t<div class='gallery-icon landscape'>\n\t\t\t\t<a data-elementor-open-lightbox=\"yes\" data-elementor-lightbox-slideshow=\"6d94fff\" data-elementor-lightbox-title=\"Salon__20250928_203414__003\" data-e-action-hash=\"#elementor-action%3Aaction%3Dlightbox%26settings%3DeyJpZCI6MzAzOSwidXJsIjoiaHR0cHM6XC9cL2xlc3ZpbGxhc2Rlc2xhY3MuZnJcL3dwLWNvbnRlbnRcL3VwbG9hZHNcLzIwMjVcLzEwXC9TYWxvbl9fMjAyNTA5MjhfMjAzNDE0X18wMDMud2VicCIsInNsaWRlc2hvdyI6IjZkOTRmZmYifQ%3D%3D\" href='https:\/\/lesvillasdeslacs.fr\/wp-content\/uploads\/2025\/10\/Salon__20250928_203414__003.webp'><img loading=\"lazy\" decoding=\"async\" width=\"800\" height=\"360\" src=\"https:\/\/lesvillasdeslacs.fr\/wp-content\/uploads\/2025\/10\/Salon__20250928_203414__003-1024x461.webp\" class=\"attachment-large size-large\" alt=\"\" srcset=\"https:\/\/lesvillasdeslacs.fr\/wp-content\/uploads\/2025\/10\/Salon__20250928_203414__003-1024x461.webp 1024w, https:\/\/lesvillasdeslacs.fr\/wp-content\/uploads\/2025\/10\/Salon__20250928_203414__003-300x135.webp 300w, https:\/\/lesvillasdeslacs.fr\/wp-content\/uploads\/2025\/10\/Salon__20250928_203414__003-768x346.webp 768w, https:\/\/lesvillasdeslacs.fr\/wp-content\/uploads\/2025\/10\/Salon__20250928_203414__003-1536x691.webp 1536w, https:\/\/lesvillasdeslacs.fr\/wp-content\/uploads\/2025\/10\/Salon__20250928_203414__003-18x8.webp 18w, https:\/\/lesvillasdeslacs.fr\/wp-content\/uploads\/2025\/10\/Salon__20250928_203414__003.webp 1600w\" sizes=\"(max-width: 800px) 100vw, 800px\" \/><\/a>\n\t\t\t<\/div><\/figure><figure class='gallery-item'>\n\t\t\t<div class='gallery-icon landscape'>\n\t\t\t\t<a data-elementor-open-lightbox=\"yes\" data-elementor-lightbox-slideshow=\"6d94fff\" data-elementor-lightbox-title=\"villa1-salon-01\" data-e-action-hash=\"#elementor-action%3Aaction%3Dlightbox%26settings%3DeyJpZCI6MjI3MywidXJsIjoiaHR0cHM6XC9cL2xlc3ZpbGxhc2Rlc2xhY3MuZnJcL3dwLWNvbnRlbnRcL3VwbG9hZHNcLzIwMjVcLzA5XC92aWxsYTEtc2Fsb24tMDEud2VicCIsInNsaWRlc2hvdyI6IjZkOTRmZmYifQ%3D%3D\" href='https:\/\/lesvillasdeslacs.fr\/wp-content\/uploads\/2025\/09\/villa1-salon-01.webp'><img loading=\"lazy\" decoding=\"async\" width=\"800\" height=\"450\" src=\"https:\/\/lesvillasdeslacs.fr\/wp-content\/uploads\/2025\/09\/villa1-salon-01-1024x576.webp\" class=\"attachment-large size-large\" alt=\"\" srcset=\"https:\/\/lesvillasdeslacs.fr\/wp-content\/uploads\/2025\/09\/villa1-salon-01-1024x576.webp 1024w, https:\/\/lesvillasdeslacs.fr\/wp-content\/uploads\/2025\/09\/villa1-salon-01-300x169.webp 300w, https:\/\/lesvillasdeslacs.fr\/wp-content\/uploads\/2025\/09\/villa1-salon-01-768x432.webp 768w, https:\/\/lesvillasdeslacs.fr\/wp-content\/uploads\/2025\/09\/villa1-salon-01-1536x864.webp 1536w, https:\/\/lesvillasdeslacs.fr\/wp-content\/uploads\/2025\/09\/villa1-salon-01-18x10.webp 18w, https:\/\/lesvillasdeslacs.fr\/wp-content\/uploads\/2025\/09\/villa1-salon-01.webp 1600w\" sizes=\"(max-width: 800px) 100vw, 800px\" \/><\/a>\n\t\t\t<\/div><\/figure><figure class='gallery-item'>\n\t\t\t<div class='gallery-icon landscape'>\n\t\t\t\t<a data-elementor-open-lightbox=\"yes\" data-elementor-lightbox-slideshow=\"6d94fff\" data-elementor-lightbox-title=\"Grande cuisine, lumineuse de 25 m2 entierement \u00e9quip\u00e9e.\" data-e-action-hash=\"#elementor-action%3Aaction%3Dlightbox%26settings%3DeyJpZCI6MzA2NywidXJsIjoiaHR0cHM6XC9cL2xlc3ZpbGxhc2Rlc2xhY3MuZnJcL3dwLWNvbnRlbnRcL3VwbG9hZHNcLzIwMjVcLzEwXC9DdWlzaW5lX18yMDI1MDkyOF8yMDMwMTNfXzAwMS53ZWJwIiwic2xpZGVzaG93IjoiNmQ5NGZmZiJ9\" href='https:\/\/lesvillasdeslacs.fr\/wp-content\/uploads\/2025\/10\/Cuisine__20250928_203013__001.webp'><img loading=\"lazy\" decoding=\"async\" width=\"800\" height=\"360\" src=\"https:\/\/lesvillasdeslacs.fr\/wp-content\/uploads\/2025\/10\/Cuisine__20250928_203013__001-1024x461.webp\" class=\"attachment-large size-large\" alt=\"Grande cuisine, lumineuse de 25 m2 entierement \u00e9quip\u00e9e, ouverte sur le grand s\u00e9jour, avec acces direct a la terrasse.\" aria-describedby=\"gallery-1-3067\" srcset=\"https:\/\/lesvillasdeslacs.fr\/wp-content\/uploads\/2025\/10\/Cuisine__20250928_203013__001-1024x461.webp 1024w, https:\/\/lesvillasdeslacs.fr\/wp-content\/uploads\/2025\/10\/Cuisine__20250928_203013__001-300x135.webp 300w, https:\/\/lesvillasdeslacs.fr\/wp-content\/uploads\/2025\/10\/Cuisine__20250928_203013__001-768x346.webp 768w, https:\/\/lesvillasdeslacs.fr\/wp-content\/uploads\/2025\/10\/Cuisine__20250928_203013__001-1536x691.webp 1536w, https:\/\/lesvillasdeslacs.fr\/wp-content\/uploads\/2025\/10\/Cuisine__20250928_203013__001-18x8.webp 18w, https:\/\/lesvillasdeslacs.fr\/wp-content\/uploads\/2025\/10\/Cuisine__20250928_203013__001.webp 1600w\" sizes=\"(max-width: 800px) 100vw, 800px\" \/><\/a>\n\t\t\t<\/div>\n\t\t\t\t<figcaption class='wp-caption-text gallery-caption' id='gallery-1-3067'>\n\t\t\t\tGrande cuisine, lumineuse de 25 m2 entierement \u00e9quip\u00e9e, ouverte sur le grand s\u00e9jour, avec acces direct a la terrasse. Elle poss\u00e8de de vastes plans de travail et des tabourets de bar.\n\t\t\t\t<\/figcaption><\/figure><figure class='gallery-item'>\n\t\t\t<div class='gallery-icon landscape'>\n\t\t\t\t<a data-elementor-open-lightbox=\"yes\" data-elementor-lightbox-slideshow=\"6d94fff\" data-elementor-lightbox-title=\"Cuisine \u00e9quip\u00e9e\" data-e-action-hash=\"#elementor-action%3Aaction%3Dlightbox%26settings%3DeyJpZCI6Mzc3MCwidXJsIjoiaHR0cHM6XC9cL2xlc3ZpbGxhc2Rlc2xhY3MuZnJcL3dwLWNvbnRlbnRcL3VwbG9hZHNcLzIwMjVcLzEwXC8yMDI1MTAwMl8xNjMzMzgud2VicCIsInNsaWRlc2hvdyI6IjZkOTRmZmYifQ%3D%3D\" href='https:\/\/lesvillasdeslacs.fr\/wp-content\/uploads\/2025\/10\/20251002_163338.webp'><img loading=\"lazy\" decoding=\"async\" width=\"800\" height=\"360\" src=\"https:\/\/lesvillasdeslacs.fr\/wp-content\/uploads\/2025\/10\/20251002_163338-1024x461.webp\" class=\"attachment-large size-large\" alt=\"Grande cuisine entierement \u00e9quip\u00e9e\" aria-describedby=\"gallery-1-3770\" srcset=\"https:\/\/lesvillasdeslacs.fr\/wp-content\/uploads\/2025\/10\/20251002_163338-1024x461.webp 1024w, https:\/\/lesvillasdeslacs.fr\/wp-content\/uploads\/2025\/10\/20251002_163338-300x135.webp 300w, https:\/\/lesvillasdeslacs.fr\/wp-content\/uploads\/2025\/10\/20251002_163338-768x346.webp 768w, https:\/\/lesvillasdeslacs.fr\/wp-content\/uploads\/2025\/10\/20251002_163338-18x8.webp 18w, https:\/\/lesvillasdeslacs.fr\/wp-content\/uploads\/2025\/10\/20251002_163338.webp 1500w\" sizes=\"(max-width: 800px) 100vw, 800px\" \/><\/a>\n\t\t\t<\/div>\n\t\t\t\t<figcaption class='wp-caption-text gallery-caption' id='gallery-1-3770'>\n\t\t\t\tGrande cuisine de 25 m2 entierement \u00e9quip\u00e9e, ouverte sue le grand s\u00e9jour.\n\t\t\t\t<\/figcaption><\/figure><figure class='gallery-item'>\n\t\t\t<div class='gallery-icon landscape'>\n\t\t\t\t<a data-elementor-open-lightbox=\"yes\" data-elementor-lightbox-slideshow=\"6d94fff\" data-elementor-lightbox-title=\"Grande cuisine.\" data-e-action-hash=\"#elementor-action%3Aaction%3Dlightbox%26settings%3DeyJpZCI6Mzc2OSwidXJsIjoiaHR0cHM6XC9cL2xlc3ZpbGxhc2Rlc2xhY3MuZnJcL3dwLWNvbnRlbnRcL3VwbG9hZHNcLzIwMjVcLzEwXC8yMDI1MTAwMl8xNjMzMjcud2VicCIsInNsaWRlc2hvdyI6IjZkOTRmZmYifQ%3D%3D\" href='https:\/\/lesvillasdeslacs.fr\/wp-content\/uploads\/2025\/10\/20251002_163327.webp'><img loading=\"lazy\" decoding=\"async\" width=\"800\" height=\"360\" src=\"https:\/\/lesvillasdeslacs.fr\/wp-content\/uploads\/2025\/10\/20251002_163327-1024x461.webp\" class=\"attachment-large size-large\" alt=\"Grande cuisine de 25 m2 entierement \u00e9quip\u00e9e.\" aria-describedby=\"gallery-1-3769\" srcset=\"https:\/\/lesvillasdeslacs.fr\/wp-content\/uploads\/2025\/10\/20251002_163327-1024x461.webp 1024w, https:\/\/lesvillasdeslacs.fr\/wp-content\/uploads\/2025\/10\/20251002_163327-300x135.webp 300w, https:\/\/lesvillasdeslacs.fr\/wp-content\/uploads\/2025\/10\/20251002_163327-768x346.webp 768w, https:\/\/lesvillasdeslacs.fr\/wp-content\/uploads\/2025\/10\/20251002_163327-18x8.webp 18w, https:\/\/lesvillasdeslacs.fr\/wp-content\/uploads\/2025\/10\/20251002_163327.webp 1500w\" sizes=\"(max-width: 800px) 100vw, 800px\" \/><\/a>\n\t\t\t<\/div>\n\t\t\t\t<figcaption class='wp-caption-text gallery-caption' id='gallery-1-3769'>\n\t\t\t\tGrande cuisine de 25 m2 entierement \u00e9quip\u00e9e, avec de vastes plans de travail et ses tabourets de bar, ouverte sur le grand s\u00e9jour.\n\t\t\t\t<\/figcaption><\/figure><figure class='gallery-item'>\n\t\t\t<div class='gallery-icon landscape'>\n\t\t\t\t<a data-elementor-open-lightbox=\"yes\" data-elementor-lightbox-slideshow=\"6d94fff\" data-elementor-lightbox-title=\"Grande cuisine\" data-e-action-hash=\"#elementor-action%3Aaction%3Dlightbox%26settings%3DeyJpZCI6Mzc2OCwidXJsIjoiaHR0cHM6XC9cL2xlc3ZpbGxhc2Rlc2xhY3MuZnJcL3dwLWNvbnRlbnRcL3VwbG9hZHNcLzIwMjVcLzEwXC8yMDI1MTAwMl8xNjMzMTQud2VicCIsInNsaWRlc2hvdyI6IjZkOTRmZmYifQ%3D%3D\" href='https:\/\/lesvillasdeslacs.fr\/wp-content\/uploads\/2025\/10\/20251002_163314.webp'><img loading=\"lazy\" decoding=\"async\" width=\"800\" height=\"360\" src=\"https:\/\/lesvillasdeslacs.fr\/wp-content\/uploads\/2025\/10\/20251002_163314-1024x461.webp\" class=\"attachment-large size-large\" alt=\"Grande cuisine, lumineuse de 25 m2 entierement \u00e9quip\u00e9e, ouverte sur le grand s\u00e9jour, avec acces direct a la terrasse.\" aria-describedby=\"gallery-1-3768\" srcset=\"https:\/\/lesvillasdeslacs.fr\/wp-content\/uploads\/2025\/10\/20251002_163314-1024x461.webp 1024w, https:\/\/lesvillasdeslacs.fr\/wp-content\/uploads\/2025\/10\/20251002_163314-300x135.webp 300w, https:\/\/lesvillasdeslacs.fr\/wp-content\/uploads\/2025\/10\/20251002_163314-768x346.webp 768w, https:\/\/lesvillasdeslacs.fr\/wp-content\/uploads\/2025\/10\/20251002_163314-18x8.webp 18w, https:\/\/lesvillasdeslacs.fr\/wp-content\/uploads\/2025\/10\/20251002_163314.webp 1500w\" sizes=\"(max-width: 800px) 100vw, 800px\" \/><\/a>\n\t\t\t<\/div>\n\t\t\t\t<figcaption class='wp-caption-text gallery-caption' id='gallery-1-3768'>\n\t\t\t\tGrande cuisine, lumineuse de 25 m2 entierement \u00e9quip\u00e9e, ouverte sur le grand s\u00e9jour, avec acces direct a la terrasse. Elle poss\u00e8de de vastes plans de travail et des tabourets de bar.\n\t\t\t\t<\/figcaption><\/figure><figure class='gallery-item'>\n\t\t\t<div class='gallery-icon landscape'>\n\t\t\t\t<a data-elementor-open-lightbox=\"yes\" data-elementor-lightbox-slideshow=\"6d94fff\" data-elementor-lightbox-title=\"Grande cuisine, lumineuse de 25 m2 entierement \u00e9quip\u00e9e.\" data-e-action-hash=\"#elementor-action%3Aaction%3Dlightbox%26settings%3DeyJpZCI6MzA2NiwidXJsIjoiaHR0cHM6XC9cL2xlc3ZpbGxhc2Rlc2xhY3MuZnJcL3dwLWNvbnRlbnRcL3VwbG9hZHNcLzIwMjVcLzEwXC9DdWlzaW5lX18yMDI1MDkyOF8yMDMwMTlfXzAwMi53ZWJwIiwic2xpZGVzaG93IjoiNmQ5NGZmZiJ9\" href='https:\/\/lesvillasdeslacs.fr\/wp-content\/uploads\/2025\/10\/Cuisine__20250928_203019__002.webp'><img loading=\"lazy\" decoding=\"async\" width=\"800\" height=\"360\" src=\"https:\/\/lesvillasdeslacs.fr\/wp-content\/uploads\/2025\/10\/Cuisine__20250928_203019__002-1024x461.webp\" class=\"attachment-large size-large\" alt=\"Grande cuisine, lumineuse de 25 m2 entierement \u00e9quip\u00e9e, ouverte sur le grand s\u00e9jour, avec acces direct a la terrasse.\" aria-describedby=\"gallery-1-3066\" srcset=\"https:\/\/lesvillasdeslacs.fr\/wp-content\/uploads\/2025\/10\/Cuisine__20250928_203019__002-1024x461.webp 1024w, https:\/\/lesvillasdeslacs.fr\/wp-content\/uploads\/2025\/10\/Cuisine__20250928_203019__002-300x135.webp 300w, https:\/\/lesvillasdeslacs.fr\/wp-content\/uploads\/2025\/10\/Cuisine__20250928_203019__002-768x346.webp 768w, https:\/\/lesvillasdeslacs.fr\/wp-content\/uploads\/2025\/10\/Cuisine__20250928_203019__002-1536x691.webp 1536w, https:\/\/lesvillasdeslacs.fr\/wp-content\/uploads\/2025\/10\/Cuisine__20250928_203019__002-18x8.webp 18w, https:\/\/lesvillasdeslacs.fr\/wp-content\/uploads\/2025\/10\/Cuisine__20250928_203019__002.webp 1600w\" sizes=\"(max-width: 800px) 100vw, 800px\" \/><\/a>\n\t\t\t<\/div>\n\t\t\t\t<figcaption class='wp-caption-text gallery-caption' id='gallery-1-3066'>\n\t\t\t\tGrande cuisine, lumineuse de 25 m2 entierement \u00e9quip\u00e9e, ouverte sur le grand s\u00e9jour, avec acces direct a la terrasse. Elle poss\u00e8de de vastes plans de travail et des tabourets de bar.\n\t\t\t\t<\/figcaption><\/figure><figure class='gallery-item'>\n\t\t\t<div class='gallery-icon landscape'>\n\t\t\t\t<a data-elementor-open-lightbox=\"yes\" data-elementor-lightbox-slideshow=\"6d94fff\" data-elementor-lightbox-title=\"Grande cuisine, lumineuse de 25 m2 entierement \u00e9quip\u00e9e.\" data-e-action-hash=\"#elementor-action%3Aaction%3Dlightbox%26settings%3DeyJpZCI6MzA2NSwidXJsIjoiaHR0cHM6XC9cL2xlc3ZpbGxhc2Rlc2xhY3MuZnJcL3dwLWNvbnRlbnRcL3VwbG9hZHNcLzIwMjVcLzEwXC9DdWlzaW5lX18yMDI1MDkyOF8yMDMwMjZfXzAwMy53ZWJwIiwic2xpZGVzaG93IjoiNmQ5NGZmZiJ9\" href='https:\/\/lesvillasdeslacs.fr\/wp-content\/uploads\/2025\/10\/Cuisine__20250928_203026__003.webp'><img loading=\"lazy\" decoding=\"async\" width=\"800\" height=\"360\" src=\"https:\/\/lesvillasdeslacs.fr\/wp-content\/uploads\/2025\/10\/Cuisine__20250928_203026__003-1024x461.webp\" class=\"attachment-large size-large\" alt=\"Grande cuisine, lumineuse de 25 m2 entierement \u00e9quip\u00e9e, ouverte sur le grand s\u00e9jour, avec acces direct a la terrasse.\" aria-describedby=\"gallery-1-3065\" srcset=\"https:\/\/lesvillasdeslacs.fr\/wp-content\/uploads\/2025\/10\/Cuisine__20250928_203026__003-1024x461.webp 1024w, https:\/\/lesvillasdeslacs.fr\/wp-content\/uploads\/2025\/10\/Cuisine__20250928_203026__003-300x135.webp 300w, https:\/\/lesvillasdeslacs.fr\/wp-content\/uploads\/2025\/10\/Cuisine__20250928_203026__003-768x346.webp 768w, https:\/\/lesvillasdeslacs.fr\/wp-content\/uploads\/2025\/10\/Cuisine__20250928_203026__003-1536x691.webp 1536w, https:\/\/lesvillasdeslacs.fr\/wp-content\/uploads\/2025\/10\/Cuisine__20250928_203026__003-18x8.webp 18w, https:\/\/lesvillasdeslacs.fr\/wp-content\/uploads\/2025\/10\/Cuisine__20250928_203026__003.webp 1600w\" sizes=\"(max-width: 800px) 100vw, 800px\" \/><\/a>\n\t\t\t<\/div>\n\t\t\t\t<figcaption class='wp-caption-text gallery-caption' id='gallery-1-3065'>\n\t\t\t\tGrande cuisine, lumineuse de 25 m2 entierement \u00e9quip\u00e9e, ouverte sur le grand s\u00e9jour, avec acces direct a la terrasse. Elle poss\u00e8de de vastes plans de travail et des tabourets de bar.\n\t\t\t\t<\/figcaption><\/figure><figure class='gallery-item'>\n\t\t\t<div class='gallery-icon landscape'>\n\t\t\t\t<a data-elementor-open-lightbox=\"yes\" data-elementor-lightbox-slideshow=\"6d94fff\" data-elementor-lightbox-title=\"villa1-sdb1-01\" data-e-action-hash=\"#elementor-action%3Aaction%3Dlightbox%26settings%3DeyJpZCI6MjI2OCwidXJsIjoiaHR0cHM6XC9cL2xlc3ZpbGxhc2Rlc2xhY3MuZnJcL3dwLWNvbnRlbnRcL3VwbG9hZHNcLzIwMjVcLzA5XC92aWxsYTEtc2RiMS0wMS53ZWJwIiwic2xpZGVzaG93IjoiNmQ5NGZmZiJ9\" href='https:\/\/lesvillasdeslacs.fr\/wp-content\/uploads\/2025\/09\/villa1-sdb1-01.webp'><img loading=\"lazy\" decoding=\"async\" width=\"800\" height=\"450\" src=\"https:\/\/lesvillasdeslacs.fr\/wp-content\/uploads\/2025\/09\/villa1-sdb1-01-1024x576.webp\" class=\"attachment-large size-large\" alt=\"\" srcset=\"https:\/\/lesvillasdeslacs.fr\/wp-content\/uploads\/2025\/09\/villa1-sdb1-01-1024x576.webp 1024w, https:\/\/lesvillasdeslacs.fr\/wp-content\/uploads\/2025\/09\/villa1-sdb1-01-300x169.webp 300w, https:\/\/lesvillasdeslacs.fr\/wp-content\/uploads\/2025\/09\/villa1-sdb1-01-768x432.webp 768w, https:\/\/lesvillasdeslacs.fr\/wp-content\/uploads\/2025\/09\/villa1-sdb1-01-1536x864.webp 1536w, https:\/\/lesvillasdeslacs.fr\/wp-content\/uploads\/2025\/09\/villa1-sdb1-01-18x10.webp 18w, https:\/\/lesvillasdeslacs.fr\/wp-content\/uploads\/2025\/09\/villa1-sdb1-01.webp 1600w\" sizes=\"(max-width: 800px) 100vw, 800px\" \/><\/a>\n\t\t\t<\/div><\/figure><figure class='gallery-item'>\n\t\t\t<div class='gallery-icon landscape'>\n\t\t\t\t<a data-elementor-open-lightbox=\"yes\" data-elementor-lightbox-slideshow=\"6d94fff\" data-elementor-lightbox-title=\"villa1-sdb1-02\" data-e-action-hash=\"#elementor-action%3Aaction%3Dlightbox%26settings%3DeyJpZCI6MjI2OSwidXJsIjoiaHR0cHM6XC9cL2xlc3ZpbGxhc2Rlc2xhY3MuZnJcL3dwLWNvbnRlbnRcL3VwbG9hZHNcLzIwMjVcLzA5XC92aWxsYTEtc2RiMS0wMi53ZWJwIiwic2xpZGVzaG93IjoiNmQ5NGZmZiJ9\" href='https:\/\/lesvillasdeslacs.fr\/wp-content\/uploads\/2025\/09\/villa1-sdb1-02.webp'><img loading=\"lazy\" decoding=\"async\" width=\"800\" height=\"450\" src=\"https:\/\/lesvillasdeslacs.fr\/wp-content\/uploads\/2025\/09\/villa1-sdb1-02-1024x576.webp\" class=\"attachment-large size-large\" alt=\"\" srcset=\"https:\/\/lesvillasdeslacs.fr\/wp-content\/uploads\/2025\/09\/villa1-sdb1-02-1024x576.webp 1024w, https:\/\/lesvillasdeslacs.fr\/wp-content\/uploads\/2025\/09\/villa1-sdb1-02-300x169.webp 300w, https:\/\/lesvillasdeslacs.fr\/wp-content\/uploads\/2025\/09\/villa1-sdb1-02-768x432.webp 768w, https:\/\/lesvillasdeslacs.fr\/wp-content\/uploads\/2025\/09\/villa1-sdb1-02-1536x864.webp 1536w, https:\/\/lesvillasdeslacs.fr\/wp-content\/uploads\/2025\/09\/villa1-sdb1-02-18x10.webp 18w, https:\/\/lesvillasdeslacs.fr\/wp-content\/uploads\/2025\/09\/villa1-sdb1-02.webp 1600w\" sizes=\"(max-width: 800px) 100vw, 800px\" \/><\/a>\n\t\t\t<\/div><\/figure><figure class='gallery-item'>\n\t\t\t<div class='gallery-icon landscape'>\n\t\t\t\t<a data-elementor-open-lightbox=\"yes\" data-elementor-lightbox-slideshow=\"6d94fff\" data-elementor-lightbox-title=\"SdB 1__20250928_204205__001\" data-e-action-hash=\"#elementor-action%3Aaction%3Dlightbox%26settings%3DeyJpZCI6MzAzNiwidXJsIjoiaHR0cHM6XC9cL2xlc3ZpbGxhc2Rlc2xhY3MuZnJcL3dwLWNvbnRlbnRcL3VwbG9hZHNcLzIwMjVcLzEwXC9TZEItMV9fMjAyNTA5MjhfMjA0MjA1X18wMDEud2VicCIsInNsaWRlc2hvdyI6IjZkOTRmZmYifQ%3D%3D\" href='https:\/\/lesvillasdeslacs.fr\/wp-content\/uploads\/2025\/10\/SdB-1__20250928_204205__001.webp'><img loading=\"lazy\" decoding=\"async\" width=\"800\" height=\"360\" src=\"https:\/\/lesvillasdeslacs.fr\/wp-content\/uploads\/2025\/10\/SdB-1__20250928_204205__001-1024x461.webp\" class=\"attachment-large size-large\" alt=\"\" srcset=\"https:\/\/lesvillasdeslacs.fr\/wp-content\/uploads\/2025\/10\/SdB-1__20250928_204205__001-1024x461.webp 1024w, https:\/\/lesvillasdeslacs.fr\/wp-content\/uploads\/2025\/10\/SdB-1__20250928_204205__001-300x135.webp 300w, https:\/\/lesvillasdeslacs.fr\/wp-content\/uploads\/2025\/10\/SdB-1__20250928_204205__001-768x346.webp 768w, https:\/\/lesvillasdeslacs.fr\/wp-content\/uploads\/2025\/10\/SdB-1__20250928_204205__001-1536x691.webp 1536w, https:\/\/lesvillasdeslacs.fr\/wp-content\/uploads\/2025\/10\/SdB-1__20250928_204205__001-18x8.webp 18w, https:\/\/lesvillasdeslacs.fr\/wp-content\/uploads\/2025\/10\/SdB-1__20250928_204205__001.webp 1600w\" sizes=\"(max-width: 800px) 100vw, 800px\" \/><\/a>\n\t\t\t<\/div><\/figure><figure class='gallery-item'>\n\t\t\t<div class='gallery-icon landscape'>\n\t\t\t\t<a data-elementor-open-lightbox=\"yes\" data-elementor-lightbox-slideshow=\"6d94fff\" data-elementor-lightbox-title=\"SdB 1__20250928_204215__002\" data-e-action-hash=\"#elementor-action%3Aaction%3Dlightbox%26settings%3DeyJpZCI6MzAzNSwidXJsIjoiaHR0cHM6XC9cL2xlc3ZpbGxhc2Rlc2xhY3MuZnJcL3dwLWNvbnRlbnRcL3VwbG9hZHNcLzIwMjVcLzEwXC9TZEItMV9fMjAyNTA5MjhfMjA0MjE1X18wMDIud2VicCIsInNsaWRlc2hvdyI6IjZkOTRmZmYifQ%3D%3D\" href='https:\/\/lesvillasdeslacs.fr\/wp-content\/uploads\/2025\/10\/SdB-1__20250928_204215__002.webp'><img loading=\"lazy\" decoding=\"async\" width=\"800\" height=\"360\" src=\"https:\/\/lesvillasdeslacs.fr\/wp-content\/uploads\/2025\/10\/SdB-1__20250928_204215__002-1024x461.webp\" class=\"attachment-large size-large\" alt=\"\" srcset=\"https:\/\/lesvillasdeslacs.fr\/wp-content\/uploads\/2025\/10\/SdB-1__20250928_204215__002-1024x461.webp 1024w, https:\/\/lesvillasdeslacs.fr\/wp-content\/uploads\/2025\/10\/SdB-1__20250928_204215__002-300x135.webp 300w, https:\/\/lesvillasdeslacs.fr\/wp-content\/uploads\/2025\/10\/SdB-1__20250928_204215__002-768x346.webp 768w, https:\/\/lesvillasdeslacs.fr\/wp-content\/uploads\/2025\/10\/SdB-1__20250928_204215__002-1536x691.webp 1536w, https:\/\/lesvillasdeslacs.fr\/wp-content\/uploads\/2025\/10\/SdB-1__20250928_204215__002-18x8.webp 18w, https:\/\/lesvillasdeslacs.fr\/wp-content\/uploads\/2025\/10\/SdB-1__20250928_204215__002.webp 1600w\" sizes=\"(max-width: 800px) 100vw, 800px\" \/><\/a>\n\t\t\t<\/div><\/figure><figure class='gallery-item'>\n\t\t\t<div class='gallery-icon landscape'>\n\t\t\t\t<a data-elementor-open-lightbox=\"yes\" data-elementor-lightbox-slideshow=\"6d94fff\" data-elementor-lightbox-title=\"SdB 1__20250928_204223__003\" data-e-action-hash=\"#elementor-action%3Aaction%3Dlightbox%26settings%3DeyJpZCI6MzAzNCwidXJsIjoiaHR0cHM6XC9cL2xlc3ZpbGxhc2Rlc2xhY3MuZnJcL3dwLWNvbnRlbnRcL3VwbG9hZHNcLzIwMjVcLzEwXC9TZEItMV9fMjAyNTA5MjhfMjA0MjIzX18wMDMud2VicCIsInNsaWRlc2hvdyI6IjZkOTRmZmYifQ%3D%3D\" href='https:\/\/lesvillasdeslacs.fr\/wp-content\/uploads\/2025\/10\/SdB-1__20250928_204223__003.webp'><img loading=\"lazy\" decoding=\"async\" width=\"800\" height=\"360\" src=\"https:\/\/lesvillasdeslacs.fr\/wp-content\/uploads\/2025\/10\/SdB-1__20250928_204223__003-1024x461.webp\" class=\"attachment-large size-large\" alt=\"\" srcset=\"https:\/\/lesvillasdeslacs.fr\/wp-content\/uploads\/2025\/10\/SdB-1__20250928_204223__003-1024x461.webp 1024w, https:\/\/lesvillasdeslacs.fr\/wp-content\/uploads\/2025\/10\/SdB-1__20250928_204223__003-300x135.webp 300w, https:\/\/lesvillasdeslacs.fr\/wp-content\/uploads\/2025\/10\/SdB-1__20250928_204223__003-768x346.webp 768w, https:\/\/lesvillasdeslacs.fr\/wp-content\/uploads\/2025\/10\/SdB-1__20250928_204223__003-1536x691.webp 1536w, https:\/\/lesvillasdeslacs.fr\/wp-content\/uploads\/2025\/10\/SdB-1__20250928_204223__003-18x8.webp 18w, https:\/\/lesvillasdeslacs.fr\/wp-content\/uploads\/2025\/10\/SdB-1__20250928_204223__003.webp 1600w\" sizes=\"(max-width: 800px) 100vw, 800px\" \/><\/a>\n\t\t\t<\/div><\/figure><figure class='gallery-item'>\n\t\t\t<div class='gallery-icon landscape'>\n\t\t\t\t<a data-elementor-open-lightbox=\"yes\" data-elementor-lightbox-slideshow=\"6d94fff\" data-elementor-lightbox-title=\"villa1-chambre1_20250912_151838\" data-e-action-hash=\"#elementor-action%3Aaction%3Dlightbox%26settings%3DeyJpZCI6MjMzMCwidXJsIjoiaHR0cHM6XC9cL2xlc3ZpbGxhc2Rlc2xhY3MuZnJcL3dwLWNvbnRlbnRcL3VwbG9hZHNcLzIwMjVcLzA5XC92aWxsYTEtY2hhbWJyZTFfMjAyNTA5MTJfMTUxODM4LndlYnAiLCJzbGlkZXNob3ciOiI2ZDk0ZmZmIn0%3D\" href='https:\/\/lesvillasdeslacs.fr\/wp-content\/uploads\/2025\/09\/villa1-chambre1_20250912_151838.webp'><img loading=\"lazy\" decoding=\"async\" width=\"800\" height=\"450\" src=\"https:\/\/lesvillasdeslacs.fr\/wp-content\/uploads\/2025\/09\/villa1-chambre1_20250912_151838-1024x576.webp\" class=\"attachment-large size-large\" alt=\"\" srcset=\"https:\/\/lesvillasdeslacs.fr\/wp-content\/uploads\/2025\/09\/villa1-chambre1_20250912_151838-1024x576.webp 1024w, https:\/\/lesvillasdeslacs.fr\/wp-content\/uploads\/2025\/09\/villa1-chambre1_20250912_151838-300x169.webp 300w, https:\/\/lesvillasdeslacs.fr\/wp-content\/uploads\/2025\/09\/villa1-chambre1_20250912_151838-768x432.webp 768w, https:\/\/lesvillasdeslacs.fr\/wp-content\/uploads\/2025\/09\/villa1-chambre1_20250912_151838-1536x864.webp 1536w, https:\/\/lesvillasdeslacs.fr\/wp-content\/uploads\/2025\/09\/villa1-chambre1_20250912_151838-18x10.webp 18w, https:\/\/lesvillasdeslacs.fr\/wp-content\/uploads\/2025\/09\/villa1-chambre1_20250912_151838.webp 1600w\" sizes=\"(max-width: 800px) 100vw, 800px\" \/><\/a>\n\t\t\t<\/div><\/figure><figure class='gallery-item'>\n\t\t\t<div class='gallery-icon landscape'>\n\t\t\t\t<a data-elementor-open-lightbox=\"yes\" data-elementor-lightbox-slideshow=\"6d94fff\" data-elementor-lightbox-title=\"villa1-sdb1-03\" data-e-action-hash=\"#elementor-action%3Aaction%3Dlightbox%26settings%3DeyJpZCI6MjI2NSwidXJsIjoiaHR0cHM6XC9cL2xlc3ZpbGxhc2Rlc2xhY3MuZnJcL3dwLWNvbnRlbnRcL3VwbG9hZHNcLzIwMjVcLzA5XC92aWxsYTEtc2RiMS0wMy53ZWJwIiwic2xpZGVzaG93IjoiNmQ5NGZmZiJ9\" href='https:\/\/lesvillasdeslacs.fr\/wp-content\/uploads\/2025\/09\/villa1-sdb1-03.webp'><img loading=\"lazy\" decoding=\"async\" width=\"800\" height=\"450\" src=\"https:\/\/lesvillasdeslacs.fr\/wp-content\/uploads\/2025\/09\/villa1-sdb1-03-1024x576.webp\" class=\"attachment-large size-large\" alt=\"\" srcset=\"https:\/\/lesvillasdeslacs.fr\/wp-content\/uploads\/2025\/09\/villa1-sdb1-03-1024x576.webp 1024w, https:\/\/lesvillasdeslacs.fr\/wp-content\/uploads\/2025\/09\/villa1-sdb1-03-300x169.webp 300w, https:\/\/lesvillasdeslacs.fr\/wp-content\/uploads\/2025\/09\/villa1-sdb1-03-768x432.webp 768w, https:\/\/lesvillasdeslacs.fr\/wp-content\/uploads\/2025\/09\/villa1-sdb1-03-1536x864.webp 1536w, https:\/\/lesvillasdeslacs.fr\/wp-content\/uploads\/2025\/09\/villa1-sdb1-03-18x10.webp 18w, https:\/\/lesvillasdeslacs.fr\/wp-content\/uploads\/2025\/09\/villa1-sdb1-03.webp 1600w\" sizes=\"(max-width: 800px) 100vw, 800px\" \/><\/a>\n\t\t\t<\/div><\/figure><figure class='gallery-item'>\n\t\t\t<div class='gallery-icon landscape'>\n\t\t\t\t<a data-elementor-open-lightbox=\"yes\" data-elementor-lightbox-slideshow=\"6d94fff\" data-elementor-lightbox-title=\"villa1-chambre1_20250912_151857\" data-e-action-hash=\"#elementor-action%3Aaction%3Dlightbox%26settings%3DeyJpZCI6MjMyOSwidXJsIjoiaHR0cHM6XC9cL2xlc3ZpbGxhc2Rlc2xhY3MuZnJcL3dwLWNvbnRlbnRcL3VwbG9hZHNcLzIwMjVcLzA5XC92aWxsYTEtY2hhbWJyZTFfMjAyNTA5MTJfMTUxODU3LndlYnAiLCJzbGlkZXNob3ciOiI2ZDk0ZmZmIn0%3D\" href='https:\/\/lesvillasdeslacs.fr\/wp-content\/uploads\/2025\/09\/villa1-chambre1_20250912_151857.webp'><img loading=\"lazy\" decoding=\"async\" width=\"800\" height=\"450\" src=\"https:\/\/lesvillasdeslacs.fr\/wp-content\/uploads\/2025\/09\/villa1-chambre1_20250912_151857-1024x576.webp\" class=\"attachment-large size-large\" alt=\"\" srcset=\"https:\/\/lesvillasdeslacs.fr\/wp-content\/uploads\/2025\/09\/villa1-chambre1_20250912_151857-1024x576.webp 1024w, https:\/\/lesvillasdeslacs.fr\/wp-content\/uploads\/2025\/09\/villa1-chambre1_20250912_151857-300x169.webp 300w, https:\/\/lesvillasdeslacs.fr\/wp-content\/uploads\/2025\/09\/villa1-chambre1_20250912_151857-768x432.webp 768w, https:\/\/lesvillasdeslacs.fr\/wp-content\/uploads\/2025\/09\/villa1-chambre1_20250912_151857-1536x864.webp 1536w, https:\/\/lesvillasdeslacs.fr\/wp-content\/uploads\/2025\/09\/villa1-chambre1_20250912_151857-18x10.webp 18w, https:\/\/lesvillasdeslacs.fr\/wp-content\/uploads\/2025\/09\/villa1-chambre1_20250912_151857.webp 1600w\" sizes=\"(max-width: 800px) 100vw, 800px\" \/><\/a>\n\t\t\t<\/div><\/figure><figure class='gallery-item'>\n\t\t\t<div class='gallery-icon landscape'>\n\t\t\t\t<a data-elementor-open-lightbox=\"yes\" data-elementor-lightbox-slideshow=\"6d94fff\" data-elementor-lightbox-title=\"villa1-chambre1_20250912_151948\" data-e-action-hash=\"#elementor-action%3Aaction%3Dlightbox%26settings%3DeyJpZCI6MjMyOCwidXJsIjoiaHR0cHM6XC9cL2xlc3ZpbGxhc2Rlc2xhY3MuZnJcL3dwLWNvbnRlbnRcL3VwbG9hZHNcLzIwMjVcLzA5XC92aWxsYTEtY2hhbWJyZTFfMjAyNTA5MTJfMTUxOTQ4LndlYnAiLCJzbGlkZXNob3ciOiI2ZDk0ZmZmIn0%3D\" href='https:\/\/lesvillasdeslacs.fr\/wp-content\/uploads\/2025\/09\/villa1-chambre1_20250912_151948.webp'><img loading=\"lazy\" decoding=\"async\" width=\"800\" height=\"450\" src=\"https:\/\/lesvillasdeslacs.fr\/wp-content\/uploads\/2025\/09\/villa1-chambre1_20250912_151948-1024x576.webp\" class=\"attachment-large size-large\" alt=\"\" srcset=\"https:\/\/lesvillasdeslacs.fr\/wp-content\/uploads\/2025\/09\/villa1-chambre1_20250912_151948-1024x576.webp 1024w, https:\/\/lesvillasdeslacs.fr\/wp-content\/uploads\/2025\/09\/villa1-chambre1_20250912_151948-300x169.webp 300w, https:\/\/lesvillasdeslacs.fr\/wp-content\/uploads\/2025\/09\/villa1-chambre1_20250912_151948-768x432.webp 768w, https:\/\/lesvillasdeslacs.fr\/wp-content\/uploads\/2025\/09\/villa1-chambre1_20250912_151948-1536x864.webp 1536w, https:\/\/lesvillasdeslacs.fr\/wp-content\/uploads\/2025\/09\/villa1-chambre1_20250912_151948-18x10.webp 18w, https:\/\/lesvillasdeslacs.fr\/wp-content\/uploads\/2025\/09\/villa1-chambre1_20250912_151948.webp 1600w\" sizes=\"(max-width: 800px) 100vw, 800px\" \/><\/a>\n\t\t\t<\/div><\/figure><figure class='gallery-item'>\n\t\t\t<div class='gallery-icon landscape'>\n\t\t\t\t<a data-elementor-open-lightbox=\"yes\" data-elementor-lightbox-slideshow=\"6d94fff\" data-elementor-lightbox-title=\"Ch 1__20250928_204106__002\" data-e-action-hash=\"#elementor-action%3Aaction%3Dlightbox%26settings%3DeyJpZCI6MzA3OCwidXJsIjoiaHR0cHM6XC9cL2xlc3ZpbGxhc2Rlc2xhY3MuZnJcL3dwLWNvbnRlbnRcL3VwbG9hZHNcLzIwMjVcLzEwXC9DaC0xX18yMDI1MDkyOF8yMDQxMDZfXzAwMi53ZWJwIiwic2xpZGVzaG93IjoiNmQ5NGZmZiJ9\" href='https:\/\/lesvillasdeslacs.fr\/wp-content\/uploads\/2025\/10\/Ch-1__20250928_204106__002.webp'><img loading=\"lazy\" decoding=\"async\" width=\"800\" height=\"360\" src=\"https:\/\/lesvillasdeslacs.fr\/wp-content\/uploads\/2025\/10\/Ch-1__20250928_204106__002-1024x461.webp\" class=\"attachment-large size-large\" alt=\"Grande suite parentale avec 1 lits queen size, une doucha a l&#039;italienne et un plan lavabo. Pour 2 personnes.\" aria-describedby=\"gallery-1-3078\" srcset=\"https:\/\/lesvillasdeslacs.fr\/wp-content\/uploads\/2025\/10\/Ch-1__20250928_204106__002-1024x461.webp 1024w, https:\/\/lesvillasdeslacs.fr\/wp-content\/uploads\/2025\/10\/Ch-1__20250928_204106__002-300x135.webp 300w, https:\/\/lesvillasdeslacs.fr\/wp-content\/uploads\/2025\/10\/Ch-1__20250928_204106__002-768x346.webp 768w, https:\/\/lesvillasdeslacs.fr\/wp-content\/uploads\/2025\/10\/Ch-1__20250928_204106__002-1536x691.webp 1536w, https:\/\/lesvillasdeslacs.fr\/wp-content\/uploads\/2025\/10\/Ch-1__20250928_204106__002-18x8.webp 18w, https:\/\/lesvillasdeslacs.fr\/wp-content\/uploads\/2025\/10\/Ch-1__20250928_204106__002.webp 1600w\" sizes=\"(max-width: 800px) 100vw, 800px\" \/><\/a>\n\t\t\t<\/div>\n\t\t\t\t<figcaption class='wp-caption-text gallery-caption' id='gallery-1-3078'>\n\t\t\t\tSuperbe suite parentale avec 1 lits queen size, une doucha a l&rsquo;italienne et un plan lavabo. Pour 2 personnes. D\u00e9coration \u00ab\u00a0chic et design\u00a0\u00bb, bambou, bois, enduis cir\u00e9 et carreaux mataliques, elle poss\u00e8de une TV et vue direct sur la piscine.\n\t\t\t\t<\/figcaption><\/figure><figure class='gallery-item'>\n\t\t\t<div class='gallery-icon landscape'>\n\t\t\t\t<a data-elementor-open-lightbox=\"yes\" data-elementor-lightbox-slideshow=\"6d94fff\" data-elementor-lightbox-title=\"Grande suite parentale avec 1 lits queen size\" data-e-action-hash=\"#elementor-action%3Aaction%3Dlightbox%26settings%3DeyJpZCI6MzA3OSwidXJsIjoiaHR0cHM6XC9cL2xlc3ZpbGxhc2Rlc2xhY3MuZnJcL3dwLWNvbnRlbnRcL3VwbG9hZHNcLzIwMjVcLzEwXC9DaC0xX18yMDI1MDkyOF8yMDQwNTNfXzAwMS53ZWJwIiwic2xpZGVzaG93IjoiNmQ5NGZmZiJ9\" href='https:\/\/lesvillasdeslacs.fr\/wp-content\/uploads\/2025\/10\/Ch-1__20250928_204053__001.webp'><img loading=\"lazy\" decoding=\"async\" width=\"800\" height=\"360\" src=\"https:\/\/lesvillasdeslacs.fr\/wp-content\/uploads\/2025\/10\/Ch-1__20250928_204053__001-1024x461.webp\" class=\"attachment-large size-large\" alt=\"Grande suite parentale avec 1 lits queen size, une doucha a l&#039;italienne et un plan lavabo. Pour 2 personnes.\" aria-describedby=\"gallery-1-3079\" srcset=\"https:\/\/lesvillasdeslacs.fr\/wp-content\/uploads\/2025\/10\/Ch-1__20250928_204053__001-1024x461.webp 1024w, https:\/\/lesvillasdeslacs.fr\/wp-content\/uploads\/2025\/10\/Ch-1__20250928_204053__001-300x135.webp 300w, https:\/\/lesvillasdeslacs.fr\/wp-content\/uploads\/2025\/10\/Ch-1__20250928_204053__001-768x346.webp 768w, https:\/\/lesvillasdeslacs.fr\/wp-content\/uploads\/2025\/10\/Ch-1__20250928_204053__001-1536x691.webp 1536w, https:\/\/lesvillasdeslacs.fr\/wp-content\/uploads\/2025\/10\/Ch-1__20250928_204053__001-18x8.webp 18w, https:\/\/lesvillasdeslacs.fr\/wp-content\/uploads\/2025\/10\/Ch-1__20250928_204053__001.webp 1600w\" sizes=\"(max-width: 800px) 100vw, 800px\" \/><\/a>\n\t\t\t<\/div>\n\t\t\t\t<figcaption class='wp-caption-text gallery-caption' id='gallery-1-3079'>\n\t\t\t\tGrande suite parentale avec 1 lits queen size, une doucha a l&rsquo;italienne et un plan lavabo. Pour 2 personnes. D\u00e9coration \u00ab\u00a0chic et design\u00a0\u00bb, bambou, enduis cir\u00e9 et carreaux mataliques, elle poss\u00e8de une TV et vue direct sur la piscine.\n\t\t\t\t<\/figcaption><\/figure><figure class='gallery-item'>\n\t\t\t<div class='gallery-icon landscape'>\n\t\t\t\t<a data-elementor-open-lightbox=\"yes\" data-elementor-lightbox-slideshow=\"6d94fff\" data-elementor-lightbox-title=\"villa1-sdb2-01\" data-e-action-hash=\"#elementor-action%3Aaction%3Dlightbox%26settings%3DeyJpZCI6MjI2MywidXJsIjoiaHR0cHM6XC9cL2xlc3ZpbGxhc2Rlc2xhY3MuZnJcL3dwLWNvbnRlbnRcL3VwbG9hZHNcLzIwMjVcLzA5XC92aWxsYTEtc2RiMi0wMS53ZWJwIiwic2xpZGVzaG93IjoiNmQ5NGZmZiJ9\" href='https:\/\/lesvillasdeslacs.fr\/wp-content\/uploads\/2025\/09\/villa1-sdb2-01.webp'><img loading=\"lazy\" decoding=\"async\" width=\"800\" height=\"450\" src=\"https:\/\/lesvillasdeslacs.fr\/wp-content\/uploads\/2025\/09\/villa1-sdb2-01-1024x576.webp\" class=\"attachment-large size-large\" alt=\"\" srcset=\"https:\/\/lesvillasdeslacs.fr\/wp-content\/uploads\/2025\/09\/villa1-sdb2-01-1024x576.webp 1024w, https:\/\/lesvillasdeslacs.fr\/wp-content\/uploads\/2025\/09\/villa1-sdb2-01-300x169.webp 300w, https:\/\/lesvillasdeslacs.fr\/wp-content\/uploads\/2025\/09\/villa1-sdb2-01-768x432.webp 768w, https:\/\/lesvillasdeslacs.fr\/wp-content\/uploads\/2025\/09\/villa1-sdb2-01-1536x864.webp 1536w, https:\/\/lesvillasdeslacs.fr\/wp-content\/uploads\/2025\/09\/villa1-sdb2-01-18x10.webp 18w, https:\/\/lesvillasdeslacs.fr\/wp-content\/uploads\/2025\/09\/villa1-sdb2-01.webp 1600w\" sizes=\"(max-width: 800px) 100vw, 800px\" \/><\/a>\n\t\t\t<\/div><\/figure><figure class='gallery-item'>\n\t\t\t<div class='gallery-icon landscape'>\n\t\t\t\t<a data-elementor-open-lightbox=\"yes\" data-elementor-lightbox-slideshow=\"6d94fff\" data-elementor-lightbox-title=\"villa1-sdb2-02\" data-e-action-hash=\"#elementor-action%3Aaction%3Dlightbox%26settings%3DeyJpZCI6MjI2NCwidXJsIjoiaHR0cHM6XC9cL2xlc3ZpbGxhc2Rlc2xhY3MuZnJcL3dwLWNvbnRlbnRcL3VwbG9hZHNcLzIwMjVcLzA5XC92aWxsYTEtc2RiMi0wMi53ZWJwIiwic2xpZGVzaG93IjoiNmQ5NGZmZiJ9\" href='https:\/\/lesvillasdeslacs.fr\/wp-content\/uploads\/2025\/09\/villa1-sdb2-02.webp'><img loading=\"lazy\" decoding=\"async\" width=\"800\" height=\"450\" src=\"https:\/\/lesvillasdeslacs.fr\/wp-content\/uploads\/2025\/09\/villa1-sdb2-02-1024x576.webp\" class=\"attachment-large size-large\" alt=\"\" srcset=\"https:\/\/lesvillasdeslacs.fr\/wp-content\/uploads\/2025\/09\/villa1-sdb2-02-1024x576.webp 1024w, https:\/\/lesvillasdeslacs.fr\/wp-content\/uploads\/2025\/09\/villa1-sdb2-02-300x169.webp 300w, https:\/\/lesvillasdeslacs.fr\/wp-content\/uploads\/2025\/09\/villa1-sdb2-02-768x432.webp 768w, https:\/\/lesvillasdeslacs.fr\/wp-content\/uploads\/2025\/09\/villa1-sdb2-02-1536x864.webp 1536w, https:\/\/lesvillasdeslacs.fr\/wp-content\/uploads\/2025\/09\/villa1-sdb2-02-18x10.webp 18w, https:\/\/lesvillasdeslacs.fr\/wp-content\/uploads\/2025\/09\/villa1-sdb2-02.webp 1600w\" sizes=\"(max-width: 800px) 100vw, 800px\" \/><\/a>\n\t\t\t<\/div><\/figure><figure class='gallery-item'>\n\t\t\t<div class='gallery-icon landscape'>\n\t\t\t\t<a data-elementor-open-lightbox=\"yes\" data-elementor-lightbox-slideshow=\"6d94fff\" data-elementor-lightbox-title=\"villa1-sdb2-03\" data-e-action-hash=\"#elementor-action%3Aaction%3Dlightbox%26settings%3DeyJpZCI6MjI2MiwidXJsIjoiaHR0cHM6XC9cL2xlc3ZpbGxhc2Rlc2xhY3MuZnJcL3dwLWNvbnRlbnRcL3VwbG9hZHNcLzIwMjVcLzA5XC92aWxsYTEtc2RiMi0wMy53ZWJwIiwic2xpZGVzaG93IjoiNmQ5NGZmZiJ9\" href='https:\/\/lesvillasdeslacs.fr\/wp-content\/uploads\/2025\/09\/villa1-sdb2-03.webp'><img loading=\"lazy\" decoding=\"async\" width=\"800\" height=\"450\" src=\"https:\/\/lesvillasdeslacs.fr\/wp-content\/uploads\/2025\/09\/villa1-sdb2-03-1024x576.webp\" class=\"attachment-large size-large\" alt=\"\" srcset=\"https:\/\/lesvillasdeslacs.fr\/wp-content\/uploads\/2025\/09\/villa1-sdb2-03-1024x576.webp 1024w, https:\/\/lesvillasdeslacs.fr\/wp-content\/uploads\/2025\/09\/villa1-sdb2-03-300x169.webp 300w, https:\/\/lesvillasdeslacs.fr\/wp-content\/uploads\/2025\/09\/villa1-sdb2-03-768x432.webp 768w, https:\/\/lesvillasdeslacs.fr\/wp-content\/uploads\/2025\/09\/villa1-sdb2-03-1536x864.webp 1536w, https:\/\/lesvillasdeslacs.fr\/wp-content\/uploads\/2025\/09\/villa1-sdb2-03-18x10.webp 18w, https:\/\/lesvillasdeslacs.fr\/wp-content\/uploads\/2025\/09\/villa1-sdb2-03.webp 1600w\" sizes=\"(max-width: 800px) 100vw, 800px\" \/><\/a>\n\t\t\t<\/div><\/figure><figure class='gallery-item'>\n\t\t\t<div class='gallery-icon landscape'>\n\t\t\t\t<a data-elementor-open-lightbox=\"yes\" data-elementor-lightbox-slideshow=\"6d94fff\" data-elementor-lightbox-title=\"Chambre 2\" data-e-action-hash=\"#elementor-action%3Aaction%3Dlightbox%26settings%3DeyJpZCI6Mzc1MCwidXJsIjoiaHR0cHM6XC9cL2xlc3ZpbGxhc2Rlc2xhY3MuZnJcL3dwLWNvbnRlbnRcL3VwbG9hZHNcLzIwMjVcLzEwXC8yMDI1MTAwMl8xNjQwMjcud2VicCIsInNsaWRlc2hvdyI6IjZkOTRmZmYifQ%3D%3D\" href='https:\/\/lesvillasdeslacs.fr\/wp-content\/uploads\/2025\/10\/20251002_164027.webp'><img loading=\"lazy\" decoding=\"async\" width=\"800\" height=\"360\" src=\"https:\/\/lesvillasdeslacs.fr\/wp-content\/uploads\/2025\/10\/20251002_164027-1024x461.webp\" class=\"attachment-large size-large\" alt=\"Grande chambre avec 1 lits doubles et 1 lit simple pour 3 personnes.\" aria-describedby=\"gallery-1-3750\" srcset=\"https:\/\/lesvillasdeslacs.fr\/wp-content\/uploads\/2025\/10\/20251002_164027-1024x461.webp 1024w, https:\/\/lesvillasdeslacs.fr\/wp-content\/uploads\/2025\/10\/20251002_164027-300x135.webp 300w, https:\/\/lesvillasdeslacs.fr\/wp-content\/uploads\/2025\/10\/20251002_164027-768x346.webp 768w, https:\/\/lesvillasdeslacs.fr\/wp-content\/uploads\/2025\/10\/20251002_164027-18x8.webp 18w, https:\/\/lesvillasdeslacs.fr\/wp-content\/uploads\/2025\/10\/20251002_164027.webp 1500w\" sizes=\"(max-width: 800px) 100vw, 800px\" \/><\/a>\n\t\t\t<\/div>\n\t\t\t\t<figcaption class='wp-caption-text gallery-caption' id='gallery-1-3750'>\n\t\t\t\tGrande chambre avec 1 lits doubles et 1 lit simple pour 3 personnes. D\u00e9coration \u00ab\u00a0Fushia moderne et \u00e9l\u00e9gante\u00a0\u00bb. Burreau et coin salon, coiffeuse, elle possede une TV.\n\t\t\t\t<\/figcaption><\/figure><figure class='gallery-item'>\n\t\t\t<div class='gallery-icon landscape'>\n\t\t\t\t<a data-elementor-open-lightbox=\"yes\" data-elementor-lightbox-slideshow=\"6d94fff\" data-elementor-lightbox-title=\"Chambre 2\" data-e-action-hash=\"#elementor-action%3Aaction%3Dlightbox%26settings%3DeyJpZCI6Mzc0OSwidXJsIjoiaHR0cHM6XC9cL2xlc3ZpbGxhc2Rlc2xhY3MuZnJcL3dwLWNvbnRlbnRcL3VwbG9hZHNcLzIwMjVcLzEwXC8yMDI1MTAwMl8xNjQwMjAud2VicCIsInNsaWRlc2hvdyI6IjZkOTRmZmYifQ%3D%3D\" href='https:\/\/lesvillasdeslacs.fr\/wp-content\/uploads\/2025\/10\/20251002_164020.webp'><img loading=\"lazy\" decoding=\"async\" width=\"800\" height=\"360\" src=\"https:\/\/lesvillasdeslacs.fr\/wp-content\/uploads\/2025\/10\/20251002_164020-1024x461.webp\" class=\"attachment-large size-large\" alt=\"Grande chambre avec 1 lits doubles et 1 lit simple pour 3 personnes.\" aria-describedby=\"gallery-1-3749\" srcset=\"https:\/\/lesvillasdeslacs.fr\/wp-content\/uploads\/2025\/10\/20251002_164020-1024x461.webp 1024w, https:\/\/lesvillasdeslacs.fr\/wp-content\/uploads\/2025\/10\/20251002_164020-300x135.webp 300w, https:\/\/lesvillasdeslacs.fr\/wp-content\/uploads\/2025\/10\/20251002_164020-768x346.webp 768w, https:\/\/lesvillasdeslacs.fr\/wp-content\/uploads\/2025\/10\/20251002_164020-18x8.webp 18w, https:\/\/lesvillasdeslacs.fr\/wp-content\/uploads\/2025\/10\/20251002_164020.webp 1500w\" sizes=\"(max-width: 800px) 100vw, 800px\" \/><\/a>\n\t\t\t<\/div>\n\t\t\t\t<figcaption class='wp-caption-text gallery-caption' id='gallery-1-3749'>\n\t\t\t\tGrande chambre avec 1 lits doubles et 1 lit simple pour 3 personnes. D\u00e9coration \u00ab\u00a0Fushia moderne et \u00e9l\u00e9gante\u00a0\u00bb. Burreau et coin salon, coiffeuse, elle possede une TV.\n\t\t\t\t<\/figcaption><\/figure><figure class='gallery-item'>\n\t\t\t<div class='gallery-icon landscape'>\n\t\t\t\t<a data-elementor-open-lightbox=\"yes\" data-elementor-lightbox-slideshow=\"6d94fff\" data-elementor-lightbox-title=\"Grande chambre avec 1 lits doubles et 1 lit simple pour 3 personnes.\" data-e-action-hash=\"#elementor-action%3Aaction%3Dlightbox%26settings%3DeyJpZCI6MzA3NiwidXJsIjoiaHR0cHM6XC9cL2xlc3ZpbGxhc2Rlc2xhY3MuZnJcL3dwLWNvbnRlbnRcL3VwbG9hZHNcLzIwMjVcLzEwXC9DaC0yX18yMDI1MDkyOF8yMDQxMzZfXzAwMi53ZWJwIiwic2xpZGVzaG93IjoiNmQ5NGZmZiJ9\" href='https:\/\/lesvillasdeslacs.fr\/wp-content\/uploads\/2025\/10\/Ch-2__20250928_204136__002.webp'><img loading=\"lazy\" decoding=\"async\" width=\"800\" height=\"360\" src=\"https:\/\/lesvillasdeslacs.fr\/wp-content\/uploads\/2025\/10\/Ch-2__20250928_204136__002-1024x461.webp\" class=\"attachment-large size-large\" alt=\"Grande chambre avec 1 lits doubles et 1 lit simple pour 3 personnes. Burreau et coin salon, coiffeuse, elle possede une TV.\" aria-describedby=\"gallery-1-3076\" srcset=\"https:\/\/lesvillasdeslacs.fr\/wp-content\/uploads\/2025\/10\/Ch-2__20250928_204136__002-1024x461.webp 1024w, https:\/\/lesvillasdeslacs.fr\/wp-content\/uploads\/2025\/10\/Ch-2__20250928_204136__002-300x135.webp 300w, https:\/\/lesvillasdeslacs.fr\/wp-content\/uploads\/2025\/10\/Ch-2__20250928_204136__002-768x346.webp 768w, https:\/\/lesvillasdeslacs.fr\/wp-content\/uploads\/2025\/10\/Ch-2__20250928_204136__002-1536x691.webp 1536w, https:\/\/lesvillasdeslacs.fr\/wp-content\/uploads\/2025\/10\/Ch-2__20250928_204136__002-18x8.webp 18w, https:\/\/lesvillasdeslacs.fr\/wp-content\/uploads\/2025\/10\/Ch-2__20250928_204136__002.webp 1600w\" sizes=\"(max-width: 800px) 100vw, 800px\" \/><\/a>\n\t\t\t<\/div>\n\t\t\t\t<figcaption class='wp-caption-text gallery-caption' id='gallery-1-3076'>\n\t\t\t\tGrande chambre avec 1 lits doubles et 1 lit simple pour 3 personnes. D\u00e9coration \u00ab\u00a0Fushia moderne et \u00e9l\u00e9gante\u00a0\u00bb. Burreau et coin salon, coiffeuse, elle possede une TV.\n\t\t\t\t<\/figcaption><\/figure><figure class='gallery-item'>\n\t\t\t<div class='gallery-icon landscape'>\n\t\t\t\t<a data-elementor-open-lightbox=\"yes\" data-elementor-lightbox-slideshow=\"6d94fff\" data-elementor-lightbox-title=\"Grande chambre avec 1 lits doubles et 1 lit simple pour 3 personnes.\" data-e-action-hash=\"#elementor-action%3Aaction%3Dlightbox%26settings%3DeyJpZCI6MzA3NywidXJsIjoiaHR0cHM6XC9cL2xlc3ZpbGxhc2Rlc2xhY3MuZnJcL3dwLWNvbnRlbnRcL3VwbG9hZHNcLzIwMjVcLzEwXC9DaC0yX18yMDI1MDkyOF8yMDQxMjNfXzAwMS53ZWJwIiwic2xpZGVzaG93IjoiNmQ5NGZmZiJ9\" href='https:\/\/lesvillasdeslacs.fr\/wp-content\/uploads\/2025\/10\/Ch-2__20250928_204123__001.webp'><img loading=\"lazy\" decoding=\"async\" width=\"800\" height=\"360\" src=\"https:\/\/lesvillasdeslacs.fr\/wp-content\/uploads\/2025\/10\/Ch-2__20250928_204123__001-1024x461.webp\" class=\"attachment-large size-large\" alt=\"Grande chambre avec 1 lits doubles et 1 lit simple pour 3 personnes.\" aria-describedby=\"gallery-1-3077\" srcset=\"https:\/\/lesvillasdeslacs.fr\/wp-content\/uploads\/2025\/10\/Ch-2__20250928_204123__001-1024x461.webp 1024w, https:\/\/lesvillasdeslacs.fr\/wp-content\/uploads\/2025\/10\/Ch-2__20250928_204123__001-300x135.webp 300w, https:\/\/lesvillasdeslacs.fr\/wp-content\/uploads\/2025\/10\/Ch-2__20250928_204123__001-768x346.webp 768w, https:\/\/lesvillasdeslacs.fr\/wp-content\/uploads\/2025\/10\/Ch-2__20250928_204123__001-1536x691.webp 1536w, https:\/\/lesvillasdeslacs.fr\/wp-content\/uploads\/2025\/10\/Ch-2__20250928_204123__001-18x8.webp 18w, https:\/\/lesvillasdeslacs.fr\/wp-content\/uploads\/2025\/10\/Ch-2__20250928_204123__001.webp 1600w\" sizes=\"(max-width: 800px) 100vw, 800px\" \/><\/a>\n\t\t\t<\/div>\n\t\t\t\t<figcaption class='wp-caption-text gallery-caption' id='gallery-1-3077'>\n\t\t\t\tGrande chambre avec 1 lits doubles et 1 lit simple pour 3 personnes. D\u00e9coration \u00ab\u00a0Fushia moderne et \u00e9l\u00e9gante\u00a0\u00bb. Burreau et coin salon, coiffeuse, elle possede une TV.\n\t\t\t\t<\/figcaption><\/figure><figure class='gallery-item'>\n\t\t\t<div class='gallery-icon landscape'>\n\t\t\t\t<a data-elementor-open-lightbox=\"yes\" data-elementor-lightbox-slideshow=\"6d94fff\" data-elementor-lightbox-title=\"Chambre 3\" data-e-action-hash=\"#elementor-action%3Aaction%3Dlightbox%26settings%3DeyJpZCI6Mzc3MiwidXJsIjoiaHR0cHM6XC9cL2xlc3ZpbGxhc2Rlc2xhY3MuZnJcL3dwLWNvbnRlbnRcL3VwbG9hZHNcLzIwMjVcLzEwXC8yMDI1MTAwMl8xNjM4MTQud2VicCIsInNsaWRlc2hvdyI6IjZkOTRmZmYifQ%3D%3D\" href='https:\/\/lesvillasdeslacs.fr\/wp-content\/uploads\/2025\/10\/20251002_163814.webp'><img loading=\"lazy\" decoding=\"async\" width=\"800\" height=\"360\" src=\"https:\/\/lesvillasdeslacs.fr\/wp-content\/uploads\/2025\/10\/20251002_163814-1024x461.webp\" class=\"attachment-large size-large\" alt=\"Chambre avec 1 lit double et 1 lit simple, 3 places.\" aria-describedby=\"gallery-1-3772\" srcset=\"https:\/\/lesvillasdeslacs.fr\/wp-content\/uploads\/2025\/10\/20251002_163814-1024x461.webp 1024w, https:\/\/lesvillasdeslacs.fr\/wp-content\/uploads\/2025\/10\/20251002_163814-300x135.webp 300w, https:\/\/lesvillasdeslacs.fr\/wp-content\/uploads\/2025\/10\/20251002_163814-768x346.webp 768w, https:\/\/lesvillasdeslacs.fr\/wp-content\/uploads\/2025\/10\/20251002_163814-18x8.webp 18w, https:\/\/lesvillasdeslacs.fr\/wp-content\/uploads\/2025\/10\/20251002_163814.webp 1500w\" sizes=\"(max-width: 800px) 100vw, 800px\" \/><\/a>\n\t\t\t<\/div>\n\t\t\t\t<figcaption class='wp-caption-text gallery-caption' id='gallery-1-3772'>\n\t\t\t\tChambre  spacieuse avec 1 lit double et 1 lit simple, avec burreau et petit coin salon ainsi qu&rsquo;une TV.\n\t\t\t\t<\/figcaption><\/figure><figure class='gallery-item'>\n\t\t\t<div class='gallery-icon landscape'>\n\t\t\t\t<a data-elementor-open-lightbox=\"yes\" data-elementor-lightbox-slideshow=\"6d94fff\" data-elementor-lightbox-title=\"Chambre 3\" data-e-action-hash=\"#elementor-action%3Aaction%3Dlightbox%26settings%3DeyJpZCI6Mzc3MSwidXJsIjoiaHR0cHM6XC9cL2xlc3ZpbGxhc2Rlc2xhY3MuZnJcL3dwLWNvbnRlbnRcL3VwbG9hZHNcLzIwMjVcLzEwXC8yMDI1MTAwMl8xNjM3NTYud2VicCIsInNsaWRlc2hvdyI6IjZkOTRmZmYifQ%3D%3D\" href='https:\/\/lesvillasdeslacs.fr\/wp-content\/uploads\/2025\/10\/20251002_163756.webp'><img loading=\"lazy\" decoding=\"async\" width=\"800\" height=\"360\" src=\"https:\/\/lesvillasdeslacs.fr\/wp-content\/uploads\/2025\/10\/20251002_163756-1024x461.webp\" class=\"attachment-large size-large\" alt=\"Chambre avec 1 lit double et 1 lit simple, 3 places.\" aria-describedby=\"gallery-1-3771\" srcset=\"https:\/\/lesvillasdeslacs.fr\/wp-content\/uploads\/2025\/10\/20251002_163756-1024x461.webp 1024w, https:\/\/lesvillasdeslacs.fr\/wp-content\/uploads\/2025\/10\/20251002_163756-300x135.webp 300w, https:\/\/lesvillasdeslacs.fr\/wp-content\/uploads\/2025\/10\/20251002_163756-768x346.webp 768w, https:\/\/lesvillasdeslacs.fr\/wp-content\/uploads\/2025\/10\/20251002_163756-18x8.webp 18w, https:\/\/lesvillasdeslacs.fr\/wp-content\/uploads\/2025\/10\/20251002_163756.webp 1500w\" sizes=\"(max-width: 800px) 100vw, 800px\" \/><\/a>\n\t\t\t<\/div>\n\t\t\t\t<figcaption class='wp-caption-text gallery-caption' id='gallery-1-3771'>\n\t\t\t\tChambre  spacieuse avec 1 lit double et 1 lit simple, 3 places avec burreau et petit coin salon ainsi qu&rsquo;une TV.\n\t\t\t\t<\/figcaption><\/figure><figure class='gallery-item'>\n\t\t\t<div class='gallery-icon landscape'>\n\t\t\t\t<a data-elementor-open-lightbox=\"yes\" data-elementor-lightbox-slideshow=\"6d94fff\" data-elementor-lightbox-title=\"Chambre 3\" data-e-action-hash=\"#elementor-action%3Aaction%3Dlightbox%26settings%3DeyJpZCI6Mzc0OCwidXJsIjoiaHR0cHM6XC9cL2xlc3ZpbGxhc2Rlc2xhY3MuZnJcL3dwLWNvbnRlbnRcL3VwbG9hZHNcLzIwMjVcLzEwXC8yMDI1MTAwMl8xNjM4MzEud2VicCIsInNsaWRlc2hvdyI6IjZkOTRmZmYifQ%3D%3D\" href='https:\/\/lesvillasdeslacs.fr\/wp-content\/uploads\/2025\/10\/20251002_163831.webp'><img loading=\"lazy\" decoding=\"async\" width=\"800\" height=\"360\" src=\"https:\/\/lesvillasdeslacs.fr\/wp-content\/uploads\/2025\/10\/20251002_163831-1024x461.webp\" class=\"attachment-large size-large\" alt=\"Chambre spacieuse avec 1 lit double et 1 lit simple pour 3 personnes.\" aria-describedby=\"gallery-1-3748\" srcset=\"https:\/\/lesvillasdeslacs.fr\/wp-content\/uploads\/2025\/10\/20251002_163831-1024x461.webp 1024w, https:\/\/lesvillasdeslacs.fr\/wp-content\/uploads\/2025\/10\/20251002_163831-300x135.webp 300w, https:\/\/lesvillasdeslacs.fr\/wp-content\/uploads\/2025\/10\/20251002_163831-768x346.webp 768w, https:\/\/lesvillasdeslacs.fr\/wp-content\/uploads\/2025\/10\/20251002_163831-18x8.webp 18w, https:\/\/lesvillasdeslacs.fr\/wp-content\/uploads\/2025\/10\/20251002_163831.webp 1500w\" sizes=\"(max-width: 800px) 100vw, 800px\" \/><\/a>\n\t\t\t<\/div>\n\t\t\t\t<figcaption class='wp-caption-text gallery-caption' id='gallery-1-3748'>\n\t\t\t\tChambre  spacieuse et moderne avec 1 lit double et 1 lit simple pour 3 personnes, avec burreau et petit coin salon ainsi qu&rsquo;une TV.\n\t\t\t\t<\/figcaption><\/figure><figure class='gallery-item'>\n\t\t\t<div class='gallery-icon landscape'>\n\t\t\t\t<a data-elementor-open-lightbox=\"yes\" data-elementor-lightbox-slideshow=\"6d94fff\" data-elementor-lightbox-title=\"Chambre 3\" data-e-action-hash=\"#elementor-action%3Aaction%3Dlightbox%26settings%3DeyJpZCI6Mzc0NywidXJsIjoiaHR0cHM6XC9cL2xlc3ZpbGxhc2Rlc2xhY3MuZnJcL3dwLWNvbnRlbnRcL3VwbG9hZHNcLzIwMjVcLzEwXC8yMDI1MTAwMl8xNjM4MjIud2VicCIsInNsaWRlc2hvdyI6IjZkOTRmZmYifQ%3D%3D\" href='https:\/\/lesvillasdeslacs.fr\/wp-content\/uploads\/2025\/10\/20251002_163822.webp'><img loading=\"lazy\" decoding=\"async\" width=\"800\" height=\"360\" src=\"https:\/\/lesvillasdeslacs.fr\/wp-content\/uploads\/2025\/10\/20251002_163822-1024x461.webp\" class=\"attachment-large size-large\" alt=\"Chambre spacieuse et moderne avec 1 lit double et 1 lit simple pour 3 personnes.\" aria-describedby=\"gallery-1-3747\" srcset=\"https:\/\/lesvillasdeslacs.fr\/wp-content\/uploads\/2025\/10\/20251002_163822-1024x461.webp 1024w, https:\/\/lesvillasdeslacs.fr\/wp-content\/uploads\/2025\/10\/20251002_163822-300x135.webp 300w, https:\/\/lesvillasdeslacs.fr\/wp-content\/uploads\/2025\/10\/20251002_163822-768x346.webp 768w, https:\/\/lesvillasdeslacs.fr\/wp-content\/uploads\/2025\/10\/20251002_163822-18x8.webp 18w, https:\/\/lesvillasdeslacs.fr\/wp-content\/uploads\/2025\/10\/20251002_163822.webp 1500w\" sizes=\"(max-width: 800px) 100vw, 800px\" \/><\/a>\n\t\t\t<\/div>\n\t\t\t\t<figcaption class='wp-caption-text gallery-caption' id='gallery-1-3747'>\n\t\t\t\tChambre  spacieuse et moderne avec 1 lit double et 1 lit simple pour 3 personnes, avec burreau et petit coin salon ainsi qu&rsquo;une TV.\n\t\t\t\t<\/figcaption><\/figure><figure class='gallery-item'>\n\t\t\t<div class='gallery-icon landscape'>\n\t\t\t\t<a data-elementor-open-lightbox=\"yes\" data-elementor-lightbox-slideshow=\"6d94fff\" data-elementor-lightbox-title=\"Chambre  spacieuse et moderne avec 1 lit double et 1 lit simple.\" data-e-action-hash=\"#elementor-action%3Aaction%3Dlightbox%26settings%3DeyJpZCI6MzA3MywidXJsIjoiaHR0cHM6XC9cL2xlc3ZpbGxhc2Rlc2xhY3MuZnJcL3dwLWNvbnRlbnRcL3VwbG9hZHNcLzIwMjVcLzEwXC9DaC0zX18yMDI1MDkyOF8yMDQxNDZfXzAwMS53ZWJwIiwic2xpZGVzaG93IjoiNmQ5NGZmZiJ9\" href='https:\/\/lesvillasdeslacs.fr\/wp-content\/uploads\/2025\/10\/Ch-3__20250928_204146__001.webp'><img loading=\"lazy\" decoding=\"async\" width=\"800\" height=\"360\" src=\"https:\/\/lesvillasdeslacs.fr\/wp-content\/uploads\/2025\/10\/Ch-3__20250928_204146__001-1024x461.webp\" class=\"attachment-large size-large\" alt=\"Chambre spacieuse et moderne avec 1 lit double et 1 lit simple pour 3 personnes.\" aria-describedby=\"gallery-1-3073\" srcset=\"https:\/\/lesvillasdeslacs.fr\/wp-content\/uploads\/2025\/10\/Ch-3__20250928_204146__001-1024x461.webp 1024w, https:\/\/lesvillasdeslacs.fr\/wp-content\/uploads\/2025\/10\/Ch-3__20250928_204146__001-300x135.webp 300w, https:\/\/lesvillasdeslacs.fr\/wp-content\/uploads\/2025\/10\/Ch-3__20250928_204146__001-768x346.webp 768w, https:\/\/lesvillasdeslacs.fr\/wp-content\/uploads\/2025\/10\/Ch-3__20250928_204146__001-1536x691.webp 1536w, https:\/\/lesvillasdeslacs.fr\/wp-content\/uploads\/2025\/10\/Ch-3__20250928_204146__001-18x8.webp 18w, https:\/\/lesvillasdeslacs.fr\/wp-content\/uploads\/2025\/10\/Ch-3__20250928_204146__001.webp 1600w\" sizes=\"(max-width: 800px) 100vw, 800px\" \/><\/a>\n\t\t\t<\/div>\n\t\t\t\t<figcaption class='wp-caption-text gallery-caption' id='gallery-1-3073'>\n\t\t\t\tChambre  spacieuse et moderne avec 1 lit double et 1 lit simple pour 3 personnes, avec burreau et petit coin salon ainsi qu&rsquo;une TV.\n\t\t\t\t<\/figcaption><\/figure><figure class='gallery-item'>\n\t\t\t<div class='gallery-icon landscape'>\n\t\t\t\t<a data-elementor-open-lightbox=\"yes\" data-elementor-lightbox-slideshow=\"6d94fff\" data-elementor-lightbox-title=\"Chambre 4\" data-e-action-hash=\"#elementor-action%3Aaction%3Dlightbox%26settings%3DeyJpZCI6Mzc1MiwidXJsIjoiaHR0cHM6XC9cL2xlc3ZpbGxhc2Rlc2xhY3MuZnJcL3dwLWNvbnRlbnRcL3VwbG9hZHNcLzIwMjVcLzEwXC8yMDI1MTAwMl8xNjQ0MDgud2VicCIsInNsaWRlc2hvdyI6IjZkOTRmZmYifQ%3D%3D\" href='https:\/\/lesvillasdeslacs.fr\/wp-content\/uploads\/2025\/10\/20251002_164408.webp'><img loading=\"lazy\" decoding=\"async\" width=\"800\" height=\"360\" src=\"https:\/\/lesvillasdeslacs.fr\/wp-content\/uploads\/2025\/10\/20251002_164408-1024x461.webp\" class=\"attachment-large size-large\" alt=\"Tr\u00e8s grande chambre avec 2 lits doubles pour 4 personnes. d\u00e9coration &quot;Zen\/Bambou&quot;.\" aria-describedby=\"gallery-1-3752\" srcset=\"https:\/\/lesvillasdeslacs.fr\/wp-content\/uploads\/2025\/10\/20251002_164408-1024x461.webp 1024w, https:\/\/lesvillasdeslacs.fr\/wp-content\/uploads\/2025\/10\/20251002_164408-300x135.webp 300w, https:\/\/lesvillasdeslacs.fr\/wp-content\/uploads\/2025\/10\/20251002_164408-768x346.webp 768w, https:\/\/lesvillasdeslacs.fr\/wp-content\/uploads\/2025\/10\/20251002_164408-18x8.webp 18w, https:\/\/lesvillasdeslacs.fr\/wp-content\/uploads\/2025\/10\/20251002_164408.webp 1500w\" sizes=\"(max-width: 800px) 100vw, 800px\" \/><\/a>\n\t\t\t<\/div>\n\t\t\t\t<figcaption class='wp-caption-text gallery-caption' id='gallery-1-3752'>\n\t\t\t\tTr\u00e8s grande chambre avec 2 lits doubles pour 4 personnes. d\u00e9coration \u00ab\u00a0Zen\/Bambou\u00a0\u00bb. elle possede une TV.\n\t\t\t\t<\/figcaption><\/figure><figure class='gallery-item'>\n\t\t\t<div class='gallery-icon landscape'>\n\t\t\t\t<a data-elementor-open-lightbox=\"yes\" data-elementor-lightbox-slideshow=\"6d94fff\" data-elementor-lightbox-title=\"chambre 4 personnes\" data-e-action-hash=\"#elementor-action%3Aaction%3Dlightbox%26settings%3DeyJpZCI6Mzc1MSwidXJsIjoiaHR0cHM6XC9cL2xlc3ZpbGxhc2Rlc2xhY3MuZnJcL3dwLWNvbnRlbnRcL3VwbG9hZHNcLzIwMjVcLzEwXC8yMDI1MTAwMl8xNjQzNTQud2VicCIsInNsaWRlc2hvdyI6IjZkOTRmZmYifQ%3D%3D\" href='https:\/\/lesvillasdeslacs.fr\/wp-content\/uploads\/2025\/10\/20251002_164354.webp'><img loading=\"lazy\" decoding=\"async\" width=\"800\" height=\"360\" src=\"https:\/\/lesvillasdeslacs.fr\/wp-content\/uploads\/2025\/10\/20251002_164354-1024x461.webp\" class=\"attachment-large size-large\" alt=\"Tr\u00e8s grande chambre avec 2 lits doubles pour 4 personnes. d\u00e9coration &quot;Zen\/Bambou&quot;.\" aria-describedby=\"gallery-1-3751\" srcset=\"https:\/\/lesvillasdeslacs.fr\/wp-content\/uploads\/2025\/10\/20251002_164354-1024x461.webp 1024w, https:\/\/lesvillasdeslacs.fr\/wp-content\/uploads\/2025\/10\/20251002_164354-300x135.webp 300w, https:\/\/lesvillasdeslacs.fr\/wp-content\/uploads\/2025\/10\/20251002_164354-768x346.webp 768w, https:\/\/lesvillasdeslacs.fr\/wp-content\/uploads\/2025\/10\/20251002_164354-18x8.webp 18w, https:\/\/lesvillasdeslacs.fr\/wp-content\/uploads\/2025\/10\/20251002_164354.webp 1500w\" sizes=\"(max-width: 800px) 100vw, 800px\" \/><\/a>\n\t\t\t<\/div>\n\t\t\t\t<figcaption class='wp-caption-text gallery-caption' id='gallery-1-3751'>\n\t\t\t\tTr\u00e8s grande chambre avec 2 lits doubles pour 4 personnes. d\u00e9coration \u00ab\u00a0Zen\/Bambou\u00a0\u00bb. elle possede une TV.\n\t\t\t\t<\/figcaption><\/figure><figure class='gallery-item'>\n\t\t\t<div class='gallery-icon landscape'>\n\t\t\t\t<a data-elementor-open-lightbox=\"yes\" data-elementor-lightbox-slideshow=\"6d94fff\" data-elementor-lightbox-title=\"Tr\u00e8s grande chambre avec 2 lits doubles pour 4 personnes.\" data-e-action-hash=\"#elementor-action%3Aaction%3Dlightbox%26settings%3DeyJpZCI6MzA2OSwidXJsIjoiaHR0cHM6XC9cL2xlc3ZpbGxhc2Rlc2xhY3MuZnJcL3dwLWNvbnRlbnRcL3VwbG9hZHNcLzIwMjVcLzEwXC9DaC00X18yMDI1MDkyOF8yMDM1MjVfXzAwMS53ZWJwIiwic2xpZGVzaG93IjoiNmQ5NGZmZiJ9\" href='https:\/\/lesvillasdeslacs.fr\/wp-content\/uploads\/2025\/10\/Ch-4__20250928_203525__001.webp'><img loading=\"lazy\" decoding=\"async\" width=\"800\" height=\"360\" src=\"https:\/\/lesvillasdeslacs.fr\/wp-content\/uploads\/2025\/10\/Ch-4__20250928_203525__001-1024x461.webp\" class=\"attachment-large size-large\" alt=\"Tr\u00e8s grande chambre avec 2 lits doubles pour 4 personnes. d\u00e9coration &quot;Zen\/Bambou&quot;, vue sur l&#039;arriere de la maison.\" aria-describedby=\"gallery-1-3069\" srcset=\"https:\/\/lesvillasdeslacs.fr\/wp-content\/uploads\/2025\/10\/Ch-4__20250928_203525__001-1024x461.webp 1024w, https:\/\/lesvillasdeslacs.fr\/wp-content\/uploads\/2025\/10\/Ch-4__20250928_203525__001-300x135.webp 300w, https:\/\/lesvillasdeslacs.fr\/wp-content\/uploads\/2025\/10\/Ch-4__20250928_203525__001-768x346.webp 768w, https:\/\/lesvillasdeslacs.fr\/wp-content\/uploads\/2025\/10\/Ch-4__20250928_203525__001-1536x691.webp 1536w, https:\/\/lesvillasdeslacs.fr\/wp-content\/uploads\/2025\/10\/Ch-4__20250928_203525__001-18x8.webp 18w, https:\/\/lesvillasdeslacs.fr\/wp-content\/uploads\/2025\/10\/Ch-4__20250928_203525__001.webp 1600w\" sizes=\"(max-width: 800px) 100vw, 800px\" \/><\/a>\n\t\t\t<\/div>\n\t\t\t\t<figcaption class='wp-caption-text gallery-caption' id='gallery-1-3069'>\n\t\t\t\tTr\u00e8s grande chambre avec 2 lits doubles pour 4 personnes. d\u00e9coration \u00ab\u00a0Zen\/Bambou\u00a0\u00bb, vue sur l&rsquo;arriere de la maison. elle possede une TV.\n\t\t\t\t<\/figcaption><\/figure><figure class='gallery-item'>\n\t\t\t<div class='gallery-icon landscape'>\n\t\t\t\t<a data-elementor-open-lightbox=\"yes\" data-elementor-lightbox-slideshow=\"6d94fff\" data-elementor-lightbox-title=\"Tr\u00e8s grande chambre avec 2 lits doubles pour 4 personnes.\" data-e-action-hash=\"#elementor-action%3Aaction%3Dlightbox%26settings%3DeyJpZCI6MzA2OCwidXJsIjoiaHR0cHM6XC9cL2xlc3ZpbGxhc2Rlc2xhY3MuZnJcL3dwLWNvbnRlbnRcL3VwbG9hZHNcLzIwMjVcLzEwXC9DaC00X18yMDI1MDkyOF8yMDM1MzRfXzAwMi53ZWJwIiwic2xpZGVzaG93IjoiNmQ5NGZmZiJ9\" href='https:\/\/lesvillasdeslacs.fr\/wp-content\/uploads\/2025\/10\/Ch-4__20250928_203534__002.webp'><img loading=\"lazy\" decoding=\"async\" width=\"800\" height=\"360\" src=\"https:\/\/lesvillasdeslacs.fr\/wp-content\/uploads\/2025\/10\/Ch-4__20250928_203534__002-1024x461.webp\" class=\"attachment-large size-large\" alt=\"Tr\u00e8s grande chambre avec 2 lits doubles pour 4 personnes. d\u00e9coration &quot;Zen\/Bambou&quot;, vue sur l&#039;arriere de la maison.\" aria-describedby=\"gallery-1-3068\" srcset=\"https:\/\/lesvillasdeslacs.fr\/wp-content\/uploads\/2025\/10\/Ch-4__20250928_203534__002-1024x461.webp 1024w, https:\/\/lesvillasdeslacs.fr\/wp-content\/uploads\/2025\/10\/Ch-4__20250928_203534__002-300x135.webp 300w, https:\/\/lesvillasdeslacs.fr\/wp-content\/uploads\/2025\/10\/Ch-4__20250928_203534__002-768x346.webp 768w, https:\/\/lesvillasdeslacs.fr\/wp-content\/uploads\/2025\/10\/Ch-4__20250928_203534__002-1536x691.webp 1536w, https:\/\/lesvillasdeslacs.fr\/wp-content\/uploads\/2025\/10\/Ch-4__20250928_203534__002-18x8.webp 18w, https:\/\/lesvillasdeslacs.fr\/wp-content\/uploads\/2025\/10\/Ch-4__20250928_203534__002.webp 1600w\" sizes=\"(max-width: 800px) 100vw, 800px\" \/><\/a>\n\t\t\t<\/div>\n\t\t\t\t<figcaption class='wp-caption-text gallery-caption' id='gallery-1-3068'>\n\t\t\t\tTr\u00e8s grande chambre avec 2 lits doubles pour 4 personnes. d\u00e9coration \u00ab\u00a0Zen\/Bambou\u00a0\u00bb, vue sur l&rsquo;arriere de la maison. elle possede une TV.\n\t\t\t\t<\/figcaption><\/figure><figure class='gallery-item'>\n\t\t\t<div class='gallery-icon landscape'>\n\t\t\t\t<a data-elementor-open-lightbox=\"yes\" data-elementor-lightbox-slideshow=\"6d94fff\" data-elementor-lightbox-title=\"Chambre 4\" data-e-action-hash=\"#elementor-action%3Aaction%3Dlightbox%26settings%3DeyJpZCI6Mzc1MywidXJsIjoiaHR0cHM6XC9cL2xlc3ZpbGxhc2Rlc2xhY3MuZnJcL3dwLWNvbnRlbnRcL3VwbG9hZHNcLzIwMjVcLzEwXC8yMDI1MTAwMl8xNjQ0MjUud2VicCIsInNsaWRlc2hvdyI6IjZkOTRmZmYifQ%3D%3D\" href='https:\/\/lesvillasdeslacs.fr\/wp-content\/uploads\/2025\/10\/20251002_164425.webp'><img loading=\"lazy\" decoding=\"async\" width=\"800\" height=\"360\" src=\"https:\/\/lesvillasdeslacs.fr\/wp-content\/uploads\/2025\/10\/20251002_164425-1024x461.webp\" class=\"attachment-large size-large\" alt=\"Grande chambre avec 2 lits doubles pour 4 personnes. d\u00e9coration &quot;Zen\/nature&quot;.\" aria-describedby=\"gallery-1-3753\" srcset=\"https:\/\/lesvillasdeslacs.fr\/wp-content\/uploads\/2025\/10\/20251002_164425-1024x461.webp 1024w, https:\/\/lesvillasdeslacs.fr\/wp-content\/uploads\/2025\/10\/20251002_164425-300x135.webp 300w, https:\/\/lesvillasdeslacs.fr\/wp-content\/uploads\/2025\/10\/20251002_164425-768x346.webp 768w, https:\/\/lesvillasdeslacs.fr\/wp-content\/uploads\/2025\/10\/20251002_164425-18x8.webp 18w, https:\/\/lesvillasdeslacs.fr\/wp-content\/uploads\/2025\/10\/20251002_164425.webp 1500w\" sizes=\"(max-width: 800px) 100vw, 800px\" \/><\/a>\n\t\t\t<\/div>\n\t\t\t\t<figcaption class='wp-caption-text gallery-caption' id='gallery-1-3753'>\n\t\t\t\tTr\u00e8s grande chambre avec 2 lits doubles pour 4 personnes. d\u00e9coration \u00ab\u00a0Zen\/nature\u00a0\u00bb et une TV.\n\t\t\t\t<\/figcaption><\/figure><figure class='gallery-item'>\n\t\t\t<div class='gallery-icon landscape'>\n\t\t\t\t<a data-elementor-open-lightbox=\"yes\" data-elementor-lightbox-slideshow=\"6d94fff\" data-elementor-lightbox-title=\"villa1-jeuxexterieurs-2\" data-e-action-hash=\"#elementor-action%3Aaction%3Dlightbox%26settings%3DeyJpZCI6MjI5NSwidXJsIjoiaHR0cHM6XC9cL2xlc3ZpbGxhc2Rlc2xhY3MuZnJcL3dwLWNvbnRlbnRcL3VwbG9hZHNcLzIwMjVcLzA5XC92aWxsYTEtamV1eGV4dGVyaWV1cnMtMi53ZWJwIiwic2xpZGVzaG93IjoiNmQ5NGZmZiJ9\" href='https:\/\/lesvillasdeslacs.fr\/wp-content\/uploads\/2025\/09\/villa1-jeuxexterieurs-2.webp'><img loading=\"lazy\" decoding=\"async\" width=\"800\" height=\"450\" src=\"https:\/\/lesvillasdeslacs.fr\/wp-content\/uploads\/2025\/09\/villa1-jeuxexterieurs-2-1024x576.webp\" class=\"attachment-large size-large\" alt=\"\" srcset=\"https:\/\/lesvillasdeslacs.fr\/wp-content\/uploads\/2025\/09\/villa1-jeuxexterieurs-2-1024x576.webp 1024w, https:\/\/lesvillasdeslacs.fr\/wp-content\/uploads\/2025\/09\/villa1-jeuxexterieurs-2-300x169.webp 300w, https:\/\/lesvillasdeslacs.fr\/wp-content\/uploads\/2025\/09\/villa1-jeuxexterieurs-2-768x432.webp 768w, https:\/\/lesvillasdeslacs.fr\/wp-content\/uploads\/2025\/09\/villa1-jeuxexterieurs-2-1536x864.webp 1536w, https:\/\/lesvillasdeslacs.fr\/wp-content\/uploads\/2025\/09\/villa1-jeuxexterieurs-2-18x10.webp 18w, https:\/\/lesvillasdeslacs.fr\/wp-content\/uploads\/2025\/09\/villa1-jeuxexterieurs-2.webp 1600w\" sizes=\"(max-width: 800px) 100vw, 800px\" \/><\/a>\n\t\t\t<\/div><\/figure><figure class='gallery-item'>\n\t\t\t<div class='gallery-icon landscape'>\n\t\t\t\t<a data-elementor-open-lightbox=\"yes\" data-elementor-lightbox-slideshow=\"6d94fff\" data-elementor-lightbox-title=\"villa1-jeuxexterieurs-3\" data-e-action-hash=\"#elementor-action%3Aaction%3Dlightbox%26settings%3DeyJpZCI6MjI5NCwidXJsIjoiaHR0cHM6XC9cL2xlc3ZpbGxhc2Rlc2xhY3MuZnJcL3dwLWNvbnRlbnRcL3VwbG9hZHNcLzIwMjVcLzA5XC92aWxsYTEtamV1eGV4dGVyaWV1cnMtMy53ZWJwIiwic2xpZGVzaG93IjoiNmQ5NGZmZiJ9\" href='https:\/\/lesvillasdeslacs.fr\/wp-content\/uploads\/2025\/09\/villa1-jeuxexterieurs-3.webp'><img loading=\"lazy\" decoding=\"async\" width=\"800\" height=\"450\" src=\"https:\/\/lesvillasdeslacs.fr\/wp-content\/uploads\/2025\/09\/villa1-jeuxexterieurs-3-1024x576.webp\" class=\"attachment-large size-large\" alt=\"\" srcset=\"https:\/\/lesvillasdeslacs.fr\/wp-content\/uploads\/2025\/09\/villa1-jeuxexterieurs-3-1024x576.webp 1024w, https:\/\/lesvillasdeslacs.fr\/wp-content\/uploads\/2025\/09\/villa1-jeuxexterieurs-3-300x169.webp 300w, https:\/\/lesvillasdeslacs.fr\/wp-content\/uploads\/2025\/09\/villa1-jeuxexterieurs-3-768x432.webp 768w, https:\/\/lesvillasdeslacs.fr\/wp-content\/uploads\/2025\/09\/villa1-jeuxexterieurs-3-1536x864.webp 1536w, https:\/\/lesvillasdeslacs.fr\/wp-content\/uploads\/2025\/09\/villa1-jeuxexterieurs-3-18x10.webp 18w, https:\/\/lesvillasdeslacs.fr\/wp-content\/uploads\/2025\/09\/villa1-jeuxexterieurs-3.webp 1600w\" sizes=\"(max-width: 800px) 100vw, 800px\" \/><\/a>\n\t\t\t<\/div><\/figure><figure class='gallery-item'>\n\t\t\t<div class='gallery-icon landscape'>\n\t\t\t\t<a data-elementor-open-lightbox=\"yes\" data-elementor-lightbox-slideshow=\"6d94fff\" data-elementor-lightbox-title=\"villa1-jeuxexterieurs-4\" data-e-action-hash=\"#elementor-action%3Aaction%3Dlightbox%26settings%3DeyJpZCI6MjI5MywidXJsIjoiaHR0cHM6XC9cL2xlc3ZpbGxhc2Rlc2xhY3MuZnJcL3dwLWNvbnRlbnRcL3VwbG9hZHNcLzIwMjVcLzA5XC92aWxsYTEtamV1eGV4dGVyaWV1cnMtNC53ZWJwIiwic2xpZGVzaG93IjoiNmQ5NGZmZiJ9\" href='https:\/\/lesvillasdeslacs.fr\/wp-content\/uploads\/2025\/09\/villa1-jeuxexterieurs-4.webp'><img loading=\"lazy\" decoding=\"async\" width=\"800\" height=\"450\" src=\"https:\/\/lesvillasdeslacs.fr\/wp-content\/uploads\/2025\/09\/villa1-jeuxexterieurs-4-1024x576.webp\" class=\"attachment-large size-large\" alt=\"\" srcset=\"https:\/\/lesvillasdeslacs.fr\/wp-content\/uploads\/2025\/09\/villa1-jeuxexterieurs-4-1024x576.webp 1024w, https:\/\/lesvillasdeslacs.fr\/wp-content\/uploads\/2025\/09\/villa1-jeuxexterieurs-4-300x169.webp 300w, https:\/\/lesvillasdeslacs.fr\/wp-content\/uploads\/2025\/09\/villa1-jeuxexterieurs-4-768x432.webp 768w, https:\/\/lesvillasdeslacs.fr\/wp-content\/uploads\/2025\/09\/villa1-jeuxexterieurs-4-1536x864.webp 1536w, https:\/\/lesvillasdeslacs.fr\/wp-content\/uploads\/2025\/09\/villa1-jeuxexterieurs-4-18x10.webp 18w, https:\/\/lesvillasdeslacs.fr\/wp-content\/uploads\/2025\/09\/villa1-jeuxexterieurs-4.webp 1600w\" sizes=\"(max-width: 800px) 100vw, 800px\" \/><\/a>\n\t\t\t<\/div><\/figure><figure class='gallery-item'>\n\t\t\t<div class='gallery-icon landscape'>\n\t\t\t\t<a data-elementor-open-lightbox=\"yes\" data-elementor-lightbox-slideshow=\"6d94fff\" data-elementor-lightbox-title=\"villa1-jeuxexterieurs-5\" data-e-action-hash=\"#elementor-action%3Aaction%3Dlightbox%26settings%3DeyJpZCI6MjI5MiwidXJsIjoiaHR0cHM6XC9cL2xlc3ZpbGxhc2Rlc2xhY3MuZnJcL3dwLWNvbnRlbnRcL3VwbG9hZHNcLzIwMjVcLzA5XC92aWxsYTEtamV1eGV4dGVyaWV1cnMtNS53ZWJwIiwic2xpZGVzaG93IjoiNmQ5NGZmZiJ9\" href='https:\/\/lesvillasdeslacs.fr\/wp-content\/uploads\/2025\/09\/villa1-jeuxexterieurs-5.webp'><img loading=\"lazy\" decoding=\"async\" width=\"800\" height=\"450\" src=\"https:\/\/lesvillasdeslacs.fr\/wp-content\/uploads\/2025\/09\/villa1-jeuxexterieurs-5-1024x576.webp\" class=\"attachment-large size-large\" alt=\"\" srcset=\"https:\/\/lesvillasdeslacs.fr\/wp-content\/uploads\/2025\/09\/villa1-jeuxexterieurs-5-1024x576.webp 1024w, https:\/\/lesvillasdeslacs.fr\/wp-content\/uploads\/2025\/09\/villa1-jeuxexterieurs-5-300x169.webp 300w, https:\/\/lesvillasdeslacs.fr\/wp-content\/uploads\/2025\/09\/villa1-jeuxexterieurs-5-768x432.webp 768w, https:\/\/lesvillasdeslacs.fr\/wp-content\/uploads\/2025\/09\/villa1-jeuxexterieurs-5-1536x864.webp 1536w, https:\/\/lesvillasdeslacs.fr\/wp-content\/uploads\/2025\/09\/villa1-jeuxexterieurs-5-18x10.webp 18w, https:\/\/lesvillasdeslacs.fr\/wp-content\/uploads\/2025\/09\/villa1-jeuxexterieurs-5.webp 1600w\" sizes=\"(max-width: 800px) 100vw, 800px\" \/><\/a>\n\t\t\t<\/div><\/figure><figure class='gallery-item'>\n\t\t\t<div class='gallery-icon landscape'>\n\t\t\t\t<a data-elementor-open-lightbox=\"yes\" data-elementor-lightbox-slideshow=\"6d94fff\" data-elementor-lightbox-title=\"villa1-jeuxexterieurs-6\" data-e-action-hash=\"#elementor-action%3Aaction%3Dlightbox%26settings%3DeyJpZCI6MjI5MSwidXJsIjoiaHR0cHM6XC9cL2xlc3ZpbGxhc2Rlc2xhY3MuZnJcL3dwLWNvbnRlbnRcL3VwbG9hZHNcLzIwMjVcLzA5XC92aWxsYTEtamV1eGV4dGVyaWV1cnMtNi53ZWJwIiwic2xpZGVzaG93IjoiNmQ5NGZmZiJ9\" href='https:\/\/lesvillasdeslacs.fr\/wp-content\/uploads\/2025\/09\/villa1-jeuxexterieurs-6.webp'><img loading=\"lazy\" decoding=\"async\" width=\"800\" height=\"450\" src=\"https:\/\/lesvillasdeslacs.fr\/wp-content\/uploads\/2025\/09\/villa1-jeuxexterieurs-6-1024x576.webp\" class=\"attachment-large size-large\" alt=\"\" srcset=\"https:\/\/lesvillasdeslacs.fr\/wp-content\/uploads\/2025\/09\/villa1-jeuxexterieurs-6-1024x576.webp 1024w, https:\/\/lesvillasdeslacs.fr\/wp-content\/uploads\/2025\/09\/villa1-jeuxexterieurs-6-300x169.webp 300w, https:\/\/lesvillasdeslacs.fr\/wp-content\/uploads\/2025\/09\/villa1-jeuxexterieurs-6-768x432.webp 768w, https:\/\/lesvillasdeslacs.fr\/wp-content\/uploads\/2025\/09\/villa1-jeuxexterieurs-6-1536x864.webp 1536w, https:\/\/lesvillasdeslacs.fr\/wp-content\/uploads\/2025\/09\/villa1-jeuxexterieurs-6-18x10.webp 18w, https:\/\/lesvillasdeslacs.fr\/wp-content\/uploads\/2025\/09\/villa1-jeuxexterieurs-6.webp 1600w\" sizes=\"(max-width: 800px) 100vw, 800px\" \/><\/a>\n\t\t\t<\/div><\/figure><figure class='gallery-item'>\n\t\t\t<div class='gallery-icon landscape'>\n\t\t\t\t<a data-elementor-open-lightbox=\"yes\" data-elementor-lightbox-slideshow=\"6d94fff\" data-elementor-lightbox-title=\"villa1-jeuxexterieurs-7\" data-e-action-hash=\"#elementor-action%3Aaction%3Dlightbox%26settings%3DeyJpZCI6MjI5MCwidXJsIjoiaHR0cHM6XC9cL2xlc3ZpbGxhc2Rlc2xhY3MuZnJcL3dwLWNvbnRlbnRcL3VwbG9hZHNcLzIwMjVcLzA5XC92aWxsYTEtamV1eGV4dGVyaWV1cnMtNy53ZWJwIiwic2xpZGVzaG93IjoiNmQ5NGZmZiJ9\" href='https:\/\/lesvillasdeslacs.fr\/wp-content\/uploads\/2025\/09\/villa1-jeuxexterieurs-7.webp'><img loading=\"lazy\" decoding=\"async\" width=\"800\" height=\"450\" src=\"https:\/\/lesvillasdeslacs.fr\/wp-content\/uploads\/2025\/09\/villa1-jeuxexterieurs-7-1024x576.webp\" class=\"attachment-large size-large\" alt=\"\" srcset=\"https:\/\/lesvillasdeslacs.fr\/wp-content\/uploads\/2025\/09\/villa1-jeuxexterieurs-7-1024x576.webp 1024w, https:\/\/lesvillasdeslacs.fr\/wp-content\/uploads\/2025\/09\/villa1-jeuxexterieurs-7-300x169.webp 300w, https:\/\/lesvillasdeslacs.fr\/wp-content\/uploads\/2025\/09\/villa1-jeuxexterieurs-7-768x432.webp 768w, https:\/\/lesvillasdeslacs.fr\/wp-content\/uploads\/2025\/09\/villa1-jeuxexterieurs-7-1536x864.webp 1536w, https:\/\/lesvillasdeslacs.fr\/wp-content\/uploads\/2025\/09\/villa1-jeuxexterieurs-7-18x10.webp 18w, https:\/\/lesvillasdeslacs.fr\/wp-content\/uploads\/2025\/09\/villa1-jeuxexterieurs-7.webp 1600w\" sizes=\"(max-width: 800px) 100vw, 800px\" \/><\/a>\n\t\t\t<\/div><\/figure><figure class='gallery-item'>\n\t\t\t<div class='gallery-icon landscape'>\n\t\t\t\t<a data-elementor-open-lightbox=\"yes\" data-elementor-lightbox-slideshow=\"6d94fff\" data-elementor-lightbox-title=\"Home cin\u00e9ma\" data-e-action-hash=\"#elementor-action%3Aaction%3Dlightbox%26settings%3DeyJpZCI6MzE5NiwidXJsIjoiaHR0cHM6XC9cL2xlc3ZpbGxhc2Rlc2xhY3MuZnJcL3dwLWNvbnRlbnRcL3VwbG9hZHNcLzIwMjVcLzEwXC9ob21lLWNpbmVtYS53ZWJwIiwic2xpZGVzaG93IjoiNmQ5NGZmZiJ9\" href='https:\/\/lesvillasdeslacs.fr\/wp-content\/uploads\/2025\/10\/home-cinema.webp'><img loading=\"lazy\" decoding=\"async\" width=\"800\" height=\"539\" src=\"https:\/\/lesvillasdeslacs.fr\/wp-content\/uploads\/2025\/10\/home-cinema-1024x690.webp\" class=\"attachment-large size-large\" alt=\"Home cin\u00e9ma puissant avec TV grand \u00e9cran.\" aria-describedby=\"gallery-1-3196\" srcset=\"https:\/\/lesvillasdeslacs.fr\/wp-content\/uploads\/2025\/10\/home-cinema-1024x690.webp 1024w, https:\/\/lesvillasdeslacs.fr\/wp-content\/uploads\/2025\/10\/home-cinema-300x202.webp 300w, https:\/\/lesvillasdeslacs.fr\/wp-content\/uploads\/2025\/10\/home-cinema-768x517.webp 768w, https:\/\/lesvillasdeslacs.fr\/wp-content\/uploads\/2025\/10\/home-cinema-1536x1034.webp 1536w, https:\/\/lesvillasdeslacs.fr\/wp-content\/uploads\/2025\/10\/home-cinema-18x12.webp 18w, https:\/\/lesvillasdeslacs.fr\/wp-content\/uploads\/2025\/10\/home-cinema.webp 1963w\" sizes=\"(max-width: 800px) 100vw, 800px\" \/><\/a>\n\t\t\t<\/div>\n\t\t\t\t<figcaption class='wp-caption-text gallery-caption' id='gallery-1-3196'>\n\t\t\t\tHome cin\u00e9ma puissant avec TV grand \u00e9cran acces a une vid\u00e9otheque. \n\t\t\t\t<\/figcaption><\/figure><figure class='gallery-item'>\n\t\t\t<div class='gallery-icon landscape'>\n\t\t\t\t<a data-elementor-open-lightbox=\"yes\" data-elementor-lightbox-slideshow=\"6d94fff\" data-elementor-lightbox-title=\"Tour de son bluetooth\" data-e-action-hash=\"#elementor-action%3Aaction%3Dlightbox%26settings%3DeyJpZCI6MzE5MywidXJsIjoiaHR0cHM6XC9cL2xlc3ZpbGxhc2Rlc2xhY3MuZnJcL3dwLWNvbnRlbnRcL3VwbG9hZHNcLzIwMjVcLzEwXC90b3VyLWRlLXNvbi1zY2FsZWQud2VicCIsInNsaWRlc2hvdyI6IjZkOTRmZmYifQ%3D%3D\" href='https:\/\/lesvillasdeslacs.fr\/wp-content\/uploads\/2025\/10\/tour-de-son-scaled.webp'><img loading=\"lazy\" decoding=\"async\" width=\"800\" height=\"463\" src=\"https:\/\/lesvillasdeslacs.fr\/wp-content\/uploads\/2025\/10\/tour-de-son-1024x592.webp\" class=\"attachment-large size-large\" alt=\"Profitez de la tour de son Bluetooth de la Villa Temple.\" aria-describedby=\"gallery-1-3193\" srcset=\"https:\/\/lesvillasdeslacs.fr\/wp-content\/uploads\/2025\/10\/tour-de-son-1024x592.webp 1024w, https:\/\/lesvillasdeslacs.fr\/wp-content\/uploads\/2025\/10\/tour-de-son-300x174.webp 300w, https:\/\/lesvillasdeslacs.fr\/wp-content\/uploads\/2025\/10\/tour-de-son-768x444.webp 768w, https:\/\/lesvillasdeslacs.fr\/wp-content\/uploads\/2025\/10\/tour-de-son-1536x888.webp 1536w, https:\/\/lesvillasdeslacs.fr\/wp-content\/uploads\/2025\/10\/tour-de-son-2048x1184.webp 2048w, https:\/\/lesvillasdeslacs.fr\/wp-content\/uploads\/2025\/10\/tour-de-son-18x10.webp 18w\" sizes=\"(max-width: 800px) 100vw, 800px\" \/><\/a>\n\t\t\t<\/div>\n\t\t\t\t<figcaption class='wp-caption-text gallery-caption' id='gallery-1-3193'>\n\t\t\t\tD\u00e9tendez vous et profitez de la tour de son Bluetooth de la Villa Temple.\n\t\t\t\t<\/figcaption><\/figure><figure class='gallery-item'>\n\t\t\t<div class='gallery-icon landscape'>\n\t\t\t\t<a data-elementor-open-lightbox=\"yes\" data-elementor-lightbox-slideshow=\"6d94fff\" data-elementor-lightbox-title=\"Jeu de fl\u00e9chettes \u00e9lectronique\" data-e-action-hash=\"#elementor-action%3Aaction%3Dlightbox%26settings%3DeyJpZCI6Mzc1NCwidXJsIjoiaHR0cHM6XC9cL2xlc3ZpbGxhc2Rlc2xhY3MuZnJcL3dwLWNvbnRlbnRcL3VwbG9hZHNcLzIwMjVcLzEwXC8yMDI1MTAwMl8xNjQ1MzAud2VicCIsInNsaWRlc2hvdyI6IjZkOTRmZmYifQ%3D%3D\" href='https:\/\/lesvillasdeslacs.fr\/wp-content\/uploads\/2025\/10\/20251002_164530.webp'><img loading=\"lazy\" decoding=\"async\" width=\"800\" height=\"360\" src=\"https:\/\/lesvillasdeslacs.fr\/wp-content\/uploads\/2025\/10\/20251002_164530-1024x461.webp\" class=\"attachment-large size-large\" alt=\"Jeu de fl\u00e9chettes \u00e9lectronique sur pied.\" aria-describedby=\"gallery-1-3754\" srcset=\"https:\/\/lesvillasdeslacs.fr\/wp-content\/uploads\/2025\/10\/20251002_164530-1024x461.webp 1024w, https:\/\/lesvillasdeslacs.fr\/wp-content\/uploads\/2025\/10\/20251002_164530-300x135.webp 300w, https:\/\/lesvillasdeslacs.fr\/wp-content\/uploads\/2025\/10\/20251002_164530-768x346.webp 768w, https:\/\/lesvillasdeslacs.fr\/wp-content\/uploads\/2025\/10\/20251002_164530-18x8.webp 18w, https:\/\/lesvillasdeslacs.fr\/wp-content\/uploads\/2025\/10\/20251002_164530.webp 1500w\" sizes=\"(max-width: 800px) 100vw, 800px\" \/><\/a>\n\t\t\t<\/div>\n\t\t\t\t<figcaption class='wp-caption-text gallery-caption' id='gallery-1-3754'>\n\t\t\t\tJeu de fl\u00e9chettes \u00e9lectronique sur pied avec un \u00e9clairage design.\n\t\t\t\t<\/figcaption><\/figure><figure class='gallery-item'>\n\t\t\t<div class='gallery-icon landscape'>\n\t\t\t\t<a data-elementor-open-lightbox=\"yes\" data-elementor-lightbox-slideshow=\"6d94fff\" data-elementor-lightbox-title=\"villa1-jeuxinterieur-02\" data-e-action-hash=\"#elementor-action%3Aaction%3Dlightbox%26settings%3DeyJpZCI6MjI4OSwidXJsIjoiaHR0cHM6XC9cL2xlc3ZpbGxhc2Rlc2xhY3MuZnJcL3dwLWNvbnRlbnRcL3VwbG9hZHNcLzIwMjVcLzA5XC92aWxsYTEtamV1eGludGVyaWV1ci0wMi53ZWJwIiwic2xpZGVzaG93IjoiNmQ5NGZmZiJ9\" href='https:\/\/lesvillasdeslacs.fr\/wp-content\/uploads\/2025\/09\/villa1-jeuxinterieur-02.webp'><img loading=\"lazy\" decoding=\"async\" width=\"800\" height=\"450\" src=\"https:\/\/lesvillasdeslacs.fr\/wp-content\/uploads\/2025\/09\/villa1-jeuxinterieur-02-1024x576.webp\" class=\"attachment-large size-large\" alt=\"\" srcset=\"https:\/\/lesvillasdeslacs.fr\/wp-content\/uploads\/2025\/09\/villa1-jeuxinterieur-02-1024x576.webp 1024w, https:\/\/lesvillasdeslacs.fr\/wp-content\/uploads\/2025\/09\/villa1-jeuxinterieur-02-300x169.webp 300w, https:\/\/lesvillasdeslacs.fr\/wp-content\/uploads\/2025\/09\/villa1-jeuxinterieur-02-768x432.webp 768w, https:\/\/lesvillasdeslacs.fr\/wp-content\/uploads\/2025\/09\/villa1-jeuxinterieur-02-1536x864.webp 1536w, https:\/\/lesvillasdeslacs.fr\/wp-content\/uploads\/2025\/09\/villa1-jeuxinterieur-02-18x10.webp 18w, https:\/\/lesvillasdeslacs.fr\/wp-content\/uploads\/2025\/09\/villa1-jeuxinterieur-02.webp 1600w\" sizes=\"(max-width: 800px) 100vw, 800px\" \/><\/a>\n\t\t\t<\/div><\/figure><figure class='gallery-item'>\n\t\t\t<div class='gallery-icon landscape'>\n\t\t\t\t<a data-elementor-open-lightbox=\"yes\" data-elementor-lightbox-slideshow=\"6d94fff\" data-elementor-lightbox-title=\"villa1-jeuxinterieur-01\" data-e-action-hash=\"#elementor-action%3Aaction%3Dlightbox%26settings%3DeyJpZCI6MjI4OCwidXJsIjoiaHR0cHM6XC9cL2xlc3ZpbGxhc2Rlc2xhY3MuZnJcL3dwLWNvbnRlbnRcL3VwbG9hZHNcLzIwMjVcLzA5XC92aWxsYTEtamV1eGludGVyaWV1ci0wMS53ZWJwIiwic2xpZGVzaG93IjoiNmQ5NGZmZiJ9\" href='https:\/\/lesvillasdeslacs.fr\/wp-content\/uploads\/2025\/09\/villa1-jeuxinterieur-01.webp'><img loading=\"lazy\" decoding=\"async\" width=\"800\" height=\"450\" src=\"https:\/\/lesvillasdeslacs.fr\/wp-content\/uploads\/2025\/09\/villa1-jeuxinterieur-01-1024x576.webp\" class=\"attachment-large size-large\" alt=\"\" srcset=\"https:\/\/lesvillasdeslacs.fr\/wp-content\/uploads\/2025\/09\/villa1-jeuxinterieur-01-1024x576.webp 1024w, https:\/\/lesvillasdeslacs.fr\/wp-content\/uploads\/2025\/09\/villa1-jeuxinterieur-01-300x169.webp 300w, https:\/\/lesvillasdeslacs.fr\/wp-content\/uploads\/2025\/09\/villa1-jeuxinterieur-01-768x432.webp 768w, https:\/\/lesvillasdeslacs.fr\/wp-content\/uploads\/2025\/09\/villa1-jeuxinterieur-01-1536x864.webp 1536w, https:\/\/lesvillasdeslacs.fr\/wp-content\/uploads\/2025\/09\/villa1-jeuxinterieur-01-18x10.webp 18w, https:\/\/lesvillasdeslacs.fr\/wp-content\/uploads\/2025\/09\/villa1-jeuxinterieur-01.webp 1600w\" sizes=\"(max-width: 800px) 100vw, 800px\" \/><\/a>\n\t\t\t<\/div><\/figure><figure class='gallery-item'>\n\t\t\t<div class='gallery-icon landscape'>\n\t\t\t\t<a data-elementor-open-lightbox=\"yes\" data-elementor-lightbox-slideshow=\"6d94fff\" data-elementor-lightbox-title=\"villa1-jeuxinterieur-05\" data-e-action-hash=\"#elementor-action%3Aaction%3Dlightbox%26settings%3DeyJpZCI6MjI4NywidXJsIjoiaHR0cHM6XC9cL2xlc3ZpbGxhc2Rlc2xhY3MuZnJcL3dwLWNvbnRlbnRcL3VwbG9hZHNcLzIwMjVcLzA5XC92aWxsYTEtamV1eGludGVyaWV1ci0wNS53ZWJwIiwic2xpZGVzaG93IjoiNmQ5NGZmZiJ9\" href='https:\/\/lesvillasdeslacs.fr\/wp-content\/uploads\/2025\/09\/villa1-jeuxinterieur-05.webp'><img loading=\"lazy\" decoding=\"async\" width=\"800\" height=\"450\" src=\"https:\/\/lesvillasdeslacs.fr\/wp-content\/uploads\/2025\/09\/villa1-jeuxinterieur-05-1024x576.webp\" class=\"attachment-large size-large\" alt=\"\" srcset=\"https:\/\/lesvillasdeslacs.fr\/wp-content\/uploads\/2025\/09\/villa1-jeuxinterieur-05-1024x576.webp 1024w, https:\/\/lesvillasdeslacs.fr\/wp-content\/uploads\/2025\/09\/villa1-jeuxinterieur-05-300x169.webp 300w, https:\/\/lesvillasdeslacs.fr\/wp-content\/uploads\/2025\/09\/villa1-jeuxinterieur-05-768x432.webp 768w, https:\/\/lesvillasdeslacs.fr\/wp-content\/uploads\/2025\/09\/villa1-jeuxinterieur-05-1536x864.webp 1536w, https:\/\/lesvillasdeslacs.fr\/wp-content\/uploads\/2025\/09\/villa1-jeuxinterieur-05-18x10.webp 18w, https:\/\/lesvillasdeslacs.fr\/wp-content\/uploads\/2025\/09\/villa1-jeuxinterieur-05.webp 1600w\" sizes=\"(max-width: 800px) 100vw, 800px\" \/><\/a>\n\t\t\t<\/div><\/figure><figure class='gallery-item'>\n\t\t\t<div class='gallery-icon landscape'>\n\t\t\t\t<a data-elementor-open-lightbox=\"yes\" data-elementor-lightbox-slideshow=\"6d94fff\" data-elementor-lightbox-title=\"villa1-jeuxinterieur-03\" data-e-action-hash=\"#elementor-action%3Aaction%3Dlightbox%26settings%3DeyJpZCI6MjI4NSwidXJsIjoiaHR0cHM6XC9cL2xlc3ZpbGxhc2Rlc2xhY3MuZnJcL3dwLWNvbnRlbnRcL3VwbG9hZHNcLzIwMjVcLzA5XC92aWxsYTEtamV1eGludGVyaWV1ci0wMy53ZWJwIiwic2xpZGVzaG93IjoiNmQ5NGZmZiJ9\" href='https:\/\/lesvillasdeslacs.fr\/wp-content\/uploads\/2025\/09\/villa1-jeuxinterieur-03.webp'><img loading=\"lazy\" decoding=\"async\" width=\"800\" height=\"450\" src=\"https:\/\/lesvillasdeslacs.fr\/wp-content\/uploads\/2025\/09\/villa1-jeuxinterieur-03-1024x576.webp\" class=\"attachment-large size-large\" alt=\"\" srcset=\"https:\/\/lesvillasdeslacs.fr\/wp-content\/uploads\/2025\/09\/villa1-jeuxinterieur-03-1024x576.webp 1024w, https:\/\/lesvillasdeslacs.fr\/wp-content\/uploads\/2025\/09\/villa1-jeuxinterieur-03-300x169.webp 300w, https:\/\/lesvillasdeslacs.fr\/wp-content\/uploads\/2025\/09\/villa1-jeuxinterieur-03-768x432.webp 768w, https:\/\/lesvillasdeslacs.fr\/wp-content\/uploads\/2025\/09\/villa1-jeuxinterieur-03-1536x864.webp 1536w, https:\/\/lesvillasdeslacs.fr\/wp-content\/uploads\/2025\/09\/villa1-jeuxinterieur-03-18x10.webp 18w, https:\/\/lesvillasdeslacs.fr\/wp-content\/uploads\/2025\/09\/villa1-jeuxinterieur-03.webp 1600w\" sizes=\"(max-width: 800px) 100vw, 800px\" \/><\/a>\n\t\t\t<\/div><\/figure><figure class='gallery-item'>\n\t\t\t<div class='gallery-icon portrait'>\n\t\t\t\t<a data-elementor-open-lightbox=\"yes\" data-elementor-lightbox-slideshow=\"6d94fff\" data-elementor-lightbox-title=\"villa1-jeuxinterieur-23\" data-e-action-hash=\"#elementor-action%3Aaction%3Dlightbox%26settings%3DeyJpZCI6MjI1OSwidXJsIjoiaHR0cHM6XC9cL2xlc3ZpbGxhc2Rlc2xhY3MuZnJcL3dwLWNvbnRlbnRcL3VwbG9hZHNcLzIwMjVcLzA5XC92aWxsYTEtamV1eGludGVyaWV1ci0yMy1zY2FsZWQud2VicCIsInNsaWRlc2hvdyI6IjZkOTRmZmYifQ%3D%3D\" href='https:\/\/lesvillasdeslacs.fr\/wp-content\/uploads\/2025\/09\/villa1-jeuxinterieur-23-scaled.webp'><img loading=\"lazy\" decoding=\"async\" width=\"461\" height=\"1024\" src=\"https:\/\/lesvillasdeslacs.fr\/wp-content\/uploads\/2025\/09\/villa1-jeuxinterieur-23-461x1024.webp\" class=\"attachment-large size-large\" alt=\"\" srcset=\"https:\/\/lesvillasdeslacs.fr\/wp-content\/uploads\/2025\/09\/villa1-jeuxinterieur-23-461x1024.webp 461w, https:\/\/lesvillasdeslacs.fr\/wp-content\/uploads\/2025\/09\/villa1-jeuxinterieur-23-135x300.webp 135w, https:\/\/lesvillasdeslacs.fr\/wp-content\/uploads\/2025\/09\/villa1-jeuxinterieur-23-768x1705.webp 768w, https:\/\/lesvillasdeslacs.fr\/wp-content\/uploads\/2025\/09\/villa1-jeuxinterieur-23-692x1536.webp 692w, https:\/\/lesvillasdeslacs.fr\/wp-content\/uploads\/2025\/09\/villa1-jeuxinterieur-23-922x2048.webp 922w, https:\/\/lesvillasdeslacs.fr\/wp-content\/uploads\/2025\/09\/villa1-jeuxinterieur-23-5x12.webp 5w, https:\/\/lesvillasdeslacs.fr\/wp-content\/uploads\/2025\/09\/villa1-jeuxinterieur-23-scaled.webp 1153w\" sizes=\"(max-width: 461px) 100vw, 461px\" \/><\/a>\n\t\t\t<\/div><\/figure><figure class='gallery-item'>\n\t\t\t<div class='gallery-icon portrait'>\n\t\t\t\t<a data-elementor-open-lightbox=\"yes\" data-elementor-lightbox-slideshow=\"6d94fff\" data-elementor-lightbox-title=\"Flipper virtuelle (Pincab)\" data-e-action-hash=\"#elementor-action%3Aaction%3Dlightbox%26settings%3DeyJpZCI6MzQ3NiwidXJsIjoiaHR0cHM6XC9cL2xlc3ZpbGxhc2Rlc2xhY3MuZnJcL3dwLWNvbnRlbnRcL3VwbG9hZHNcLzIwMjVcLzEwXC8yMDI1MDkyM18xOTU2MTEud2VicCIsInNsaWRlc2hvdyI6IjZkOTRmZmYifQ%3D%3D\" href='https:\/\/lesvillasdeslacs.fr\/wp-content\/uploads\/2025\/10\/20250923_195611.webp'><img loading=\"lazy\" decoding=\"async\" width=\"461\" height=\"1024\" src=\"https:\/\/lesvillasdeslacs.fr\/wp-content\/uploads\/2025\/10\/20250923_195611-461x1024.webp\" class=\"attachment-large size-large\" alt=\"Flipper virtuelle (Pincab) moderne et design qui regroupe plus de 300 jeux de flipper diff\u00e9rents.\" aria-describedby=\"gallery-1-3476\" srcset=\"https:\/\/lesvillasdeslacs.fr\/wp-content\/uploads\/2025\/10\/20250923_195611-461x1024.webp 461w, https:\/\/lesvillasdeslacs.fr\/wp-content\/uploads\/2025\/10\/20250923_195611-135x300.webp 135w, https:\/\/lesvillasdeslacs.fr\/wp-content\/uploads\/2025\/10\/20250923_195611-768x1705.webp 768w, https:\/\/lesvillasdeslacs.fr\/wp-content\/uploads\/2025\/10\/20250923_195611-692x1536.webp 692w, https:\/\/lesvillasdeslacs.fr\/wp-content\/uploads\/2025\/10\/20250923_195611-923x2048.webp 923w, https:\/\/lesvillasdeslacs.fr\/wp-content\/uploads\/2025\/10\/20250923_195611-5x12.webp 5w, https:\/\/lesvillasdeslacs.fr\/wp-content\/uploads\/2025\/10\/20250923_195611.webp 1000w\" sizes=\"(max-width: 461px) 100vw, 461px\" \/><\/a>\n\t\t\t<\/div>\n\t\t\t\t<figcaption class='wp-caption-text gallery-caption' id='gallery-1-3476'>\n\t\t\t\tFlipper virtuelle (Pincab) moderne et design qui regroupe plus de 300 jeux de flipper diff\u00e9rents. Les sensations sont garanties grace a ses \u00e9clairages interactifs, le son imersif et un acc\u00e9l\u00e9rometre qui permet de jouer avec les memes sensations de touch\u00e9 qu&rsquo;un vrai flipper.\n\t\t\t\t<\/figcaption><\/figure><figure class='gallery-item'>\n\t\t\t<div class='gallery-icon portrait'>\n\t\t\t\t<a data-elementor-open-lightbox=\"yes\" data-elementor-lightbox-slideshow=\"6d94fff\" data-elementor-lightbox-title=\"villa1-jeuxinterieur-06\" data-e-action-hash=\"#elementor-action%3Aaction%3Dlightbox%26settings%3DeyJpZCI6MjI0OSwidXJsIjoiaHR0cHM6XC9cL2xlc3ZpbGxhc2Rlc2xhY3MuZnJcL3dwLWNvbnRlbnRcL3VwbG9hZHNcLzIwMjVcLzA5XC92aWxsYTEtamV1eGludGVyaWV1ci0wNi1zY2FsZWQud2VicCIsInNsaWRlc2hvdyI6IjZkOTRmZmYifQ%3D%3D\" href='https:\/\/lesvillasdeslacs.fr\/wp-content\/uploads\/2025\/09\/villa1-jeuxinterieur-06-scaled.webp'><img loading=\"lazy\" decoding=\"async\" width=\"461\" height=\"1024\" src=\"https:\/\/lesvillasdeslacs.fr\/wp-content\/uploads\/2025\/09\/villa1-jeuxinterieur-06-461x1024.webp\" class=\"attachment-large size-large\" alt=\"\" srcset=\"https:\/\/lesvillasdeslacs.fr\/wp-content\/uploads\/2025\/09\/villa1-jeuxinterieur-06-461x1024.webp 461w, https:\/\/lesvillasdeslacs.fr\/wp-content\/uploads\/2025\/09\/villa1-jeuxinterieur-06-135x300.webp 135w, https:\/\/lesvillasdeslacs.fr\/wp-content\/uploads\/2025\/09\/villa1-jeuxinterieur-06-768x1705.webp 768w, https:\/\/lesvillasdeslacs.fr\/wp-content\/uploads\/2025\/09\/villa1-jeuxinterieur-06-692x1536.webp 692w, https:\/\/lesvillasdeslacs.fr\/wp-content\/uploads\/2025\/09\/villa1-jeuxinterieur-06-922x2048.webp 922w, https:\/\/lesvillasdeslacs.fr\/wp-content\/uploads\/2025\/09\/villa1-jeuxinterieur-06-5x12.webp 5w, https:\/\/lesvillasdeslacs.fr\/wp-content\/uploads\/2025\/09\/villa1-jeuxinterieur-06-scaled.webp 1153w\" sizes=\"(max-width: 461px) 100vw, 461px\" \/><\/a>\n\t\t\t<\/div><\/figure>\n\t\t<\/div>\n\t\t<\/div>\n\t\t\t\t\t\t<\/div>\n\t\t\t\t<\/div>\n\t\t<div class=\"elementor-element elementor-element-4c7ad07 e-con-full gal-panel gal-2 e-flex e-con e-child\" data-id=\"4c7ad07\" data-element_type=\"container\" data-e-type=\"container\">\n\t\t\t\t<div class=\"elementor-element elementor-element-64bc7bf gallery-spacing-custom elementor-widget elementor-widget-image-gallery\" data-id=\"64bc7bf\" data-element_type=\"widget\" data-e-type=\"widget\" data-widget_type=\"image-gallery.default\">\n\t\t\t\t\t\t\t<div class=\"elementor-image-gallery\">\n\t\t\t<div id='gallery-2' class='gallery galleryid-1158 gallery-columns-4 gallery-size-large'><figure class='gallery-item'>\n\t\t\t<div class='gallery-icon landscape'>\n\t\t\t\t<a data-elementor-open-lightbox=\"yes\" data-elementor-lightbox-slideshow=\"64bc7bf\" data-elementor-lightbox-title=\"exterieur avant__20250928_130456__006\" data-e-action-hash=\"#elementor-action%3Aaction%3Dlightbox%26settings%3DeyJpZCI6Mjk5MSwidXJsIjoiaHR0cHM6XC9cL2xlc3ZpbGxhc2Rlc2xhY3MuZnJcL3dwLWNvbnRlbnRcL3VwbG9hZHNcLzIwMjVcLzEwXC9leHRlcmlldXItYXZhbnRfXzIwMjUwOTI4XzEzMDQ1Nl9fMDA2LndlYnAiLCJzbGlkZXNob3ciOiI2NGJjN2JmIn0%3D\" href='https:\/\/lesvillasdeslacs.fr\/wp-content\/uploads\/2025\/10\/exterieur-avant__20250928_130456__006.webp'><img loading=\"lazy\" decoding=\"async\" width=\"800\" height=\"360\" src=\"https:\/\/lesvillasdeslacs.fr\/wp-content\/uploads\/2025\/10\/exterieur-avant__20250928_130456__006-1024x461.webp\" class=\"attachment-large size-large\" alt=\"\" srcset=\"https:\/\/lesvillasdeslacs.fr\/wp-content\/uploads\/2025\/10\/exterieur-avant__20250928_130456__006-1024x461.webp 1024w, https:\/\/lesvillasdeslacs.fr\/wp-content\/uploads\/2025\/10\/exterieur-avant__20250928_130456__006-300x135.webp 300w, https:\/\/lesvillasdeslacs.fr\/wp-content\/uploads\/2025\/10\/exterieur-avant__20250928_130456__006-768x346.webp 768w, https:\/\/lesvillasdeslacs.fr\/wp-content\/uploads\/2025\/10\/exterieur-avant__20250928_130456__006-1536x691.webp 1536w, https:\/\/lesvillasdeslacs.fr\/wp-content\/uploads\/2025\/10\/exterieur-avant__20250928_130456__006-18x8.webp 18w, https:\/\/lesvillasdeslacs.fr\/wp-content\/uploads\/2025\/10\/exterieur-avant__20250928_130456__006.webp 1600w\" sizes=\"(max-width: 800px) 100vw, 800px\" \/><\/a>\n\t\t\t<\/div><\/figure><figure class='gallery-item'>\n\t\t\t<div class='gallery-icon landscape'>\n\t\t\t\t<a data-elementor-open-lightbox=\"yes\" data-elementor-lightbox-slideshow=\"64bc7bf\" data-elementor-lightbox-title=\"villa2-exterieur-avant-04\" data-e-action-hash=\"#elementor-action%3Aaction%3Dlightbox%26settings%3DeyJpZCI6MjM2MCwidXJsIjoiaHR0cHM6XC9cL2xlc3ZpbGxhc2Rlc2xhY3MuZnJcL3dwLWNvbnRlbnRcL3VwbG9hZHNcLzIwMjVcLzA5XC92aWxsYTItZXh0ZXJpZXVyLWF2YW50LTA0LndlYnAiLCJzbGlkZXNob3ciOiI2NGJjN2JmIn0%3D\" href='https:\/\/lesvillasdeslacs.fr\/wp-content\/uploads\/2025\/09\/villa2-exterieur-avant-04.webp'><img loading=\"lazy\" decoding=\"async\" width=\"800\" height=\"450\" src=\"https:\/\/lesvillasdeslacs.fr\/wp-content\/uploads\/2025\/09\/villa2-exterieur-avant-04-1024x576.webp\" class=\"attachment-large size-large\" alt=\"\" srcset=\"https:\/\/lesvillasdeslacs.fr\/wp-content\/uploads\/2025\/09\/villa2-exterieur-avant-04-1024x576.webp 1024w, https:\/\/lesvillasdeslacs.fr\/wp-content\/uploads\/2025\/09\/villa2-exterieur-avant-04-300x169.webp 300w, https:\/\/lesvillasdeslacs.fr\/wp-content\/uploads\/2025\/09\/villa2-exterieur-avant-04-768x432.webp 768w, https:\/\/lesvillasdeslacs.fr\/wp-content\/uploads\/2025\/09\/villa2-exterieur-avant-04-1536x864.webp 1536w, https:\/\/lesvillasdeslacs.fr\/wp-content\/uploads\/2025\/09\/villa2-exterieur-avant-04-18x10.webp 18w, https:\/\/lesvillasdeslacs.fr\/wp-content\/uploads\/2025\/09\/villa2-exterieur-avant-04.webp 1600w\" sizes=\"(max-width: 800px) 100vw, 800px\" \/><\/a>\n\t\t\t<\/div><\/figure><figure class='gallery-item'>\n\t\t\t<div class='gallery-icon landscape'>\n\t\t\t\t<a data-elementor-open-lightbox=\"yes\" data-elementor-lightbox-slideshow=\"64bc7bf\" data-elementor-lightbox-title=\"villa2-exterieur-avant-03\" data-e-action-hash=\"#elementor-action%3Aaction%3Dlightbox%26settings%3DeyJpZCI6MjM1OSwidXJsIjoiaHR0cHM6XC9cL2xlc3ZpbGxhc2Rlc2xhY3MuZnJcL3dwLWNvbnRlbnRcL3VwbG9hZHNcLzIwMjVcLzA5XC92aWxsYTItZXh0ZXJpZXVyLWF2YW50LTAzLndlYnAiLCJzbGlkZXNob3ciOiI2NGJjN2JmIn0%3D\" href='https:\/\/lesvillasdeslacs.fr\/wp-content\/uploads\/2025\/09\/villa2-exterieur-avant-03.webp'><img loading=\"lazy\" decoding=\"async\" width=\"800\" height=\"450\" src=\"https:\/\/lesvillasdeslacs.fr\/wp-content\/uploads\/2025\/09\/villa2-exterieur-avant-03-1024x576.webp\" class=\"attachment-large size-large\" alt=\"\" srcset=\"https:\/\/lesvillasdeslacs.fr\/wp-content\/uploads\/2025\/09\/villa2-exterieur-avant-03-1024x576.webp 1024w, https:\/\/lesvillasdeslacs.fr\/wp-content\/uploads\/2025\/09\/villa2-exterieur-avant-03-300x169.webp 300w, https:\/\/lesvillasdeslacs.fr\/wp-content\/uploads\/2025\/09\/villa2-exterieur-avant-03-768x432.webp 768w, https:\/\/lesvillasdeslacs.fr\/wp-content\/uploads\/2025\/09\/villa2-exterieur-avant-03-1536x864.webp 1536w, https:\/\/lesvillasdeslacs.fr\/wp-content\/uploads\/2025\/09\/villa2-exterieur-avant-03-18x10.webp 18w, https:\/\/lesvillasdeslacs.fr\/wp-content\/uploads\/2025\/09\/villa2-exterieur-avant-03.webp 1600w\" sizes=\"(max-width: 800px) 100vw, 800px\" \/><\/a>\n\t\t\t<\/div><\/figure><figure class='gallery-item'>\n\t\t\t<div class='gallery-icon landscape'>\n\t\t\t\t<a data-elementor-open-lightbox=\"yes\" data-elementor-lightbox-slideshow=\"64bc7bf\" data-elementor-lightbox-title=\"villa2-exterieur-avant-06\" data-e-action-hash=\"#elementor-action%3Aaction%3Dlightbox%26settings%3DeyJpZCI6MjM1OCwidXJsIjoiaHR0cHM6XC9cL2xlc3ZpbGxhc2Rlc2xhY3MuZnJcL3dwLWNvbnRlbnRcL3VwbG9hZHNcLzIwMjVcLzA5XC92aWxsYTItZXh0ZXJpZXVyLWF2YW50LTA2LndlYnAiLCJzbGlkZXNob3ciOiI2NGJjN2JmIn0%3D\" href='https:\/\/lesvillasdeslacs.fr\/wp-content\/uploads\/2025\/09\/villa2-exterieur-avant-06.webp'><img loading=\"lazy\" decoding=\"async\" width=\"800\" height=\"450\" src=\"https:\/\/lesvillasdeslacs.fr\/wp-content\/uploads\/2025\/09\/villa2-exterieur-avant-06-1024x576.webp\" class=\"attachment-large size-large\" alt=\"\" srcset=\"https:\/\/lesvillasdeslacs.fr\/wp-content\/uploads\/2025\/09\/villa2-exterieur-avant-06-1024x576.webp 1024w, https:\/\/lesvillasdeslacs.fr\/wp-content\/uploads\/2025\/09\/villa2-exterieur-avant-06-300x169.webp 300w, https:\/\/lesvillasdeslacs.fr\/wp-content\/uploads\/2025\/09\/villa2-exterieur-avant-06-768x432.webp 768w, https:\/\/lesvillasdeslacs.fr\/wp-content\/uploads\/2025\/09\/villa2-exterieur-avant-06-1536x864.webp 1536w, https:\/\/lesvillasdeslacs.fr\/wp-content\/uploads\/2025\/09\/villa2-exterieur-avant-06-18x10.webp 18w, https:\/\/lesvillasdeslacs.fr\/wp-content\/uploads\/2025\/09\/villa2-exterieur-avant-06.webp 1600w\" sizes=\"(max-width: 800px) 100vw, 800px\" \/><\/a>\n\t\t\t<\/div><\/figure><figure class='gallery-item'>\n\t\t\t<div class='gallery-icon landscape'>\n\t\t\t\t<a data-elementor-open-lightbox=\"yes\" data-elementor-lightbox-slideshow=\"64bc7bf\" data-elementor-lightbox-title=\"villa2_lvdl_tile_b2_06\" data-e-action-hash=\"#elementor-action%3Aaction%3Dlightbox%26settings%3DeyJpZCI6MTQ3NSwidXJsIjoiaHR0cHM6XC9cL2xlc3ZpbGxhc2Rlc2xhY3MuZnJcL3dwLWNvbnRlbnRcL3VwbG9hZHNcLzIwMjVcLzA5XC92aWxsYTJfbHZkbF90aWxlX2IyXzA2LndlYnAiLCJzbGlkZXNob3ciOiI2NGJjN2JmIn0%3D\" href='https:\/\/lesvillasdeslacs.fr\/wp-content\/uploads\/2025\/09\/villa2_lvdl_tile_b2_06.webp'><img loading=\"lazy\" decoding=\"async\" width=\"800\" height=\"450\" src=\"https:\/\/lesvillasdeslacs.fr\/wp-content\/uploads\/2025\/09\/villa2_lvdl_tile_b2_06-1024x576.webp\" class=\"attachment-large size-large\" alt=\"\" srcset=\"https:\/\/lesvillasdeslacs.fr\/wp-content\/uploads\/2025\/09\/villa2_lvdl_tile_b2_06-1024x576.webp 1024w, https:\/\/lesvillasdeslacs.fr\/wp-content\/uploads\/2025\/09\/villa2_lvdl_tile_b2_06-300x169.webp 300w, https:\/\/lesvillasdeslacs.fr\/wp-content\/uploads\/2025\/09\/villa2_lvdl_tile_b2_06-768x432.webp 768w, https:\/\/lesvillasdeslacs.fr\/wp-content\/uploads\/2025\/09\/villa2_lvdl_tile_b2_06-1536x864.webp 1536w, https:\/\/lesvillasdeslacs.fr\/wp-content\/uploads\/2025\/09\/villa2_lvdl_tile_b2_06-18x10.webp 18w, https:\/\/lesvillasdeslacs.fr\/wp-content\/uploads\/2025\/09\/villa2_lvdl_tile_b2_06.webp 1600w\" sizes=\"(max-width: 800px) 100vw, 800px\" \/><\/a>\n\t\t\t<\/div><\/figure><figure class='gallery-item'>\n\t\t\t<div class='gallery-icon landscape'>\n\t\t\t\t<a data-elementor-open-lightbox=\"yes\" data-elementor-lightbox-slideshow=\"64bc7bf\" data-elementor-lightbox-title=\"villa2-exterieur-avant-05\" data-e-action-hash=\"#elementor-action%3Aaction%3Dlightbox%26settings%3DeyJpZCI6MjM1NywidXJsIjoiaHR0cHM6XC9cL2xlc3ZpbGxhc2Rlc2xhY3MuZnJcL3dwLWNvbnRlbnRcL3VwbG9hZHNcLzIwMjVcLzA5XC92aWxsYTItZXh0ZXJpZXVyLWF2YW50LTA1LndlYnAiLCJzbGlkZXNob3ciOiI2NGJjN2JmIn0%3D\" href='https:\/\/lesvillasdeslacs.fr\/wp-content\/uploads\/2025\/09\/villa2-exterieur-avant-05.webp'><img loading=\"lazy\" decoding=\"async\" width=\"800\" height=\"450\" src=\"https:\/\/lesvillasdeslacs.fr\/wp-content\/uploads\/2025\/09\/villa2-exterieur-avant-05-1024x576.webp\" class=\"attachment-large size-large\" alt=\"\" srcset=\"https:\/\/lesvillasdeslacs.fr\/wp-content\/uploads\/2025\/09\/villa2-exterieur-avant-05-1024x576.webp 1024w, https:\/\/lesvillasdeslacs.fr\/wp-content\/uploads\/2025\/09\/villa2-exterieur-avant-05-300x169.webp 300w, https:\/\/lesvillasdeslacs.fr\/wp-content\/uploads\/2025\/09\/villa2-exterieur-avant-05-768x432.webp 768w, https:\/\/lesvillasdeslacs.fr\/wp-content\/uploads\/2025\/09\/villa2-exterieur-avant-05-1536x864.webp 1536w, https:\/\/lesvillasdeslacs.fr\/wp-content\/uploads\/2025\/09\/villa2-exterieur-avant-05-18x10.webp 18w, https:\/\/lesvillasdeslacs.fr\/wp-content\/uploads\/2025\/09\/villa2-exterieur-avant-05.webp 1600w\" sizes=\"(max-width: 800px) 100vw, 800px\" \/><\/a>\n\t\t\t<\/div><\/figure><figure class='gallery-item'>\n\t\t\t<div class='gallery-icon landscape'>\n\t\t\t\t<a data-elementor-open-lightbox=\"yes\" data-elementor-lightbox-slideshow=\"64bc7bf\" data-elementor-lightbox-title=\"villa2-exterieur-avant-02\" data-e-action-hash=\"#elementor-action%3Aaction%3Dlightbox%26settings%3DeyJpZCI6MjM2MSwidXJsIjoiaHR0cHM6XC9cL2xlc3ZpbGxhc2Rlc2xhY3MuZnJcL3dwLWNvbnRlbnRcL3VwbG9hZHNcLzIwMjVcLzA5XC92aWxsYTItZXh0ZXJpZXVyLWF2YW50LTAyLndlYnAiLCJzbGlkZXNob3ciOiI2NGJjN2JmIn0%3D\" href='https:\/\/lesvillasdeslacs.fr\/wp-content\/uploads\/2025\/09\/villa2-exterieur-avant-02.webp'><img loading=\"lazy\" decoding=\"async\" width=\"800\" height=\"450\" src=\"https:\/\/lesvillasdeslacs.fr\/wp-content\/uploads\/2025\/09\/villa2-exterieur-avant-02-1024x576.webp\" class=\"attachment-large size-large\" alt=\"\" srcset=\"https:\/\/lesvillasdeslacs.fr\/wp-content\/uploads\/2025\/09\/villa2-exterieur-avant-02-1024x576.webp 1024w, https:\/\/lesvillasdeslacs.fr\/wp-content\/uploads\/2025\/09\/villa2-exterieur-avant-02-300x169.webp 300w, https:\/\/lesvillasdeslacs.fr\/wp-content\/uploads\/2025\/09\/villa2-exterieur-avant-02-768x432.webp 768w, https:\/\/lesvillasdeslacs.fr\/wp-content\/uploads\/2025\/09\/villa2-exterieur-avant-02-1536x864.webp 1536w, https:\/\/lesvillasdeslacs.fr\/wp-content\/uploads\/2025\/09\/villa2-exterieur-avant-02-18x10.webp 18w, https:\/\/lesvillasdeslacs.fr\/wp-content\/uploads\/2025\/09\/villa2-exterieur-avant-02.webp 1600w\" sizes=\"(max-width: 800px) 100vw, 800px\" \/><\/a>\n\t\t\t<\/div><\/figure><figure class='gallery-item'>\n\t\t\t<div class='gallery-icon landscape'>\n\t\t\t\t<a data-elementor-open-lightbox=\"yes\" data-elementor-lightbox-slideshow=\"64bc7bf\" data-elementor-lightbox-title=\"villa2-exterieur-avant-08\" data-e-action-hash=\"#elementor-action%3Aaction%3Dlightbox%26settings%3DeyJpZCI6MjM1NiwidXJsIjoiaHR0cHM6XC9cL2xlc3ZpbGxhc2Rlc2xhY3MuZnJcL3dwLWNvbnRlbnRcL3VwbG9hZHNcLzIwMjVcLzA5XC92aWxsYTItZXh0ZXJpZXVyLWF2YW50LTA4LndlYnAiLCJzbGlkZXNob3ciOiI2NGJjN2JmIn0%3D\" href='https:\/\/lesvillasdeslacs.fr\/wp-content\/uploads\/2025\/09\/villa2-exterieur-avant-08.webp'><img loading=\"lazy\" decoding=\"async\" width=\"800\" height=\"450\" src=\"https:\/\/lesvillasdeslacs.fr\/wp-content\/uploads\/2025\/09\/villa2-exterieur-avant-08-1024x576.webp\" class=\"attachment-large size-large\" alt=\"\" srcset=\"https:\/\/lesvillasdeslacs.fr\/wp-content\/uploads\/2025\/09\/villa2-exterieur-avant-08-1024x576.webp 1024w, https:\/\/lesvillasdeslacs.fr\/wp-content\/uploads\/2025\/09\/villa2-exterieur-avant-08-300x169.webp 300w, https:\/\/lesvillasdeslacs.fr\/wp-content\/uploads\/2025\/09\/villa2-exterieur-avant-08-768x432.webp 768w, https:\/\/lesvillasdeslacs.fr\/wp-content\/uploads\/2025\/09\/villa2-exterieur-avant-08-1536x864.webp 1536w, https:\/\/lesvillasdeslacs.fr\/wp-content\/uploads\/2025\/09\/villa2-exterieur-avant-08-18x10.webp 18w, https:\/\/lesvillasdeslacs.fr\/wp-content\/uploads\/2025\/09\/villa2-exterieur-avant-08.webp 1600w\" sizes=\"(max-width: 800px) 100vw, 800px\" \/><\/a>\n\t\t\t<\/div><\/figure><figure class='gallery-item'>\n\t\t\t<div class='gallery-icon landscape'>\n\t\t\t\t<a data-elementor-open-lightbox=\"yes\" data-elementor-lightbox-slideshow=\"64bc7bf\" data-elementor-lightbox-title=\"villa2-exterieur-avant-07\" data-e-action-hash=\"#elementor-action%3Aaction%3Dlightbox%26settings%3DeyJpZCI6MjM1NSwidXJsIjoiaHR0cHM6XC9cL2xlc3ZpbGxhc2Rlc2xhY3MuZnJcL3dwLWNvbnRlbnRcL3VwbG9hZHNcLzIwMjVcLzA5XC92aWxsYTItZXh0ZXJpZXVyLWF2YW50LTA3LndlYnAiLCJzbGlkZXNob3ciOiI2NGJjN2JmIn0%3D\" href='https:\/\/lesvillasdeslacs.fr\/wp-content\/uploads\/2025\/09\/villa2-exterieur-avant-07.webp'><img loading=\"lazy\" decoding=\"async\" width=\"800\" height=\"450\" src=\"https:\/\/lesvillasdeslacs.fr\/wp-content\/uploads\/2025\/09\/villa2-exterieur-avant-07-1024x576.webp\" class=\"attachment-large size-large\" alt=\"\" srcset=\"https:\/\/lesvillasdeslacs.fr\/wp-content\/uploads\/2025\/09\/villa2-exterieur-avant-07-1024x576.webp 1024w, https:\/\/lesvillasdeslacs.fr\/wp-content\/uploads\/2025\/09\/villa2-exterieur-avant-07-300x169.webp 300w, https:\/\/lesvillasdeslacs.fr\/wp-content\/uploads\/2025\/09\/villa2-exterieur-avant-07-768x432.webp 768w, https:\/\/lesvillasdeslacs.fr\/wp-content\/uploads\/2025\/09\/villa2-exterieur-avant-07-1536x864.webp 1536w, https:\/\/lesvillasdeslacs.fr\/wp-content\/uploads\/2025\/09\/villa2-exterieur-avant-07-18x10.webp 18w, https:\/\/lesvillasdeslacs.fr\/wp-content\/uploads\/2025\/09\/villa2-exterieur-avant-07.webp 1600w\" sizes=\"(max-width: 800px) 100vw, 800px\" \/><\/a>\n\t\t\t<\/div><\/figure><figure class='gallery-item'>\n\t\t\t<div class='gallery-icon landscape'>\n\t\t\t\t<a data-elementor-open-lightbox=\"yes\" data-elementor-lightbox-slideshow=\"64bc7bf\" data-elementor-lightbox-title=\"exterieur avant__20250928_130352__003\" data-e-action-hash=\"#elementor-action%3Aaction%3Dlightbox%26settings%3DeyJpZCI6Mjk5NCwidXJsIjoiaHR0cHM6XC9cL2xlc3ZpbGxhc2Rlc2xhY3MuZnJcL3dwLWNvbnRlbnRcL3VwbG9hZHNcLzIwMjVcLzEwXC9leHRlcmlldXItYXZhbnRfXzIwMjUwOTI4XzEzMDM1Ml9fMDAzLndlYnAiLCJzbGlkZXNob3ciOiI2NGJjN2JmIn0%3D\" href='https:\/\/lesvillasdeslacs.fr\/wp-content\/uploads\/2025\/10\/exterieur-avant__20250928_130352__003.webp'><img loading=\"lazy\" decoding=\"async\" width=\"800\" height=\"360\" src=\"https:\/\/lesvillasdeslacs.fr\/wp-content\/uploads\/2025\/10\/exterieur-avant__20250928_130352__003-1024x461.webp\" class=\"attachment-large size-large\" alt=\"\" srcset=\"https:\/\/lesvillasdeslacs.fr\/wp-content\/uploads\/2025\/10\/exterieur-avant__20250928_130352__003-1024x461.webp 1024w, https:\/\/lesvillasdeslacs.fr\/wp-content\/uploads\/2025\/10\/exterieur-avant__20250928_130352__003-300x135.webp 300w, https:\/\/lesvillasdeslacs.fr\/wp-content\/uploads\/2025\/10\/exterieur-avant__20250928_130352__003-768x346.webp 768w, https:\/\/lesvillasdeslacs.fr\/wp-content\/uploads\/2025\/10\/exterieur-avant__20250928_130352__003-1536x691.webp 1536w, https:\/\/lesvillasdeslacs.fr\/wp-content\/uploads\/2025\/10\/exterieur-avant__20250928_130352__003-18x8.webp 18w, https:\/\/lesvillasdeslacs.fr\/wp-content\/uploads\/2025\/10\/exterieur-avant__20250928_130352__003.webp 1600w\" sizes=\"(max-width: 800px) 100vw, 800px\" \/><\/a>\n\t\t\t<\/div><\/figure><figure class='gallery-item'>\n\t\t\t<div class='gallery-icon landscape'>\n\t\t\t\t<a data-elementor-open-lightbox=\"yes\" data-elementor-lightbox-slideshow=\"64bc7bf\" data-elementor-lightbox-title=\"exterieur avant__20250928_130336__002\" data-e-action-hash=\"#elementor-action%3Aaction%3Dlightbox%26settings%3DeyJpZCI6Mjk5NSwidXJsIjoiaHR0cHM6XC9cL2xlc3ZpbGxhc2Rlc2xhY3MuZnJcL3dwLWNvbnRlbnRcL3VwbG9hZHNcLzIwMjVcLzEwXC9leHRlcmlldXItYXZhbnRfXzIwMjUwOTI4XzEzMDMzNl9fMDAyLndlYnAiLCJzbGlkZXNob3ciOiI2NGJjN2JmIn0%3D\" href='https:\/\/lesvillasdeslacs.fr\/wp-content\/uploads\/2025\/10\/exterieur-avant__20250928_130336__002.webp'><img loading=\"lazy\" decoding=\"async\" width=\"800\" height=\"360\" src=\"https:\/\/lesvillasdeslacs.fr\/wp-content\/uploads\/2025\/10\/exterieur-avant__20250928_130336__002-1024x461.webp\" class=\"attachment-large size-large\" alt=\"\" srcset=\"https:\/\/lesvillasdeslacs.fr\/wp-content\/uploads\/2025\/10\/exterieur-avant__20250928_130336__002-1024x461.webp 1024w, https:\/\/lesvillasdeslacs.fr\/wp-content\/uploads\/2025\/10\/exterieur-avant__20250928_130336__002-300x135.webp 300w, https:\/\/lesvillasdeslacs.fr\/wp-content\/uploads\/2025\/10\/exterieur-avant__20250928_130336__002-768x346.webp 768w, https:\/\/lesvillasdeslacs.fr\/wp-content\/uploads\/2025\/10\/exterieur-avant__20250928_130336__002-1536x691.webp 1536w, https:\/\/lesvillasdeslacs.fr\/wp-content\/uploads\/2025\/10\/exterieur-avant__20250928_130336__002-18x8.webp 18w, https:\/\/lesvillasdeslacs.fr\/wp-content\/uploads\/2025\/10\/exterieur-avant__20250928_130336__002.webp 1600w\" sizes=\"(max-width: 800px) 100vw, 800px\" \/><\/a>\n\t\t\t<\/div><\/figure><figure class='gallery-item'>\n\t\t\t<div class='gallery-icon landscape'>\n\t\t\t\t<a data-elementor-open-lightbox=\"yes\" data-elementor-lightbox-slideshow=\"64bc7bf\" data-elementor-lightbox-title=\"exterieur avant__20250928_130446__005\" data-e-action-hash=\"#elementor-action%3Aaction%3Dlightbox%26settings%3DeyJpZCI6Mjk5MiwidXJsIjoiaHR0cHM6XC9cL2xlc3ZpbGxhc2Rlc2xhY3MuZnJcL3dwLWNvbnRlbnRcL3VwbG9hZHNcLzIwMjVcLzEwXC9leHRlcmlldXItYXZhbnRfXzIwMjUwOTI4XzEzMDQ0Nl9fMDA1LndlYnAiLCJzbGlkZXNob3ciOiI2NGJjN2JmIn0%3D\" href='https:\/\/lesvillasdeslacs.fr\/wp-content\/uploads\/2025\/10\/exterieur-avant__20250928_130446__005.webp'><img loading=\"lazy\" decoding=\"async\" width=\"800\" height=\"360\" src=\"https:\/\/lesvillasdeslacs.fr\/wp-content\/uploads\/2025\/10\/exterieur-avant__20250928_130446__005-1024x461.webp\" class=\"attachment-large size-large\" alt=\"\" srcset=\"https:\/\/lesvillasdeslacs.fr\/wp-content\/uploads\/2025\/10\/exterieur-avant__20250928_130446__005-1024x461.webp 1024w, https:\/\/lesvillasdeslacs.fr\/wp-content\/uploads\/2025\/10\/exterieur-avant__20250928_130446__005-300x135.webp 300w, https:\/\/lesvillasdeslacs.fr\/wp-content\/uploads\/2025\/10\/exterieur-avant__20250928_130446__005-768x346.webp 768w, https:\/\/lesvillasdeslacs.fr\/wp-content\/uploads\/2025\/10\/exterieur-avant__20250928_130446__005-1536x691.webp 1536w, https:\/\/lesvillasdeslacs.fr\/wp-content\/uploads\/2025\/10\/exterieur-avant__20250928_130446__005-18x8.webp 18w, https:\/\/lesvillasdeslacs.fr\/wp-content\/uploads\/2025\/10\/exterieur-avant__20250928_130446__005.webp 1600w\" sizes=\"(max-width: 800px) 100vw, 800px\" \/><\/a>\n\t\t\t<\/div><\/figure><figure class='gallery-item'>\n\t\t\t<div class='gallery-icon landscape'>\n\t\t\t\t<a data-elementor-open-lightbox=\"yes\" data-elementor-lightbox-slideshow=\"64bc7bf\" data-elementor-lightbox-title=\"exterieur avant__20250928_130746__014\" data-e-action-hash=\"#elementor-action%3Aaction%3Dlightbox%26settings%3DeyJpZCI6Mjk4MywidXJsIjoiaHR0cHM6XC9cL2xlc3ZpbGxhc2Rlc2xhY3MuZnJcL3dwLWNvbnRlbnRcL3VwbG9hZHNcLzIwMjVcLzEwXC9leHRlcmlldXItYXZhbnRfXzIwMjUwOTI4XzEzMDc0Nl9fMDE0LndlYnAiLCJzbGlkZXNob3ciOiI2NGJjN2JmIn0%3D\" href='https:\/\/lesvillasdeslacs.fr\/wp-content\/uploads\/2025\/10\/exterieur-avant__20250928_130746__014.webp'><img loading=\"lazy\" decoding=\"async\" width=\"800\" height=\"360\" src=\"https:\/\/lesvillasdeslacs.fr\/wp-content\/uploads\/2025\/10\/exterieur-avant__20250928_130746__014-1024x461.webp\" class=\"attachment-large size-large\" alt=\"\" srcset=\"https:\/\/lesvillasdeslacs.fr\/wp-content\/uploads\/2025\/10\/exterieur-avant__20250928_130746__014-1024x461.webp 1024w, https:\/\/lesvillasdeslacs.fr\/wp-content\/uploads\/2025\/10\/exterieur-avant__20250928_130746__014-300x135.webp 300w, https:\/\/lesvillasdeslacs.fr\/wp-content\/uploads\/2025\/10\/exterieur-avant__20250928_130746__014-768x346.webp 768w, https:\/\/lesvillasdeslacs.fr\/wp-content\/uploads\/2025\/10\/exterieur-avant__20250928_130746__014-1536x691.webp 1536w, https:\/\/lesvillasdeslacs.fr\/wp-content\/uploads\/2025\/10\/exterieur-avant__20250928_130746__014-18x8.webp 18w, https:\/\/lesvillasdeslacs.fr\/wp-content\/uploads\/2025\/10\/exterieur-avant__20250928_130746__014.webp 1600w\" sizes=\"(max-width: 800px) 100vw, 800px\" \/><\/a>\n\t\t\t<\/div><\/figure><figure class='gallery-item'>\n\t\t\t<div class='gallery-icon landscape'>\n\t\t\t\t<a data-elementor-open-lightbox=\"yes\" data-elementor-lightbox-slideshow=\"64bc7bf\" data-elementor-lightbox-title=\"exterieur avant__20250928_130518__007\" data-e-action-hash=\"#elementor-action%3Aaction%3Dlightbox%26settings%3DeyJpZCI6Mjk5MCwidXJsIjoiaHR0cHM6XC9cL2xlc3ZpbGxhc2Rlc2xhY3MuZnJcL3dwLWNvbnRlbnRcL3VwbG9hZHNcLzIwMjVcLzEwXC9leHRlcmlldXItYXZhbnRfXzIwMjUwOTI4XzEzMDUxOF9fMDA3LndlYnAiLCJzbGlkZXNob3ciOiI2NGJjN2JmIn0%3D\" href='https:\/\/lesvillasdeslacs.fr\/wp-content\/uploads\/2025\/10\/exterieur-avant__20250928_130518__007.webp'><img loading=\"lazy\" decoding=\"async\" width=\"800\" height=\"360\" src=\"https:\/\/lesvillasdeslacs.fr\/wp-content\/uploads\/2025\/10\/exterieur-avant__20250928_130518__007-1024x461.webp\" class=\"attachment-large size-large\" alt=\"\" srcset=\"https:\/\/lesvillasdeslacs.fr\/wp-content\/uploads\/2025\/10\/exterieur-avant__20250928_130518__007-1024x461.webp 1024w, https:\/\/lesvillasdeslacs.fr\/wp-content\/uploads\/2025\/10\/exterieur-avant__20250928_130518__007-300x135.webp 300w, https:\/\/lesvillasdeslacs.fr\/wp-content\/uploads\/2025\/10\/exterieur-avant__20250928_130518__007-768x346.webp 768w, https:\/\/lesvillasdeslacs.fr\/wp-content\/uploads\/2025\/10\/exterieur-avant__20250928_130518__007-1536x691.webp 1536w, https:\/\/lesvillasdeslacs.fr\/wp-content\/uploads\/2025\/10\/exterieur-avant__20250928_130518__007-18x8.webp 18w, https:\/\/lesvillasdeslacs.fr\/wp-content\/uploads\/2025\/10\/exterieur-avant__20250928_130518__007.webp 1600w\" sizes=\"(max-width: 800px) 100vw, 800px\" \/><\/a>\n\t\t\t<\/div><\/figure><figure class='gallery-item'>\n\t\t\t<div class='gallery-icon landscape'>\n\t\t\t\t<a data-elementor-open-lightbox=\"yes\" data-elementor-lightbox-slideshow=\"64bc7bf\" data-elementor-lightbox-title=\"exterieur avant__20250928_130529__008\" data-e-action-hash=\"#elementor-action%3Aaction%3Dlightbox%26settings%3DeyJpZCI6Mjk4OSwidXJsIjoiaHR0cHM6XC9cL2xlc3ZpbGxhc2Rlc2xhY3MuZnJcL3dwLWNvbnRlbnRcL3VwbG9hZHNcLzIwMjVcLzEwXC9leHRlcmlldXItYXZhbnRfXzIwMjUwOTI4XzEzMDUyOV9fMDA4LndlYnAiLCJzbGlkZXNob3ciOiI2NGJjN2JmIn0%3D\" href='https:\/\/lesvillasdeslacs.fr\/wp-content\/uploads\/2025\/10\/exterieur-avant__20250928_130529__008.webp'><img loading=\"lazy\" decoding=\"async\" width=\"800\" height=\"360\" src=\"https:\/\/lesvillasdeslacs.fr\/wp-content\/uploads\/2025\/10\/exterieur-avant__20250928_130529__008-1024x461.webp\" class=\"attachment-large size-large\" alt=\"\" srcset=\"https:\/\/lesvillasdeslacs.fr\/wp-content\/uploads\/2025\/10\/exterieur-avant__20250928_130529__008-1024x461.webp 1024w, https:\/\/lesvillasdeslacs.fr\/wp-content\/uploads\/2025\/10\/exterieur-avant__20250928_130529__008-300x135.webp 300w, https:\/\/lesvillasdeslacs.fr\/wp-content\/uploads\/2025\/10\/exterieur-avant__20250928_130529__008-768x346.webp 768w, https:\/\/lesvillasdeslacs.fr\/wp-content\/uploads\/2025\/10\/exterieur-avant__20250928_130529__008-1536x691.webp 1536w, https:\/\/lesvillasdeslacs.fr\/wp-content\/uploads\/2025\/10\/exterieur-avant__20250928_130529__008-18x8.webp 18w, https:\/\/lesvillasdeslacs.fr\/wp-content\/uploads\/2025\/10\/exterieur-avant__20250928_130529__008.webp 1600w\" sizes=\"(max-width: 800px) 100vw, 800px\" \/><\/a>\n\t\t\t<\/div><\/figure><figure class='gallery-item'>\n\t\t\t<div class='gallery-icon landscape'>\n\t\t\t\t<a data-elementor-open-lightbox=\"yes\" data-elementor-lightbox-slideshow=\"64bc7bf\" data-elementor-lightbox-title=\"exterieur avant__20250928_130720__012\" data-e-action-hash=\"#elementor-action%3Aaction%3Dlightbox%26settings%3DeyJpZCI6Mjk4NSwidXJsIjoiaHR0cHM6XC9cL2xlc3ZpbGxhc2Rlc2xhY3MuZnJcL3dwLWNvbnRlbnRcL3VwbG9hZHNcLzIwMjVcLzEwXC9leHRlcmlldXItYXZhbnRfXzIwMjUwOTI4XzEzMDcyMF9fMDEyLndlYnAiLCJzbGlkZXNob3ciOiI2NGJjN2JmIn0%3D\" href='https:\/\/lesvillasdeslacs.fr\/wp-content\/uploads\/2025\/10\/exterieur-avant__20250928_130720__012.webp'><img loading=\"lazy\" decoding=\"async\" width=\"800\" height=\"360\" src=\"https:\/\/lesvillasdeslacs.fr\/wp-content\/uploads\/2025\/10\/exterieur-avant__20250928_130720__012-1024x461.webp\" class=\"attachment-large size-large\" alt=\"\" srcset=\"https:\/\/lesvillasdeslacs.fr\/wp-content\/uploads\/2025\/10\/exterieur-avant__20250928_130720__012-1024x461.webp 1024w, https:\/\/lesvillasdeslacs.fr\/wp-content\/uploads\/2025\/10\/exterieur-avant__20250928_130720__012-300x135.webp 300w, https:\/\/lesvillasdeslacs.fr\/wp-content\/uploads\/2025\/10\/exterieur-avant__20250928_130720__012-768x346.webp 768w, https:\/\/lesvillasdeslacs.fr\/wp-content\/uploads\/2025\/10\/exterieur-avant__20250928_130720__012-1536x691.webp 1536w, https:\/\/lesvillasdeslacs.fr\/wp-content\/uploads\/2025\/10\/exterieur-avant__20250928_130720__012-18x8.webp 18w, https:\/\/lesvillasdeslacs.fr\/wp-content\/uploads\/2025\/10\/exterieur-avant__20250928_130720__012.webp 1600w\" sizes=\"(max-width: 800px) 100vw, 800px\" \/><\/a>\n\t\t\t<\/div><\/figure><figure class='gallery-item'>\n\t\t\t<div class='gallery-icon landscape'>\n\t\t\t\t<a data-elementor-open-lightbox=\"yes\" data-elementor-lightbox-slideshow=\"64bc7bf\" data-elementor-lightbox-title=\"exterieur avant__20250928_130541__009\" data-e-action-hash=\"#elementor-action%3Aaction%3Dlightbox%26settings%3DeyJpZCI6Mjk4OCwidXJsIjoiaHR0cHM6XC9cL2xlc3ZpbGxhc2Rlc2xhY3MuZnJcL3dwLWNvbnRlbnRcL3VwbG9hZHNcLzIwMjVcLzEwXC9leHRlcmlldXItYXZhbnRfXzIwMjUwOTI4XzEzMDU0MV9fMDA5LndlYnAiLCJzbGlkZXNob3ciOiI2NGJjN2JmIn0%3D\" href='https:\/\/lesvillasdeslacs.fr\/wp-content\/uploads\/2025\/10\/exterieur-avant__20250928_130541__009.webp'><img loading=\"lazy\" decoding=\"async\" width=\"800\" height=\"360\" src=\"https:\/\/lesvillasdeslacs.fr\/wp-content\/uploads\/2025\/10\/exterieur-avant__20250928_130541__009-1024x461.webp\" class=\"attachment-large size-large\" alt=\"\" srcset=\"https:\/\/lesvillasdeslacs.fr\/wp-content\/uploads\/2025\/10\/exterieur-avant__20250928_130541__009-1024x461.webp 1024w, https:\/\/lesvillasdeslacs.fr\/wp-content\/uploads\/2025\/10\/exterieur-avant__20250928_130541__009-300x135.webp 300w, https:\/\/lesvillasdeslacs.fr\/wp-content\/uploads\/2025\/10\/exterieur-avant__20250928_130541__009-768x346.webp 768w, https:\/\/lesvillasdeslacs.fr\/wp-content\/uploads\/2025\/10\/exterieur-avant__20250928_130541__009-1536x691.webp 1536w, https:\/\/lesvillasdeslacs.fr\/wp-content\/uploads\/2025\/10\/exterieur-avant__20250928_130541__009-18x8.webp 18w, https:\/\/lesvillasdeslacs.fr\/wp-content\/uploads\/2025\/10\/exterieur-avant__20250928_130541__009.webp 1600w\" sizes=\"(max-width: 800px) 100vw, 800px\" \/><\/a>\n\t\t\t<\/div><\/figure><figure class='gallery-item'>\n\t\t\t<div class='gallery-icon landscape'>\n\t\t\t\t<a data-elementor-open-lightbox=\"yes\" data-elementor-lightbox-slideshow=\"64bc7bf\" data-elementor-lightbox-title=\"exterieur avant__20250928_130606__010\" data-e-action-hash=\"#elementor-action%3Aaction%3Dlightbox%26settings%3DeyJpZCI6Mjk4NywidXJsIjoiaHR0cHM6XC9cL2xlc3ZpbGxhc2Rlc2xhY3MuZnJcL3dwLWNvbnRlbnRcL3VwbG9hZHNcLzIwMjVcLzEwXC9leHRlcmlldXItYXZhbnRfXzIwMjUwOTI4XzEzMDYwNl9fMDEwLndlYnAiLCJzbGlkZXNob3ciOiI2NGJjN2JmIn0%3D\" href='https:\/\/lesvillasdeslacs.fr\/wp-content\/uploads\/2025\/10\/exterieur-avant__20250928_130606__010.webp'><img loading=\"lazy\" decoding=\"async\" width=\"800\" height=\"360\" src=\"https:\/\/lesvillasdeslacs.fr\/wp-content\/uploads\/2025\/10\/exterieur-avant__20250928_130606__010-1024x461.webp\" class=\"attachment-large size-large\" alt=\"\" srcset=\"https:\/\/lesvillasdeslacs.fr\/wp-content\/uploads\/2025\/10\/exterieur-avant__20250928_130606__010-1024x461.webp 1024w, https:\/\/lesvillasdeslacs.fr\/wp-content\/uploads\/2025\/10\/exterieur-avant__20250928_130606__010-300x135.webp 300w, https:\/\/lesvillasdeslacs.fr\/wp-content\/uploads\/2025\/10\/exterieur-avant__20250928_130606__010-768x346.webp 768w, https:\/\/lesvillasdeslacs.fr\/wp-content\/uploads\/2025\/10\/exterieur-avant__20250928_130606__010-1536x691.webp 1536w, https:\/\/lesvillasdeslacs.fr\/wp-content\/uploads\/2025\/10\/exterieur-avant__20250928_130606__010-18x8.webp 18w, https:\/\/lesvillasdeslacs.fr\/wp-content\/uploads\/2025\/10\/exterieur-avant__20250928_130606__010.webp 1600w\" sizes=\"(max-width: 800px) 100vw, 800px\" \/><\/a>\n\t\t\t<\/div><\/figure><figure class='gallery-item'>\n\t\t\t<div class='gallery-icon landscape'>\n\t\t\t\t<a data-elementor-open-lightbox=\"yes\" data-elementor-lightbox-slideshow=\"64bc7bf\" data-elementor-lightbox-title=\"exterieur avant__20250928_130622__011\" data-e-action-hash=\"#elementor-action%3Aaction%3Dlightbox%26settings%3DeyJpZCI6Mjk4NiwidXJsIjoiaHR0cHM6XC9cL2xlc3ZpbGxhc2Rlc2xhY3MuZnJcL3dwLWNvbnRlbnRcL3VwbG9hZHNcLzIwMjVcLzEwXC9leHRlcmlldXItYXZhbnRfXzIwMjUwOTI4XzEzMDYyMl9fMDExLndlYnAiLCJzbGlkZXNob3ciOiI2NGJjN2JmIn0%3D\" href='https:\/\/lesvillasdeslacs.fr\/wp-content\/uploads\/2025\/10\/exterieur-avant__20250928_130622__011.webp'><img loading=\"lazy\" decoding=\"async\" width=\"800\" height=\"360\" src=\"https:\/\/lesvillasdeslacs.fr\/wp-content\/uploads\/2025\/10\/exterieur-avant__20250928_130622__011-1024x461.webp\" class=\"attachment-large size-large\" alt=\"\" srcset=\"https:\/\/lesvillasdeslacs.fr\/wp-content\/uploads\/2025\/10\/exterieur-avant__20250928_130622__011-1024x461.webp 1024w, https:\/\/lesvillasdeslacs.fr\/wp-content\/uploads\/2025\/10\/exterieur-avant__20250928_130622__011-300x135.webp 300w, https:\/\/lesvillasdeslacs.fr\/wp-content\/uploads\/2025\/10\/exterieur-avant__20250928_130622__011-768x346.webp 768w, https:\/\/lesvillasdeslacs.fr\/wp-content\/uploads\/2025\/10\/exterieur-avant__20250928_130622__011-1536x691.webp 1536w, https:\/\/lesvillasdeslacs.fr\/wp-content\/uploads\/2025\/10\/exterieur-avant__20250928_130622__011-18x8.webp 18w, https:\/\/lesvillasdeslacs.fr\/wp-content\/uploads\/2025\/10\/exterieur-avant__20250928_130622__011.webp 1600w\" sizes=\"(max-width: 800px) 100vw, 800px\" \/><\/a>\n\t\t\t<\/div><\/figure><figure class='gallery-item'>\n\t\t\t<div class='gallery-icon landscape'>\n\t\t\t\t<a data-elementor-open-lightbox=\"yes\" data-elementor-lightbox-slideshow=\"64bc7bf\" data-elementor-lightbox-title=\"exterieur avant__20250928_130725__013\" data-e-action-hash=\"#elementor-action%3Aaction%3Dlightbox%26settings%3DeyJpZCI6Mjk4NCwidXJsIjoiaHR0cHM6XC9cL2xlc3ZpbGxhc2Rlc2xhY3MuZnJcL3dwLWNvbnRlbnRcL3VwbG9hZHNcLzIwMjVcLzEwXC9leHRlcmlldXItYXZhbnRfXzIwMjUwOTI4XzEzMDcyNV9fMDEzLndlYnAiLCJzbGlkZXNob3ciOiI2NGJjN2JmIn0%3D\" href='https:\/\/lesvillasdeslacs.fr\/wp-content\/uploads\/2025\/10\/exterieur-avant__20250928_130725__013.webp'><img loading=\"lazy\" decoding=\"async\" width=\"800\" height=\"360\" src=\"https:\/\/lesvillasdeslacs.fr\/wp-content\/uploads\/2025\/10\/exterieur-avant__20250928_130725__013-1024x461.webp\" class=\"attachment-large size-large\" alt=\"\" srcset=\"https:\/\/lesvillasdeslacs.fr\/wp-content\/uploads\/2025\/10\/exterieur-avant__20250928_130725__013-1024x461.webp 1024w, https:\/\/lesvillasdeslacs.fr\/wp-content\/uploads\/2025\/10\/exterieur-avant__20250928_130725__013-300x135.webp 300w, https:\/\/lesvillasdeslacs.fr\/wp-content\/uploads\/2025\/10\/exterieur-avant__20250928_130725__013-768x346.webp 768w, https:\/\/lesvillasdeslacs.fr\/wp-content\/uploads\/2025\/10\/exterieur-avant__20250928_130725__013-1536x691.webp 1536w, https:\/\/lesvillasdeslacs.fr\/wp-content\/uploads\/2025\/10\/exterieur-avant__20250928_130725__013-18x8.webp 18w, https:\/\/lesvillasdeslacs.fr\/wp-content\/uploads\/2025\/10\/exterieur-avant__20250928_130725__013.webp 1600w\" sizes=\"(max-width: 800px) 100vw, 800px\" \/><\/a>\n\t\t\t<\/div><\/figure><figure class='gallery-item'>\n\t\t\t<div class='gallery-icon landscape'>\n\t\t\t\t<a data-elementor-open-lightbox=\"yes\" data-elementor-lightbox-slideshow=\"64bc7bf\" data-elementor-lightbox-title=\"exterieur avant__20250928_130821__016\" data-e-action-hash=\"#elementor-action%3Aaction%3Dlightbox%26settings%3DeyJpZCI6Mjk4MSwidXJsIjoiaHR0cHM6XC9cL2xlc3ZpbGxhc2Rlc2xhY3MuZnJcL3dwLWNvbnRlbnRcL3VwbG9hZHNcLzIwMjVcLzEwXC9leHRlcmlldXItYXZhbnRfXzIwMjUwOTI4XzEzMDgyMV9fMDE2LndlYnAiLCJzbGlkZXNob3ciOiI2NGJjN2JmIn0%3D\" href='https:\/\/lesvillasdeslacs.fr\/wp-content\/uploads\/2025\/10\/exterieur-avant__20250928_130821__016.webp'><img loading=\"lazy\" decoding=\"async\" width=\"800\" height=\"360\" src=\"https:\/\/lesvillasdeslacs.fr\/wp-content\/uploads\/2025\/10\/exterieur-avant__20250928_130821__016-1024x461.webp\" class=\"attachment-large size-large\" alt=\"\" srcset=\"https:\/\/lesvillasdeslacs.fr\/wp-content\/uploads\/2025\/10\/exterieur-avant__20250928_130821__016-1024x461.webp 1024w, https:\/\/lesvillasdeslacs.fr\/wp-content\/uploads\/2025\/10\/exterieur-avant__20250928_130821__016-300x135.webp 300w, https:\/\/lesvillasdeslacs.fr\/wp-content\/uploads\/2025\/10\/exterieur-avant__20250928_130821__016-768x346.webp 768w, https:\/\/lesvillasdeslacs.fr\/wp-content\/uploads\/2025\/10\/exterieur-avant__20250928_130821__016-1536x691.webp 1536w, https:\/\/lesvillasdeslacs.fr\/wp-content\/uploads\/2025\/10\/exterieur-avant__20250928_130821__016-18x8.webp 18w, https:\/\/lesvillasdeslacs.fr\/wp-content\/uploads\/2025\/10\/exterieur-avant__20250928_130821__016.webp 1600w\" sizes=\"(max-width: 800px) 100vw, 800px\" \/><\/a>\n\t\t\t<\/div><\/figure><figure class='gallery-item'>\n\t\t\t<div class='gallery-icon landscape'>\n\t\t\t\t<a data-elementor-open-lightbox=\"yes\" data-elementor-lightbox-slideshow=\"64bc7bf\" data-elementor-lightbox-title=\"exterieur avant__20250928_130755__015\" data-e-action-hash=\"#elementor-action%3Aaction%3Dlightbox%26settings%3DeyJpZCI6Mjk4MiwidXJsIjoiaHR0cHM6XC9cL2xlc3ZpbGxhc2Rlc2xhY3MuZnJcL3dwLWNvbnRlbnRcL3VwbG9hZHNcLzIwMjVcLzEwXC9leHRlcmlldXItYXZhbnRfXzIwMjUwOTI4XzEzMDc1NV9fMDE1LndlYnAiLCJzbGlkZXNob3ciOiI2NGJjN2JmIn0%3D\" href='https:\/\/lesvillasdeslacs.fr\/wp-content\/uploads\/2025\/10\/exterieur-avant__20250928_130755__015.webp'><img loading=\"lazy\" decoding=\"async\" width=\"800\" height=\"360\" src=\"https:\/\/lesvillasdeslacs.fr\/wp-content\/uploads\/2025\/10\/exterieur-avant__20250928_130755__015-1024x461.webp\" class=\"attachment-large size-large\" alt=\"\" srcset=\"https:\/\/lesvillasdeslacs.fr\/wp-content\/uploads\/2025\/10\/exterieur-avant__20250928_130755__015-1024x461.webp 1024w, https:\/\/lesvillasdeslacs.fr\/wp-content\/uploads\/2025\/10\/exterieur-avant__20250928_130755__015-300x135.webp 300w, https:\/\/lesvillasdeslacs.fr\/wp-content\/uploads\/2025\/10\/exterieur-avant__20250928_130755__015-768x346.webp 768w, https:\/\/lesvillasdeslacs.fr\/wp-content\/uploads\/2025\/10\/exterieur-avant__20250928_130755__015-1536x691.webp 1536w, https:\/\/lesvillasdeslacs.fr\/wp-content\/uploads\/2025\/10\/exterieur-avant__20250928_130755__015-18x8.webp 18w, https:\/\/lesvillasdeslacs.fr\/wp-content\/uploads\/2025\/10\/exterieur-avant__20250928_130755__015.webp 1600w\" sizes=\"(max-width: 800px) 100vw, 800px\" \/><\/a>\n\t\t\t<\/div><\/figure><figure class='gallery-item'>\n\t\t\t<div class='gallery-icon landscape'>\n\t\t\t\t<a data-elementor-open-lightbox=\"yes\" data-elementor-lightbox-slideshow=\"64bc7bf\" data-elementor-lightbox-title=\"exterieur avant__20250928_122331__001\" data-e-action-hash=\"#elementor-action%3Aaction%3Dlightbox%26settings%3DeyJpZCI6Mjk5NiwidXJsIjoiaHR0cHM6XC9cL2xlc3ZpbGxhc2Rlc2xhY3MuZnJcL3dwLWNvbnRlbnRcL3VwbG9hZHNcLzIwMjVcLzEwXC9leHRlcmlldXItYXZhbnRfXzIwMjUwOTI4XzEyMjMzMV9fMDAxLndlYnAiLCJzbGlkZXNob3ciOiI2NGJjN2JmIn0%3D\" href='https:\/\/lesvillasdeslacs.fr\/wp-content\/uploads\/2025\/10\/exterieur-avant__20250928_122331__001.webp'><img loading=\"lazy\" decoding=\"async\" width=\"800\" height=\"360\" src=\"https:\/\/lesvillasdeslacs.fr\/wp-content\/uploads\/2025\/10\/exterieur-avant__20250928_122331__001-1024x461.webp\" class=\"attachment-large size-large\" alt=\"\" srcset=\"https:\/\/lesvillasdeslacs.fr\/wp-content\/uploads\/2025\/10\/exterieur-avant__20250928_122331__001-1024x461.webp 1024w, https:\/\/lesvillasdeslacs.fr\/wp-content\/uploads\/2025\/10\/exterieur-avant__20250928_122331__001-300x135.webp 300w, https:\/\/lesvillasdeslacs.fr\/wp-content\/uploads\/2025\/10\/exterieur-avant__20250928_122331__001-768x346.webp 768w, https:\/\/lesvillasdeslacs.fr\/wp-content\/uploads\/2025\/10\/exterieur-avant__20250928_122331__001-1536x691.webp 1536w, https:\/\/lesvillasdeslacs.fr\/wp-content\/uploads\/2025\/10\/exterieur-avant__20250928_122331__001-18x8.webp 18w, https:\/\/lesvillasdeslacs.fr\/wp-content\/uploads\/2025\/10\/exterieur-avant__20250928_122331__001.webp 1600w\" sizes=\"(max-width: 800px) 100vw, 800px\" \/><\/a>\n\t\t\t<\/div><\/figure><figure class='gallery-item'>\n\t\t\t<div class='gallery-icon landscape'>\n\t\t\t\t<a data-elementor-open-lightbox=\"yes\" data-elementor-lightbox-slideshow=\"64bc7bf\" data-elementor-lightbox-title=\"exterieur avant__20250928_200428__022\" data-e-action-hash=\"#elementor-action%3Aaction%3Dlightbox%26settings%3DeyJpZCI6Mjk3NSwidXJsIjoiaHR0cHM6XC9cL2xlc3ZpbGxhc2Rlc2xhY3MuZnJcL3dwLWNvbnRlbnRcL3VwbG9hZHNcLzIwMjVcLzEwXC9leHRlcmlldXItYXZhbnRfXzIwMjUwOTI4XzIwMDQyOF9fMDIyLndlYnAiLCJzbGlkZXNob3ciOiI2NGJjN2JmIn0%3D\" href='https:\/\/lesvillasdeslacs.fr\/wp-content\/uploads\/2025\/10\/exterieur-avant__20250928_200428__022.webp'><img loading=\"lazy\" decoding=\"async\" width=\"800\" height=\"360\" src=\"https:\/\/lesvillasdeslacs.fr\/wp-content\/uploads\/2025\/10\/exterieur-avant__20250928_200428__022-1024x461.webp\" class=\"attachment-large size-large\" alt=\"\" srcset=\"https:\/\/lesvillasdeslacs.fr\/wp-content\/uploads\/2025\/10\/exterieur-avant__20250928_200428__022-1024x461.webp 1024w, https:\/\/lesvillasdeslacs.fr\/wp-content\/uploads\/2025\/10\/exterieur-avant__20250928_200428__022-300x135.webp 300w, https:\/\/lesvillasdeslacs.fr\/wp-content\/uploads\/2025\/10\/exterieur-avant__20250928_200428__022-768x346.webp 768w, https:\/\/lesvillasdeslacs.fr\/wp-content\/uploads\/2025\/10\/exterieur-avant__20250928_200428__022-1536x691.webp 1536w, https:\/\/lesvillasdeslacs.fr\/wp-content\/uploads\/2025\/10\/exterieur-avant__20250928_200428__022-18x8.webp 18w, https:\/\/lesvillasdeslacs.fr\/wp-content\/uploads\/2025\/10\/exterieur-avant__20250928_200428__022.webp 1600w\" sizes=\"(max-width: 800px) 100vw, 800px\" \/><\/a>\n\t\t\t<\/div><\/figure><figure class='gallery-item'>\n\t\t\t<div class='gallery-icon landscape'>\n\t\t\t\t<a data-elementor-open-lightbox=\"yes\" data-elementor-lightbox-slideshow=\"64bc7bf\" data-elementor-lightbox-title=\"exterieur avant__20250928_200749__025\" data-e-action-hash=\"#elementor-action%3Aaction%3Dlightbox%26settings%3DeyJpZCI6Mjk3MiwidXJsIjoiaHR0cHM6XC9cL2xlc3ZpbGxhc2Rlc2xhY3MuZnJcL3dwLWNvbnRlbnRcL3VwbG9hZHNcLzIwMjVcLzEwXC9leHRlcmlldXItYXZhbnRfXzIwMjUwOTI4XzIwMDc0OV9fMDI1LndlYnAiLCJzbGlkZXNob3ciOiI2NGJjN2JmIn0%3D\" href='https:\/\/lesvillasdeslacs.fr\/wp-content\/uploads\/2025\/10\/exterieur-avant__20250928_200749__025.webp'><img loading=\"lazy\" decoding=\"async\" width=\"800\" height=\"360\" src=\"https:\/\/lesvillasdeslacs.fr\/wp-content\/uploads\/2025\/10\/exterieur-avant__20250928_200749__025-1024x461.webp\" class=\"attachment-large size-large\" alt=\"\" srcset=\"https:\/\/lesvillasdeslacs.fr\/wp-content\/uploads\/2025\/10\/exterieur-avant__20250928_200749__025-1024x461.webp 1024w, https:\/\/lesvillasdeslacs.fr\/wp-content\/uploads\/2025\/10\/exterieur-avant__20250928_200749__025-300x135.webp 300w, https:\/\/lesvillasdeslacs.fr\/wp-content\/uploads\/2025\/10\/exterieur-avant__20250928_200749__025-768x346.webp 768w, https:\/\/lesvillasdeslacs.fr\/wp-content\/uploads\/2025\/10\/exterieur-avant__20250928_200749__025-1536x691.webp 1536w, https:\/\/lesvillasdeslacs.fr\/wp-content\/uploads\/2025\/10\/exterieur-avant__20250928_200749__025-18x8.webp 18w, https:\/\/lesvillasdeslacs.fr\/wp-content\/uploads\/2025\/10\/exterieur-avant__20250928_200749__025.webp 1600w\" sizes=\"(max-width: 800px) 100vw, 800px\" \/><\/a>\n\t\t\t<\/div><\/figure><figure class='gallery-item'>\n\t\t\t<div class='gallery-icon landscape'>\n\t\t\t\t<a data-elementor-open-lightbox=\"yes\" data-elementor-lightbox-slideshow=\"64bc7bf\" data-elementor-lightbox-title=\"exterieur avant__20250929_195950__028\" data-e-action-hash=\"#elementor-action%3Aaction%3Dlightbox%26settings%3DeyJpZCI6Mjk2OSwidXJsIjoiaHR0cHM6XC9cL2xlc3ZpbGxhc2Rlc2xhY3MuZnJcL3dwLWNvbnRlbnRcL3VwbG9hZHNcLzIwMjVcLzEwXC9leHRlcmlldXItYXZhbnRfXzIwMjUwOTI5XzE5NTk1MF9fMDI4LndlYnAiLCJzbGlkZXNob3ciOiI2NGJjN2JmIn0%3D\" href='https:\/\/lesvillasdeslacs.fr\/wp-content\/uploads\/2025\/10\/exterieur-avant__20250929_195950__028.webp'><img loading=\"lazy\" decoding=\"async\" width=\"800\" height=\"360\" src=\"https:\/\/lesvillasdeslacs.fr\/wp-content\/uploads\/2025\/10\/exterieur-avant__20250929_195950__028-1024x461.webp\" class=\"attachment-large size-large\" alt=\"\" srcset=\"https:\/\/lesvillasdeslacs.fr\/wp-content\/uploads\/2025\/10\/exterieur-avant__20250929_195950__028-1024x461.webp 1024w, https:\/\/lesvillasdeslacs.fr\/wp-content\/uploads\/2025\/10\/exterieur-avant__20250929_195950__028-300x135.webp 300w, https:\/\/lesvillasdeslacs.fr\/wp-content\/uploads\/2025\/10\/exterieur-avant__20250929_195950__028-768x346.webp 768w, https:\/\/lesvillasdeslacs.fr\/wp-content\/uploads\/2025\/10\/exterieur-avant__20250929_195950__028-1536x691.webp 1536w, https:\/\/lesvillasdeslacs.fr\/wp-content\/uploads\/2025\/10\/exterieur-avant__20250929_195950__028-18x8.webp 18w, https:\/\/lesvillasdeslacs.fr\/wp-content\/uploads\/2025\/10\/exterieur-avant__20250929_195950__028.webp 1600w\" sizes=\"(max-width: 800px) 100vw, 800px\" \/><\/a>\n\t\t\t<\/div><\/figure><figure class='gallery-item'>\n\t\t\t<div class='gallery-icon landscape'>\n\t\t\t\t<a data-elementor-open-lightbox=\"yes\" data-elementor-lightbox-slideshow=\"64bc7bf\" data-elementor-lightbox-title=\"exterieur avant__20250929_195944__027\" data-e-action-hash=\"#elementor-action%3Aaction%3Dlightbox%26settings%3DeyJpZCI6Mjk3MCwidXJsIjoiaHR0cHM6XC9cL2xlc3ZpbGxhc2Rlc2xhY3MuZnJcL3dwLWNvbnRlbnRcL3VwbG9hZHNcLzIwMjVcLzEwXC9leHRlcmlldXItYXZhbnRfXzIwMjUwOTI5XzE5NTk0NF9fMDI3LndlYnAiLCJzbGlkZXNob3ciOiI2NGJjN2JmIn0%3D\" href='https:\/\/lesvillasdeslacs.fr\/wp-content\/uploads\/2025\/10\/exterieur-avant__20250929_195944__027.webp'><img loading=\"lazy\" decoding=\"async\" width=\"800\" height=\"360\" src=\"https:\/\/lesvillasdeslacs.fr\/wp-content\/uploads\/2025\/10\/exterieur-avant__20250929_195944__027-1024x461.webp\" class=\"attachment-large size-large\" alt=\"\" srcset=\"https:\/\/lesvillasdeslacs.fr\/wp-content\/uploads\/2025\/10\/exterieur-avant__20250929_195944__027-1024x461.webp 1024w, https:\/\/lesvillasdeslacs.fr\/wp-content\/uploads\/2025\/10\/exterieur-avant__20250929_195944__027-300x135.webp 300w, https:\/\/lesvillasdeslacs.fr\/wp-content\/uploads\/2025\/10\/exterieur-avant__20250929_195944__027-768x346.webp 768w, https:\/\/lesvillasdeslacs.fr\/wp-content\/uploads\/2025\/10\/exterieur-avant__20250929_195944__027-1536x691.webp 1536w, https:\/\/lesvillasdeslacs.fr\/wp-content\/uploads\/2025\/10\/exterieur-avant__20250929_195944__027-18x8.webp 18w, https:\/\/lesvillasdeslacs.fr\/wp-content\/uploads\/2025\/10\/exterieur-avant__20250929_195944__027.webp 1600w\" sizes=\"(max-width: 800px) 100vw, 800px\" \/><\/a>\n\t\t\t<\/div><\/figure><figure class='gallery-item'>\n\t\t\t<div class='gallery-icon landscape'>\n\t\t\t\t<a data-elementor-open-lightbox=\"yes\" data-elementor-lightbox-slideshow=\"64bc7bf\" data-elementor-lightbox-title=\"exterieur avant__20250928_200711__024\" data-e-action-hash=\"#elementor-action%3Aaction%3Dlightbox%26settings%3DeyJpZCI6Mjk3MywidXJsIjoiaHR0cHM6XC9cL2xlc3ZpbGxhc2Rlc2xhY3MuZnJcL3dwLWNvbnRlbnRcL3VwbG9hZHNcLzIwMjVcLzEwXC9leHRlcmlldXItYXZhbnRfXzIwMjUwOTI4XzIwMDcxMV9fMDI0LndlYnAiLCJzbGlkZXNob3ciOiI2NGJjN2JmIn0%3D\" href='https:\/\/lesvillasdeslacs.fr\/wp-content\/uploads\/2025\/10\/exterieur-avant__20250928_200711__024.webp'><img loading=\"lazy\" decoding=\"async\" width=\"800\" height=\"360\" src=\"https:\/\/lesvillasdeslacs.fr\/wp-content\/uploads\/2025\/10\/exterieur-avant__20250928_200711__024-1024x461.webp\" class=\"attachment-large size-large\" alt=\"\" srcset=\"https:\/\/lesvillasdeslacs.fr\/wp-content\/uploads\/2025\/10\/exterieur-avant__20250928_200711__024-1024x461.webp 1024w, https:\/\/lesvillasdeslacs.fr\/wp-content\/uploads\/2025\/10\/exterieur-avant__20250928_200711__024-300x135.webp 300w, https:\/\/lesvillasdeslacs.fr\/wp-content\/uploads\/2025\/10\/exterieur-avant__20250928_200711__024-768x346.webp 768w, https:\/\/lesvillasdeslacs.fr\/wp-content\/uploads\/2025\/10\/exterieur-avant__20250928_200711__024-1536x691.webp 1536w, https:\/\/lesvillasdeslacs.fr\/wp-content\/uploads\/2025\/10\/exterieur-avant__20250928_200711__024-18x8.webp 18w, https:\/\/lesvillasdeslacs.fr\/wp-content\/uploads\/2025\/10\/exterieur-avant__20250928_200711__024.webp 1600w\" sizes=\"(max-width: 800px) 100vw, 800px\" \/><\/a>\n\t\t\t<\/div><\/figure><figure class='gallery-item'>\n\t\t\t<div class='gallery-icon landscape'>\n\t\t\t\t<a data-elementor-open-lightbox=\"yes\" data-elementor-lightbox-slideshow=\"64bc7bf\" data-elementor-lightbox-title=\"exterieur avant__20250929_195915__026\" data-e-action-hash=\"#elementor-action%3Aaction%3Dlightbox%26settings%3DeyJpZCI6Mjk3MSwidXJsIjoiaHR0cHM6XC9cL2xlc3ZpbGxhc2Rlc2xhY3MuZnJcL3dwLWNvbnRlbnRcL3VwbG9hZHNcLzIwMjVcLzEwXC9leHRlcmlldXItYXZhbnRfXzIwMjUwOTI5XzE5NTkxNV9fMDI2LndlYnAiLCJzbGlkZXNob3ciOiI2NGJjN2JmIn0%3D\" href='https:\/\/lesvillasdeslacs.fr\/wp-content\/uploads\/2025\/10\/exterieur-avant__20250929_195915__026.webp'><img loading=\"lazy\" decoding=\"async\" width=\"800\" height=\"360\" src=\"https:\/\/lesvillasdeslacs.fr\/wp-content\/uploads\/2025\/10\/exterieur-avant__20250929_195915__026-1024x461.webp\" class=\"attachment-large size-large\" alt=\"\" srcset=\"https:\/\/lesvillasdeslacs.fr\/wp-content\/uploads\/2025\/10\/exterieur-avant__20250929_195915__026-1024x461.webp 1024w, https:\/\/lesvillasdeslacs.fr\/wp-content\/uploads\/2025\/10\/exterieur-avant__20250929_195915__026-300x135.webp 300w, https:\/\/lesvillasdeslacs.fr\/wp-content\/uploads\/2025\/10\/exterieur-avant__20250929_195915__026-768x346.webp 768w, https:\/\/lesvillasdeslacs.fr\/wp-content\/uploads\/2025\/10\/exterieur-avant__20250929_195915__026-1536x691.webp 1536w, https:\/\/lesvillasdeslacs.fr\/wp-content\/uploads\/2025\/10\/exterieur-avant__20250929_195915__026-18x8.webp 18w, https:\/\/lesvillasdeslacs.fr\/wp-content\/uploads\/2025\/10\/exterieur-avant__20250929_195915__026.webp 1600w\" sizes=\"(max-width: 800px) 100vw, 800px\" \/><\/a>\n\t\t\t<\/div><\/figure><figure class='gallery-item'>\n\t\t\t<div class='gallery-icon landscape'>\n\t\t\t\t<a data-elementor-open-lightbox=\"yes\" data-elementor-lightbox-slideshow=\"64bc7bf\" data-elementor-lightbox-title=\"exterieur avant__20250929_200000__029\" data-e-action-hash=\"#elementor-action%3Aaction%3Dlightbox%26settings%3DeyJpZCI6Mjk2OCwidXJsIjoiaHR0cHM6XC9cL2xlc3ZpbGxhc2Rlc2xhY3MuZnJcL3dwLWNvbnRlbnRcL3VwbG9hZHNcLzIwMjVcLzEwXC9leHRlcmlldXItYXZhbnRfXzIwMjUwOTI5XzIwMDAwMF9fMDI5LndlYnAiLCJzbGlkZXNob3ciOiI2NGJjN2JmIn0%3D\" href='https:\/\/lesvillasdeslacs.fr\/wp-content\/uploads\/2025\/10\/exterieur-avant__20250929_200000__029.webp'><img loading=\"lazy\" decoding=\"async\" width=\"800\" height=\"360\" src=\"https:\/\/lesvillasdeslacs.fr\/wp-content\/uploads\/2025\/10\/exterieur-avant__20250929_200000__029-1024x461.webp\" class=\"attachment-large size-large\" alt=\"\" srcset=\"https:\/\/lesvillasdeslacs.fr\/wp-content\/uploads\/2025\/10\/exterieur-avant__20250929_200000__029-1024x461.webp 1024w, https:\/\/lesvillasdeslacs.fr\/wp-content\/uploads\/2025\/10\/exterieur-avant__20250929_200000__029-300x135.webp 300w, https:\/\/lesvillasdeslacs.fr\/wp-content\/uploads\/2025\/10\/exterieur-avant__20250929_200000__029-768x346.webp 768w, https:\/\/lesvillasdeslacs.fr\/wp-content\/uploads\/2025\/10\/exterieur-avant__20250929_200000__029-1536x691.webp 1536w, https:\/\/lesvillasdeslacs.fr\/wp-content\/uploads\/2025\/10\/exterieur-avant__20250929_200000__029-18x8.webp 18w, https:\/\/lesvillasdeslacs.fr\/wp-content\/uploads\/2025\/10\/exterieur-avant__20250929_200000__029.webp 1600w\" sizes=\"(max-width: 800px) 100vw, 800px\" \/><\/a>\n\t\t\t<\/div><\/figure><figure class='gallery-item'>\n\t\t\t<div class='gallery-icon landscape'>\n\t\t\t\t<a data-elementor-open-lightbox=\"yes\" data-elementor-lightbox-slideshow=\"64bc7bf\" data-elementor-lightbox-title=\"exterieur avant__20250929_200019__030\" data-e-action-hash=\"#elementor-action%3Aaction%3Dlightbox%26settings%3DeyJpZCI6Mjk2NywidXJsIjoiaHR0cHM6XC9cL2xlc3ZpbGxhc2Rlc2xhY3MuZnJcL3dwLWNvbnRlbnRcL3VwbG9hZHNcLzIwMjVcLzEwXC9leHRlcmlldXItYXZhbnRfXzIwMjUwOTI5XzIwMDAxOV9fMDMwLndlYnAiLCJzbGlkZXNob3ciOiI2NGJjN2JmIn0%3D\" href='https:\/\/lesvillasdeslacs.fr\/wp-content\/uploads\/2025\/10\/exterieur-avant__20250929_200019__030.webp'><img loading=\"lazy\" decoding=\"async\" width=\"800\" height=\"360\" src=\"https:\/\/lesvillasdeslacs.fr\/wp-content\/uploads\/2025\/10\/exterieur-avant__20250929_200019__030-1024x461.webp\" class=\"attachment-large size-large\" alt=\"\" srcset=\"https:\/\/lesvillasdeslacs.fr\/wp-content\/uploads\/2025\/10\/exterieur-avant__20250929_200019__030-1024x461.webp 1024w, https:\/\/lesvillasdeslacs.fr\/wp-content\/uploads\/2025\/10\/exterieur-avant__20250929_200019__030-300x135.webp 300w, https:\/\/lesvillasdeslacs.fr\/wp-content\/uploads\/2025\/10\/exterieur-avant__20250929_200019__030-768x346.webp 768w, https:\/\/lesvillasdeslacs.fr\/wp-content\/uploads\/2025\/10\/exterieur-avant__20250929_200019__030-1536x691.webp 1536w, https:\/\/lesvillasdeslacs.fr\/wp-content\/uploads\/2025\/10\/exterieur-avant__20250929_200019__030-18x8.webp 18w, https:\/\/lesvillasdeslacs.fr\/wp-content\/uploads\/2025\/10\/exterieur-avant__20250929_200019__030.webp 1600w\" sizes=\"(max-width: 800px) 100vw, 800px\" \/><\/a>\n\t\t\t<\/div><\/figure><figure class='gallery-item'>\n\t\t\t<div class='gallery-icon landscape'>\n\t\t\t\t<a data-elementor-open-lightbox=\"yes\" data-elementor-lightbox-slideshow=\"64bc7bf\" data-elementor-lightbox-title=\"exterieur avant__20250929_200030__031\" data-e-action-hash=\"#elementor-action%3Aaction%3Dlightbox%26settings%3DeyJpZCI6Mjk2NiwidXJsIjoiaHR0cHM6XC9cL2xlc3ZpbGxhc2Rlc2xhY3MuZnJcL3dwLWNvbnRlbnRcL3VwbG9hZHNcLzIwMjVcLzEwXC9leHRlcmlldXItYXZhbnRfXzIwMjUwOTI5XzIwMDAzMF9fMDMxLndlYnAiLCJzbGlkZXNob3ciOiI2NGJjN2JmIn0%3D\" href='https:\/\/lesvillasdeslacs.fr\/wp-content\/uploads\/2025\/10\/exterieur-avant__20250929_200030__031.webp'><img loading=\"lazy\" decoding=\"async\" width=\"800\" height=\"360\" src=\"https:\/\/lesvillasdeslacs.fr\/wp-content\/uploads\/2025\/10\/exterieur-avant__20250929_200030__031-1024x461.webp\" class=\"attachment-large size-large\" alt=\"\" srcset=\"https:\/\/lesvillasdeslacs.fr\/wp-content\/uploads\/2025\/10\/exterieur-avant__20250929_200030__031-1024x461.webp 1024w, https:\/\/lesvillasdeslacs.fr\/wp-content\/uploads\/2025\/10\/exterieur-avant__20250929_200030__031-300x135.webp 300w, https:\/\/lesvillasdeslacs.fr\/wp-content\/uploads\/2025\/10\/exterieur-avant__20250929_200030__031-768x346.webp 768w, https:\/\/lesvillasdeslacs.fr\/wp-content\/uploads\/2025\/10\/exterieur-avant__20250929_200030__031-1536x691.webp 1536w, https:\/\/lesvillasdeslacs.fr\/wp-content\/uploads\/2025\/10\/exterieur-avant__20250929_200030__031-18x8.webp 18w, https:\/\/lesvillasdeslacs.fr\/wp-content\/uploads\/2025\/10\/exterieur-avant__20250929_200030__031.webp 1600w\" sizes=\"(max-width: 800px) 100vw, 800px\" \/><\/a>\n\t\t\t<\/div><\/figure><figure class='gallery-item'>\n\t\t\t<div class='gallery-icon landscape'>\n\t\t\t\t<a data-elementor-open-lightbox=\"yes\" data-elementor-lightbox-slideshow=\"64bc7bf\" data-elementor-lightbox-title=\"exterieur avant__20250929_200048__032\" data-e-action-hash=\"#elementor-action%3Aaction%3Dlightbox%26settings%3DeyJpZCI6Mjk2NSwidXJsIjoiaHR0cHM6XC9cL2xlc3ZpbGxhc2Rlc2xhY3MuZnJcL3dwLWNvbnRlbnRcL3VwbG9hZHNcLzIwMjVcLzEwXC9leHRlcmlldXItYXZhbnRfXzIwMjUwOTI5XzIwMDA0OF9fMDMyLndlYnAiLCJzbGlkZXNob3ciOiI2NGJjN2JmIn0%3D\" href='https:\/\/lesvillasdeslacs.fr\/wp-content\/uploads\/2025\/10\/exterieur-avant__20250929_200048__032.webp'><img loading=\"lazy\" decoding=\"async\" width=\"800\" height=\"360\" src=\"https:\/\/lesvillasdeslacs.fr\/wp-content\/uploads\/2025\/10\/exterieur-avant__20250929_200048__032-1024x461.webp\" class=\"attachment-large size-large\" alt=\"\" srcset=\"https:\/\/lesvillasdeslacs.fr\/wp-content\/uploads\/2025\/10\/exterieur-avant__20250929_200048__032-1024x461.webp 1024w, https:\/\/lesvillasdeslacs.fr\/wp-content\/uploads\/2025\/10\/exterieur-avant__20250929_200048__032-300x135.webp 300w, https:\/\/lesvillasdeslacs.fr\/wp-content\/uploads\/2025\/10\/exterieur-avant__20250929_200048__032-768x346.webp 768w, https:\/\/lesvillasdeslacs.fr\/wp-content\/uploads\/2025\/10\/exterieur-avant__20250929_200048__032-1536x691.webp 1536w, https:\/\/lesvillasdeslacs.fr\/wp-content\/uploads\/2025\/10\/exterieur-avant__20250929_200048__032-18x8.webp 18w, https:\/\/lesvillasdeslacs.fr\/wp-content\/uploads\/2025\/10\/exterieur-avant__20250929_200048__032.webp 1600w\" sizes=\"(max-width: 800px) 100vw, 800px\" \/><\/a>\n\t\t\t<\/div><\/figure><figure class='gallery-item'>\n\t\t\t<div class='gallery-icon landscape'>\n\t\t\t\t<a data-elementor-open-lightbox=\"yes\" data-elementor-lightbox-slideshow=\"64bc7bf\" data-elementor-lightbox-title=\"exterieur avant__20250929_200058__033\" data-e-action-hash=\"#elementor-action%3Aaction%3Dlightbox%26settings%3DeyJpZCI6Mjk2NCwidXJsIjoiaHR0cHM6XC9cL2xlc3ZpbGxhc2Rlc2xhY3MuZnJcL3dwLWNvbnRlbnRcL3VwbG9hZHNcLzIwMjVcLzEwXC9leHRlcmlldXItYXZhbnRfXzIwMjUwOTI5XzIwMDA1OF9fMDMzLndlYnAiLCJzbGlkZXNob3ciOiI2NGJjN2JmIn0%3D\" href='https:\/\/lesvillasdeslacs.fr\/wp-content\/uploads\/2025\/10\/exterieur-avant__20250929_200058__033.webp'><img loading=\"lazy\" decoding=\"async\" width=\"800\" height=\"360\" src=\"https:\/\/lesvillasdeslacs.fr\/wp-content\/uploads\/2025\/10\/exterieur-avant__20250929_200058__033-1024x461.webp\" class=\"attachment-large size-large\" alt=\"\" srcset=\"https:\/\/lesvillasdeslacs.fr\/wp-content\/uploads\/2025\/10\/exterieur-avant__20250929_200058__033-1024x461.webp 1024w, https:\/\/lesvillasdeslacs.fr\/wp-content\/uploads\/2025\/10\/exterieur-avant__20250929_200058__033-300x135.webp 300w, https:\/\/lesvillasdeslacs.fr\/wp-content\/uploads\/2025\/10\/exterieur-avant__20250929_200058__033-768x346.webp 768w, https:\/\/lesvillasdeslacs.fr\/wp-content\/uploads\/2025\/10\/exterieur-avant__20250929_200058__033-1536x691.webp 1536w, https:\/\/lesvillasdeslacs.fr\/wp-content\/uploads\/2025\/10\/exterieur-avant__20250929_200058__033-18x8.webp 18w, https:\/\/lesvillasdeslacs.fr\/wp-content\/uploads\/2025\/10\/exterieur-avant__20250929_200058__033.webp 1600w\" sizes=\"(max-width: 800px) 100vw, 800px\" \/><\/a>\n\t\t\t<\/div><\/figure><figure class='gallery-item'>\n\t\t\t<div class='gallery-icon landscape'>\n\t\t\t\t<a data-elementor-open-lightbox=\"yes\" data-elementor-lightbox-slideshow=\"64bc7bf\" data-elementor-lightbox-title=\"exterieur avant__20250928_200554__023\" data-e-action-hash=\"#elementor-action%3Aaction%3Dlightbox%26settings%3DeyJpZCI6Mjk3NCwidXJsIjoiaHR0cHM6XC9cL2xlc3ZpbGxhc2Rlc2xhY3MuZnJcL3dwLWNvbnRlbnRcL3VwbG9hZHNcLzIwMjVcLzEwXC9leHRlcmlldXItYXZhbnRfXzIwMjUwOTI4XzIwMDU1NF9fMDIzLndlYnAiLCJzbGlkZXNob3ciOiI2NGJjN2JmIn0%3D\" href='https:\/\/lesvillasdeslacs.fr\/wp-content\/uploads\/2025\/10\/exterieur-avant__20250928_200554__023.webp'><img loading=\"lazy\" decoding=\"async\" width=\"800\" height=\"360\" src=\"https:\/\/lesvillasdeslacs.fr\/wp-content\/uploads\/2025\/10\/exterieur-avant__20250928_200554__023-1024x461.webp\" class=\"attachment-large size-large\" alt=\"\" srcset=\"https:\/\/lesvillasdeslacs.fr\/wp-content\/uploads\/2025\/10\/exterieur-avant__20250928_200554__023-1024x461.webp 1024w, https:\/\/lesvillasdeslacs.fr\/wp-content\/uploads\/2025\/10\/exterieur-avant__20250928_200554__023-300x135.webp 300w, https:\/\/lesvillasdeslacs.fr\/wp-content\/uploads\/2025\/10\/exterieur-avant__20250928_200554__023-768x346.webp 768w, https:\/\/lesvillasdeslacs.fr\/wp-content\/uploads\/2025\/10\/exterieur-avant__20250928_200554__023-1536x691.webp 1536w, https:\/\/lesvillasdeslacs.fr\/wp-content\/uploads\/2025\/10\/exterieur-avant__20250928_200554__023-18x8.webp 18w, https:\/\/lesvillasdeslacs.fr\/wp-content\/uploads\/2025\/10\/exterieur-avant__20250928_200554__023.webp 1600w\" sizes=\"(max-width: 800px) 100vw, 800px\" \/><\/a>\n\t\t\t<\/div><\/figure><figure class='gallery-item'>\n\t\t\t<div class='gallery-icon landscape'>\n\t\t\t\t<a data-elementor-open-lightbox=\"yes\" data-elementor-lightbox-slideshow=\"64bc7bf\" data-elementor-lightbox-title=\"exterieur avant__20250928_130854__018\" data-e-action-hash=\"#elementor-action%3Aaction%3Dlightbox%26settings%3DeyJpZCI6Mjk3OSwidXJsIjoiaHR0cHM6XC9cL2xlc3ZpbGxhc2Rlc2xhY3MuZnJcL3dwLWNvbnRlbnRcL3VwbG9hZHNcLzIwMjVcLzEwXC9leHRlcmlldXItYXZhbnRfXzIwMjUwOTI4XzEzMDg1NF9fMDE4LndlYnAiLCJzbGlkZXNob3ciOiI2NGJjN2JmIn0%3D\" href='https:\/\/lesvillasdeslacs.fr\/wp-content\/uploads\/2025\/10\/exterieur-avant__20250928_130854__018.webp'><img loading=\"lazy\" decoding=\"async\" width=\"800\" height=\"360\" src=\"https:\/\/lesvillasdeslacs.fr\/wp-content\/uploads\/2025\/10\/exterieur-avant__20250928_130854__018-1024x461.webp\" class=\"attachment-large size-large\" alt=\"\" srcset=\"https:\/\/lesvillasdeslacs.fr\/wp-content\/uploads\/2025\/10\/exterieur-avant__20250928_130854__018-1024x461.webp 1024w, https:\/\/lesvillasdeslacs.fr\/wp-content\/uploads\/2025\/10\/exterieur-avant__20250928_130854__018-300x135.webp 300w, https:\/\/lesvillasdeslacs.fr\/wp-content\/uploads\/2025\/10\/exterieur-avant__20250928_130854__018-768x346.webp 768w, https:\/\/lesvillasdeslacs.fr\/wp-content\/uploads\/2025\/10\/exterieur-avant__20250928_130854__018-1536x691.webp 1536w, https:\/\/lesvillasdeslacs.fr\/wp-content\/uploads\/2025\/10\/exterieur-avant__20250928_130854__018-18x8.webp 18w, https:\/\/lesvillasdeslacs.fr\/wp-content\/uploads\/2025\/10\/exterieur-avant__20250928_130854__018.webp 1600w\" sizes=\"(max-width: 800px) 100vw, 800px\" \/><\/a>\n\t\t\t<\/div><\/figure><figure class='gallery-item'>\n\t\t\t<div class='gallery-icon landscape'>\n\t\t\t\t<a data-elementor-open-lightbox=\"yes\" data-elementor-lightbox-slideshow=\"64bc7bf\" data-elementor-lightbox-title=\"exterieur avant__20250928_130839__017\" data-e-action-hash=\"#elementor-action%3Aaction%3Dlightbox%26settings%3DeyJpZCI6Mjk4MCwidXJsIjoiaHR0cHM6XC9cL2xlc3ZpbGxhc2Rlc2xhY3MuZnJcL3dwLWNvbnRlbnRcL3VwbG9hZHNcLzIwMjVcLzEwXC9leHRlcmlldXItYXZhbnRfXzIwMjUwOTI4XzEzMDgzOV9fMDE3LndlYnAiLCJzbGlkZXNob3ciOiI2NGJjN2JmIn0%3D\" href='https:\/\/lesvillasdeslacs.fr\/wp-content\/uploads\/2025\/10\/exterieur-avant__20250928_130839__017.webp'><img loading=\"lazy\" decoding=\"async\" width=\"800\" height=\"360\" src=\"https:\/\/lesvillasdeslacs.fr\/wp-content\/uploads\/2025\/10\/exterieur-avant__20250928_130839__017-1024x461.webp\" class=\"attachment-large size-large\" alt=\"\" srcset=\"https:\/\/lesvillasdeslacs.fr\/wp-content\/uploads\/2025\/10\/exterieur-avant__20250928_130839__017-1024x461.webp 1024w, https:\/\/lesvillasdeslacs.fr\/wp-content\/uploads\/2025\/10\/exterieur-avant__20250928_130839__017-300x135.webp 300w, https:\/\/lesvillasdeslacs.fr\/wp-content\/uploads\/2025\/10\/exterieur-avant__20250928_130839__017-768x346.webp 768w, https:\/\/lesvillasdeslacs.fr\/wp-content\/uploads\/2025\/10\/exterieur-avant__20250928_130839__017-1536x691.webp 1536w, https:\/\/lesvillasdeslacs.fr\/wp-content\/uploads\/2025\/10\/exterieur-avant__20250928_130839__017-18x8.webp 18w, https:\/\/lesvillasdeslacs.fr\/wp-content\/uploads\/2025\/10\/exterieur-avant__20250928_130839__017.webp 1600w\" sizes=\"(max-width: 800px) 100vw, 800px\" \/><\/a>\n\t\t\t<\/div><\/figure><figure class='gallery-item'>\n\t\t\t<div class='gallery-icon landscape'>\n\t\t\t\t<a data-elementor-open-lightbox=\"yes\" data-elementor-lightbox-slideshow=\"64bc7bf\" data-elementor-lightbox-title=\"exterieur avant__20250928_130902__019\" data-e-action-hash=\"#elementor-action%3Aaction%3Dlightbox%26settings%3DeyJpZCI6Mjk3OCwidXJsIjoiaHR0cHM6XC9cL2xlc3ZpbGxhc2Rlc2xhY3MuZnJcL3dwLWNvbnRlbnRcL3VwbG9hZHNcLzIwMjVcLzEwXC9leHRlcmlldXItYXZhbnRfXzIwMjUwOTI4XzEzMDkwMl9fMDE5LndlYnAiLCJzbGlkZXNob3ciOiI2NGJjN2JmIn0%3D\" href='https:\/\/lesvillasdeslacs.fr\/wp-content\/uploads\/2025\/10\/exterieur-avant__20250928_130902__019.webp'><img loading=\"lazy\" decoding=\"async\" width=\"800\" height=\"360\" src=\"https:\/\/lesvillasdeslacs.fr\/wp-content\/uploads\/2025\/10\/exterieur-avant__20250928_130902__019-1024x461.webp\" class=\"attachment-large size-large\" alt=\"\" srcset=\"https:\/\/lesvillasdeslacs.fr\/wp-content\/uploads\/2025\/10\/exterieur-avant__20250928_130902__019-1024x461.webp 1024w, https:\/\/lesvillasdeslacs.fr\/wp-content\/uploads\/2025\/10\/exterieur-avant__20250928_130902__019-300x135.webp 300w, https:\/\/lesvillasdeslacs.fr\/wp-content\/uploads\/2025\/10\/exterieur-avant__20250928_130902__019-768x346.webp 768w, https:\/\/lesvillasdeslacs.fr\/wp-content\/uploads\/2025\/10\/exterieur-avant__20250928_130902__019-1536x691.webp 1536w, https:\/\/lesvillasdeslacs.fr\/wp-content\/uploads\/2025\/10\/exterieur-avant__20250928_130902__019-18x8.webp 18w, https:\/\/lesvillasdeslacs.fr\/wp-content\/uploads\/2025\/10\/exterieur-avant__20250928_130902__019.webp 1600w\" sizes=\"(max-width: 800px) 100vw, 800px\" \/><\/a>\n\t\t\t<\/div><\/figure><figure class='gallery-item'>\n\t\t\t<div class='gallery-icon landscape'>\n\t\t\t\t<a data-elementor-open-lightbox=\"yes\" data-elementor-lightbox-slideshow=\"64bc7bf\" data-elementor-lightbox-title=\"exterieur avant__20250928_130929__021\" data-e-action-hash=\"#elementor-action%3Aaction%3Dlightbox%26settings%3DeyJpZCI6Mjk3NiwidXJsIjoiaHR0cHM6XC9cL2xlc3ZpbGxhc2Rlc2xhY3MuZnJcL3dwLWNvbnRlbnRcL3VwbG9hZHNcLzIwMjVcLzEwXC9leHRlcmlldXItYXZhbnRfXzIwMjUwOTI4XzEzMDkyOV9fMDIxLndlYnAiLCJzbGlkZXNob3ciOiI2NGJjN2JmIn0%3D\" href='https:\/\/lesvillasdeslacs.fr\/wp-content\/uploads\/2025\/10\/exterieur-avant__20250928_130929__021.webp'><img loading=\"lazy\" decoding=\"async\" width=\"800\" height=\"360\" src=\"https:\/\/lesvillasdeslacs.fr\/wp-content\/uploads\/2025\/10\/exterieur-avant__20250928_130929__021-1024x461.webp\" class=\"attachment-large size-large\" alt=\"\" srcset=\"https:\/\/lesvillasdeslacs.fr\/wp-content\/uploads\/2025\/10\/exterieur-avant__20250928_130929__021-1024x461.webp 1024w, https:\/\/lesvillasdeslacs.fr\/wp-content\/uploads\/2025\/10\/exterieur-avant__20250928_130929__021-300x135.webp 300w, https:\/\/lesvillasdeslacs.fr\/wp-content\/uploads\/2025\/10\/exterieur-avant__20250928_130929__021-768x346.webp 768w, https:\/\/lesvillasdeslacs.fr\/wp-content\/uploads\/2025\/10\/exterieur-avant__20250928_130929__021-1536x691.webp 1536w, https:\/\/lesvillasdeslacs.fr\/wp-content\/uploads\/2025\/10\/exterieur-avant__20250928_130929__021-18x8.webp 18w, https:\/\/lesvillasdeslacs.fr\/wp-content\/uploads\/2025\/10\/exterieur-avant__20250928_130929__021.webp 1600w\" sizes=\"(max-width: 800px) 100vw, 800px\" \/><\/a>\n\t\t\t<\/div><\/figure><figure class='gallery-item'>\n\t\t\t<div class='gallery-icon landscape'>\n\t\t\t\t<a data-elementor-open-lightbox=\"yes\" data-elementor-lightbox-slideshow=\"64bc7bf\" data-elementor-lightbox-title=\"exterieur avant__20250928_130910__020\" data-e-action-hash=\"#elementor-action%3Aaction%3Dlightbox%26settings%3DeyJpZCI6Mjk3NywidXJsIjoiaHR0cHM6XC9cL2xlc3ZpbGxhc2Rlc2xhY3MuZnJcL3dwLWNvbnRlbnRcL3VwbG9hZHNcLzIwMjVcLzEwXC9leHRlcmlldXItYXZhbnRfXzIwMjUwOTI4XzEzMDkxMF9fMDIwLndlYnAiLCJzbGlkZXNob3ciOiI2NGJjN2JmIn0%3D\" href='https:\/\/lesvillasdeslacs.fr\/wp-content\/uploads\/2025\/10\/exterieur-avant__20250928_130910__020.webp'><img loading=\"lazy\" decoding=\"async\" width=\"800\" height=\"360\" src=\"https:\/\/lesvillasdeslacs.fr\/wp-content\/uploads\/2025\/10\/exterieur-avant__20250928_130910__020-1024x461.webp\" class=\"attachment-large size-large\" alt=\"\" srcset=\"https:\/\/lesvillasdeslacs.fr\/wp-content\/uploads\/2025\/10\/exterieur-avant__20250928_130910__020-1024x461.webp 1024w, https:\/\/lesvillasdeslacs.fr\/wp-content\/uploads\/2025\/10\/exterieur-avant__20250928_130910__020-300x135.webp 300w, https:\/\/lesvillasdeslacs.fr\/wp-content\/uploads\/2025\/10\/exterieur-avant__20250928_130910__020-768x346.webp 768w, https:\/\/lesvillasdeslacs.fr\/wp-content\/uploads\/2025\/10\/exterieur-avant__20250928_130910__020-1536x691.webp 1536w, https:\/\/lesvillasdeslacs.fr\/wp-content\/uploads\/2025\/10\/exterieur-avant__20250928_130910__020-18x8.webp 18w, https:\/\/lesvillasdeslacs.fr\/wp-content\/uploads\/2025\/10\/exterieur-avant__20250928_130910__020.webp 1600w\" sizes=\"(max-width: 800px) 100vw, 800px\" \/><\/a>\n\t\t\t<\/div><\/figure><figure class='gallery-item'>\n\t\t\t<div class='gallery-icon landscape'>\n\t\t\t\t<a data-elementor-open-lightbox=\"yes\" data-elementor-lightbox-slideshow=\"64bc7bf\" data-elementor-lightbox-title=\"villa2-exterieur-arriere-02\" data-e-action-hash=\"#elementor-action%3Aaction%3Dlightbox%26settings%3DeyJpZCI6MjM2NCwidXJsIjoiaHR0cHM6XC9cL2xlc3ZpbGxhc2Rlc2xhY3MuZnJcL3dwLWNvbnRlbnRcL3VwbG9hZHNcLzIwMjVcLzA5XC92aWxsYTItZXh0ZXJpZXVyLWFycmllcmUtMDIud2VicCIsInNsaWRlc2hvdyI6IjY0YmM3YmYifQ%3D%3D\" href='https:\/\/lesvillasdeslacs.fr\/wp-content\/uploads\/2025\/09\/villa2-exterieur-arriere-02.webp'><img loading=\"lazy\" decoding=\"async\" width=\"800\" height=\"450\" src=\"https:\/\/lesvillasdeslacs.fr\/wp-content\/uploads\/2025\/09\/villa2-exterieur-arriere-02-1024x576.webp\" class=\"attachment-large size-large\" alt=\"\" srcset=\"https:\/\/lesvillasdeslacs.fr\/wp-content\/uploads\/2025\/09\/villa2-exterieur-arriere-02-1024x576.webp 1024w, https:\/\/lesvillasdeslacs.fr\/wp-content\/uploads\/2025\/09\/villa2-exterieur-arriere-02-300x169.webp 300w, https:\/\/lesvillasdeslacs.fr\/wp-content\/uploads\/2025\/09\/villa2-exterieur-arriere-02-768x432.webp 768w, https:\/\/lesvillasdeslacs.fr\/wp-content\/uploads\/2025\/09\/villa2-exterieur-arriere-02-1536x864.webp 1536w, https:\/\/lesvillasdeslacs.fr\/wp-content\/uploads\/2025\/09\/villa2-exterieur-arriere-02-18x10.webp 18w, https:\/\/lesvillasdeslacs.fr\/wp-content\/uploads\/2025\/09\/villa2-exterieur-arriere-02.webp 1600w\" sizes=\"(max-width: 800px) 100vw, 800px\" \/><\/a>\n\t\t\t<\/div><\/figure><figure class='gallery-item'>\n\t\t\t<div class='gallery-icon landscape'>\n\t\t\t\t<a data-elementor-open-lightbox=\"yes\" data-elementor-lightbox-slideshow=\"64bc7bf\" data-elementor-lightbox-title=\"villa2-exterieur-arriere-03\" data-e-action-hash=\"#elementor-action%3Aaction%3Dlightbox%26settings%3DeyJpZCI6MjM2NSwidXJsIjoiaHR0cHM6XC9cL2xlc3ZpbGxhc2Rlc2xhY3MuZnJcL3dwLWNvbnRlbnRcL3VwbG9hZHNcLzIwMjVcLzA5XC92aWxsYTItZXh0ZXJpZXVyLWFycmllcmUtMDMud2VicCIsInNsaWRlc2hvdyI6IjY0YmM3YmYifQ%3D%3D\" href='https:\/\/lesvillasdeslacs.fr\/wp-content\/uploads\/2025\/09\/villa2-exterieur-arriere-03.webp'><img loading=\"lazy\" decoding=\"async\" width=\"800\" height=\"450\" src=\"https:\/\/lesvillasdeslacs.fr\/wp-content\/uploads\/2025\/09\/villa2-exterieur-arriere-03-1024x576.webp\" class=\"attachment-large size-large\" alt=\"\" srcset=\"https:\/\/lesvillasdeslacs.fr\/wp-content\/uploads\/2025\/09\/villa2-exterieur-arriere-03-1024x576.webp 1024w, https:\/\/lesvillasdeslacs.fr\/wp-content\/uploads\/2025\/09\/villa2-exterieur-arriere-03-300x169.webp 300w, https:\/\/lesvillasdeslacs.fr\/wp-content\/uploads\/2025\/09\/villa2-exterieur-arriere-03-768x432.webp 768w, https:\/\/lesvillasdeslacs.fr\/wp-content\/uploads\/2025\/09\/villa2-exterieur-arriere-03-1536x864.webp 1536w, https:\/\/lesvillasdeslacs.fr\/wp-content\/uploads\/2025\/09\/villa2-exterieur-arriere-03-18x10.webp 18w, https:\/\/lesvillasdeslacs.fr\/wp-content\/uploads\/2025\/09\/villa2-exterieur-arriere-03.webp 1600w\" sizes=\"(max-width: 800px) 100vw, 800px\" \/><\/a>\n\t\t\t<\/div><\/figure><figure class='gallery-item'>\n\t\t\t<div class='gallery-icon landscape'>\n\t\t\t\t<a data-elementor-open-lightbox=\"yes\" data-elementor-lightbox-slideshow=\"64bc7bf\" data-elementor-lightbox-title=\"villa2-exterieur-arriere-04\" data-e-action-hash=\"#elementor-action%3Aaction%3Dlightbox%26settings%3DeyJpZCI6MjM2MywidXJsIjoiaHR0cHM6XC9cL2xlc3ZpbGxhc2Rlc2xhY3MuZnJcL3dwLWNvbnRlbnRcL3VwbG9hZHNcLzIwMjVcLzA5XC92aWxsYTItZXh0ZXJpZXVyLWFycmllcmUtMDQud2VicCIsInNsaWRlc2hvdyI6IjY0YmM3YmYifQ%3D%3D\" href='https:\/\/lesvillasdeslacs.fr\/wp-content\/uploads\/2025\/09\/villa2-exterieur-arriere-04.webp'><img loading=\"lazy\" decoding=\"async\" width=\"800\" height=\"450\" src=\"https:\/\/lesvillasdeslacs.fr\/wp-content\/uploads\/2025\/09\/villa2-exterieur-arriere-04-1024x576.webp\" class=\"attachment-large size-large\" alt=\"\" srcset=\"https:\/\/lesvillasdeslacs.fr\/wp-content\/uploads\/2025\/09\/villa2-exterieur-arriere-04-1024x576.webp 1024w, https:\/\/lesvillasdeslacs.fr\/wp-content\/uploads\/2025\/09\/villa2-exterieur-arriere-04-300x169.webp 300w, https:\/\/lesvillasdeslacs.fr\/wp-content\/uploads\/2025\/09\/villa2-exterieur-arriere-04-768x432.webp 768w, https:\/\/lesvillasdeslacs.fr\/wp-content\/uploads\/2025\/09\/villa2-exterieur-arriere-04-1536x864.webp 1536w, https:\/\/lesvillasdeslacs.fr\/wp-content\/uploads\/2025\/09\/villa2-exterieur-arriere-04-18x10.webp 18w, https:\/\/lesvillasdeslacs.fr\/wp-content\/uploads\/2025\/09\/villa2-exterieur-arriere-04.webp 1600w\" sizes=\"(max-width: 800px) 100vw, 800px\" \/><\/a>\n\t\t\t<\/div><\/figure><figure class='gallery-item'>\n\t\t\t<div class='gallery-icon landscape'>\n\t\t\t\t<a data-elementor-open-lightbox=\"yes\" data-elementor-lightbox-slideshow=\"64bc7bf\" data-elementor-lightbox-title=\"villa2-exterieur-arriere-05\" data-e-action-hash=\"#elementor-action%3Aaction%3Dlightbox%26settings%3DeyJpZCI6MjM2MiwidXJsIjoiaHR0cHM6XC9cL2xlc3ZpbGxhc2Rlc2xhY3MuZnJcL3dwLWNvbnRlbnRcL3VwbG9hZHNcLzIwMjVcLzA5XC92aWxsYTItZXh0ZXJpZXVyLWFycmllcmUtMDUud2VicCIsInNsaWRlc2hvdyI6IjY0YmM3YmYifQ%3D%3D\" href='https:\/\/lesvillasdeslacs.fr\/wp-content\/uploads\/2025\/09\/villa2-exterieur-arriere-05.webp'><img loading=\"lazy\" decoding=\"async\" width=\"800\" height=\"450\" src=\"https:\/\/lesvillasdeslacs.fr\/wp-content\/uploads\/2025\/09\/villa2-exterieur-arriere-05-1024x576.webp\" class=\"attachment-large size-large\" alt=\"\" srcset=\"https:\/\/lesvillasdeslacs.fr\/wp-content\/uploads\/2025\/09\/villa2-exterieur-arriere-05-1024x576.webp 1024w, https:\/\/lesvillasdeslacs.fr\/wp-content\/uploads\/2025\/09\/villa2-exterieur-arriere-05-300x169.webp 300w, https:\/\/lesvillasdeslacs.fr\/wp-content\/uploads\/2025\/09\/villa2-exterieur-arriere-05-768x432.webp 768w, https:\/\/lesvillasdeslacs.fr\/wp-content\/uploads\/2025\/09\/villa2-exterieur-arriere-05-1536x864.webp 1536w, https:\/\/lesvillasdeslacs.fr\/wp-content\/uploads\/2025\/09\/villa2-exterieur-arriere-05-18x10.webp 18w, https:\/\/lesvillasdeslacs.fr\/wp-content\/uploads\/2025\/09\/villa2-exterieur-arriere-05.webp 1600w\" sizes=\"(max-width: 800px) 100vw, 800px\" \/><\/a>\n\t\t\t<\/div><\/figure><figure class='gallery-item'>\n\t\t\t<div class='gallery-icon landscape'>\n\t\t\t\t<a data-elementor-open-lightbox=\"yes\" data-elementor-lightbox-slideshow=\"64bc7bf\" data-elementor-lightbox-title=\"exterieur arriere__20250928_122555__002\" data-e-action-hash=\"#elementor-action%3Aaction%3Dlightbox%26settings%3DeyJpZCI6MzAwNCwidXJsIjoiaHR0cHM6XC9cL2xlc3ZpbGxhc2Rlc2xhY3MuZnJcL3dwLWNvbnRlbnRcL3VwbG9hZHNcLzIwMjVcLzEwXC9leHRlcmlldXItYXJyaWVyZV9fMjAyNTA5MjhfMTIyNTU1X18wMDIud2VicCIsInNsaWRlc2hvdyI6IjY0YmM3YmYifQ%3D%3D\" href='https:\/\/lesvillasdeslacs.fr\/wp-content\/uploads\/2025\/10\/exterieur-arriere__20250928_122555__002.webp'><img loading=\"lazy\" decoding=\"async\" width=\"800\" height=\"360\" src=\"https:\/\/lesvillasdeslacs.fr\/wp-content\/uploads\/2025\/10\/exterieur-arriere__20250928_122555__002-1024x461.webp\" class=\"attachment-large size-large\" alt=\"\" srcset=\"https:\/\/lesvillasdeslacs.fr\/wp-content\/uploads\/2025\/10\/exterieur-arriere__20250928_122555__002-1024x461.webp 1024w, https:\/\/lesvillasdeslacs.fr\/wp-content\/uploads\/2025\/10\/exterieur-arriere__20250928_122555__002-300x135.webp 300w, https:\/\/lesvillasdeslacs.fr\/wp-content\/uploads\/2025\/10\/exterieur-arriere__20250928_122555__002-768x346.webp 768w, https:\/\/lesvillasdeslacs.fr\/wp-content\/uploads\/2025\/10\/exterieur-arriere__20250928_122555__002-1536x691.webp 1536w, https:\/\/lesvillasdeslacs.fr\/wp-content\/uploads\/2025\/10\/exterieur-arriere__20250928_122555__002-18x8.webp 18w, https:\/\/lesvillasdeslacs.fr\/wp-content\/uploads\/2025\/10\/exterieur-arriere__20250928_122555__002.webp 1600w\" sizes=\"(max-width: 800px) 100vw, 800px\" \/><\/a>\n\t\t\t<\/div><\/figure><figure class='gallery-item'>\n\t\t\t<div class='gallery-icon landscape'>\n\t\t\t\t<a data-elementor-open-lightbox=\"yes\" data-elementor-lightbox-slideshow=\"64bc7bf\" data-elementor-lightbox-title=\"exterieur arriere__20250929_170551__009\" data-e-action-hash=\"#elementor-action%3Aaction%3Dlightbox%26settings%3DeyJpZCI6Mjk5NywidXJsIjoiaHR0cHM6XC9cL2xlc3ZpbGxhc2Rlc2xhY3MuZnJcL3dwLWNvbnRlbnRcL3VwbG9hZHNcLzIwMjVcLzEwXC9leHRlcmlldXItYXJyaWVyZV9fMjAyNTA5MjlfMTcwNTUxX18wMDkud2VicCIsInNsaWRlc2hvdyI6IjY0YmM3YmYifQ%3D%3D\" href='https:\/\/lesvillasdeslacs.fr\/wp-content\/uploads\/2025\/10\/exterieur-arriere__20250929_170551__009.webp'><img loading=\"lazy\" decoding=\"async\" width=\"800\" height=\"360\" src=\"https:\/\/lesvillasdeslacs.fr\/wp-content\/uploads\/2025\/10\/exterieur-arriere__20250929_170551__009-1024x461.webp\" class=\"attachment-large size-large\" alt=\"\" srcset=\"https:\/\/lesvillasdeslacs.fr\/wp-content\/uploads\/2025\/10\/exterieur-arriere__20250929_170551__009-1024x461.webp 1024w, https:\/\/lesvillasdeslacs.fr\/wp-content\/uploads\/2025\/10\/exterieur-arriere__20250929_170551__009-300x135.webp 300w, https:\/\/lesvillasdeslacs.fr\/wp-content\/uploads\/2025\/10\/exterieur-arriere__20250929_170551__009-768x346.webp 768w, https:\/\/lesvillasdeslacs.fr\/wp-content\/uploads\/2025\/10\/exterieur-arriere__20250929_170551__009-1536x691.webp 1536w, https:\/\/lesvillasdeslacs.fr\/wp-content\/uploads\/2025\/10\/exterieur-arriere__20250929_170551__009-18x8.webp 18w, https:\/\/lesvillasdeslacs.fr\/wp-content\/uploads\/2025\/10\/exterieur-arriere__20250929_170551__009.webp 1600w\" sizes=\"(max-width: 800px) 100vw, 800px\" \/><\/a>\n\t\t\t<\/div><\/figure><figure class='gallery-item'>\n\t\t\t<div class='gallery-icon landscape'>\n\t\t\t\t<a data-elementor-open-lightbox=\"yes\" data-elementor-lightbox-slideshow=\"64bc7bf\" data-elementor-lightbox-title=\"exterieur arriere__20250928_122732__004\" data-e-action-hash=\"#elementor-action%3Aaction%3Dlightbox%26settings%3DeyJpZCI6MzAwMiwidXJsIjoiaHR0cHM6XC9cL2xlc3ZpbGxhc2Rlc2xhY3MuZnJcL3dwLWNvbnRlbnRcL3VwbG9hZHNcLzIwMjVcLzEwXC9leHRlcmlldXItYXJyaWVyZV9fMjAyNTA5MjhfMTIyNzMyX18wMDQud2VicCIsInNsaWRlc2hvdyI6IjY0YmM3YmYifQ%3D%3D\" href='https:\/\/lesvillasdeslacs.fr\/wp-content\/uploads\/2025\/10\/exterieur-arriere__20250928_122732__004.webp'><img loading=\"lazy\" decoding=\"async\" width=\"800\" height=\"360\" src=\"https:\/\/lesvillasdeslacs.fr\/wp-content\/uploads\/2025\/10\/exterieur-arriere__20250928_122732__004-1024x461.webp\" class=\"attachment-large size-large\" alt=\"\" srcset=\"https:\/\/lesvillasdeslacs.fr\/wp-content\/uploads\/2025\/10\/exterieur-arriere__20250928_122732__004-1024x461.webp 1024w, https:\/\/lesvillasdeslacs.fr\/wp-content\/uploads\/2025\/10\/exterieur-arriere__20250928_122732__004-300x135.webp 300w, https:\/\/lesvillasdeslacs.fr\/wp-content\/uploads\/2025\/10\/exterieur-arriere__20250928_122732__004-768x346.webp 768w, https:\/\/lesvillasdeslacs.fr\/wp-content\/uploads\/2025\/10\/exterieur-arriere__20250928_122732__004-1536x691.webp 1536w, https:\/\/lesvillasdeslacs.fr\/wp-content\/uploads\/2025\/10\/exterieur-arriere__20250928_122732__004-18x8.webp 18w, https:\/\/lesvillasdeslacs.fr\/wp-content\/uploads\/2025\/10\/exterieur-arriere__20250928_122732__004.webp 1600w\" sizes=\"(max-width: 800px) 100vw, 800px\" \/><\/a>\n\t\t\t<\/div><\/figure><figure class='gallery-item'>\n\t\t\t<div class='gallery-icon landscape'>\n\t\t\t\t<a data-elementor-open-lightbox=\"yes\" data-elementor-lightbox-slideshow=\"64bc7bf\" data-elementor-lightbox-title=\"villa2-exterieur-arriere-01\" data-e-action-hash=\"#elementor-action%3Aaction%3Dlightbox%26settings%3DeyJpZCI6MjM2NiwidXJsIjoiaHR0cHM6XC9cL2xlc3ZpbGxhc2Rlc2xhY3MuZnJcL3dwLWNvbnRlbnRcL3VwbG9hZHNcLzIwMjVcLzA5XC92aWxsYTItZXh0ZXJpZXVyLWFycmllcmUtMDEud2VicCIsInNsaWRlc2hvdyI6IjY0YmM3YmYifQ%3D%3D\" href='https:\/\/lesvillasdeslacs.fr\/wp-content\/uploads\/2025\/09\/villa2-exterieur-arriere-01.webp'><img loading=\"lazy\" decoding=\"async\" width=\"800\" height=\"450\" src=\"https:\/\/lesvillasdeslacs.fr\/wp-content\/uploads\/2025\/09\/villa2-exterieur-arriere-01-1024x576.webp\" class=\"attachment-large size-large\" alt=\"\" srcset=\"https:\/\/lesvillasdeslacs.fr\/wp-content\/uploads\/2025\/09\/villa2-exterieur-arriere-01-1024x576.webp 1024w, https:\/\/lesvillasdeslacs.fr\/wp-content\/uploads\/2025\/09\/villa2-exterieur-arriere-01-300x169.webp 300w, https:\/\/lesvillasdeslacs.fr\/wp-content\/uploads\/2025\/09\/villa2-exterieur-arriere-01-768x432.webp 768w, https:\/\/lesvillasdeslacs.fr\/wp-content\/uploads\/2025\/09\/villa2-exterieur-arriere-01-1536x864.webp 1536w, https:\/\/lesvillasdeslacs.fr\/wp-content\/uploads\/2025\/09\/villa2-exterieur-arriere-01-18x10.webp 18w, https:\/\/lesvillasdeslacs.fr\/wp-content\/uploads\/2025\/09\/villa2-exterieur-arriere-01.webp 1600w\" sizes=\"(max-width: 800px) 100vw, 800px\" \/><\/a>\n\t\t\t<\/div><\/figure><figure class='gallery-item'>\n\t\t\t<div class='gallery-icon landscape'>\n\t\t\t\t<a data-elementor-open-lightbox=\"yes\" data-elementor-lightbox-slideshow=\"64bc7bf\" data-elementor-lightbox-title=\"exterieur arriere__20250928_142455__008\" data-e-action-hash=\"#elementor-action%3Aaction%3Dlightbox%26settings%3DeyJpZCI6Mjk5OCwidXJsIjoiaHR0cHM6XC9cL2xlc3ZpbGxhc2Rlc2xhY3MuZnJcL3dwLWNvbnRlbnRcL3VwbG9hZHNcLzIwMjVcLzEwXC9leHRlcmlldXItYXJyaWVyZV9fMjAyNTA5MjhfMTQyNDU1X18wMDgud2VicCIsInNsaWRlc2hvdyI6IjY0YmM3YmYifQ%3D%3D\" href='https:\/\/lesvillasdeslacs.fr\/wp-content\/uploads\/2025\/10\/exterieur-arriere__20250928_142455__008.webp'><img loading=\"lazy\" decoding=\"async\" width=\"800\" height=\"360\" src=\"https:\/\/lesvillasdeslacs.fr\/wp-content\/uploads\/2025\/10\/exterieur-arriere__20250928_142455__008-1024x461.webp\" class=\"attachment-large size-large\" alt=\"\" srcset=\"https:\/\/lesvillasdeslacs.fr\/wp-content\/uploads\/2025\/10\/exterieur-arriere__20250928_142455__008-1024x461.webp 1024w, https:\/\/lesvillasdeslacs.fr\/wp-content\/uploads\/2025\/10\/exterieur-arriere__20250928_142455__008-300x135.webp 300w, https:\/\/lesvillasdeslacs.fr\/wp-content\/uploads\/2025\/10\/exterieur-arriere__20250928_142455__008-768x346.webp 768w, https:\/\/lesvillasdeslacs.fr\/wp-content\/uploads\/2025\/10\/exterieur-arriere__20250928_142455__008-1536x691.webp 1536w, https:\/\/lesvillasdeslacs.fr\/wp-content\/uploads\/2025\/10\/exterieur-arriere__20250928_142455__008-18x8.webp 18w, https:\/\/lesvillasdeslacs.fr\/wp-content\/uploads\/2025\/10\/exterieur-arriere__20250928_142455__008.webp 1600w\" sizes=\"(max-width: 800px) 100vw, 800px\" \/><\/a>\n\t\t\t<\/div><\/figure><figure class='gallery-item'>\n\t\t\t<div class='gallery-icon landscape'>\n\t\t\t\t<a data-elementor-open-lightbox=\"yes\" data-elementor-lightbox-slideshow=\"64bc7bf\" data-elementor-lightbox-title=\"jeux exterieurs__20250928_122650__001\" data-e-action-hash=\"#elementor-action%3Aaction%3Dlightbox%26settings%3DeyJpZCI6Mjk1NywidXJsIjoiaHR0cHM6XC9cL2xlc3ZpbGxhc2Rlc2xhY3MuZnJcL3dwLWNvbnRlbnRcL3VwbG9hZHNcLzIwMjVcLzEwXC9qZXV4LWV4dGVyaWV1cnNfXzIwMjUwOTI4XzEyMjY1MF9fMDAxLndlYnAiLCJzbGlkZXNob3ciOiI2NGJjN2JmIn0%3D\" href='https:\/\/lesvillasdeslacs.fr\/wp-content\/uploads\/2025\/10\/jeux-exterieurs__20250928_122650__001.webp'><img loading=\"lazy\" decoding=\"async\" width=\"800\" height=\"360\" src=\"https:\/\/lesvillasdeslacs.fr\/wp-content\/uploads\/2025\/10\/jeux-exterieurs__20250928_122650__001-1024x461.webp\" class=\"attachment-large size-large\" alt=\"\" srcset=\"https:\/\/lesvillasdeslacs.fr\/wp-content\/uploads\/2025\/10\/jeux-exterieurs__20250928_122650__001-1024x461.webp 1024w, https:\/\/lesvillasdeslacs.fr\/wp-content\/uploads\/2025\/10\/jeux-exterieurs__20250928_122650__001-300x135.webp 300w, https:\/\/lesvillasdeslacs.fr\/wp-content\/uploads\/2025\/10\/jeux-exterieurs__20250928_122650__001-768x346.webp 768w, https:\/\/lesvillasdeslacs.fr\/wp-content\/uploads\/2025\/10\/jeux-exterieurs__20250928_122650__001-1536x691.webp 1536w, https:\/\/lesvillasdeslacs.fr\/wp-content\/uploads\/2025\/10\/jeux-exterieurs__20250928_122650__001-18x8.webp 18w, https:\/\/lesvillasdeslacs.fr\/wp-content\/uploads\/2025\/10\/jeux-exterieurs__20250928_122650__001.webp 1600w\" sizes=\"(max-width: 800px) 100vw, 800px\" \/><\/a>\n\t\t\t<\/div><\/figure><figure class='gallery-item'>\n\t\t\t<div class='gallery-icon landscape'>\n\t\t\t\t<a data-elementor-open-lightbox=\"yes\" data-elementor-lightbox-slideshow=\"64bc7bf\" data-elementor-lightbox-title=\"villa2-jeux-exterieurs-01\" data-e-action-hash=\"#elementor-action%3Aaction%3Dlightbox%26settings%3DeyJpZCI6MjM1MCwidXJsIjoiaHR0cHM6XC9cL2xlc3ZpbGxhc2Rlc2xhY3MuZnJcL3dwLWNvbnRlbnRcL3VwbG9hZHNcLzIwMjVcLzA5XC92aWxsYTItamV1eC1leHRlcmlldXJzLTAxLndlYnAiLCJzbGlkZXNob3ciOiI2NGJjN2JmIn0%3D\" href='https:\/\/lesvillasdeslacs.fr\/wp-content\/uploads\/2025\/09\/villa2-jeux-exterieurs-01.webp'><img loading=\"lazy\" decoding=\"async\" width=\"800\" height=\"450\" src=\"https:\/\/lesvillasdeslacs.fr\/wp-content\/uploads\/2025\/09\/villa2-jeux-exterieurs-01-1024x576.webp\" class=\"attachment-large size-large\" alt=\"\" srcset=\"https:\/\/lesvillasdeslacs.fr\/wp-content\/uploads\/2025\/09\/villa2-jeux-exterieurs-01-1024x576.webp 1024w, https:\/\/lesvillasdeslacs.fr\/wp-content\/uploads\/2025\/09\/villa2-jeux-exterieurs-01-300x169.webp 300w, https:\/\/lesvillasdeslacs.fr\/wp-content\/uploads\/2025\/09\/villa2-jeux-exterieurs-01-768x432.webp 768w, https:\/\/lesvillasdeslacs.fr\/wp-content\/uploads\/2025\/09\/villa2-jeux-exterieurs-01-1536x864.webp 1536w, https:\/\/lesvillasdeslacs.fr\/wp-content\/uploads\/2025\/09\/villa2-jeux-exterieurs-01-18x10.webp 18w, https:\/\/lesvillasdeslacs.fr\/wp-content\/uploads\/2025\/09\/villa2-jeux-exterieurs-01.webp 1600w\" sizes=\"(max-width: 800px) 100vw, 800px\" \/><\/a>\n\t\t\t<\/div><\/figure><figure class='gallery-item'>\n\t\t\t<div class='gallery-icon landscape'>\n\t\t\t\t<a data-elementor-open-lightbox=\"yes\" data-elementor-lightbox-slideshow=\"64bc7bf\" data-elementor-lightbox-title=\"villa2-jeux-exterieurs-04\" data-e-action-hash=\"#elementor-action%3Aaction%3Dlightbox%26settings%3DeyJpZCI6MjM0OSwidXJsIjoiaHR0cHM6XC9cL2xlc3ZpbGxhc2Rlc2xhY3MuZnJcL3dwLWNvbnRlbnRcL3VwbG9hZHNcLzIwMjVcLzA5XC92aWxsYTItamV1eC1leHRlcmlldXJzLTA0LndlYnAiLCJzbGlkZXNob3ciOiI2NGJjN2JmIn0%3D\" href='https:\/\/lesvillasdeslacs.fr\/wp-content\/uploads\/2025\/09\/villa2-jeux-exterieurs-04.webp'><img loading=\"lazy\" decoding=\"async\" width=\"800\" height=\"450\" src=\"https:\/\/lesvillasdeslacs.fr\/wp-content\/uploads\/2025\/09\/villa2-jeux-exterieurs-04-1024x576.webp\" class=\"attachment-large size-large\" alt=\"\" srcset=\"https:\/\/lesvillasdeslacs.fr\/wp-content\/uploads\/2025\/09\/villa2-jeux-exterieurs-04-1024x576.webp 1024w, https:\/\/lesvillasdeslacs.fr\/wp-content\/uploads\/2025\/09\/villa2-jeux-exterieurs-04-300x169.webp 300w, https:\/\/lesvillasdeslacs.fr\/wp-content\/uploads\/2025\/09\/villa2-jeux-exterieurs-04-768x432.webp 768w, https:\/\/lesvillasdeslacs.fr\/wp-content\/uploads\/2025\/09\/villa2-jeux-exterieurs-04-1536x864.webp 1536w, https:\/\/lesvillasdeslacs.fr\/wp-content\/uploads\/2025\/09\/villa2-jeux-exterieurs-04-18x10.webp 18w, https:\/\/lesvillasdeslacs.fr\/wp-content\/uploads\/2025\/09\/villa2-jeux-exterieurs-04.webp 1600w\" sizes=\"(max-width: 800px) 100vw, 800px\" \/><\/a>\n\t\t\t<\/div><\/figure><figure class='gallery-item'>\n\t\t\t<div class='gallery-icon landscape'>\n\t\t\t\t<a data-elementor-open-lightbox=\"yes\" data-elementor-lightbox-slideshow=\"64bc7bf\" data-elementor-lightbox-title=\"villa2-jeux-exterieurs-03\" data-e-action-hash=\"#elementor-action%3Aaction%3Dlightbox%26settings%3DeyJpZCI6MjM0OCwidXJsIjoiaHR0cHM6XC9cL2xlc3ZpbGxhc2Rlc2xhY3MuZnJcL3dwLWNvbnRlbnRcL3VwbG9hZHNcLzIwMjVcLzA5XC92aWxsYTItamV1eC1leHRlcmlldXJzLTAzLndlYnAiLCJzbGlkZXNob3ciOiI2NGJjN2JmIn0%3D\" href='https:\/\/lesvillasdeslacs.fr\/wp-content\/uploads\/2025\/09\/villa2-jeux-exterieurs-03.webp'><img loading=\"lazy\" decoding=\"async\" width=\"800\" height=\"450\" src=\"https:\/\/lesvillasdeslacs.fr\/wp-content\/uploads\/2025\/09\/villa2-jeux-exterieurs-03-1024x576.webp\" class=\"attachment-large size-large\" alt=\"\" srcset=\"https:\/\/lesvillasdeslacs.fr\/wp-content\/uploads\/2025\/09\/villa2-jeux-exterieurs-03-1024x576.webp 1024w, https:\/\/lesvillasdeslacs.fr\/wp-content\/uploads\/2025\/09\/villa2-jeux-exterieurs-03-300x169.webp 300w, https:\/\/lesvillasdeslacs.fr\/wp-content\/uploads\/2025\/09\/villa2-jeux-exterieurs-03-768x432.webp 768w, https:\/\/lesvillasdeslacs.fr\/wp-content\/uploads\/2025\/09\/villa2-jeux-exterieurs-03-1536x864.webp 1536w, https:\/\/lesvillasdeslacs.fr\/wp-content\/uploads\/2025\/09\/villa2-jeux-exterieurs-03-18x10.webp 18w, https:\/\/lesvillasdeslacs.fr\/wp-content\/uploads\/2025\/09\/villa2-jeux-exterieurs-03.webp 1600w\" sizes=\"(max-width: 800px) 100vw, 800px\" \/><\/a>\n\t\t\t<\/div><\/figure><figure class='gallery-item'>\n\t\t\t<div class='gallery-icon landscape'>\n\t\t\t\t<a data-elementor-open-lightbox=\"yes\" data-elementor-lightbox-slideshow=\"64bc7bf\" data-elementor-lightbox-title=\"exterieur arriere__20250928_122639__003\" data-e-action-hash=\"#elementor-action%3Aaction%3Dlightbox%26settings%3DeyJpZCI6MzAwMywidXJsIjoiaHR0cHM6XC9cL2xlc3ZpbGxhc2Rlc2xhY3MuZnJcL3dwLWNvbnRlbnRcL3VwbG9hZHNcLzIwMjVcLzEwXC9leHRlcmlldXItYXJyaWVyZV9fMjAyNTA5MjhfMTIyNjM5X18wMDMud2VicCIsInNsaWRlc2hvdyI6IjY0YmM3YmYifQ%3D%3D\" href='https:\/\/lesvillasdeslacs.fr\/wp-content\/uploads\/2025\/10\/exterieur-arriere__20250928_122639__003.webp'><img loading=\"lazy\" decoding=\"async\" width=\"800\" height=\"360\" src=\"https:\/\/lesvillasdeslacs.fr\/wp-content\/uploads\/2025\/10\/exterieur-arriere__20250928_122639__003-1024x461.webp\" class=\"attachment-large size-large\" alt=\"\" srcset=\"https:\/\/lesvillasdeslacs.fr\/wp-content\/uploads\/2025\/10\/exterieur-arriere__20250928_122639__003-1024x461.webp 1024w, https:\/\/lesvillasdeslacs.fr\/wp-content\/uploads\/2025\/10\/exterieur-arriere__20250928_122639__003-300x135.webp 300w, https:\/\/lesvillasdeslacs.fr\/wp-content\/uploads\/2025\/10\/exterieur-arriere__20250928_122639__003-768x346.webp 768w, https:\/\/lesvillasdeslacs.fr\/wp-content\/uploads\/2025\/10\/exterieur-arriere__20250928_122639__003-1536x691.webp 1536w, https:\/\/lesvillasdeslacs.fr\/wp-content\/uploads\/2025\/10\/exterieur-arriere__20250928_122639__003-18x8.webp 18w, https:\/\/lesvillasdeslacs.fr\/wp-content\/uploads\/2025\/10\/exterieur-arriere__20250928_122639__003.webp 1600w\" sizes=\"(max-width: 800px) 100vw, 800px\" \/><\/a>\n\t\t\t<\/div><\/figure><figure class='gallery-item'>\n\t\t\t<div class='gallery-icon landscape'>\n\t\t\t\t<a data-elementor-open-lightbox=\"yes\" data-elementor-lightbox-slideshow=\"64bc7bf\" data-elementor-lightbox-title=\"villa2-jeux-exterieurs-05\" data-e-action-hash=\"#elementor-action%3Aaction%3Dlightbox%26settings%3DeyJpZCI6MjM0NywidXJsIjoiaHR0cHM6XC9cL2xlc3ZpbGxhc2Rlc2xhY3MuZnJcL3dwLWNvbnRlbnRcL3VwbG9hZHNcLzIwMjVcLzA5XC92aWxsYTItamV1eC1leHRlcmlldXJzLTA1LndlYnAiLCJzbGlkZXNob3ciOiI2NGJjN2JmIn0%3D\" href='https:\/\/lesvillasdeslacs.fr\/wp-content\/uploads\/2025\/09\/villa2-jeux-exterieurs-05.webp'><img loading=\"lazy\" decoding=\"async\" width=\"800\" height=\"450\" src=\"https:\/\/lesvillasdeslacs.fr\/wp-content\/uploads\/2025\/09\/villa2-jeux-exterieurs-05-1024x576.webp\" class=\"attachment-large size-large\" alt=\"\" srcset=\"https:\/\/lesvillasdeslacs.fr\/wp-content\/uploads\/2025\/09\/villa2-jeux-exterieurs-05-1024x576.webp 1024w, https:\/\/lesvillasdeslacs.fr\/wp-content\/uploads\/2025\/09\/villa2-jeux-exterieurs-05-300x169.webp 300w, https:\/\/lesvillasdeslacs.fr\/wp-content\/uploads\/2025\/09\/villa2-jeux-exterieurs-05-768x432.webp 768w, https:\/\/lesvillasdeslacs.fr\/wp-content\/uploads\/2025\/09\/villa2-jeux-exterieurs-05-1536x864.webp 1536w, https:\/\/lesvillasdeslacs.fr\/wp-content\/uploads\/2025\/09\/villa2-jeux-exterieurs-05-18x10.webp 18w, https:\/\/lesvillasdeslacs.fr\/wp-content\/uploads\/2025\/09\/villa2-jeux-exterieurs-05.webp 1600w\" sizes=\"(max-width: 800px) 100vw, 800px\" \/><\/a>\n\t\t\t<\/div><\/figure><figure class='gallery-item'>\n\t\t\t<div class='gallery-icon landscape'>\n\t\t\t\t<a data-elementor-open-lightbox=\"yes\" data-elementor-lightbox-slideshow=\"64bc7bf\" data-elementor-lightbox-title=\"exterieur avant__20250928_130405__004\" data-e-action-hash=\"#elementor-action%3Aaction%3Dlightbox%26settings%3DeyJpZCI6Mjk5MywidXJsIjoiaHR0cHM6XC9cL2xlc3ZpbGxhc2Rlc2xhY3MuZnJcL3dwLWNvbnRlbnRcL3VwbG9hZHNcLzIwMjVcLzEwXC9leHRlcmlldXItYXZhbnRfXzIwMjUwOTI4XzEzMDQwNV9fMDA0LndlYnAiLCJzbGlkZXNob3ciOiI2NGJjN2JmIn0%3D\" href='https:\/\/lesvillasdeslacs.fr\/wp-content\/uploads\/2025\/10\/exterieur-avant__20250928_130405__004.webp'><img loading=\"lazy\" decoding=\"async\" width=\"800\" height=\"360\" src=\"https:\/\/lesvillasdeslacs.fr\/wp-content\/uploads\/2025\/10\/exterieur-avant__20250928_130405__004-1024x461.webp\" class=\"attachment-large size-large\" alt=\"\" srcset=\"https:\/\/lesvillasdeslacs.fr\/wp-content\/uploads\/2025\/10\/exterieur-avant__20250928_130405__004-1024x461.webp 1024w, https:\/\/lesvillasdeslacs.fr\/wp-content\/uploads\/2025\/10\/exterieur-avant__20250928_130405__004-300x135.webp 300w, https:\/\/lesvillasdeslacs.fr\/wp-content\/uploads\/2025\/10\/exterieur-avant__20250928_130405__004-768x346.webp 768w, https:\/\/lesvillasdeslacs.fr\/wp-content\/uploads\/2025\/10\/exterieur-avant__20250928_130405__004-1536x691.webp 1536w, https:\/\/lesvillasdeslacs.fr\/wp-content\/uploads\/2025\/10\/exterieur-avant__20250928_130405__004-18x8.webp 18w, https:\/\/lesvillasdeslacs.fr\/wp-content\/uploads\/2025\/10\/exterieur-avant__20250928_130405__004.webp 1600w\" sizes=\"(max-width: 800px) 100vw, 800px\" \/><\/a>\n\t\t\t<\/div><\/figure><figure class='gallery-item'>\n\t\t\t<div class='gallery-icon landscape'>\n\t\t\t\t<a data-elementor-open-lightbox=\"yes\" data-elementor-lightbox-slideshow=\"64bc7bf\" data-elementor-lightbox-title=\"exterieur arriere__20250928_122934__006\" data-e-action-hash=\"#elementor-action%3Aaction%3Dlightbox%26settings%3DeyJpZCI6MzAwMCwidXJsIjoiaHR0cHM6XC9cL2xlc3ZpbGxhc2Rlc2xhY3MuZnJcL3dwLWNvbnRlbnRcL3VwbG9hZHNcLzIwMjVcLzEwXC9leHRlcmlldXItYXJyaWVyZV9fMjAyNTA5MjhfMTIyOTM0X18wMDYud2VicCIsInNsaWRlc2hvdyI6IjY0YmM3YmYifQ%3D%3D\" href='https:\/\/lesvillasdeslacs.fr\/wp-content\/uploads\/2025\/10\/exterieur-arriere__20250928_122934__006.webp'><img loading=\"lazy\" decoding=\"async\" width=\"800\" height=\"360\" src=\"https:\/\/lesvillasdeslacs.fr\/wp-content\/uploads\/2025\/10\/exterieur-arriere__20250928_122934__006-1024x461.webp\" class=\"attachment-large size-large\" alt=\"\" srcset=\"https:\/\/lesvillasdeslacs.fr\/wp-content\/uploads\/2025\/10\/exterieur-arriere__20250928_122934__006-1024x461.webp 1024w, https:\/\/lesvillasdeslacs.fr\/wp-content\/uploads\/2025\/10\/exterieur-arriere__20250928_122934__006-300x135.webp 300w, https:\/\/lesvillasdeslacs.fr\/wp-content\/uploads\/2025\/10\/exterieur-arriere__20250928_122934__006-768x346.webp 768w, https:\/\/lesvillasdeslacs.fr\/wp-content\/uploads\/2025\/10\/exterieur-arriere__20250928_122934__006-1536x691.webp 1536w, https:\/\/lesvillasdeslacs.fr\/wp-content\/uploads\/2025\/10\/exterieur-arriere__20250928_122934__006-18x8.webp 18w, https:\/\/lesvillasdeslacs.fr\/wp-content\/uploads\/2025\/10\/exterieur-arriere__20250928_122934__006.webp 1600w\" sizes=\"(max-width: 800px) 100vw, 800px\" \/><\/a>\n\t\t\t<\/div><\/figure><figure class='gallery-item'>\n\t\t\t<div class='gallery-icon landscape'>\n\t\t\t\t<a data-elementor-open-lightbox=\"yes\" data-elementor-lightbox-slideshow=\"64bc7bf\" data-elementor-lightbox-title=\"exterieur arriere__20250928_122257__001\" data-e-action-hash=\"#elementor-action%3Aaction%3Dlightbox%26settings%3DeyJpZCI6MzAwNSwidXJsIjoiaHR0cHM6XC9cL2xlc3ZpbGxhc2Rlc2xhY3MuZnJcL3dwLWNvbnRlbnRcL3VwbG9hZHNcLzIwMjVcLzEwXC9leHRlcmlldXItYXJyaWVyZV9fMjAyNTA5MjhfMTIyMjU3X18wMDEud2VicCIsInNsaWRlc2hvdyI6IjY0YmM3YmYifQ%3D%3D\" href='https:\/\/lesvillasdeslacs.fr\/wp-content\/uploads\/2025\/10\/exterieur-arriere__20250928_122257__001.webp'><img loading=\"lazy\" decoding=\"async\" width=\"800\" height=\"360\" src=\"https:\/\/lesvillasdeslacs.fr\/wp-content\/uploads\/2025\/10\/exterieur-arriere__20250928_122257__001-1024x461.webp\" class=\"attachment-large size-large\" alt=\"\" srcset=\"https:\/\/lesvillasdeslacs.fr\/wp-content\/uploads\/2025\/10\/exterieur-arriere__20250928_122257__001-1024x461.webp 1024w, https:\/\/lesvillasdeslacs.fr\/wp-content\/uploads\/2025\/10\/exterieur-arriere__20250928_122257__001-300x135.webp 300w, https:\/\/lesvillasdeslacs.fr\/wp-content\/uploads\/2025\/10\/exterieur-arriere__20250928_122257__001-768x346.webp 768w, https:\/\/lesvillasdeslacs.fr\/wp-content\/uploads\/2025\/10\/exterieur-arriere__20250928_122257__001-1536x691.webp 1536w, https:\/\/lesvillasdeslacs.fr\/wp-content\/uploads\/2025\/10\/exterieur-arriere__20250928_122257__001-18x8.webp 18w, https:\/\/lesvillasdeslacs.fr\/wp-content\/uploads\/2025\/10\/exterieur-arriere__20250928_122257__001.webp 1600w\" sizes=\"(max-width: 800px) 100vw, 800px\" \/><\/a>\n\t\t\t<\/div><\/figure><figure class='gallery-item'>\n\t\t\t<div class='gallery-icon landscape'>\n\t\t\t\t<a data-elementor-open-lightbox=\"yes\" data-elementor-lightbox-slideshow=\"64bc7bf\" data-elementor-lightbox-title=\"exterieur arriere__20250928_123029__007\" data-e-action-hash=\"#elementor-action%3Aaction%3Dlightbox%26settings%3DeyJpZCI6Mjk5OSwidXJsIjoiaHR0cHM6XC9cL2xlc3ZpbGxhc2Rlc2xhY3MuZnJcL3dwLWNvbnRlbnRcL3VwbG9hZHNcLzIwMjVcLzEwXC9leHRlcmlldXItYXJyaWVyZV9fMjAyNTA5MjhfMTIzMDI5X18wMDcud2VicCIsInNsaWRlc2hvdyI6IjY0YmM3YmYifQ%3D%3D\" href='https:\/\/lesvillasdeslacs.fr\/wp-content\/uploads\/2025\/10\/exterieur-arriere__20250928_123029__007.webp'><img loading=\"lazy\" decoding=\"async\" width=\"800\" height=\"360\" src=\"https:\/\/lesvillasdeslacs.fr\/wp-content\/uploads\/2025\/10\/exterieur-arriere__20250928_123029__007-1024x461.webp\" class=\"attachment-large size-large\" alt=\"\" srcset=\"https:\/\/lesvillasdeslacs.fr\/wp-content\/uploads\/2025\/10\/exterieur-arriere__20250928_123029__007-1024x461.webp 1024w, https:\/\/lesvillasdeslacs.fr\/wp-content\/uploads\/2025\/10\/exterieur-arriere__20250928_123029__007-300x135.webp 300w, https:\/\/lesvillasdeslacs.fr\/wp-content\/uploads\/2025\/10\/exterieur-arriere__20250928_123029__007-768x346.webp 768w, https:\/\/lesvillasdeslacs.fr\/wp-content\/uploads\/2025\/10\/exterieur-arriere__20250928_123029__007-1536x691.webp 1536w, https:\/\/lesvillasdeslacs.fr\/wp-content\/uploads\/2025\/10\/exterieur-arriere__20250928_123029__007-18x8.webp 18w, https:\/\/lesvillasdeslacs.fr\/wp-content\/uploads\/2025\/10\/exterieur-arriere__20250928_123029__007.webp 1600w\" sizes=\"(max-width: 800px) 100vw, 800px\" \/><\/a>\n\t\t\t<\/div><\/figure><figure class='gallery-item'>\n\t\t\t<div class='gallery-icon landscape'>\n\t\t\t\t<a data-elementor-open-lightbox=\"yes\" data-elementor-lightbox-slideshow=\"64bc7bf\" data-elementor-lightbox-title=\"villa2-salleamanger-03\" data-e-action-hash=\"#elementor-action%3Aaction%3Dlightbox%26settings%3DeyJpZCI6MjM0MCwidXJsIjoiaHR0cHM6XC9cL2xlc3ZpbGxhc2Rlc2xhY3MuZnJcL3dwLWNvbnRlbnRcL3VwbG9hZHNcLzIwMjVcLzA5XC92aWxsYTItc2FsbGVhbWFuZ2VyLTAzLndlYnAiLCJzbGlkZXNob3ciOiI2NGJjN2JmIn0%3D\" href='https:\/\/lesvillasdeslacs.fr\/wp-content\/uploads\/2025\/09\/villa2-salleamanger-03.webp'><img loading=\"lazy\" decoding=\"async\" width=\"800\" height=\"450\" src=\"https:\/\/lesvillasdeslacs.fr\/wp-content\/uploads\/2025\/09\/villa2-salleamanger-03-1024x576.webp\" class=\"attachment-large size-large\" alt=\"\" srcset=\"https:\/\/lesvillasdeslacs.fr\/wp-content\/uploads\/2025\/09\/villa2-salleamanger-03-1024x576.webp 1024w, https:\/\/lesvillasdeslacs.fr\/wp-content\/uploads\/2025\/09\/villa2-salleamanger-03-300x169.webp 300w, https:\/\/lesvillasdeslacs.fr\/wp-content\/uploads\/2025\/09\/villa2-salleamanger-03-768x432.webp 768w, https:\/\/lesvillasdeslacs.fr\/wp-content\/uploads\/2025\/09\/villa2-salleamanger-03-1536x864.webp 1536w, https:\/\/lesvillasdeslacs.fr\/wp-content\/uploads\/2025\/09\/villa2-salleamanger-03-18x10.webp 18w, https:\/\/lesvillasdeslacs.fr\/wp-content\/uploads\/2025\/09\/villa2-salleamanger-03.webp 1600w\" sizes=\"(max-width: 800px) 100vw, 800px\" \/><\/a>\n\t\t\t<\/div><\/figure><figure class='gallery-item'>\n\t\t\t<div class='gallery-icon landscape'>\n\t\t\t\t<a data-elementor-open-lightbox=\"yes\" data-elementor-lightbox-slideshow=\"64bc7bf\" data-elementor-lightbox-title=\"villa2-salleamanger-01\" data-e-action-hash=\"#elementor-action%3Aaction%3Dlightbox%26settings%3DeyJpZCI6MjMzOCwidXJsIjoiaHR0cHM6XC9cL2xlc3ZpbGxhc2Rlc2xhY3MuZnJcL3dwLWNvbnRlbnRcL3VwbG9hZHNcLzIwMjVcLzA5XC92aWxsYTItc2FsbGVhbWFuZ2VyLTAxLndlYnAiLCJzbGlkZXNob3ciOiI2NGJjN2JmIn0%3D\" href='https:\/\/lesvillasdeslacs.fr\/wp-content\/uploads\/2025\/09\/villa2-salleamanger-01.webp'><img loading=\"lazy\" decoding=\"async\" width=\"800\" height=\"450\" src=\"https:\/\/lesvillasdeslacs.fr\/wp-content\/uploads\/2025\/09\/villa2-salleamanger-01-1024x576.webp\" class=\"attachment-large size-large\" alt=\"\" srcset=\"https:\/\/lesvillasdeslacs.fr\/wp-content\/uploads\/2025\/09\/villa2-salleamanger-01-1024x576.webp 1024w, https:\/\/lesvillasdeslacs.fr\/wp-content\/uploads\/2025\/09\/villa2-salleamanger-01-300x169.webp 300w, https:\/\/lesvillasdeslacs.fr\/wp-content\/uploads\/2025\/09\/villa2-salleamanger-01-768x432.webp 768w, https:\/\/lesvillasdeslacs.fr\/wp-content\/uploads\/2025\/09\/villa2-salleamanger-01-1536x864.webp 1536w, https:\/\/lesvillasdeslacs.fr\/wp-content\/uploads\/2025\/09\/villa2-salleamanger-01-18x10.webp 18w, https:\/\/lesvillasdeslacs.fr\/wp-content\/uploads\/2025\/09\/villa2-salleamanger-01.webp 1600w\" sizes=\"(max-width: 800px) 100vw, 800px\" \/><\/a>\n\t\t\t<\/div><\/figure><figure class='gallery-item'>\n\t\t\t<div class='gallery-icon landscape'>\n\t\t\t\t<a data-elementor-open-lightbox=\"yes\" data-elementor-lightbox-slideshow=\"64bc7bf\" data-elementor-lightbox-title=\"Salle a manger__20250928_201555__002\" data-e-action-hash=\"#elementor-action%3Aaction%3Dlightbox%26settings%3DeyJpZCI6Mjk1NSwidXJsIjoiaHR0cHM6XC9cL2xlc3ZpbGxhc2Rlc2xhY3MuZnJcL3dwLWNvbnRlbnRcL3VwbG9hZHNcLzIwMjVcLzEwXC9TYWxsZS1hLW1hbmdlcl9fMjAyNTA5MjhfMjAxNTU1X18wMDIud2VicCIsInNsaWRlc2hvdyI6IjY0YmM3YmYifQ%3D%3D\" href='https:\/\/lesvillasdeslacs.fr\/wp-content\/uploads\/2025\/10\/Salle-a-manger__20250928_201555__002.webp'><img loading=\"lazy\" decoding=\"async\" width=\"800\" height=\"360\" src=\"https:\/\/lesvillasdeslacs.fr\/wp-content\/uploads\/2025\/10\/Salle-a-manger__20250928_201555__002-1024x461.webp\" class=\"attachment-large size-large\" alt=\"\" srcset=\"https:\/\/lesvillasdeslacs.fr\/wp-content\/uploads\/2025\/10\/Salle-a-manger__20250928_201555__002-1024x461.webp 1024w, https:\/\/lesvillasdeslacs.fr\/wp-content\/uploads\/2025\/10\/Salle-a-manger__20250928_201555__002-300x135.webp 300w, https:\/\/lesvillasdeslacs.fr\/wp-content\/uploads\/2025\/10\/Salle-a-manger__20250928_201555__002-768x346.webp 768w, https:\/\/lesvillasdeslacs.fr\/wp-content\/uploads\/2025\/10\/Salle-a-manger__20250928_201555__002-1536x691.webp 1536w, https:\/\/lesvillasdeslacs.fr\/wp-content\/uploads\/2025\/10\/Salle-a-manger__20250928_201555__002-18x8.webp 18w, https:\/\/lesvillasdeslacs.fr\/wp-content\/uploads\/2025\/10\/Salle-a-manger__20250928_201555__002.webp 1600w\" sizes=\"(max-width: 800px) 100vw, 800px\" \/><\/a>\n\t\t\t<\/div><\/figure><figure class='gallery-item'>\n\t\t\t<div class='gallery-icon landscape'>\n\t\t\t\t<a data-elementor-open-lightbox=\"yes\" data-elementor-lightbox-slideshow=\"64bc7bf\" data-elementor-lightbox-title=\"Salle a manger__20250929_165147__005\" data-e-action-hash=\"#elementor-action%3Aaction%3Dlightbox%26settings%3DeyJpZCI6Mjk1MiwidXJsIjoiaHR0cHM6XC9cL2xlc3ZpbGxhc2Rlc2xhY3MuZnJcL3dwLWNvbnRlbnRcL3VwbG9hZHNcLzIwMjVcLzEwXC9TYWxsZS1hLW1hbmdlcl9fMjAyNTA5MjlfMTY1MTQ3X18wMDUud2VicCIsInNsaWRlc2hvdyI6IjY0YmM3YmYifQ%3D%3D\" href='https:\/\/lesvillasdeslacs.fr\/wp-content\/uploads\/2025\/10\/Salle-a-manger__20250929_165147__005.webp'><img loading=\"lazy\" decoding=\"async\" width=\"800\" height=\"360\" src=\"https:\/\/lesvillasdeslacs.fr\/wp-content\/uploads\/2025\/10\/Salle-a-manger__20250929_165147__005-1024x461.webp\" class=\"attachment-large size-large\" alt=\"\" srcset=\"https:\/\/lesvillasdeslacs.fr\/wp-content\/uploads\/2025\/10\/Salle-a-manger__20250929_165147__005-1024x461.webp 1024w, https:\/\/lesvillasdeslacs.fr\/wp-content\/uploads\/2025\/10\/Salle-a-manger__20250929_165147__005-300x135.webp 300w, https:\/\/lesvillasdeslacs.fr\/wp-content\/uploads\/2025\/10\/Salle-a-manger__20250929_165147__005-768x346.webp 768w, https:\/\/lesvillasdeslacs.fr\/wp-content\/uploads\/2025\/10\/Salle-a-manger__20250929_165147__005-1536x691.webp 1536w, https:\/\/lesvillasdeslacs.fr\/wp-content\/uploads\/2025\/10\/Salle-a-manger__20250929_165147__005-18x8.webp 18w, https:\/\/lesvillasdeslacs.fr\/wp-content\/uploads\/2025\/10\/Salle-a-manger__20250929_165147__005.webp 1600w\" sizes=\"(max-width: 800px) 100vw, 800px\" \/><\/a>\n\t\t\t<\/div><\/figure><figure class='gallery-item'>\n\t\t\t<div class='gallery-icon landscape'>\n\t\t\t\t<a data-elementor-open-lightbox=\"yes\" data-elementor-lightbox-slideshow=\"64bc7bf\" data-elementor-lightbox-title=\"Salle a manger__20250929_165153__006\" data-e-action-hash=\"#elementor-action%3Aaction%3Dlightbox%26settings%3DeyJpZCI6Mjk1MSwidXJsIjoiaHR0cHM6XC9cL2xlc3ZpbGxhc2Rlc2xhY3MuZnJcL3dwLWNvbnRlbnRcL3VwbG9hZHNcLzIwMjVcLzEwXC9TYWxsZS1hLW1hbmdlcl9fMjAyNTA5MjlfMTY1MTUzX18wMDYud2VicCIsInNsaWRlc2hvdyI6IjY0YmM3YmYifQ%3D%3D\" href='https:\/\/lesvillasdeslacs.fr\/wp-content\/uploads\/2025\/10\/Salle-a-manger__20250929_165153__006.webp'><img loading=\"lazy\" decoding=\"async\" width=\"800\" height=\"360\" src=\"https:\/\/lesvillasdeslacs.fr\/wp-content\/uploads\/2025\/10\/Salle-a-manger__20250929_165153__006-1024x461.webp\" class=\"attachment-large size-large\" alt=\"\" srcset=\"https:\/\/lesvillasdeslacs.fr\/wp-content\/uploads\/2025\/10\/Salle-a-manger__20250929_165153__006-1024x461.webp 1024w, https:\/\/lesvillasdeslacs.fr\/wp-content\/uploads\/2025\/10\/Salle-a-manger__20250929_165153__006-300x135.webp 300w, https:\/\/lesvillasdeslacs.fr\/wp-content\/uploads\/2025\/10\/Salle-a-manger__20250929_165153__006-768x346.webp 768w, https:\/\/lesvillasdeslacs.fr\/wp-content\/uploads\/2025\/10\/Salle-a-manger__20250929_165153__006-1536x691.webp 1536w, https:\/\/lesvillasdeslacs.fr\/wp-content\/uploads\/2025\/10\/Salle-a-manger__20250929_165153__006-18x8.webp 18w, https:\/\/lesvillasdeslacs.fr\/wp-content\/uploads\/2025\/10\/Salle-a-manger__20250929_165153__006.webp 1600w\" sizes=\"(max-width: 800px) 100vw, 800px\" \/><\/a>\n\t\t\t<\/div><\/figure><figure class='gallery-item'>\n\t\t\t<div class='gallery-icon landscape'>\n\t\t\t\t<a data-elementor-open-lightbox=\"yes\" data-elementor-lightbox-slideshow=\"64bc7bf\" data-elementor-lightbox-title=\"Salle a manger__20250929_165136__004\" data-e-action-hash=\"#elementor-action%3Aaction%3Dlightbox%26settings%3DeyJpZCI6Mjk1MywidXJsIjoiaHR0cHM6XC9cL2xlc3ZpbGxhc2Rlc2xhY3MuZnJcL3dwLWNvbnRlbnRcL3VwbG9hZHNcLzIwMjVcLzEwXC9TYWxsZS1hLW1hbmdlcl9fMjAyNTA5MjlfMTY1MTM2X18wMDQud2VicCIsInNsaWRlc2hvdyI6IjY0YmM3YmYifQ%3D%3D\" href='https:\/\/lesvillasdeslacs.fr\/wp-content\/uploads\/2025\/10\/Salle-a-manger__20250929_165136__004.webp'><img loading=\"lazy\" decoding=\"async\" width=\"800\" height=\"360\" src=\"https:\/\/lesvillasdeslacs.fr\/wp-content\/uploads\/2025\/10\/Salle-a-manger__20250929_165136__004-1024x461.webp\" class=\"attachment-large size-large\" alt=\"\" srcset=\"https:\/\/lesvillasdeslacs.fr\/wp-content\/uploads\/2025\/10\/Salle-a-manger__20250929_165136__004-1024x461.webp 1024w, https:\/\/lesvillasdeslacs.fr\/wp-content\/uploads\/2025\/10\/Salle-a-manger__20250929_165136__004-300x135.webp 300w, https:\/\/lesvillasdeslacs.fr\/wp-content\/uploads\/2025\/10\/Salle-a-manger__20250929_165136__004-768x346.webp 768w, https:\/\/lesvillasdeslacs.fr\/wp-content\/uploads\/2025\/10\/Salle-a-manger__20250929_165136__004-1536x691.webp 1536w, https:\/\/lesvillasdeslacs.fr\/wp-content\/uploads\/2025\/10\/Salle-a-manger__20250929_165136__004-18x8.webp 18w, https:\/\/lesvillasdeslacs.fr\/wp-content\/uploads\/2025\/10\/Salle-a-manger__20250929_165136__004.webp 1600w\" sizes=\"(max-width: 800px) 100vw, 800px\" \/><\/a>\n\t\t\t<\/div><\/figure><figure class='gallery-item'>\n\t\t\t<div class='gallery-icon landscape'>\n\t\t\t\t<a data-elementor-open-lightbox=\"yes\" data-elementor-lightbox-slideshow=\"64bc7bf\" data-elementor-lightbox-title=\"Salle a manger__20250928_201550__001\" data-e-action-hash=\"#elementor-action%3Aaction%3Dlightbox%26settings%3DeyJpZCI6Mjk1NiwidXJsIjoiaHR0cHM6XC9cL2xlc3ZpbGxhc2Rlc2xhY3MuZnJcL3dwLWNvbnRlbnRcL3VwbG9hZHNcLzIwMjVcLzEwXC9TYWxsZS1hLW1hbmdlcl9fMjAyNTA5MjhfMjAxNTUwX18wMDEud2VicCIsInNsaWRlc2hvdyI6IjY0YmM3YmYifQ%3D%3D\" href='https:\/\/lesvillasdeslacs.fr\/wp-content\/uploads\/2025\/10\/Salle-a-manger__20250928_201550__001.webp'><img loading=\"lazy\" decoding=\"async\" width=\"800\" height=\"360\" src=\"https:\/\/lesvillasdeslacs.fr\/wp-content\/uploads\/2025\/10\/Salle-a-manger__20250928_201550__001-1024x461.webp\" class=\"attachment-large size-large\" alt=\"\" srcset=\"https:\/\/lesvillasdeslacs.fr\/wp-content\/uploads\/2025\/10\/Salle-a-manger__20250928_201550__001-1024x461.webp 1024w, https:\/\/lesvillasdeslacs.fr\/wp-content\/uploads\/2025\/10\/Salle-a-manger__20250928_201550__001-300x135.webp 300w, https:\/\/lesvillasdeslacs.fr\/wp-content\/uploads\/2025\/10\/Salle-a-manger__20250928_201550__001-768x346.webp 768w, https:\/\/lesvillasdeslacs.fr\/wp-content\/uploads\/2025\/10\/Salle-a-manger__20250928_201550__001-1536x691.webp 1536w, https:\/\/lesvillasdeslacs.fr\/wp-content\/uploads\/2025\/10\/Salle-a-manger__20250928_201550__001-18x8.webp 18w, https:\/\/lesvillasdeslacs.fr\/wp-content\/uploads\/2025\/10\/Salle-a-manger__20250928_201550__001.webp 1600w\" sizes=\"(max-width: 800px) 100vw, 800px\" \/><\/a>\n\t\t\t<\/div><\/figure><figure class='gallery-item'>\n\t\t\t<div class='gallery-icon landscape'>\n\t\t\t\t<a data-elementor-open-lightbox=\"yes\" data-elementor-lightbox-slideshow=\"64bc7bf\" data-elementor-lightbox-title=\"villa2-jeux-interieur-05\" data-e-action-hash=\"#elementor-action%3Aaction%3Dlightbox%26settings%3DeyJpZCI6MjM0NiwidXJsIjoiaHR0cHM6XC9cL2xlc3ZpbGxhc2Rlc2xhY3MuZnJcL3dwLWNvbnRlbnRcL3VwbG9hZHNcLzIwMjVcLzA5XC92aWxsYTItamV1eC1pbnRlcmlldXItMDUud2VicCIsInNsaWRlc2hvdyI6IjY0YmM3YmYifQ%3D%3D\" href='https:\/\/lesvillasdeslacs.fr\/wp-content\/uploads\/2025\/09\/villa2-jeux-interieur-05.webp'><img loading=\"lazy\" decoding=\"async\" width=\"800\" height=\"450\" src=\"https:\/\/lesvillasdeslacs.fr\/wp-content\/uploads\/2025\/09\/villa2-jeux-interieur-05-1024x576.webp\" class=\"attachment-large size-large\" alt=\"\" srcset=\"https:\/\/lesvillasdeslacs.fr\/wp-content\/uploads\/2025\/09\/villa2-jeux-interieur-05-1024x576.webp 1024w, https:\/\/lesvillasdeslacs.fr\/wp-content\/uploads\/2025\/09\/villa2-jeux-interieur-05-300x169.webp 300w, https:\/\/lesvillasdeslacs.fr\/wp-content\/uploads\/2025\/09\/villa2-jeux-interieur-05-768x432.webp 768w, https:\/\/lesvillasdeslacs.fr\/wp-content\/uploads\/2025\/09\/villa2-jeux-interieur-05-1536x864.webp 1536w, https:\/\/lesvillasdeslacs.fr\/wp-content\/uploads\/2025\/09\/villa2-jeux-interieur-05-18x10.webp 18w, https:\/\/lesvillasdeslacs.fr\/wp-content\/uploads\/2025\/09\/villa2-jeux-interieur-05.webp 1600w\" sizes=\"(max-width: 800px) 100vw, 800px\" \/><\/a>\n\t\t\t<\/div><\/figure><figure class='gallery-item'>\n\t\t\t<div class='gallery-icon landscape'>\n\t\t\t\t<a data-elementor-open-lightbox=\"yes\" data-elementor-lightbox-slideshow=\"64bc7bf\" data-elementor-lightbox-title=\"Salon__20250928_201615__002\" data-e-action-hash=\"#elementor-action%3Aaction%3Dlightbox%26settings%3DeyJpZCI6MzAzMCwidXJsIjoiaHR0cHM6XC9cL2xlc3ZpbGxhc2Rlc2xhY3MuZnJcL3dwLWNvbnRlbnRcL3VwbG9hZHNcLzIwMjVcLzEwXC9TYWxvbl9fMjAyNTA5MjhfMjAxNjE1X18wMDIud2VicCIsInNsaWRlc2hvdyI6IjY0YmM3YmYifQ%3D%3D\" href='https:\/\/lesvillasdeslacs.fr\/wp-content\/uploads\/2025\/10\/Salon__20250928_201615__002.webp'><img loading=\"lazy\" decoding=\"async\" width=\"800\" height=\"360\" src=\"https:\/\/lesvillasdeslacs.fr\/wp-content\/uploads\/2025\/10\/Salon__20250928_201615__002-1024x461.webp\" class=\"attachment-large size-large\" alt=\"\" srcset=\"https:\/\/lesvillasdeslacs.fr\/wp-content\/uploads\/2025\/10\/Salon__20250928_201615__002-1024x461.webp 1024w, https:\/\/lesvillasdeslacs.fr\/wp-content\/uploads\/2025\/10\/Salon__20250928_201615__002-300x135.webp 300w, https:\/\/lesvillasdeslacs.fr\/wp-content\/uploads\/2025\/10\/Salon__20250928_201615__002-768x346.webp 768w, https:\/\/lesvillasdeslacs.fr\/wp-content\/uploads\/2025\/10\/Salon__20250928_201615__002-1536x691.webp 1536w, https:\/\/lesvillasdeslacs.fr\/wp-content\/uploads\/2025\/10\/Salon__20250928_201615__002-18x8.webp 18w, https:\/\/lesvillasdeslacs.fr\/wp-content\/uploads\/2025\/10\/Salon__20250928_201615__002.webp 1600w\" sizes=\"(max-width: 800px) 100vw, 800px\" \/><\/a>\n\t\t\t<\/div><\/figure><figure class='gallery-item'>\n\t\t\t<div class='gallery-icon landscape'>\n\t\t\t\t<a data-elementor-open-lightbox=\"yes\" data-elementor-lightbox-slideshow=\"64bc7bf\" data-elementor-lightbox-title=\"villa2-salleamanger-02\" data-e-action-hash=\"#elementor-action%3Aaction%3Dlightbox%26settings%3DeyJpZCI6MjMzOSwidXJsIjoiaHR0cHM6XC9cL2xlc3ZpbGxhc2Rlc2xhY3MuZnJcL3dwLWNvbnRlbnRcL3VwbG9hZHNcLzIwMjVcLzA5XC92aWxsYTItc2FsbGVhbWFuZ2VyLTAyLndlYnAiLCJzbGlkZXNob3ciOiI2NGJjN2JmIn0%3D\" href='https:\/\/lesvillasdeslacs.fr\/wp-content\/uploads\/2025\/09\/villa2-salleamanger-02.webp'><img loading=\"lazy\" decoding=\"async\" width=\"800\" height=\"450\" src=\"https:\/\/lesvillasdeslacs.fr\/wp-content\/uploads\/2025\/09\/villa2-salleamanger-02-1024x576.webp\" class=\"attachment-large size-large\" alt=\"\" srcset=\"https:\/\/lesvillasdeslacs.fr\/wp-content\/uploads\/2025\/09\/villa2-salleamanger-02-1024x576.webp 1024w, https:\/\/lesvillasdeslacs.fr\/wp-content\/uploads\/2025\/09\/villa2-salleamanger-02-300x169.webp 300w, https:\/\/lesvillasdeslacs.fr\/wp-content\/uploads\/2025\/09\/villa2-salleamanger-02-768x432.webp 768w, https:\/\/lesvillasdeslacs.fr\/wp-content\/uploads\/2025\/09\/villa2-salleamanger-02-1536x864.webp 1536w, https:\/\/lesvillasdeslacs.fr\/wp-content\/uploads\/2025\/09\/villa2-salleamanger-02-18x10.webp 18w, https:\/\/lesvillasdeslacs.fr\/wp-content\/uploads\/2025\/09\/villa2-salleamanger-02.webp 1600w\" sizes=\"(max-width: 800px) 100vw, 800px\" \/><\/a>\n\t\t\t<\/div><\/figure><figure class='gallery-item'>\n\t\t\t<div class='gallery-icon landscape'>\n\t\t\t\t<a data-elementor-open-lightbox=\"yes\" data-elementor-lightbox-slideshow=\"64bc7bf\" data-elementor-lightbox-title=\"villa2_lvdl_tile_b2_05\" data-e-action-hash=\"#elementor-action%3Aaction%3Dlightbox%26settings%3DeyJpZCI6MTQ3NiwidXJsIjoiaHR0cHM6XC9cL2xlc3ZpbGxhc2Rlc2xhY3MuZnJcL3dwLWNvbnRlbnRcL3VwbG9hZHNcLzIwMjVcLzA5XC92aWxsYTJfbHZkbF90aWxlX2IyXzA1LndlYnAiLCJzbGlkZXNob3ciOiI2NGJjN2JmIn0%3D\" href='https:\/\/lesvillasdeslacs.fr\/wp-content\/uploads\/2025\/09\/villa2_lvdl_tile_b2_05.webp'><img loading=\"lazy\" decoding=\"async\" width=\"800\" height=\"450\" src=\"https:\/\/lesvillasdeslacs.fr\/wp-content\/uploads\/2025\/09\/villa2_lvdl_tile_b2_05-1024x576.webp\" class=\"attachment-large size-large\" alt=\"\" srcset=\"https:\/\/lesvillasdeslacs.fr\/wp-content\/uploads\/2025\/09\/villa2_lvdl_tile_b2_05-1024x576.webp 1024w, https:\/\/lesvillasdeslacs.fr\/wp-content\/uploads\/2025\/09\/villa2_lvdl_tile_b2_05-300x169.webp 300w, https:\/\/lesvillasdeslacs.fr\/wp-content\/uploads\/2025\/09\/villa2_lvdl_tile_b2_05-768x432.webp 768w, https:\/\/lesvillasdeslacs.fr\/wp-content\/uploads\/2025\/09\/villa2_lvdl_tile_b2_05-1536x864.webp 1536w, https:\/\/lesvillasdeslacs.fr\/wp-content\/uploads\/2025\/09\/villa2_lvdl_tile_b2_05-18x10.webp 18w, https:\/\/lesvillasdeslacs.fr\/wp-content\/uploads\/2025\/09\/villa2_lvdl_tile_b2_05.webp 1600w\" sizes=\"(max-width: 800px) 100vw, 800px\" \/><\/a>\n\t\t\t<\/div><\/figure><figure class='gallery-item'>\n\t\t\t<div class='gallery-icon landscape'>\n\t\t\t\t<a data-elementor-open-lightbox=\"yes\" data-elementor-lightbox-slideshow=\"64bc7bf\" data-elementor-lightbox-title=\"villa2-salon-03\" data-e-action-hash=\"#elementor-action%3Aaction%3Dlightbox%26settings%3DeyJpZCI6MjMzNiwidXJsIjoiaHR0cHM6XC9cL2xlc3ZpbGxhc2Rlc2xhY3MuZnJcL3dwLWNvbnRlbnRcL3VwbG9hZHNcLzIwMjVcLzA5XC92aWxsYTItc2Fsb24tMDMud2VicCIsInNsaWRlc2hvdyI6IjY0YmM3YmYifQ%3D%3D\" href='https:\/\/lesvillasdeslacs.fr\/wp-content\/uploads\/2025\/09\/villa2-salon-03.webp'><img loading=\"lazy\" decoding=\"async\" width=\"800\" height=\"450\" src=\"https:\/\/lesvillasdeslacs.fr\/wp-content\/uploads\/2025\/09\/villa2-salon-03-1024x576.webp\" class=\"attachment-large size-large\" alt=\"\" srcset=\"https:\/\/lesvillasdeslacs.fr\/wp-content\/uploads\/2025\/09\/villa2-salon-03-1024x576.webp 1024w, https:\/\/lesvillasdeslacs.fr\/wp-content\/uploads\/2025\/09\/villa2-salon-03-300x169.webp 300w, https:\/\/lesvillasdeslacs.fr\/wp-content\/uploads\/2025\/09\/villa2-salon-03-768x432.webp 768w, https:\/\/lesvillasdeslacs.fr\/wp-content\/uploads\/2025\/09\/villa2-salon-03-1536x864.webp 1536w, https:\/\/lesvillasdeslacs.fr\/wp-content\/uploads\/2025\/09\/villa2-salon-03-18x10.webp 18w, https:\/\/lesvillasdeslacs.fr\/wp-content\/uploads\/2025\/09\/villa2-salon-03.webp 1600w\" sizes=\"(max-width: 800px) 100vw, 800px\" \/><\/a>\n\t\t\t<\/div><\/figure><figure class='gallery-item'>\n\t\t\t<div class='gallery-icon landscape'>\n\t\t\t\t<a data-elementor-open-lightbox=\"yes\" data-elementor-lightbox-slideshow=\"64bc7bf\" data-elementor-lightbox-title=\"villa2-salon-02\" data-e-action-hash=\"#elementor-action%3Aaction%3Dlightbox%26settings%3DeyJpZCI6MjMzNSwidXJsIjoiaHR0cHM6XC9cL2xlc3ZpbGxhc2Rlc2xhY3MuZnJcL3dwLWNvbnRlbnRcL3VwbG9hZHNcLzIwMjVcLzA5XC92aWxsYTItc2Fsb24tMDIud2VicCIsInNsaWRlc2hvdyI6IjY0YmM3YmYifQ%3D%3D\" href='https:\/\/lesvillasdeslacs.fr\/wp-content\/uploads\/2025\/09\/villa2-salon-02.webp'><img loading=\"lazy\" decoding=\"async\" width=\"800\" height=\"450\" src=\"https:\/\/lesvillasdeslacs.fr\/wp-content\/uploads\/2025\/09\/villa2-salon-02-1024x576.webp\" class=\"attachment-large size-large\" alt=\"\" srcset=\"https:\/\/lesvillasdeslacs.fr\/wp-content\/uploads\/2025\/09\/villa2-salon-02-1024x576.webp 1024w, https:\/\/lesvillasdeslacs.fr\/wp-content\/uploads\/2025\/09\/villa2-salon-02-300x169.webp 300w, https:\/\/lesvillasdeslacs.fr\/wp-content\/uploads\/2025\/09\/villa2-salon-02-768x432.webp 768w, https:\/\/lesvillasdeslacs.fr\/wp-content\/uploads\/2025\/09\/villa2-salon-02-1536x864.webp 1536w, https:\/\/lesvillasdeslacs.fr\/wp-content\/uploads\/2025\/09\/villa2-salon-02-18x10.webp 18w, https:\/\/lesvillasdeslacs.fr\/wp-content\/uploads\/2025\/09\/villa2-salon-02.webp 1600w\" sizes=\"(max-width: 800px) 100vw, 800px\" \/><\/a>\n\t\t\t<\/div><\/figure><figure class='gallery-item'>\n\t\t\t<div class='gallery-icon landscape'>\n\t\t\t\t<a data-elementor-open-lightbox=\"yes\" data-elementor-lightbox-slideshow=\"64bc7bf\" data-elementor-lightbox-title=\"villa2-salon-01\" data-e-action-hash=\"#elementor-action%3Aaction%3Dlightbox%26settings%3DeyJpZCI6MjMzNywidXJsIjoiaHR0cHM6XC9cL2xlc3ZpbGxhc2Rlc2xhY3MuZnJcL3dwLWNvbnRlbnRcL3VwbG9hZHNcLzIwMjVcLzA5XC92aWxsYTItc2Fsb24tMDEud2VicCIsInNsaWRlc2hvdyI6IjY0YmM3YmYifQ%3D%3D\" href='https:\/\/lesvillasdeslacs.fr\/wp-content\/uploads\/2025\/09\/villa2-salon-01.webp'><img loading=\"lazy\" decoding=\"async\" width=\"800\" height=\"450\" src=\"https:\/\/lesvillasdeslacs.fr\/wp-content\/uploads\/2025\/09\/villa2-salon-01-1024x576.webp\" class=\"attachment-large size-large\" alt=\"\" srcset=\"https:\/\/lesvillasdeslacs.fr\/wp-content\/uploads\/2025\/09\/villa2-salon-01-1024x576.webp 1024w, https:\/\/lesvillasdeslacs.fr\/wp-content\/uploads\/2025\/09\/villa2-salon-01-300x169.webp 300w, https:\/\/lesvillasdeslacs.fr\/wp-content\/uploads\/2025\/09\/villa2-salon-01-768x432.webp 768w, https:\/\/lesvillasdeslacs.fr\/wp-content\/uploads\/2025\/09\/villa2-salon-01-1536x864.webp 1536w, https:\/\/lesvillasdeslacs.fr\/wp-content\/uploads\/2025\/09\/villa2-salon-01-18x10.webp 18w, https:\/\/lesvillasdeslacs.fr\/wp-content\/uploads\/2025\/09\/villa2-salon-01.webp 1600w\" sizes=\"(max-width: 800px) 100vw, 800px\" \/><\/a>\n\t\t\t<\/div><\/figure><figure class='gallery-item'>\n\t\t\t<div class='gallery-icon landscape'>\n\t\t\t\t<a data-elementor-open-lightbox=\"yes\" data-elementor-lightbox-slideshow=\"64bc7bf\" data-elementor-lightbox-title=\"Salon__20250929_165042__004\" data-e-action-hash=\"#elementor-action%3Aaction%3Dlightbox%26settings%3DeyJpZCI6MzAyOCwidXJsIjoiaHR0cHM6XC9cL2xlc3ZpbGxhc2Rlc2xhY3MuZnJcL3dwLWNvbnRlbnRcL3VwbG9hZHNcLzIwMjVcLzEwXC9TYWxvbl9fMjAyNTA5MjlfMTY1MDQyX18wMDQud2VicCIsInNsaWRlc2hvdyI6IjY0YmM3YmYifQ%3D%3D\" href='https:\/\/lesvillasdeslacs.fr\/wp-content\/uploads\/2025\/10\/Salon__20250929_165042__004.webp'><img loading=\"lazy\" decoding=\"async\" width=\"800\" height=\"360\" src=\"https:\/\/lesvillasdeslacs.fr\/wp-content\/uploads\/2025\/10\/Salon__20250929_165042__004-1024x461.webp\" class=\"attachment-large size-large\" alt=\"\" srcset=\"https:\/\/lesvillasdeslacs.fr\/wp-content\/uploads\/2025\/10\/Salon__20250929_165042__004-1024x461.webp 1024w, https:\/\/lesvillasdeslacs.fr\/wp-content\/uploads\/2025\/10\/Salon__20250929_165042__004-300x135.webp 300w, https:\/\/lesvillasdeslacs.fr\/wp-content\/uploads\/2025\/10\/Salon__20250929_165042__004-768x346.webp 768w, https:\/\/lesvillasdeslacs.fr\/wp-content\/uploads\/2025\/10\/Salon__20250929_165042__004-1536x691.webp 1536w, https:\/\/lesvillasdeslacs.fr\/wp-content\/uploads\/2025\/10\/Salon__20250929_165042__004-18x8.webp 18w, https:\/\/lesvillasdeslacs.fr\/wp-content\/uploads\/2025\/10\/Salon__20250929_165042__004.webp 1600w\" sizes=\"(max-width: 800px) 100vw, 800px\" \/><\/a>\n\t\t\t<\/div><\/figure><figure class='gallery-item'>\n\t\t\t<div class='gallery-icon landscape'>\n\t\t\t\t<a data-elementor-open-lightbox=\"yes\" data-elementor-lightbox-slideshow=\"64bc7bf\" data-elementor-lightbox-title=\"Salon__20250928_201608__001\" data-e-action-hash=\"#elementor-action%3Aaction%3Dlightbox%26settings%3DeyJpZCI6Mjk1MCwidXJsIjoiaHR0cHM6XC9cL2xlc3ZpbGxhc2Rlc2xhY3MuZnJcL3dwLWNvbnRlbnRcL3VwbG9hZHNcLzIwMjVcLzEwXC9TYWxvbl9fMjAyNTA5MjhfMjAxNjA4X18wMDEud2VicCIsInNsaWRlc2hvdyI6IjY0YmM3YmYifQ%3D%3D\" href='https:\/\/lesvillasdeslacs.fr\/wp-content\/uploads\/2025\/10\/Salon__20250928_201608__001.webp'><img loading=\"lazy\" decoding=\"async\" width=\"800\" height=\"360\" src=\"https:\/\/lesvillasdeslacs.fr\/wp-content\/uploads\/2025\/10\/Salon__20250928_201608__001-1024x461.webp\" class=\"attachment-large size-large\" alt=\"\" srcset=\"https:\/\/lesvillasdeslacs.fr\/wp-content\/uploads\/2025\/10\/Salon__20250928_201608__001-1024x461.webp 1024w, https:\/\/lesvillasdeslacs.fr\/wp-content\/uploads\/2025\/10\/Salon__20250928_201608__001-300x135.webp 300w, https:\/\/lesvillasdeslacs.fr\/wp-content\/uploads\/2025\/10\/Salon__20250928_201608__001-768x346.webp 768w, https:\/\/lesvillasdeslacs.fr\/wp-content\/uploads\/2025\/10\/Salon__20250928_201608__001-1536x691.webp 1536w, https:\/\/lesvillasdeslacs.fr\/wp-content\/uploads\/2025\/10\/Salon__20250928_201608__001-18x8.webp 18w, https:\/\/lesvillasdeslacs.fr\/wp-content\/uploads\/2025\/10\/Salon__20250928_201608__001.webp 1600w\" sizes=\"(max-width: 800px) 100vw, 800px\" \/><\/a>\n\t\t\t<\/div><\/figure><figure class='gallery-item'>\n\t\t\t<div class='gallery-icon landscape'>\n\t\t\t\t<a data-elementor-open-lightbox=\"yes\" data-elementor-lightbox-slideshow=\"64bc7bf\" data-elementor-lightbox-title=\"Salon__20250929_165028__003\" data-e-action-hash=\"#elementor-action%3Aaction%3Dlightbox%26settings%3DeyJpZCI6MzAyOSwidXJsIjoiaHR0cHM6XC9cL2xlc3ZpbGxhc2Rlc2xhY3MuZnJcL3dwLWNvbnRlbnRcL3VwbG9hZHNcLzIwMjVcLzEwXC9TYWxvbl9fMjAyNTA5MjlfMTY1MDI4X18wMDMud2VicCIsInNsaWRlc2hvdyI6IjY0YmM3YmYifQ%3D%3D\" href='https:\/\/lesvillasdeslacs.fr\/wp-content\/uploads\/2025\/10\/Salon__20250929_165028__003.webp'><img loading=\"lazy\" decoding=\"async\" width=\"800\" height=\"360\" src=\"https:\/\/lesvillasdeslacs.fr\/wp-content\/uploads\/2025\/10\/Salon__20250929_165028__003-1024x461.webp\" class=\"attachment-large size-large\" alt=\"\" srcset=\"https:\/\/lesvillasdeslacs.fr\/wp-content\/uploads\/2025\/10\/Salon__20250929_165028__003-1024x461.webp 1024w, https:\/\/lesvillasdeslacs.fr\/wp-content\/uploads\/2025\/10\/Salon__20250929_165028__003-300x135.webp 300w, https:\/\/lesvillasdeslacs.fr\/wp-content\/uploads\/2025\/10\/Salon__20250929_165028__003-768x346.webp 768w, https:\/\/lesvillasdeslacs.fr\/wp-content\/uploads\/2025\/10\/Salon__20250929_165028__003-1536x691.webp 1536w, https:\/\/lesvillasdeslacs.fr\/wp-content\/uploads\/2025\/10\/Salon__20250929_165028__003-18x8.webp 18w, https:\/\/lesvillasdeslacs.fr\/wp-content\/uploads\/2025\/10\/Salon__20250929_165028__003.webp 1600w\" sizes=\"(max-width: 800px) 100vw, 800px\" \/><\/a>\n\t\t\t<\/div><\/figure><figure class='gallery-item'>\n\t\t\t<div class='gallery-icon landscape'>\n\t\t\t\t<a data-elementor-open-lightbox=\"yes\" data-elementor-lightbox-slideshow=\"64bc7bf\" data-elementor-lightbox-title=\"Salle a manger__20250928_201601__003\" data-e-action-hash=\"#elementor-action%3Aaction%3Dlightbox%26settings%3DeyJpZCI6Mjk1NCwidXJsIjoiaHR0cHM6XC9cL2xlc3ZpbGxhc2Rlc2xhY3MuZnJcL3dwLWNvbnRlbnRcL3VwbG9hZHNcLzIwMjVcLzEwXC9TYWxsZS1hLW1hbmdlcl9fMjAyNTA5MjhfMjAxNjAxX18wMDMud2VicCIsInNsaWRlc2hvdyI6IjY0YmM3YmYifQ%3D%3D\" href='https:\/\/lesvillasdeslacs.fr\/wp-content\/uploads\/2025\/10\/Salle-a-manger__20250928_201601__003.webp'><img loading=\"lazy\" decoding=\"async\" width=\"800\" height=\"360\" src=\"https:\/\/lesvillasdeslacs.fr\/wp-content\/uploads\/2025\/10\/Salle-a-manger__20250928_201601__003-1024x461.webp\" class=\"attachment-large size-large\" alt=\"\" srcset=\"https:\/\/lesvillasdeslacs.fr\/wp-content\/uploads\/2025\/10\/Salle-a-manger__20250928_201601__003-1024x461.webp 1024w, https:\/\/lesvillasdeslacs.fr\/wp-content\/uploads\/2025\/10\/Salle-a-manger__20250928_201601__003-300x135.webp 300w, https:\/\/lesvillasdeslacs.fr\/wp-content\/uploads\/2025\/10\/Salle-a-manger__20250928_201601__003-768x346.webp 768w, https:\/\/lesvillasdeslacs.fr\/wp-content\/uploads\/2025\/10\/Salle-a-manger__20250928_201601__003-1536x691.webp 1536w, https:\/\/lesvillasdeslacs.fr\/wp-content\/uploads\/2025\/10\/Salle-a-manger__20250928_201601__003-18x8.webp 18w, https:\/\/lesvillasdeslacs.fr\/wp-content\/uploads\/2025\/10\/Salle-a-manger__20250928_201601__003.webp 1600w\" sizes=\"(max-width: 800px) 100vw, 800px\" \/><\/a>\n\t\t\t<\/div><\/figure><figure class='gallery-item'>\n\t\t\t<div class='gallery-icon landscape'>\n\t\t\t\t<a data-elementor-open-lightbox=\"yes\" data-elementor-lightbox-slideshow=\"64bc7bf\" data-elementor-lightbox-title=\"\u00e9quipements__20250929_165057__001\" data-e-action-hash=\"#elementor-action%3Aaction%3Dlightbox%26settings%3DeyJpZCI6MzAyNSwidXJsIjoiaHR0cHM6XC9cL2xlc3ZpbGxhc2Rlc2xhY3MuZnJcL3dwLWNvbnRlbnRcL3VwbG9hZHNcLzIwMjVcLzEwXC9lcXVpcGVtZW50c19fMjAyNTA5MjlfMTY1MDU3X18wMDEud2VicCIsInNsaWRlc2hvdyI6IjY0YmM3YmYifQ%3D%3D\" href='https:\/\/lesvillasdeslacs.fr\/wp-content\/uploads\/2025\/10\/equipements__20250929_165057__001.webp'><img loading=\"lazy\" decoding=\"async\" width=\"800\" height=\"360\" src=\"https:\/\/lesvillasdeslacs.fr\/wp-content\/uploads\/2025\/10\/equipements__20250929_165057__001-1024x461.webp\" class=\"attachment-large size-large\" alt=\"\" srcset=\"https:\/\/lesvillasdeslacs.fr\/wp-content\/uploads\/2025\/10\/equipements__20250929_165057__001-1024x461.webp 1024w, https:\/\/lesvillasdeslacs.fr\/wp-content\/uploads\/2025\/10\/equipements__20250929_165057__001-300x135.webp 300w, https:\/\/lesvillasdeslacs.fr\/wp-content\/uploads\/2025\/10\/equipements__20250929_165057__001-768x346.webp 768w, https:\/\/lesvillasdeslacs.fr\/wp-content\/uploads\/2025\/10\/equipements__20250929_165057__001-1536x691.webp 1536w, https:\/\/lesvillasdeslacs.fr\/wp-content\/uploads\/2025\/10\/equipements__20250929_165057__001-18x8.webp 18w, https:\/\/lesvillasdeslacs.fr\/wp-content\/uploads\/2025\/10\/equipements__20250929_165057__001.webp 1600w\" sizes=\"(max-width: 800px) 100vw, 800px\" \/><\/a>\n\t\t\t<\/div><\/figure><figure class='gallery-item'>\n\t\t\t<div class='gallery-icon landscape'>\n\t\t\t\t<a data-elementor-open-lightbox=\"yes\" data-elementor-lightbox-slideshow=\"64bc7bf\" data-elementor-lightbox-title=\"villa2-jeux-interieur-07\" data-e-action-hash=\"#elementor-action%3Aaction%3Dlightbox%26settings%3DeyJpZCI6MjM0NSwidXJsIjoiaHR0cHM6XC9cL2xlc3ZpbGxhc2Rlc2xhY3MuZnJcL3dwLWNvbnRlbnRcL3VwbG9hZHNcLzIwMjVcLzA5XC92aWxsYTItamV1eC1pbnRlcmlldXItMDcud2VicCIsInNsaWRlc2hvdyI6IjY0YmM3YmYifQ%3D%3D\" href='https:\/\/lesvillasdeslacs.fr\/wp-content\/uploads\/2025\/09\/villa2-jeux-interieur-07.webp'><img loading=\"lazy\" decoding=\"async\" width=\"800\" height=\"450\" src=\"https:\/\/lesvillasdeslacs.fr\/wp-content\/uploads\/2025\/09\/villa2-jeux-interieur-07-1024x576.webp\" class=\"attachment-large size-large\" alt=\"\" srcset=\"https:\/\/lesvillasdeslacs.fr\/wp-content\/uploads\/2025\/09\/villa2-jeux-interieur-07-1024x576.webp 1024w, https:\/\/lesvillasdeslacs.fr\/wp-content\/uploads\/2025\/09\/villa2-jeux-interieur-07-300x169.webp 300w, https:\/\/lesvillasdeslacs.fr\/wp-content\/uploads\/2025\/09\/villa2-jeux-interieur-07-768x432.webp 768w, https:\/\/lesvillasdeslacs.fr\/wp-content\/uploads\/2025\/09\/villa2-jeux-interieur-07-1536x864.webp 1536w, https:\/\/lesvillasdeslacs.fr\/wp-content\/uploads\/2025\/09\/villa2-jeux-interieur-07-18x10.webp 18w, https:\/\/lesvillasdeslacs.fr\/wp-content\/uploads\/2025\/09\/villa2-jeux-interieur-07.webp 1600w\" sizes=\"(max-width: 800px) 100vw, 800px\" \/><\/a>\n\t\t\t<\/div><\/figure><figure class='gallery-item'>\n\t\t\t<div class='gallery-icon landscape'>\n\t\t\t\t<a data-elementor-open-lightbox=\"yes\" data-elementor-lightbox-slideshow=\"64bc7bf\" data-elementor-lightbox-title=\"Cuisine__20250929_165111__003\" data-e-action-hash=\"#elementor-action%3Aaction%3Dlightbox%26settings%3DeyJpZCI6MzAwNywidXJsIjoiaHR0cHM6XC9cL2xlc3ZpbGxhc2Rlc2xhY3MuZnJcL3dwLWNvbnRlbnRcL3VwbG9hZHNcLzIwMjVcLzEwXC9DdWlzaW5lX18yMDI1MDkyOV8xNjUxMTFfXzAwMy53ZWJwIiwic2xpZGVzaG93IjoiNjRiYzdiZiJ9\" href='https:\/\/lesvillasdeslacs.fr\/wp-content\/uploads\/2025\/10\/Cuisine__20250929_165111__003.webp'><img loading=\"lazy\" decoding=\"async\" width=\"800\" height=\"360\" src=\"https:\/\/lesvillasdeslacs.fr\/wp-content\/uploads\/2025\/10\/Cuisine__20250929_165111__003-1024x461.webp\" class=\"attachment-large size-large\" alt=\"\" srcset=\"https:\/\/lesvillasdeslacs.fr\/wp-content\/uploads\/2025\/10\/Cuisine__20250929_165111__003-1024x461.webp 1024w, https:\/\/lesvillasdeslacs.fr\/wp-content\/uploads\/2025\/10\/Cuisine__20250929_165111__003-300x135.webp 300w, https:\/\/lesvillasdeslacs.fr\/wp-content\/uploads\/2025\/10\/Cuisine__20250929_165111__003-768x346.webp 768w, https:\/\/lesvillasdeslacs.fr\/wp-content\/uploads\/2025\/10\/Cuisine__20250929_165111__003-1536x691.webp 1536w, https:\/\/lesvillasdeslacs.fr\/wp-content\/uploads\/2025\/10\/Cuisine__20250929_165111__003-18x8.webp 18w, https:\/\/lesvillasdeslacs.fr\/wp-content\/uploads\/2025\/10\/Cuisine__20250929_165111__003.webp 1600w\" sizes=\"(max-width: 800px) 100vw, 800px\" \/><\/a>\n\t\t\t<\/div><\/figure><figure class='gallery-item'>\n\t\t\t<div class='gallery-icon landscape'>\n\t\t\t\t<a data-elementor-open-lightbox=\"yes\" data-elementor-lightbox-slideshow=\"64bc7bf\" data-elementor-lightbox-title=\"Cuisine__20250929_165125__004\" data-e-action-hash=\"#elementor-action%3Aaction%3Dlightbox%26settings%3DeyJpZCI6MzAwNiwidXJsIjoiaHR0cHM6XC9cL2xlc3ZpbGxhc2Rlc2xhY3MuZnJcL3dwLWNvbnRlbnRcL3VwbG9hZHNcLzIwMjVcLzEwXC9DdWlzaW5lX18yMDI1MDkyOV8xNjUxMjVfXzAwNC53ZWJwIiwic2xpZGVzaG93IjoiNjRiYzdiZiJ9\" href='https:\/\/lesvillasdeslacs.fr\/wp-content\/uploads\/2025\/10\/Cuisine__20250929_165125__004.webp'><img loading=\"lazy\" decoding=\"async\" width=\"800\" height=\"360\" src=\"https:\/\/lesvillasdeslacs.fr\/wp-content\/uploads\/2025\/10\/Cuisine__20250929_165125__004-1024x461.webp\" class=\"attachment-large size-large\" alt=\"\" srcset=\"https:\/\/lesvillasdeslacs.fr\/wp-content\/uploads\/2025\/10\/Cuisine__20250929_165125__004-1024x461.webp 1024w, https:\/\/lesvillasdeslacs.fr\/wp-content\/uploads\/2025\/10\/Cuisine__20250929_165125__004-300x135.webp 300w, https:\/\/lesvillasdeslacs.fr\/wp-content\/uploads\/2025\/10\/Cuisine__20250929_165125__004-768x346.webp 768w, https:\/\/lesvillasdeslacs.fr\/wp-content\/uploads\/2025\/10\/Cuisine__20250929_165125__004-1536x691.webp 1536w, https:\/\/lesvillasdeslacs.fr\/wp-content\/uploads\/2025\/10\/Cuisine__20250929_165125__004-18x8.webp 18w, https:\/\/lesvillasdeslacs.fr\/wp-content\/uploads\/2025\/10\/Cuisine__20250929_165125__004.webp 1600w\" sizes=\"(max-width: 800px) 100vw, 800px\" \/><\/a>\n\t\t\t<\/div><\/figure><figure class='gallery-item'>\n\t\t\t<div class='gallery-icon landscape'>\n\t\t\t\t<a data-elementor-open-lightbox=\"yes\" data-elementor-lightbox-slideshow=\"64bc7bf\" data-elementor-lightbox-title=\"villa2-cuisine-01\" data-e-action-hash=\"#elementor-action%3Aaction%3Dlightbox%26settings%3DeyJpZCI6MjM2OCwidXJsIjoiaHR0cHM6XC9cL2xlc3ZpbGxhc2Rlc2xhY3MuZnJcL3dwLWNvbnRlbnRcL3VwbG9hZHNcLzIwMjVcLzA5XC92aWxsYTItY3Vpc2luZS0wMS53ZWJwIiwic2xpZGVzaG93IjoiNjRiYzdiZiJ9\" href='https:\/\/lesvillasdeslacs.fr\/wp-content\/uploads\/2025\/09\/villa2-cuisine-01.webp'><img loading=\"lazy\" decoding=\"async\" width=\"800\" height=\"450\" src=\"https:\/\/lesvillasdeslacs.fr\/wp-content\/uploads\/2025\/09\/villa2-cuisine-01-1024x576.webp\" class=\"attachment-large size-large\" alt=\"\" srcset=\"https:\/\/lesvillasdeslacs.fr\/wp-content\/uploads\/2025\/09\/villa2-cuisine-01-1024x576.webp 1024w, https:\/\/lesvillasdeslacs.fr\/wp-content\/uploads\/2025\/09\/villa2-cuisine-01-300x169.webp 300w, https:\/\/lesvillasdeslacs.fr\/wp-content\/uploads\/2025\/09\/villa2-cuisine-01-768x432.webp 768w, https:\/\/lesvillasdeslacs.fr\/wp-content\/uploads\/2025\/09\/villa2-cuisine-01-1536x864.webp 1536w, https:\/\/lesvillasdeslacs.fr\/wp-content\/uploads\/2025\/09\/villa2-cuisine-01-18x10.webp 18w, https:\/\/lesvillasdeslacs.fr\/wp-content\/uploads\/2025\/09\/villa2-cuisine-01.webp 1600w\" sizes=\"(max-width: 800px) 100vw, 800px\" \/><\/a>\n\t\t\t<\/div><\/figure><figure class='gallery-item'>\n\t\t\t<div class='gallery-icon landscape'>\n\t\t\t\t<a data-elementor-open-lightbox=\"yes\" data-elementor-lightbox-slideshow=\"64bc7bf\" data-elementor-lightbox-title=\"Cuisine__20250928_201541__002\" data-e-action-hash=\"#elementor-action%3Aaction%3Dlightbox%26settings%3DeyJpZCI6MzAwOCwidXJsIjoiaHR0cHM6XC9cL2xlc3ZpbGxhc2Rlc2xhY3MuZnJcL3dwLWNvbnRlbnRcL3VwbG9hZHNcLzIwMjVcLzEwXC9DdWlzaW5lX18yMDI1MDkyOF8yMDE1NDFfXzAwMi53ZWJwIiwic2xpZGVzaG93IjoiNjRiYzdiZiJ9\" href='https:\/\/lesvillasdeslacs.fr\/wp-content\/uploads\/2025\/10\/Cuisine__20250928_201541__002.webp'><img loading=\"lazy\" decoding=\"async\" width=\"800\" height=\"360\" src=\"https:\/\/lesvillasdeslacs.fr\/wp-content\/uploads\/2025\/10\/Cuisine__20250928_201541__002-1024x461.webp\" class=\"attachment-large size-large\" alt=\"\" srcset=\"https:\/\/lesvillasdeslacs.fr\/wp-content\/uploads\/2025\/10\/Cuisine__20250928_201541__002-1024x461.webp 1024w, https:\/\/lesvillasdeslacs.fr\/wp-content\/uploads\/2025\/10\/Cuisine__20250928_201541__002-300x135.webp 300w, https:\/\/lesvillasdeslacs.fr\/wp-content\/uploads\/2025\/10\/Cuisine__20250928_201541__002-768x346.webp 768w, https:\/\/lesvillasdeslacs.fr\/wp-content\/uploads\/2025\/10\/Cuisine__20250928_201541__002-1536x691.webp 1536w, https:\/\/lesvillasdeslacs.fr\/wp-content\/uploads\/2025\/10\/Cuisine__20250928_201541__002-18x8.webp 18w, https:\/\/lesvillasdeslacs.fr\/wp-content\/uploads\/2025\/10\/Cuisine__20250928_201541__002.webp 1600w\" sizes=\"(max-width: 800px) 100vw, 800px\" \/><\/a>\n\t\t\t<\/div><\/figure><figure class='gallery-item'>\n\t\t\t<div class='gallery-icon landscape'>\n\t\t\t\t<a data-elementor-open-lightbox=\"yes\" data-elementor-lightbox-slideshow=\"64bc7bf\" data-elementor-lightbox-title=\"villa2-cuisine-02\" data-e-action-hash=\"#elementor-action%3Aaction%3Dlightbox%26settings%3DeyJpZCI6MjM2NywidXJsIjoiaHR0cHM6XC9cL2xlc3ZpbGxhc2Rlc2xhY3MuZnJcL3dwLWNvbnRlbnRcL3VwbG9hZHNcLzIwMjVcLzA5XC92aWxsYTItY3Vpc2luZS0wMi53ZWJwIiwic2xpZGVzaG93IjoiNjRiYzdiZiJ9\" href='https:\/\/lesvillasdeslacs.fr\/wp-content\/uploads\/2025\/09\/villa2-cuisine-02.webp'><img loading=\"lazy\" decoding=\"async\" width=\"800\" height=\"450\" src=\"https:\/\/lesvillasdeslacs.fr\/wp-content\/uploads\/2025\/09\/villa2-cuisine-02-1024x576.webp\" class=\"attachment-large size-large\" alt=\"\" srcset=\"https:\/\/lesvillasdeslacs.fr\/wp-content\/uploads\/2025\/09\/villa2-cuisine-02-1024x576.webp 1024w, https:\/\/lesvillasdeslacs.fr\/wp-content\/uploads\/2025\/09\/villa2-cuisine-02-300x169.webp 300w, https:\/\/lesvillasdeslacs.fr\/wp-content\/uploads\/2025\/09\/villa2-cuisine-02-768x432.webp 768w, https:\/\/lesvillasdeslacs.fr\/wp-content\/uploads\/2025\/09\/villa2-cuisine-02-1536x864.webp 1536w, https:\/\/lesvillasdeslacs.fr\/wp-content\/uploads\/2025\/09\/villa2-cuisine-02-18x10.webp 18w, https:\/\/lesvillasdeslacs.fr\/wp-content\/uploads\/2025\/09\/villa2-cuisine-02.webp 1600w\" sizes=\"(max-width: 800px) 100vw, 800px\" \/><\/a>\n\t\t\t<\/div><\/figure><figure class='gallery-item'>\n\t\t\t<div class='gallery-icon landscape'>\n\t\t\t\t<a data-elementor-open-lightbox=\"yes\" data-elementor-lightbox-slideshow=\"64bc7bf\" data-elementor-lightbox-title=\"Cuisine__20250928_201528__001\" data-e-action-hash=\"#elementor-action%3Aaction%3Dlightbox%26settings%3DeyJpZCI6MzAwOSwidXJsIjoiaHR0cHM6XC9cL2xlc3ZpbGxhc2Rlc2xhY3MuZnJcL3dwLWNvbnRlbnRcL3VwbG9hZHNcLzIwMjVcLzEwXC9DdWlzaW5lX18yMDI1MDkyOF8yMDE1MjhfXzAwMS53ZWJwIiwic2xpZGVzaG93IjoiNjRiYzdiZiJ9\" href='https:\/\/lesvillasdeslacs.fr\/wp-content\/uploads\/2025\/10\/Cuisine__20250928_201528__001.webp'><img loading=\"lazy\" decoding=\"async\" width=\"800\" height=\"360\" src=\"https:\/\/lesvillasdeslacs.fr\/wp-content\/uploads\/2025\/10\/Cuisine__20250928_201528__001-1024x461.webp\" class=\"attachment-large size-large\" alt=\"\" srcset=\"https:\/\/lesvillasdeslacs.fr\/wp-content\/uploads\/2025\/10\/Cuisine__20250928_201528__001-1024x461.webp 1024w, https:\/\/lesvillasdeslacs.fr\/wp-content\/uploads\/2025\/10\/Cuisine__20250928_201528__001-300x135.webp 300w, https:\/\/lesvillasdeslacs.fr\/wp-content\/uploads\/2025\/10\/Cuisine__20250928_201528__001-768x346.webp 768w, https:\/\/lesvillasdeslacs.fr\/wp-content\/uploads\/2025\/10\/Cuisine__20250928_201528__001-1536x691.webp 1536w, https:\/\/lesvillasdeslacs.fr\/wp-content\/uploads\/2025\/10\/Cuisine__20250928_201528__001-18x8.webp 18w, https:\/\/lesvillasdeslacs.fr\/wp-content\/uploads\/2025\/10\/Cuisine__20250928_201528__001.webp 1600w\" sizes=\"(max-width: 800px) 100vw, 800px\" \/><\/a>\n\t\t\t<\/div><\/figure><figure class='gallery-item'>\n\t\t\t<div class='gallery-icon landscape'>\n\t\t\t\t<a data-elementor-open-lightbox=\"yes\" data-elementor-lightbox-slideshow=\"64bc7bf\" data-elementor-lightbox-title=\"villa2_lvdl_tile_b2_08\" data-e-action-hash=\"#elementor-action%3Aaction%3Dlightbox%26settings%3DeyJpZCI6MTQ3MywidXJsIjoiaHR0cHM6XC9cL2xlc3ZpbGxhc2Rlc2xhY3MuZnJcL3dwLWNvbnRlbnRcL3VwbG9hZHNcLzIwMjVcLzA5XC92aWxsYTJfbHZkbF90aWxlX2IyXzA4LndlYnAiLCJzbGlkZXNob3ciOiI2NGJjN2JmIn0%3D\" href='https:\/\/lesvillasdeslacs.fr\/wp-content\/uploads\/2025\/09\/villa2_lvdl_tile_b2_08.webp'><img loading=\"lazy\" decoding=\"async\" width=\"800\" height=\"450\" src=\"https:\/\/lesvillasdeslacs.fr\/wp-content\/uploads\/2025\/09\/villa2_lvdl_tile_b2_08-1024x576.webp\" class=\"attachment-large size-large\" alt=\"\" srcset=\"https:\/\/lesvillasdeslacs.fr\/wp-content\/uploads\/2025\/09\/villa2_lvdl_tile_b2_08-1024x576.webp 1024w, https:\/\/lesvillasdeslacs.fr\/wp-content\/uploads\/2025\/09\/villa2_lvdl_tile_b2_08-300x169.webp 300w, https:\/\/lesvillasdeslacs.fr\/wp-content\/uploads\/2025\/09\/villa2_lvdl_tile_b2_08-768x432.webp 768w, https:\/\/lesvillasdeslacs.fr\/wp-content\/uploads\/2025\/09\/villa2_lvdl_tile_b2_08-1536x864.webp 1536w, https:\/\/lesvillasdeslacs.fr\/wp-content\/uploads\/2025\/09\/villa2_lvdl_tile_b2_08-18x10.webp 18w, https:\/\/lesvillasdeslacs.fr\/wp-content\/uploads\/2025\/09\/villa2_lvdl_tile_b2_08.webp 1600w\" sizes=\"(max-width: 800px) 100vw, 800px\" \/><\/a>\n\t\t\t<\/div><\/figure><figure class='gallery-item'>\n\t\t\t<div class='gallery-icon landscape'>\n\t\t\t\t<a data-elementor-open-lightbox=\"yes\" data-elementor-lightbox-slideshow=\"64bc7bf\" data-elementor-lightbox-title=\"villa2-salledebain-01\" data-e-action-hash=\"#elementor-action%3Aaction%3Dlightbox%26settings%3DeyJpZCI6MjMzNCwidXJsIjoiaHR0cHM6XC9cL2xlc3ZpbGxhc2Rlc2xhY3MuZnJcL3dwLWNvbnRlbnRcL3VwbG9hZHNcLzIwMjVcLzA5XC92aWxsYTItc2FsbGVkZWJhaW4tMDEud2VicCIsInNsaWRlc2hvdyI6IjY0YmM3YmYifQ%3D%3D\" href='https:\/\/lesvillasdeslacs.fr\/wp-content\/uploads\/2025\/09\/villa2-salledebain-01.webp'><img loading=\"lazy\" decoding=\"async\" width=\"800\" height=\"450\" src=\"https:\/\/lesvillasdeslacs.fr\/wp-content\/uploads\/2025\/09\/villa2-salledebain-01-1024x576.webp\" class=\"attachment-large size-large\" alt=\"\" srcset=\"https:\/\/lesvillasdeslacs.fr\/wp-content\/uploads\/2025\/09\/villa2-salledebain-01-1024x576.webp 1024w, https:\/\/lesvillasdeslacs.fr\/wp-content\/uploads\/2025\/09\/villa2-salledebain-01-300x169.webp 300w, https:\/\/lesvillasdeslacs.fr\/wp-content\/uploads\/2025\/09\/villa2-salledebain-01-768x432.webp 768w, https:\/\/lesvillasdeslacs.fr\/wp-content\/uploads\/2025\/09\/villa2-salledebain-01-1536x864.webp 1536w, https:\/\/lesvillasdeslacs.fr\/wp-content\/uploads\/2025\/09\/villa2-salledebain-01-18x10.webp 18w, https:\/\/lesvillasdeslacs.fr\/wp-content\/uploads\/2025\/09\/villa2-salledebain-01.webp 1600w\" sizes=\"(max-width: 800px) 100vw, 800px\" \/><\/a>\n\t\t\t<\/div><\/figure><figure class='gallery-item'>\n\t\t\t<div class='gallery-icon landscape'>\n\t\t\t\t<a data-elementor-open-lightbox=\"yes\" data-elementor-lightbox-slideshow=\"64bc7bf\" data-elementor-lightbox-title=\"villa2-salledebain-03\" data-e-action-hash=\"#elementor-action%3Aaction%3Dlightbox%26settings%3DeyJpZCI6MjMzMiwidXJsIjoiaHR0cHM6XC9cL2xlc3ZpbGxhc2Rlc2xhY3MuZnJcL3dwLWNvbnRlbnRcL3VwbG9hZHNcLzIwMjVcLzA5XC92aWxsYTItc2FsbGVkZWJhaW4tMDMud2VicCIsInNsaWRlc2hvdyI6IjY0YmM3YmYifQ%3D%3D\" href='https:\/\/lesvillasdeslacs.fr\/wp-content\/uploads\/2025\/09\/villa2-salledebain-03.webp'><img loading=\"lazy\" decoding=\"async\" width=\"800\" height=\"450\" src=\"https:\/\/lesvillasdeslacs.fr\/wp-content\/uploads\/2025\/09\/villa2-salledebain-03-1024x576.webp\" class=\"attachment-large size-large\" alt=\"\" srcset=\"https:\/\/lesvillasdeslacs.fr\/wp-content\/uploads\/2025\/09\/villa2-salledebain-03-1024x576.webp 1024w, https:\/\/lesvillasdeslacs.fr\/wp-content\/uploads\/2025\/09\/villa2-salledebain-03-300x169.webp 300w, https:\/\/lesvillasdeslacs.fr\/wp-content\/uploads\/2025\/09\/villa2-salledebain-03-768x432.webp 768w, https:\/\/lesvillasdeslacs.fr\/wp-content\/uploads\/2025\/09\/villa2-salledebain-03-1536x864.webp 1536w, https:\/\/lesvillasdeslacs.fr\/wp-content\/uploads\/2025\/09\/villa2-salledebain-03-18x10.webp 18w, https:\/\/lesvillasdeslacs.fr\/wp-content\/uploads\/2025\/09\/villa2-salledebain-03.webp 1600w\" sizes=\"(max-width: 800px) 100vw, 800px\" \/><\/a>\n\t\t\t<\/div><\/figure><figure class='gallery-item'>\n\t\t\t<div class='gallery-icon landscape'>\n\t\t\t\t<a data-elementor-open-lightbox=\"yes\" data-elementor-lightbox-slideshow=\"64bc7bf\" data-elementor-lightbox-title=\"villa2-salledebain-04\" data-e-action-hash=\"#elementor-action%3Aaction%3Dlightbox%26settings%3DeyJpZCI6MjMzMywidXJsIjoiaHR0cHM6XC9cL2xlc3ZpbGxhc2Rlc2xhY3MuZnJcL3dwLWNvbnRlbnRcL3VwbG9hZHNcLzIwMjVcLzA5XC92aWxsYTItc2FsbGVkZWJhaW4tMDQud2VicCIsInNsaWRlc2hvdyI6IjY0YmM3YmYifQ%3D%3D\" href='https:\/\/lesvillasdeslacs.fr\/wp-content\/uploads\/2025\/09\/villa2-salledebain-04.webp'><img loading=\"lazy\" decoding=\"async\" width=\"800\" height=\"450\" src=\"https:\/\/lesvillasdeslacs.fr\/wp-content\/uploads\/2025\/09\/villa2-salledebain-04-1024x576.webp\" class=\"attachment-large size-large\" alt=\"\" srcset=\"https:\/\/lesvillasdeslacs.fr\/wp-content\/uploads\/2025\/09\/villa2-salledebain-04-1024x576.webp 1024w, https:\/\/lesvillasdeslacs.fr\/wp-content\/uploads\/2025\/09\/villa2-salledebain-04-300x169.webp 300w, https:\/\/lesvillasdeslacs.fr\/wp-content\/uploads\/2025\/09\/villa2-salledebain-04-768x432.webp 768w, https:\/\/lesvillasdeslacs.fr\/wp-content\/uploads\/2025\/09\/villa2-salledebain-04-1536x864.webp 1536w, https:\/\/lesvillasdeslacs.fr\/wp-content\/uploads\/2025\/09\/villa2-salledebain-04-18x10.webp 18w, https:\/\/lesvillasdeslacs.fr\/wp-content\/uploads\/2025\/09\/villa2-salledebain-04.webp 1600w\" sizes=\"(max-width: 800px) 100vw, 800px\" \/><\/a>\n\t\t\t<\/div><\/figure><figure class='gallery-item'>\n\t\t\t<div class='gallery-icon landscape'>\n\t\t\t\t<a data-elementor-open-lightbox=\"yes\" data-elementor-lightbox-slideshow=\"64bc7bf\" data-elementor-lightbox-title=\"villa2-salledebain-02\" data-e-action-hash=\"#elementor-action%3Aaction%3Dlightbox%26settings%3DeyJpZCI6MjMzMSwidXJsIjoiaHR0cHM6XC9cL2xlc3ZpbGxhc2Rlc2xhY3MuZnJcL3dwLWNvbnRlbnRcL3VwbG9hZHNcLzIwMjVcLzA5XC92aWxsYTItc2FsbGVkZWJhaW4tMDIud2VicCIsInNsaWRlc2hvdyI6IjY0YmM3YmYifQ%3D%3D\" href='https:\/\/lesvillasdeslacs.fr\/wp-content\/uploads\/2025\/09\/villa2-salledebain-02.webp'><img loading=\"lazy\" decoding=\"async\" width=\"800\" height=\"450\" src=\"https:\/\/lesvillasdeslacs.fr\/wp-content\/uploads\/2025\/09\/villa2-salledebain-02-1024x576.webp\" class=\"attachment-large size-large\" alt=\"\" srcset=\"https:\/\/lesvillasdeslacs.fr\/wp-content\/uploads\/2025\/09\/villa2-salledebain-02-1024x576.webp 1024w, https:\/\/lesvillasdeslacs.fr\/wp-content\/uploads\/2025\/09\/villa2-salledebain-02-300x169.webp 300w, https:\/\/lesvillasdeslacs.fr\/wp-content\/uploads\/2025\/09\/villa2-salledebain-02-768x432.webp 768w, https:\/\/lesvillasdeslacs.fr\/wp-content\/uploads\/2025\/09\/villa2-salledebain-02-1536x864.webp 1536w, https:\/\/lesvillasdeslacs.fr\/wp-content\/uploads\/2025\/09\/villa2-salledebain-02-18x10.webp 18w, https:\/\/lesvillasdeslacs.fr\/wp-content\/uploads\/2025\/09\/villa2-salledebain-02.webp 1600w\" sizes=\"(max-width: 800px) 100vw, 800px\" \/><\/a>\n\t\t\t<\/div><\/figure><figure class='gallery-item'>\n\t\t\t<div class='gallery-icon landscape'>\n\t\t\t\t<a data-elementor-open-lightbox=\"yes\" data-elementor-lightbox-slideshow=\"64bc7bf\" data-elementor-lightbox-title=\"sdb__20250929_170159__002\" data-e-action-hash=\"#elementor-action%3Aaction%3Dlightbox%26settings%3DeyJpZCI6Mjk1OSwidXJsIjoiaHR0cHM6XC9cL2xlc3ZpbGxhc2Rlc2xhY3MuZnJcL3dwLWNvbnRlbnRcL3VwbG9hZHNcLzIwMjVcLzEwXC9zZGJfXzIwMjUwOTI5XzE3MDE1OV9fMDAyLndlYnAiLCJzbGlkZXNob3ciOiI2NGJjN2JmIn0%3D\" href='https:\/\/lesvillasdeslacs.fr\/wp-content\/uploads\/2025\/10\/sdb__20250929_170159__002.webp'><img loading=\"lazy\" decoding=\"async\" width=\"800\" height=\"360\" src=\"https:\/\/lesvillasdeslacs.fr\/wp-content\/uploads\/2025\/10\/sdb__20250929_170159__002-1024x461.webp\" class=\"attachment-large size-large\" alt=\"\" srcset=\"https:\/\/lesvillasdeslacs.fr\/wp-content\/uploads\/2025\/10\/sdb__20250929_170159__002-1024x461.webp 1024w, https:\/\/lesvillasdeslacs.fr\/wp-content\/uploads\/2025\/10\/sdb__20250929_170159__002-300x135.webp 300w, https:\/\/lesvillasdeslacs.fr\/wp-content\/uploads\/2025\/10\/sdb__20250929_170159__002-768x346.webp 768w, https:\/\/lesvillasdeslacs.fr\/wp-content\/uploads\/2025\/10\/sdb__20250929_170159__002-1536x691.webp 1536w, https:\/\/lesvillasdeslacs.fr\/wp-content\/uploads\/2025\/10\/sdb__20250929_170159__002-18x8.webp 18w, https:\/\/lesvillasdeslacs.fr\/wp-content\/uploads\/2025\/10\/sdb__20250929_170159__002.webp 1600w\" sizes=\"(max-width: 800px) 100vw, 800px\" \/><\/a>\n\t\t\t<\/div><\/figure><figure class='gallery-item'>\n\t\t\t<div class='gallery-icon landscape'>\n\t\t\t\t<a data-elementor-open-lightbox=\"yes\" data-elementor-lightbox-slideshow=\"64bc7bf\" data-elementor-lightbox-title=\"sdb__20250929_170225__003\" data-e-action-hash=\"#elementor-action%3Aaction%3Dlightbox%26settings%3DeyJpZCI6Mjk1OCwidXJsIjoiaHR0cHM6XC9cL2xlc3ZpbGxhc2Rlc2xhY3MuZnJcL3dwLWNvbnRlbnRcL3VwbG9hZHNcLzIwMjVcLzEwXC9zZGJfXzIwMjUwOTI5XzE3MDIyNV9fMDAzLndlYnAiLCJzbGlkZXNob3ciOiI2NGJjN2JmIn0%3D\" href='https:\/\/lesvillasdeslacs.fr\/wp-content\/uploads\/2025\/10\/sdb__20250929_170225__003.webp'><img loading=\"lazy\" decoding=\"async\" width=\"800\" height=\"360\" src=\"https:\/\/lesvillasdeslacs.fr\/wp-content\/uploads\/2025\/10\/sdb__20250929_170225__003-1024x461.webp\" class=\"attachment-large size-large\" alt=\"\" srcset=\"https:\/\/lesvillasdeslacs.fr\/wp-content\/uploads\/2025\/10\/sdb__20250929_170225__003-1024x461.webp 1024w, https:\/\/lesvillasdeslacs.fr\/wp-content\/uploads\/2025\/10\/sdb__20250929_170225__003-300x135.webp 300w, https:\/\/lesvillasdeslacs.fr\/wp-content\/uploads\/2025\/10\/sdb__20250929_170225__003-768x346.webp 768w, https:\/\/lesvillasdeslacs.fr\/wp-content\/uploads\/2025\/10\/sdb__20250929_170225__003-1536x691.webp 1536w, https:\/\/lesvillasdeslacs.fr\/wp-content\/uploads\/2025\/10\/sdb__20250929_170225__003-18x8.webp 18w, https:\/\/lesvillasdeslacs.fr\/wp-content\/uploads\/2025\/10\/sdb__20250929_170225__003.webp 1600w\" sizes=\"(max-width: 800px) 100vw, 800px\" \/><\/a>\n\t\t\t<\/div><\/figure><figure class='gallery-item'>\n\t\t\t<div class='gallery-icon landscape'>\n\t\t\t\t<a data-elementor-open-lightbox=\"yes\" data-elementor-lightbox-slideshow=\"64bc7bf\" data-elementor-lightbox-title=\"wc__20250928_215916__001\" data-e-action-hash=\"#elementor-action%3Aaction%3Dlightbox%26settings%3DeyJpZCI6MzAyNywidXJsIjoiaHR0cHM6XC9cL2xlc3ZpbGxhc2Rlc2xhY3MuZnJcL3dwLWNvbnRlbnRcL3VwbG9hZHNcLzIwMjVcLzEwXC93Y19fMjAyNTA5MjhfMjE1OTE2X18wMDEud2VicCIsInNsaWRlc2hvdyI6IjY0YmM3YmYifQ%3D%3D\" href='https:\/\/lesvillasdeslacs.fr\/wp-content\/uploads\/2025\/10\/wc__20250928_215916__001.webp'><img loading=\"lazy\" decoding=\"async\" width=\"800\" height=\"360\" src=\"https:\/\/lesvillasdeslacs.fr\/wp-content\/uploads\/2025\/10\/wc__20250928_215916__001-1024x461.webp\" class=\"attachment-large size-large\" alt=\"\" srcset=\"https:\/\/lesvillasdeslacs.fr\/wp-content\/uploads\/2025\/10\/wc__20250928_215916__001-1024x461.webp 1024w, https:\/\/lesvillasdeslacs.fr\/wp-content\/uploads\/2025\/10\/wc__20250928_215916__001-300x135.webp 300w, https:\/\/lesvillasdeslacs.fr\/wp-content\/uploads\/2025\/10\/wc__20250928_215916__001-768x346.webp 768w, https:\/\/lesvillasdeslacs.fr\/wp-content\/uploads\/2025\/10\/wc__20250928_215916__001-1536x691.webp 1536w, https:\/\/lesvillasdeslacs.fr\/wp-content\/uploads\/2025\/10\/wc__20250928_215916__001-18x8.webp 18w, https:\/\/lesvillasdeslacs.fr\/wp-content\/uploads\/2025\/10\/wc__20250928_215916__001.webp 1600w\" sizes=\"(max-width: 800px) 100vw, 800px\" \/><\/a>\n\t\t\t<\/div><\/figure><figure class='gallery-item'>\n\t\t\t<div class='gallery-icon landscape'>\n\t\t\t\t<a data-elementor-open-lightbox=\"yes\" data-elementor-lightbox-slideshow=\"64bc7bf\" data-elementor-lightbox-title=\"20251002_185428\" data-e-action-hash=\"#elementor-action%3Aaction%3Dlightbox%26settings%3DeyJpZCI6Mzc3NCwidXJsIjoiaHR0cHM6XC9cL2xlc3ZpbGxhc2Rlc2xhY3MuZnJcL3dwLWNvbnRlbnRcL3VwbG9hZHNcLzIwMjVcLzEwXC8yMDI1MTAwMl8xODU0MjgtMS53ZWJwIiwic2xpZGVzaG93IjoiNjRiYzdiZiJ9\" href='https:\/\/lesvillasdeslacs.fr\/wp-content\/uploads\/2025\/10\/20251002_185428-1.webp'><img loading=\"lazy\" decoding=\"async\" width=\"800\" height=\"360\" src=\"https:\/\/lesvillasdeslacs.fr\/wp-content\/uploads\/2025\/10\/20251002_185428-1-1024x461.webp\" class=\"attachment-large size-large\" alt=\"\" srcset=\"https:\/\/lesvillasdeslacs.fr\/wp-content\/uploads\/2025\/10\/20251002_185428-1-1024x461.webp 1024w, https:\/\/lesvillasdeslacs.fr\/wp-content\/uploads\/2025\/10\/20251002_185428-1-300x135.webp 300w, https:\/\/lesvillasdeslacs.fr\/wp-content\/uploads\/2025\/10\/20251002_185428-1-768x346.webp 768w, https:\/\/lesvillasdeslacs.fr\/wp-content\/uploads\/2025\/10\/20251002_185428-1-18x8.webp 18w, https:\/\/lesvillasdeslacs.fr\/wp-content\/uploads\/2025\/10\/20251002_185428-1.webp 1500w\" sizes=\"(max-width: 800px) 100vw, 800px\" \/><\/a>\n\t\t\t<\/div><\/figure><figure class='gallery-item'>\n\t\t\t<div class='gallery-icon landscape'>\n\t\t\t\t<a data-elementor-open-lightbox=\"yes\" data-elementor-lightbox-slideshow=\"64bc7bf\" data-elementor-lightbox-title=\"20251002_185452\" data-e-action-hash=\"#elementor-action%3Aaction%3Dlightbox%26settings%3DeyJpZCI6Mzc3NiwidXJsIjoiaHR0cHM6XC9cL2xlc3ZpbGxhc2Rlc2xhY3MuZnJcL3dwLWNvbnRlbnRcL3VwbG9hZHNcLzIwMjVcLzEwXC8yMDI1MTAwMl8xODU0NTItMS53ZWJwIiwic2xpZGVzaG93IjoiNjRiYzdiZiJ9\" href='https:\/\/lesvillasdeslacs.fr\/wp-content\/uploads\/2025\/10\/20251002_185452-1.webp'><img loading=\"lazy\" decoding=\"async\" width=\"800\" height=\"360\" src=\"https:\/\/lesvillasdeslacs.fr\/wp-content\/uploads\/2025\/10\/20251002_185452-1-1024x461.webp\" class=\"attachment-large size-large\" alt=\"\" srcset=\"https:\/\/lesvillasdeslacs.fr\/wp-content\/uploads\/2025\/10\/20251002_185452-1-1024x461.webp 1024w, https:\/\/lesvillasdeslacs.fr\/wp-content\/uploads\/2025\/10\/20251002_185452-1-300x135.webp 300w, https:\/\/lesvillasdeslacs.fr\/wp-content\/uploads\/2025\/10\/20251002_185452-1-768x346.webp 768w, https:\/\/lesvillasdeslacs.fr\/wp-content\/uploads\/2025\/10\/20251002_185452-1-18x8.webp 18w, https:\/\/lesvillasdeslacs.fr\/wp-content\/uploads\/2025\/10\/20251002_185452-1.webp 1500w\" sizes=\"(max-width: 800px) 100vw, 800px\" \/><\/a>\n\t\t\t<\/div><\/figure><figure class='gallery-item'>\n\t\t\t<div class='gallery-icon landscape'>\n\t\t\t\t<a data-elementor-open-lightbox=\"yes\" data-elementor-lightbox-slideshow=\"64bc7bf\" data-elementor-lightbox-title=\"20251002_185547\" data-e-action-hash=\"#elementor-action%3Aaction%3Dlightbox%26settings%3DeyJpZCI6Mzc3MywidXJsIjoiaHR0cHM6XC9cL2xlc3ZpbGxhc2Rlc2xhY3MuZnJcL3dwLWNvbnRlbnRcL3VwbG9hZHNcLzIwMjVcLzEwXC8yMDI1MTAwMl8xODU1NDctMS53ZWJwIiwic2xpZGVzaG93IjoiNjRiYzdiZiJ9\" href='https:\/\/lesvillasdeslacs.fr\/wp-content\/uploads\/2025\/10\/20251002_185547-1.webp'><img loading=\"lazy\" decoding=\"async\" width=\"800\" height=\"360\" src=\"https:\/\/lesvillasdeslacs.fr\/wp-content\/uploads\/2025\/10\/20251002_185547-1-1024x461.webp\" class=\"attachment-large size-large\" alt=\"\" srcset=\"https:\/\/lesvillasdeslacs.fr\/wp-content\/uploads\/2025\/10\/20251002_185547-1-1024x461.webp 1024w, https:\/\/lesvillasdeslacs.fr\/wp-content\/uploads\/2025\/10\/20251002_185547-1-300x135.webp 300w, https:\/\/lesvillasdeslacs.fr\/wp-content\/uploads\/2025\/10\/20251002_185547-1-768x346.webp 768w, https:\/\/lesvillasdeslacs.fr\/wp-content\/uploads\/2025\/10\/20251002_185547-1-18x8.webp 18w, https:\/\/lesvillasdeslacs.fr\/wp-content\/uploads\/2025\/10\/20251002_185547-1.webp 1500w\" sizes=\"(max-width: 800px) 100vw, 800px\" \/><\/a>\n\t\t\t<\/div><\/figure><figure class='gallery-item'>\n\t\t\t<div class='gallery-icon landscape'>\n\t\t\t\t<a data-elementor-open-lightbox=\"yes\" data-elementor-lightbox-slideshow=\"64bc7bf\" data-elementor-lightbox-title=\"ch3__20250929_170024__001\" data-e-action-hash=\"#elementor-action%3Aaction%3Dlightbox%26settings%3DeyJpZCI6Mjk2MSwidXJsIjoiaHR0cHM6XC9cL2xlc3ZpbGxhc2Rlc2xhY3MuZnJcL3dwLWNvbnRlbnRcL3VwbG9hZHNcLzIwMjVcLzEwXC9jaDNfXzIwMjUwOTI5XzE3MDAyNF9fMDAxLndlYnAiLCJzbGlkZXNob3ciOiI2NGJjN2JmIn0%3D\" href='https:\/\/lesvillasdeslacs.fr\/wp-content\/uploads\/2025\/10\/ch3__20250929_170024__001.webp'><img loading=\"lazy\" decoding=\"async\" width=\"800\" height=\"360\" src=\"https:\/\/lesvillasdeslacs.fr\/wp-content\/uploads\/2025\/10\/ch3__20250929_170024__001-1024x461.webp\" class=\"attachment-large size-large\" alt=\"\" srcset=\"https:\/\/lesvillasdeslacs.fr\/wp-content\/uploads\/2025\/10\/ch3__20250929_170024__001-1024x461.webp 1024w, https:\/\/lesvillasdeslacs.fr\/wp-content\/uploads\/2025\/10\/ch3__20250929_170024__001-300x135.webp 300w, https:\/\/lesvillasdeslacs.fr\/wp-content\/uploads\/2025\/10\/ch3__20250929_170024__001-768x346.webp 768w, https:\/\/lesvillasdeslacs.fr\/wp-content\/uploads\/2025\/10\/ch3__20250929_170024__001-1536x691.webp 1536w, https:\/\/lesvillasdeslacs.fr\/wp-content\/uploads\/2025\/10\/ch3__20250929_170024__001-18x8.webp 18w, https:\/\/lesvillasdeslacs.fr\/wp-content\/uploads\/2025\/10\/ch3__20250929_170024__001.webp 1600w\" sizes=\"(max-width: 800px) 100vw, 800px\" \/><\/a>\n\t\t\t<\/div><\/figure><figure class='gallery-item'>\n\t\t\t<div class='gallery-icon landscape'>\n\t\t\t\t<a data-elementor-open-lightbox=\"yes\" data-elementor-lightbox-slideshow=\"64bc7bf\" data-elementor-lightbox-title=\"ch2__20250929_170052__001\" data-e-action-hash=\"#elementor-action%3Aaction%3Dlightbox%26settings%3DeyJpZCI6Mjk2MywidXJsIjoiaHR0cHM6XC9cL2xlc3ZpbGxhc2Rlc2xhY3MuZnJcL3dwLWNvbnRlbnRcL3VwbG9hZHNcLzIwMjVcLzEwXC9jaDJfXzIwMjUwOTI5XzE3MDA1Ml9fMDAxLndlYnAiLCJzbGlkZXNob3ciOiI2NGJjN2JmIn0%3D\" href='https:\/\/lesvillasdeslacs.fr\/wp-content\/uploads\/2025\/10\/ch2__20250929_170052__001.webp'><img loading=\"lazy\" decoding=\"async\" width=\"800\" height=\"360\" src=\"https:\/\/lesvillasdeslacs.fr\/wp-content\/uploads\/2025\/10\/ch2__20250929_170052__001-1024x461.webp\" class=\"attachment-large size-large\" alt=\"\" srcset=\"https:\/\/lesvillasdeslacs.fr\/wp-content\/uploads\/2025\/10\/ch2__20250929_170052__001-1024x461.webp 1024w, https:\/\/lesvillasdeslacs.fr\/wp-content\/uploads\/2025\/10\/ch2__20250929_170052__001-300x135.webp 300w, https:\/\/lesvillasdeslacs.fr\/wp-content\/uploads\/2025\/10\/ch2__20250929_170052__001-768x346.webp 768w, https:\/\/lesvillasdeslacs.fr\/wp-content\/uploads\/2025\/10\/ch2__20250929_170052__001-1536x691.webp 1536w, https:\/\/lesvillasdeslacs.fr\/wp-content\/uploads\/2025\/10\/ch2__20250929_170052__001-18x8.webp 18w, https:\/\/lesvillasdeslacs.fr\/wp-content\/uploads\/2025\/10\/ch2__20250929_170052__001.webp 1600w\" sizes=\"(max-width: 800px) 100vw, 800px\" \/><\/a>\n\t\t\t<\/div><\/figure><figure class='gallery-item'>\n\t\t\t<div class='gallery-icon landscape'>\n\t\t\t\t<a data-elementor-open-lightbox=\"yes\" data-elementor-lightbox-slideshow=\"64bc7bf\" data-elementor-lightbox-title=\"ch2__20250929_170101__002\" data-e-action-hash=\"#elementor-action%3Aaction%3Dlightbox%26settings%3DeyJpZCI6Mjk2MiwidXJsIjoiaHR0cHM6XC9cL2xlc3ZpbGxhc2Rlc2xhY3MuZnJcL3dwLWNvbnRlbnRcL3VwbG9hZHNcLzIwMjVcLzEwXC9jaDJfXzIwMjUwOTI5XzE3MDEwMV9fMDAyLndlYnAiLCJzbGlkZXNob3ciOiI2NGJjN2JmIn0%3D\" href='https:\/\/lesvillasdeslacs.fr\/wp-content\/uploads\/2025\/10\/ch2__20250929_170101__002.webp'><img loading=\"lazy\" decoding=\"async\" width=\"800\" height=\"360\" src=\"https:\/\/lesvillasdeslacs.fr\/wp-content\/uploads\/2025\/10\/ch2__20250929_170101__002-1024x461.webp\" class=\"attachment-large size-large\" alt=\"\" srcset=\"https:\/\/lesvillasdeslacs.fr\/wp-content\/uploads\/2025\/10\/ch2__20250929_170101__002-1024x461.webp 1024w, https:\/\/lesvillasdeslacs.fr\/wp-content\/uploads\/2025\/10\/ch2__20250929_170101__002-300x135.webp 300w, https:\/\/lesvillasdeslacs.fr\/wp-content\/uploads\/2025\/10\/ch2__20250929_170101__002-768x346.webp 768w, https:\/\/lesvillasdeslacs.fr\/wp-content\/uploads\/2025\/10\/ch2__20250929_170101__002-1536x691.webp 1536w, https:\/\/lesvillasdeslacs.fr\/wp-content\/uploads\/2025\/10\/ch2__20250929_170101__002-18x8.webp 18w, https:\/\/lesvillasdeslacs.fr\/wp-content\/uploads\/2025\/10\/ch2__20250929_170101__002.webp 1600w\" sizes=\"(max-width: 800px) 100vw, 800px\" \/><\/a>\n\t\t\t<\/div><\/figure><figure class='gallery-item'>\n\t\t\t<div class='gallery-icon landscape'>\n\t\t\t\t<a data-elementor-open-lightbox=\"yes\" data-elementor-lightbox-slideshow=\"64bc7bf\" data-elementor-lightbox-title=\"20250929_170041\" data-e-action-hash=\"#elementor-action%3Aaction%3Dlightbox%26settings%3DeyJpZCI6Mzc5MSwidXJsIjoiaHR0cHM6XC9cL2xlc3ZpbGxhc2Rlc2xhY3MuZnJcL3dwLWNvbnRlbnRcL3VwbG9hZHNcLzIwMjVcLzEwXC8yMDI1MDkyOV8xNzAwNDEud2VicCIsInNsaWRlc2hvdyI6IjY0YmM3YmYifQ%3D%3D\" href='https:\/\/lesvillasdeslacs.fr\/wp-content\/uploads\/2025\/10\/20250929_170041.webp'><img loading=\"lazy\" decoding=\"async\" width=\"800\" height=\"360\" src=\"https:\/\/lesvillasdeslacs.fr\/wp-content\/uploads\/2025\/10\/20250929_170041-1024x461.webp\" class=\"attachment-large size-large\" alt=\"\" srcset=\"https:\/\/lesvillasdeslacs.fr\/wp-content\/uploads\/2025\/10\/20250929_170041-1024x461.webp 1024w, https:\/\/lesvillasdeslacs.fr\/wp-content\/uploads\/2025\/10\/20250929_170041-300x135.webp 300w, https:\/\/lesvillasdeslacs.fr\/wp-content\/uploads\/2025\/10\/20250929_170041-768x346.webp 768w, https:\/\/lesvillasdeslacs.fr\/wp-content\/uploads\/2025\/10\/20250929_170041-18x8.webp 18w, https:\/\/lesvillasdeslacs.fr\/wp-content\/uploads\/2025\/10\/20250929_170041.webp 1500w\" sizes=\"(max-width: 800px) 100vw, 800px\" \/><\/a>\n\t\t\t<\/div><\/figure><figure class='gallery-item'>\n\t\t\t<div class='gallery-icon portrait'>\n\t\t\t\t<a data-elementor-open-lightbox=\"yes\" data-elementor-lightbox-slideshow=\"64bc7bf\" data-elementor-lightbox-title=\"villa2-jeux-interieur-08\" data-e-action-hash=\"#elementor-action%3Aaction%3Dlightbox%26settings%3DeyJpZCI6MjM0MSwidXJsIjoiaHR0cHM6XC9cL2xlc3ZpbGxhc2Rlc2xhY3MuZnJcL3dwLWNvbnRlbnRcL3VwbG9hZHNcLzIwMjVcLzA5XC92aWxsYTItamV1eC1pbnRlcmlldXItMDgtc2NhbGVkLndlYnAiLCJzbGlkZXNob3ciOiI2NGJjN2JmIn0%3D\" href='https:\/\/lesvillasdeslacs.fr\/wp-content\/uploads\/2025\/09\/villa2-jeux-interieur-08-scaled.webp'><img loading=\"lazy\" decoding=\"async\" width=\"461\" height=\"1024\" src=\"https:\/\/lesvillasdeslacs.fr\/wp-content\/uploads\/2025\/09\/villa2-jeux-interieur-08-461x1024.webp\" class=\"attachment-large size-large\" alt=\"\" srcset=\"https:\/\/lesvillasdeslacs.fr\/wp-content\/uploads\/2025\/09\/villa2-jeux-interieur-08-461x1024.webp 461w, https:\/\/lesvillasdeslacs.fr\/wp-content\/uploads\/2025\/09\/villa2-jeux-interieur-08-135x300.webp 135w, https:\/\/lesvillasdeslacs.fr\/wp-content\/uploads\/2025\/09\/villa2-jeux-interieur-08-768x1705.webp 768w, https:\/\/lesvillasdeslacs.fr\/wp-content\/uploads\/2025\/09\/villa2-jeux-interieur-08-692x1536.webp 692w, https:\/\/lesvillasdeslacs.fr\/wp-content\/uploads\/2025\/09\/villa2-jeux-interieur-08-922x2048.webp 922w, https:\/\/lesvillasdeslacs.fr\/wp-content\/uploads\/2025\/09\/villa2-jeux-interieur-08-5x12.webp 5w, https:\/\/lesvillasdeslacs.fr\/wp-content\/uploads\/2025\/09\/villa2-jeux-interieur-08-scaled.webp 1153w\" sizes=\"(max-width: 461px) 100vw, 461px\" \/><\/a>\n\t\t\t<\/div><\/figure><figure class='gallery-item'>\n\t\t\t<div class='gallery-icon portrait'>\n\t\t\t\t<a data-elementor-open-lightbox=\"yes\" data-elementor-lightbox-slideshow=\"64bc7bf\" data-elementor-lightbox-title=\"villa2-jeux-interieur-09\" data-e-action-hash=\"#elementor-action%3Aaction%3Dlightbox%26settings%3DeyJpZCI6MjM0MiwidXJsIjoiaHR0cHM6XC9cL2xlc3ZpbGxhc2Rlc2xhY3MuZnJcL3dwLWNvbnRlbnRcL3VwbG9hZHNcLzIwMjVcLzA5XC92aWxsYTItamV1eC1pbnRlcmlldXItMDktc2NhbGVkLndlYnAiLCJzbGlkZXNob3ciOiI2NGJjN2JmIn0%3D\" href='https:\/\/lesvillasdeslacs.fr\/wp-content\/uploads\/2025\/09\/villa2-jeux-interieur-09-scaled.webp'><img loading=\"lazy\" decoding=\"async\" width=\"461\" height=\"1024\" src=\"https:\/\/lesvillasdeslacs.fr\/wp-content\/uploads\/2025\/09\/villa2-jeux-interieur-09-461x1024.webp\" class=\"attachment-large size-large\" alt=\"\" srcset=\"https:\/\/lesvillasdeslacs.fr\/wp-content\/uploads\/2025\/09\/villa2-jeux-interieur-09-461x1024.webp 461w, https:\/\/lesvillasdeslacs.fr\/wp-content\/uploads\/2025\/09\/villa2-jeux-interieur-09-135x300.webp 135w, https:\/\/lesvillasdeslacs.fr\/wp-content\/uploads\/2025\/09\/villa2-jeux-interieur-09-768x1705.webp 768w, https:\/\/lesvillasdeslacs.fr\/wp-content\/uploads\/2025\/09\/villa2-jeux-interieur-09-692x1536.webp 692w, https:\/\/lesvillasdeslacs.fr\/wp-content\/uploads\/2025\/09\/villa2-jeux-interieur-09-922x2048.webp 922w, https:\/\/lesvillasdeslacs.fr\/wp-content\/uploads\/2025\/09\/villa2-jeux-interieur-09-5x12.webp 5w, https:\/\/lesvillasdeslacs.fr\/wp-content\/uploads\/2025\/09\/villa2-jeux-interieur-09-scaled.webp 1153w\" sizes=\"(max-width: 461px) 100vw, 461px\" \/><\/a>\n\t\t\t<\/div><\/figure><figure class='gallery-item'>\n\t\t\t<div class='gallery-icon portrait'>\n\t\t\t\t<a data-elementor-open-lightbox=\"yes\" data-elementor-lightbox-slideshow=\"64bc7bf\" data-elementor-lightbox-title=\"villa2-jeux-interieur-011\" data-e-action-hash=\"#elementor-action%3Aaction%3Dlightbox%26settings%3DeyJpZCI6MjM0NCwidXJsIjoiaHR0cHM6XC9cL2xlc3ZpbGxhc2Rlc2xhY3MuZnJcL3dwLWNvbnRlbnRcL3VwbG9hZHNcLzIwMjVcLzA5XC92aWxsYTItamV1eC1pbnRlcmlldXItMDExLXNjYWxlZC53ZWJwIiwic2xpZGVzaG93IjoiNjRiYzdiZiJ9\" href='https:\/\/lesvillasdeslacs.fr\/wp-content\/uploads\/2025\/09\/villa2-jeux-interieur-011-scaled.webp'><img loading=\"lazy\" decoding=\"async\" width=\"461\" height=\"1024\" src=\"https:\/\/lesvillasdeslacs.fr\/wp-content\/uploads\/2025\/09\/villa2-jeux-interieur-011-461x1024.webp\" class=\"attachment-large size-large\" alt=\"\" srcset=\"https:\/\/lesvillasdeslacs.fr\/wp-content\/uploads\/2025\/09\/villa2-jeux-interieur-011-461x1024.webp 461w, https:\/\/lesvillasdeslacs.fr\/wp-content\/uploads\/2025\/09\/villa2-jeux-interieur-011-135x300.webp 135w, https:\/\/lesvillasdeslacs.fr\/wp-content\/uploads\/2025\/09\/villa2-jeux-interieur-011-768x1705.webp 768w, https:\/\/lesvillasdeslacs.fr\/wp-content\/uploads\/2025\/09\/villa2-jeux-interieur-011-692x1536.webp 692w, https:\/\/lesvillasdeslacs.fr\/wp-content\/uploads\/2025\/09\/villa2-jeux-interieur-011-922x2048.webp 922w, https:\/\/lesvillasdeslacs.fr\/wp-content\/uploads\/2025\/09\/villa2-jeux-interieur-011-5x12.webp 5w, https:\/\/lesvillasdeslacs.fr\/wp-content\/uploads\/2025\/09\/villa2-jeux-interieur-011-scaled.webp 1153w\" sizes=\"(max-width: 461px) 100vw, 461px\" \/><\/a>\n\t\t\t<\/div><\/figure><figure class='gallery-item'>\n\t\t\t<div class='gallery-icon portrait'>\n\t\t\t\t<a data-elementor-open-lightbox=\"yes\" data-elementor-lightbox-slideshow=\"64bc7bf\" data-elementor-lightbox-title=\"villa2-jeux-interieur-010\" data-e-action-hash=\"#elementor-action%3Aaction%3Dlightbox%26settings%3DeyJpZCI6MjM0MywidXJsIjoiaHR0cHM6XC9cL2xlc3ZpbGxhc2Rlc2xhY3MuZnJcL3dwLWNvbnRlbnRcL3VwbG9hZHNcLzIwMjVcLzA5XC92aWxsYTItamV1eC1pbnRlcmlldXItMDEwLXNjYWxlZC53ZWJwIiwic2xpZGVzaG93IjoiNjRiYzdiZiJ9\" href='https:\/\/lesvillasdeslacs.fr\/wp-content\/uploads\/2025\/09\/villa2-jeux-interieur-010-scaled.webp'><img loading=\"lazy\" decoding=\"async\" width=\"461\" height=\"1024\" src=\"https:\/\/lesvillasdeslacs.fr\/wp-content\/uploads\/2025\/09\/villa2-jeux-interieur-010-461x1024.webp\" class=\"attachment-large size-large\" alt=\"\" srcset=\"https:\/\/lesvillasdeslacs.fr\/wp-content\/uploads\/2025\/09\/villa2-jeux-interieur-010-461x1024.webp 461w, https:\/\/lesvillasdeslacs.fr\/wp-content\/uploads\/2025\/09\/villa2-jeux-interieur-010-135x300.webp 135w, https:\/\/lesvillasdeslacs.fr\/wp-content\/uploads\/2025\/09\/villa2-jeux-interieur-010-768x1705.webp 768w, https:\/\/lesvillasdeslacs.fr\/wp-content\/uploads\/2025\/09\/villa2-jeux-interieur-010-692x1536.webp 692w, https:\/\/lesvillasdeslacs.fr\/wp-content\/uploads\/2025\/09\/villa2-jeux-interieur-010-922x2048.webp 922w, https:\/\/lesvillasdeslacs.fr\/wp-content\/uploads\/2025\/09\/villa2-jeux-interieur-010-5x12.webp 5w, https:\/\/lesvillasdeslacs.fr\/wp-content\/uploads\/2025\/09\/villa2-jeux-interieur-010-scaled.webp 1153w\" sizes=\"(max-width: 461px) 100vw, 461px\" \/><\/a>\n\t\t\t<\/div><\/figure><figure class='gallery-item'>\n\t\t\t<div class='gallery-icon portrait'>\n\t\t\t\t<a data-elementor-open-lightbox=\"yes\" data-elementor-lightbox-slideshow=\"64bc7bf\" data-elementor-lightbox-title=\"villa2-exterieur-avant-barbecue\" data-e-action-hash=\"#elementor-action%3Aaction%3Dlightbox%26settings%3DeyJpZCI6MjM1MiwidXJsIjoiaHR0cHM6XC9cL2xlc3ZpbGxhc2Rlc2xhY3MuZnJcL3dwLWNvbnRlbnRcL3VwbG9hZHNcLzIwMjVcLzA5XC92aWxsYTItZXh0ZXJpZXVyLWF2YW50LWJhcmJlY3VlLXNjYWxlZC53ZWJwIiwic2xpZGVzaG93IjoiNjRiYzdiZiJ9\" href='https:\/\/lesvillasdeslacs.fr\/wp-content\/uploads\/2025\/09\/villa2-exterieur-avant-barbecue-scaled.webp'><img loading=\"lazy\" decoding=\"async\" width=\"461\" height=\"1024\" src=\"https:\/\/lesvillasdeslacs.fr\/wp-content\/uploads\/2025\/09\/villa2-exterieur-avant-barbecue-461x1024.webp\" class=\"attachment-large size-large\" alt=\"\" srcset=\"https:\/\/lesvillasdeslacs.fr\/wp-content\/uploads\/2025\/09\/villa2-exterieur-avant-barbecue-461x1024.webp 461w, https:\/\/lesvillasdeslacs.fr\/wp-content\/uploads\/2025\/09\/villa2-exterieur-avant-barbecue-135x300.webp 135w, https:\/\/lesvillasdeslacs.fr\/wp-content\/uploads\/2025\/09\/villa2-exterieur-avant-barbecue-768x1705.webp 768w, https:\/\/lesvillasdeslacs.fr\/wp-content\/uploads\/2025\/09\/villa2-exterieur-avant-barbecue-692x1536.webp 692w, https:\/\/lesvillasdeslacs.fr\/wp-content\/uploads\/2025\/09\/villa2-exterieur-avant-barbecue-922x2048.webp 922w, https:\/\/lesvillasdeslacs.fr\/wp-content\/uploads\/2025\/09\/villa2-exterieur-avant-barbecue-5x12.webp 5w, https:\/\/lesvillasdeslacs.fr\/wp-content\/uploads\/2025\/09\/villa2-exterieur-avant-barbecue-scaled.webp 1153w\" sizes=\"(max-width: 461px) 100vw, 461px\" \/><\/a>\n\t\t\t<\/div><\/figure>\n\t\t<\/div>\n\t\t<\/div>\n\t\t\t\t\t\t<\/div>\n\t\t\t\t<\/div>\n\t\t\t\t\t<\/div>\n\t\t\t\t<\/div>\n\t\t<div class=\"elementor-element elementor-element-c285a71 e-con-full e-flex e-con e-parent\" data-id=\"c285a71\" data-element_type=\"container\" data-e-type=\"container\" data-settings=\"{&quot;background_background&quot;:&quot;classic&quot;}\">\n\t\t\t\t<\/div>\n\t\t\t\t<\/div>\n\t\t","protected":false},"excerpt":{"rendered":"<p>Galerie Photos D\u00e9couvrez notre galerie photo des Villas des Lacs, avec des images de la Villa Temple, de la Villa Amance, des piscines, des espaces ext\u00e9rieurs et du cadre naturel environnant pr\u00e8s des lacs d\u2019Orient en Champagne \u2013 Aube. Impr\u00e9gnez-vous de l\u2019ambiance, visualisez chaque espace, et laissez-vous s\u00e9duire pour votre futur s\u00e9jour. Villa Temple 127 [&hellip;]<\/p>\n","protected":false},"author":1,"featured_media":0,"parent":0,"menu_order":0,"comment_status":"closed","ping_status":"closed","template":"","meta":{"footnotes":""},"folder":[],"class_list":["post-1158","page","type-page","status-publish","hentry"],"yoast_head":"<!-- This site is optimized with the Yoast SEO plugin v27.5 - https:\/\/yoast.com\/product\/yoast-seo-wordpress\/ -->\n<title>Photos \u2013 Les Villas des Lacs<\/title>\n<meta name=\"description\" content=\"Parcourez la galerie photo des villas des Lacs : images de la Villa Temple, Villa Amance, piscine, nature &amp; ambiance.\" \/>\n<meta name=\"robots\" content=\"index, follow, max-snippet:-1, max-image-preview:large, max-video-preview:-1\" \/>\n<link rel=\"canonical\" href=\"https:\/\/lesvillasdeslacs.fr\/en\/photos\/\" \/>\n<meta property=\"og:locale\" content=\"en_US\" \/>\n<meta property=\"og:type\" content=\"article\" \/>\n<meta property=\"og:title\" content=\"Photos \u2013 Les Villas des Lacs\" \/>\n<meta property=\"og:description\" content=\"Parcourez la galerie photo des villas des Lacs : images de la Villa Temple, Villa Amance, piscine, nature &amp; ambiance.\" \/>\n<meta property=\"og:url\" content=\"https:\/\/lesvillasdeslacs.fr\/en\/photos\/\" \/>\n<meta property=\"og:site_name\" content=\"Villas Des Lacs\" \/>\n<meta property=\"article:publisher\" content=\"https:\/\/www.facebook.com\/people\/Les-Villas-des-lacs\/100063623077930\/?rdid=8hRY7rM0svHDg7yj&amp;share_url=httpswww.facebook.comshare1aedNAuHzM\" \/>\n<meta property=\"article:modified_time\" content=\"2025-10-18T07:35:22+00:00\" \/>\n<meta property=\"og:image\" content=\"https:\/\/lesvillasdeslacs.fr\/wp-content\/uploads\/2025\/09\/villa1-exterieur-avant_IMG_20210426_163245-1024x576.webp\" \/>\n<meta name=\"twitter:card\" content=\"summary_large_image\" \/>\n<meta name=\"twitter:label1\" content=\"Est. reading time\" \/>\n\t<meta name=\"twitter:data1\" content=\"46 minutes\" \/>\n<script type=\"application\/ld+json\" class=\"yoast-schema-graph\">{\"@context\":\"https:\\\/\\\/schema.org\",\"@graph\":[{\"@type\":\"WebPage\",\"@id\":\"https:\\\/\\\/lesvillasdeslacs.fr\\\/photos\\\/\",\"url\":\"https:\\\/\\\/lesvillasdeslacs.fr\\\/photos\\\/\",\"name\":\"Photos \u2013 Les Villas des Lacs\",\"isPartOf\":{\"@id\":\"https:\\\/\\\/lesvillasdeslacs.fr\\\/#website\"},\"primaryImageOfPage\":{\"@id\":\"https:\\\/\\\/lesvillasdeslacs.fr\\\/photos\\\/#primaryimage\"},\"image\":{\"@id\":\"https:\\\/\\\/lesvillasdeslacs.fr\\\/photos\\\/#primaryimage\"},\"thumbnailUrl\":\"https:\\\/\\\/lesvillasdeslacs.fr\\\/wp-content\\\/uploads\\\/2025\\\/09\\\/villa1-exterieur-avant_IMG_20210426_163245-1024x576.webp\",\"datePublished\":\"2025-09-21T08:14:22+00:00\",\"dateModified\":\"2025-10-18T07:35:22+00:00\",\"description\":\"Parcourez la galerie photo des villas des Lacs : images de la Villa Temple, Villa Amance, piscine, nature & ambiance.\",\"breadcrumb\":{\"@id\":\"https:\\\/\\\/lesvillasdeslacs.fr\\\/photos\\\/#breadcrumb\"},\"inLanguage\":\"en-US\",\"potentialAction\":[{\"@type\":\"ReadAction\",\"target\":[\"https:\\\/\\\/lesvillasdeslacs.fr\\\/photos\\\/\"]}]},{\"@type\":\"ImageObject\",\"inLanguage\":\"en-US\",\"@id\":\"https:\\\/\\\/lesvillasdeslacs.fr\\\/photos\\\/#primaryimage\",\"url\":\"https:\\\/\\\/lesvillasdeslacs.fr\\\/wp-content\\\/uploads\\\/2025\\\/09\\\/villa1-exterieur-avant_IMG_20210426_163245-1024x576.webp\",\"contentUrl\":\"https:\\\/\\\/lesvillasdeslacs.fr\\\/wp-content\\\/uploads\\\/2025\\\/09\\\/villa1-exterieur-avant_IMG_20210426_163245-1024x576.webp\"},{\"@type\":\"BreadcrumbList\",\"@id\":\"https:\\\/\\\/lesvillasdeslacs.fr\\\/photos\\\/#breadcrumb\",\"itemListElement\":[{\"@type\":\"ListItem\",\"position\":1,\"name\":\"Accueil\",\"item\":\"https:\\\/\\\/lesvillasdeslacs.fr\\\/\"},{\"@type\":\"ListItem\",\"position\":2,\"name\":\"Photos\"}]},{\"@type\":\"WebSite\",\"@id\":\"https:\\\/\\\/lesvillasdeslacs.fr\\\/#website\",\"url\":\"https:\\\/\\\/lesvillasdeslacs.fr\\\/\",\"name\":\"Villas Des Lacs\",\"description\":\"Villas de charme en Champagne\",\"publisher\":{\"@id\":\"https:\\\/\\\/lesvillasdeslacs.fr\\\/#organization\"},\"potentialAction\":[{\"@type\":\"SearchAction\",\"target\":{\"@type\":\"EntryPoint\",\"urlTemplate\":\"https:\\\/\\\/lesvillasdeslacs.fr\\\/?s={search_term_string}\"},\"query-input\":{\"@type\":\"PropertyValueSpecification\",\"valueRequired\":true,\"valueName\":\"search_term_string\"}}],\"inLanguage\":\"en-US\"},{\"@type\":\"Organization\",\"@id\":\"https:\\\/\\\/lesvillasdeslacs.fr\\\/#organization\",\"name\":\"Villas Des Lacs\",\"url\":\"https:\\\/\\\/lesvillasdeslacs.fr\\\/\",\"logo\":{\"@type\":\"ImageObject\",\"inLanguage\":\"en-US\",\"@id\":\"https:\\\/\\\/lesvillasdeslacs.fr\\\/#\\\/schema\\\/logo\\\/image\\\/\",\"url\":\"https:\\\/\\\/lesvillasdeslacs.fr\\\/wp-content\\\/uploads\\\/2025\\\/07\\\/logo-villa-des-lacs-horizontal-recadre.webp\",\"contentUrl\":\"https:\\\/\\\/lesvillasdeslacs.fr\\\/wp-content\\\/uploads\\\/2025\\\/07\\\/logo-villa-des-lacs-horizontal-recadre.webp\",\"width\":1421,\"height\":333,\"caption\":\"Villas Des Lacs\"},\"image\":{\"@id\":\"https:\\\/\\\/lesvillasdeslacs.fr\\\/#\\\/schema\\\/logo\\\/image\\\/\"},\"sameAs\":[\"https:\\\/\\\/www.facebook.com\\\/people\\\/Les-Villas-des-lacs\\\/100063623077930\\\/?rdid=8hRY7rM0svHDg7yj&share_url=httpswww.facebook.comshare1aedNAuHzM\",\"https:\\\/\\\/www.instagram.com\\\/les_villas_des_lacs\\\/\"]}]}<\/script>\n<!-- \/ Yoast SEO plugin. -->","yoast_head_json":{"title":"Photos \u2013 Les Villas des Lacs","description":"Parcourez la galerie photo des villas des Lacs : images de la Villa Temple, Villa Amance, piscine, nature & ambiance.","robots":{"index":"index","follow":"follow","max-snippet":"max-snippet:-1","max-image-preview":"max-image-preview:large","max-video-preview":"max-video-preview:-1"},"canonical":"https:\/\/lesvillasdeslacs.fr\/en\/photos\/","og_locale":"en_US","og_type":"article","og_title":"Photos \u2013 Les Villas des Lacs","og_description":"Parcourez la galerie photo des villas des Lacs : images de la Villa Temple, Villa Amance, piscine, nature & ambiance.","og_url":"https:\/\/lesvillasdeslacs.fr\/en\/photos\/","og_site_name":"Villas Des Lacs","article_publisher":"https:\/\/www.facebook.com\/people\/Les-Villas-des-lacs\/100063623077930\/?rdid=8hRY7rM0svHDg7yj&share_url=httpswww.facebook.comshare1aedNAuHzM","article_modified_time":"2025-10-18T07:35:22+00:00","og_image":[{"url":"https:\/\/lesvillasdeslacs.fr\/wp-content\/uploads\/2025\/09\/villa1-exterieur-avant_IMG_20210426_163245-1024x576.webp","type":"","width":"","height":""}],"twitter_card":"summary_large_image","twitter_misc":{"Est. reading time":"46 minutes"},"schema":{"@context":"https:\/\/schema.org","@graph":[{"@type":"WebPage","@id":"https:\/\/lesvillasdeslacs.fr\/photos\/","url":"https:\/\/lesvillasdeslacs.fr\/photos\/","name":"Photos \u2013 Les Villas des Lacs","isPartOf":{"@id":"https:\/\/lesvillasdeslacs.fr\/#website"},"primaryImageOfPage":{"@id":"https:\/\/lesvillasdeslacs.fr\/photos\/#primaryimage"},"image":{"@id":"https:\/\/lesvillasdeslacs.fr\/photos\/#primaryimage"},"thumbnailUrl":"https:\/\/lesvillasdeslacs.fr\/wp-content\/uploads\/2025\/09\/villa1-exterieur-avant_IMG_20210426_163245-1024x576.webp","datePublished":"2025-09-21T08:14:22+00:00","dateModified":"2025-10-18T07:35:22+00:00","description":"Parcourez la galerie photo des villas des Lacs : images de la Villa Temple, Villa Amance, piscine, nature & ambiance.","breadcrumb":{"@id":"https:\/\/lesvillasdeslacs.fr\/photos\/#breadcrumb"},"inLanguage":"en-US","potentialAction":[{"@type":"ReadAction","target":["https:\/\/lesvillasdeslacs.fr\/photos\/"]}]},{"@type":"ImageObject","inLanguage":"en-US","@id":"https:\/\/lesvillasdeslacs.fr\/photos\/#primaryimage","url":"https:\/\/lesvillasdeslacs.fr\/wp-content\/uploads\/2025\/09\/villa1-exterieur-avant_IMG_20210426_163245-1024x576.webp","contentUrl":"https:\/\/lesvillasdeslacs.fr\/wp-content\/uploads\/2025\/09\/villa1-exterieur-avant_IMG_20210426_163245-1024x576.webp"},{"@type":"BreadcrumbList","@id":"https:\/\/lesvillasdeslacs.fr\/photos\/#breadcrumb","itemListElement":[{"@type":"ListItem","position":1,"name":"Accueil","item":"https:\/\/lesvillasdeslacs.fr\/"},{"@type":"ListItem","position":2,"name":"Photos"}]},{"@type":"WebSite","@id":"https:\/\/lesvillasdeslacs.fr\/#website","url":"https:\/\/lesvillasdeslacs.fr\/","name":"Villas Des Lacs","description":"Villas de charme en Champagne","publisher":{"@id":"https:\/\/lesvillasdeslacs.fr\/#organization"},"potentialAction":[{"@type":"SearchAction","target":{"@type":"EntryPoint","urlTemplate":"https:\/\/lesvillasdeslacs.fr\/?s={search_term_string}"},"query-input":{"@type":"PropertyValueSpecification","valueRequired":true,"valueName":"search_term_string"}}],"inLanguage":"en-US"},{"@type":"Organization","@id":"https:\/\/lesvillasdeslacs.fr\/#organization","name":"Villas Des Lacs","url":"https:\/\/lesvillasdeslacs.fr\/","logo":{"@type":"ImageObject","inLanguage":"en-US","@id":"https:\/\/lesvillasdeslacs.fr\/#\/schema\/logo\/image\/","url":"https:\/\/lesvillasdeslacs.fr\/wp-content\/uploads\/2025\/07\/logo-villa-des-lacs-horizontal-recadre.webp","contentUrl":"https:\/\/lesvillasdeslacs.fr\/wp-content\/uploads\/2025\/07\/logo-villa-des-lacs-horizontal-recadre.webp","width":1421,"height":333,"caption":"Villas Des Lacs"},"image":{"@id":"https:\/\/lesvillasdeslacs.fr\/#\/schema\/logo\/image\/"},"sameAs":["https:\/\/www.facebook.com\/people\/Les-Villas-des-lacs\/100063623077930\/?rdid=8hRY7rM0svHDg7yj&share_url=httpswww.facebook.comshare1aedNAuHzM","https:\/\/www.instagram.com\/les_villas_des_lacs\/"]}]}},"_links":{"self":[{"href":"https:\/\/lesvillasdeslacs.fr\/en\/wp-json\/wp\/v2\/pages\/1158","targetHints":{"allow":["GET"]}}],"collection":[{"href":"https:\/\/lesvillasdeslacs.fr\/en\/wp-json\/wp\/v2\/pages"}],"about":[{"href":"https:\/\/lesvillasdeslacs.fr\/en\/wp-json\/wp\/v2\/types\/page"}],"author":[{"embeddable":true,"href":"https:\/\/lesvillasdeslacs.fr\/en\/wp-json\/wp\/v2\/users\/1"}],"replies":[{"embeddable":true,"href":"https:\/\/lesvillasdeslacs.fr\/en\/wp-json\/wp\/v2\/comments?post=1158"}],"version-history":[{"count":320,"href":"https:\/\/lesvillasdeslacs.fr\/en\/wp-json\/wp\/v2\/pages\/1158\/revisions"}],"predecessor-version":[{"id":6358,"href":"https:\/\/lesvillasdeslacs.fr\/en\/wp-json\/wp\/v2\/pages\/1158\/revisions\/6358"}],"wp:attachment":[{"href":"https:\/\/lesvillasdeslacs.fr\/en\/wp-json\/wp\/v2\/media?parent=1158"}],"wp:term":[{"taxonomy":"folder","embeddable":true,"href":"https:\/\/lesvillasdeslacs.fr\/en\/wp-json\/wp\/v2\/folder?post=1158"}],"curies":[{"name":"wp","href":"https:\/\/api.w.org\/{rel}","templated":true}]}}